{"id":20,"date":"2020-11-16T09:52:09","date_gmt":"2020-11-16T09:52:09","guid":{"rendered":"https:\/\/ideasdesign.ch\/?page_id=20"},"modified":"2026-05-19T20:16:11","modified_gmt":"2026-05-19T20:16:11","slug":"home","status":"publish","type":"page","link":"https:\/\/ideasdesign.ch\/","title":{"rendered":"Home"},"content":{"rendered":"\t\t<div data-elementor-type=\"wp-page\" data-elementor-id=\"20\" class=\"elementor elementor-20\">\n\t\t\t\t\t\t<section class=\"elementor-section elementor-top-section elementor-element elementor-element-e0c929c elementor-section-full_width elementor-section-height-min-height elementor-section-height-default elementor-section-items-middle\" data-id=\"e0c929c\" data-element_type=\"section\" data-e-type=\"section\">\n\t\t\t\t\t\t\t<div class=\"elementor-background-overlay\"><\/div>\n\t\t\t\t\t\t\t<div class=\"elementor-container elementor-column-gap-no\">\n\t\t\t\t\t<div class=\"elementor-column elementor-col-100 elementor-top-column elementor-element elementor-element-e5c564b\" data-id=\"e5c564b\" data-element_type=\"column\" data-e-type=\"column\">\n\t\t\t<div class=\"elementor-widget-wrap elementor-element-populated\">\n\t\t\t\t\t\t<div class=\"elementor-element elementor-element-3f2e65d animated-slow elementor-invisible elementor-widget elementor-widget-heading\" data-id=\"3f2e65d\" data-element_type=\"widget\" data-e-type=\"widget\" data-settings=\"{&quot;_animation&quot;:&quot;fadeIn&quot;,&quot;_animation_delay&quot;:100}\" data-widget_type=\"heading.default\">\n\t\t\t\t<div class=\"elementor-widget-container\">\n\t\t\t\t\t<h2 class=\"elementor-heading-title elementor-size-default\">Welcome to Ideasdesign<\/h2>\t\t\t\t<\/div>\n\t\t\t\t<\/div>\n\t\t\t\t<div class=\"elementor-element elementor-element-c4e9e66 animated-slow elementor-invisible elementor-widget elementor-widget-heading\" data-id=\"c4e9e66\" data-element_type=\"widget\" data-e-type=\"widget\" data-settings=\"{&quot;_animation&quot;:&quot;fadeIn&quot;,&quot;_animation_delay&quot;:200}\" data-widget_type=\"heading.default\">\n\t\t\t\t<div class=\"elementor-widget-container\">\n\t\t\t\t\t<h2 class=\"elementor-heading-title elementor-size-default\">Designing your ideas<\/h2>\t\t\t\t<\/div>\n\t\t\t\t<\/div>\n\t\t\t\t\t<\/div>\n\t\t<\/div>\n\t\t\t\t\t<\/div>\n\t\t<\/section>\n\t\t\t\t<section class=\"elementor-section elementor-top-section elementor-element elementor-element-3ea7dbd elementor-section-boxed elementor-section-height-default elementor-section-height-default elementor-invisible\" data-id=\"3ea7dbd\" data-element_type=\"section\" data-e-type=\"section\" data-settings=\"{&quot;background_background&quot;:&quot;gradient&quot;,&quot;animation&quot;:&quot;fadeIn&quot;}\">\n\t\t\t\t\t\t\t<div class=\"elementor-background-overlay\"><\/div>\n\t\t\t\t\t\t\t<div class=\"elementor-container elementor-column-gap-default\">\n\t\t\t\t\t<div class=\"elementor-column elementor-col-50 elementor-top-column elementor-element elementor-element-f271425 elementor-invisible\" data-id=\"f271425\" data-element_type=\"column\" data-e-type=\"column\" data-settings=\"{&quot;animation&quot;:&quot;fadeInLeft&quot;,&quot;animation_delay&quot;:200}\">\n\t\t\t<div class=\"elementor-widget-wrap elementor-element-populated\">\n\t\t\t\t\t\t<div class=\"elementor-element elementor-element-84adb05 elementor-widget elementor-widget-text-editor\" data-id=\"84adb05\" data-element_type=\"widget\" data-e-type=\"widget\" data-widget_type=\"text-editor.default\">\n\t\t\t\t<div class=\"elementor-widget-container\">\n\t\t\t\t\t\t\t\t\t<div class=\"wpb_column vc_column_container vc_col-sm-6\"><div class=\"vc_column-inner \"><div class=\"wpb_wrapper\"><div class=\"wpb_text_column wpb_content_element \"><div class=\"wpb_wrapper\"><p><span id=\"result_box\" class=\"\" lang=\"en\"><strong>Need a free quote for your concept ?<\/strong> <span class=\"\">Contact me now<\/span><\/span><\/p><\/div><\/div><\/div><\/div><\/div>\t\t\t\t\t\t\t\t<\/div>\n\t\t\t\t<\/div>\n\t\t\t\t\t<\/div>\n\t\t<\/div>\n\t\t\t\t<div class=\"elementor-column elementor-col-50 elementor-top-column elementor-element elementor-element-7980ce6 elementor-invisible\" data-id=\"7980ce6\" data-element_type=\"column\" data-e-type=\"column\" data-settings=\"{&quot;animation&quot;:&quot;fadeInRight&quot;,&quot;animation_delay&quot;:200}\">\n\t\t\t<div class=\"elementor-widget-wrap elementor-element-populated\">\n\t\t\t\t\t\t<div class=\"elementor-element elementor-element-4ea16ac elementor-align-right elementor-mobile-align-center elementor-widget elementor-widget-button\" data-id=\"4ea16ac\" data-element_type=\"widget\" data-e-type=\"widget\" data-widget_type=\"button.default\">\n\t\t\t\t<div class=\"elementor-widget-container\">\n\t\t\t\t\t\t\t\t\t<div class=\"elementor-button-wrapper\">\n\t\t\t\t\t<a class=\"elementor-button elementor-button-link elementor-size-md\" href=\"https:\/\/ideasdesign.ch\/#contact\">\n\t\t\t\t\t\t<span class=\"elementor-button-content-wrapper\">\n\t\t\t\t\t\t\t\t\t<span class=\"elementor-button-text\">Ask for a quote<\/span>\n\t\t\t\t\t<\/span>\n\t\t\t\t\t<\/a>\n\t\t\t\t<\/div>\n\t\t\t\t\t\t\t\t<\/div>\n\t\t\t\t<\/div>\n\t\t\t\t<div class=\"elementor-element elementor-element-470c989 elementor-widget elementor-widget-menu-anchor\" data-id=\"470c989\" data-element_type=\"widget\" data-e-type=\"widget\" data-widget_type=\"menu-anchor.default\">\n\t\t\t\t<div class=\"elementor-widget-container\">\n\t\t\t\t\t\t\t<div class=\"elementor-menu-anchor\" id=\"about\"><\/div>\n\t\t\t\t\t\t<\/div>\n\t\t\t\t<\/div>\n\t\t\t\t\t<\/div>\n\t\t<\/div>\n\t\t\t\t\t<\/div>\n\t\t<\/section>\n\t\t\t\t<section class=\"elementor-section elementor-top-section elementor-element elementor-element-4ccf2db3 elementor-section-content-middle elementor-section-boxed elementor-section-height-default elementor-section-height-default elementor-invisible\" data-id=\"4ccf2db3\" data-element_type=\"section\" data-e-type=\"section\" data-settings=\"{&quot;animation&quot;:&quot;fadeIn&quot;}\">\n\t\t\t\t\t\t<div class=\"elementor-container elementor-column-gap-no\">\n\t\t\t\t\t<div class=\"elementor-column elementor-col-33 elementor-top-column elementor-element elementor-element-83f6e3\" data-id=\"83f6e3\" data-element_type=\"column\" data-e-type=\"column\">\n\t\t\t<div class=\"elementor-widget-wrap elementor-element-populated\">\n\t\t\t\t\t\t<div class=\"elementor-element elementor-element-6c64ead elementor-widget elementor-widget-heading\" data-id=\"6c64ead\" data-element_type=\"widget\" data-e-type=\"widget\" data-widget_type=\"heading.default\">\n\t\t\t\t<div class=\"elementor-widget-container\">\n\t\t\t\t\t<h2 class=\"elementor-heading-title elementor-size-default\">Digital project coordinator<\/h2>\t\t\t\t<\/div>\n\t\t\t\t<\/div>\n\t\t\t\t<div class=\"elementor-element elementor-element-861c7d7 elementor-widget elementor-widget-heading\" data-id=\"861c7d7\" data-element_type=\"widget\" data-e-type=\"widget\" data-widget_type=\"heading.default\">\n\t\t\t\t<div class=\"elementor-widget-container\">\n\t\t\t\t\t<h2 class=\"elementor-heading-title elementor-size-default\">About me<\/h2>\t\t\t\t<\/div>\n\t\t\t\t<\/div>\n\t\t\t\t<div class=\"elementor-element elementor-element-11a59c7d elementor-widget-divider--view-line elementor-widget elementor-widget-divider\" data-id=\"11a59c7d\" data-element_type=\"widget\" data-e-type=\"widget\" data-widget_type=\"divider.default\">\n\t\t\t\t<div class=\"elementor-widget-container\">\n\t\t\t\t\t\t\t<div class=\"elementor-divider\">\n\t\t\t<span class=\"elementor-divider-separator\">\n\t\t\t\t\t\t<\/span>\n\t\t<\/div>\n\t\t\t\t\t\t<\/div>\n\t\t\t\t<\/div>\n\t\t\t\t<section class=\"elementor-section elementor-inner-section elementor-element elementor-element-c2c142a elementor-section-content-middle elementor-section-boxed elementor-section-height-default elementor-section-height-default\" data-id=\"c2c142a\" data-element_type=\"section\" data-e-type=\"section\">\n\t\t\t\t\t\t<div class=\"elementor-container elementor-column-gap-default\">\n\t\t\t\t\t<div class=\"elementor-column elementor-col-33 elementor-inner-column elementor-element elementor-element-40e0913\" data-id=\"40e0913\" data-element_type=\"column\" data-e-type=\"column\">\n\t\t\t<div class=\"elementor-widget-wrap elementor-element-populated\">\n\t\t\t\t\t\t<div class=\"elementor-element elementor-element-6bbe7ff elementor-widget elementor-widget-image\" data-id=\"6bbe7ff\" data-element_type=\"widget\" data-e-type=\"widget\" data-widget_type=\"image.default\">\n\t\t\t\t<div class=\"elementor-widget-container\">\n\t\t\t\t\t\t\t\t\t\t\t\t\t\t\t<img fetchpriority=\"high\" decoding=\"async\" width=\"1187\" height=\"641\" src=\"https:\/\/ideasdesign.ch\/wp-content\/uploads\/2020\/11\/logo-sawi-design-sprint@2x.png\" class=\"attachment-full size-full wp-image-512\" alt=\"sawi\" srcset=\"https:\/\/ideasdesign.ch\/wp-content\/uploads\/2020\/11\/logo-sawi-design-sprint@2x.png 1187w, https:\/\/ideasdesign.ch\/wp-content\/uploads\/2020\/11\/logo-sawi-design-sprint@2x-300x162.png 300w, https:\/\/ideasdesign.ch\/wp-content\/uploads\/2020\/11\/logo-sawi-design-sprint@2x-1024x553.png 1024w, https:\/\/ideasdesign.ch\/wp-content\/uploads\/2020\/11\/logo-sawi-design-sprint@2x-768x415.png 768w\" sizes=\"(max-width: 1187px) 100vw, 1187px\" \/>\t\t\t\t\t\t\t\t\t\t\t\t\t\t\t<\/div>\n\t\t\t\t<\/div>\n\t\t\t\t\t<\/div>\n\t\t<\/div>\n\t\t\t\t<div class=\"elementor-column elementor-col-33 elementor-inner-column elementor-element elementor-element-bbf0c22\" data-id=\"bbf0c22\" data-element_type=\"column\" data-e-type=\"column\">\n\t\t\t<div class=\"elementor-widget-wrap elementor-element-populated\">\n\t\t\t\t\t\t<div class=\"elementor-element elementor-element-ea5abd5 elementor-widget elementor-widget-image\" data-id=\"ea5abd5\" data-element_type=\"widget\" data-e-type=\"widget\" data-widget_type=\"image.default\">\n\t\t\t\t<div class=\"elementor-widget-container\">\n\t\t\t\t\t\t\t\t\t\t\t\t\t\t\t<img decoding=\"async\" width=\"300\" height=\"300\" src=\"https:\/\/ideasdesign.ch\/wp-content\/uploads\/2020\/11\/Cadschool-logo-300x300-1.png\" class=\"attachment-full size-full wp-image-516\" alt=\"Cadschool\" srcset=\"https:\/\/ideasdesign.ch\/wp-content\/uploads\/2020\/11\/Cadschool-logo-300x300-1.png 300w, https:\/\/ideasdesign.ch\/wp-content\/uploads\/2020\/11\/Cadschool-logo-300x300-1-150x150.png 150w\" sizes=\"(max-width: 300px) 100vw, 300px\" \/>\t\t\t\t\t\t\t\t\t\t\t\t\t\t\t<\/div>\n\t\t\t\t<\/div>\n\t\t\t\t\t<\/div>\n\t\t<\/div>\n\t\t\t\t<div class=\"elementor-column elementor-col-33 elementor-inner-column elementor-element elementor-element-aa003f2\" data-id=\"aa003f2\" data-element_type=\"column\" data-e-type=\"column\">\n\t\t\t<div class=\"elementor-widget-wrap elementor-element-populated\">\n\t\t\t\t\t\t<div class=\"elementor-element elementor-element-7d3e9fa elementor-widget elementor-widget-image\" data-id=\"7d3e9fa\" data-element_type=\"widget\" data-e-type=\"widget\" data-widget_type=\"image.default\">\n\t\t\t\t<div class=\"elementor-widget-container\">\n\t\t\t\t\t\t\t\t\t\t\t\t\t\t\t<img decoding=\"async\" width=\"400\" height=\"267\" src=\"https:\/\/ideasdesign.ch\/wp-content\/uploads\/2020\/11\/lg-UQAM-denomination-coul.png\" class=\"attachment-full size-full wp-image-513\" alt=\"UQAM\" srcset=\"https:\/\/ideasdesign.ch\/wp-content\/uploads\/2020\/11\/lg-UQAM-denomination-coul.png 400w, https:\/\/ideasdesign.ch\/wp-content\/uploads\/2020\/11\/lg-UQAM-denomination-coul-300x200.png 300w\" sizes=\"(max-width: 400px) 100vw, 400px\" \/>\t\t\t\t\t\t\t\t\t\t\t\t\t\t\t<\/div>\n\t\t\t\t<\/div>\n\t\t\t\t\t<\/div>\n\t\t<\/div>\n\t\t\t\t\t<\/div>\n\t\t<\/section>\n\t\t\t\t<section class=\"elementor-section elementor-inner-section elementor-element elementor-element-191bc26 elementor-section-content-middle elementor-section-boxed elementor-section-height-default elementor-section-height-default\" data-id=\"191bc26\" data-element_type=\"section\" data-e-type=\"section\">\n\t\t\t\t\t\t<div class=\"elementor-container elementor-column-gap-default\">\n\t\t\t\t\t<div class=\"elementor-column elementor-col-33 elementor-inner-column elementor-element elementor-element-786f3b1\" data-id=\"786f3b1\" data-element_type=\"column\" data-e-type=\"column\">\n\t\t\t<div class=\"elementor-widget-wrap elementor-element-populated\">\n\t\t\t\t\t\t<div class=\"elementor-element elementor-element-3b4302c elementor-widget elementor-widget-image\" data-id=\"3b4302c\" data-element_type=\"widget\" data-e-type=\"widget\" data-widget_type=\"image.default\">\n\t\t\t\t<div class=\"elementor-widget-container\">\n\t\t\t\t\t\t\t\t\t\t\t\t\t\t\t<img loading=\"lazy\" decoding=\"async\" width=\"600\" height=\"136\" src=\"https:\/\/ideasdesign.ch\/wp-content\/uploads\/2020\/11\/0.jpg\" class=\"attachment-full size-full wp-image-519\" alt=\"google digital active\" srcset=\"https:\/\/ideasdesign.ch\/wp-content\/uploads\/2020\/11\/0.jpg 600w, https:\/\/ideasdesign.ch\/wp-content\/uploads\/2020\/11\/0-300x68.jpg 300w\" sizes=\"(max-width: 600px) 100vw, 600px\" \/>\t\t\t\t\t\t\t\t\t\t\t\t\t\t\t<\/div>\n\t\t\t\t<\/div>\n\t\t\t\t\t<\/div>\n\t\t<\/div>\n\t\t\t\t<div class=\"elementor-column elementor-col-33 elementor-inner-column elementor-element elementor-element-2fde1fa\" data-id=\"2fde1fa\" data-element_type=\"column\" data-e-type=\"column\">\n\t\t\t<div class=\"elementor-widget-wrap elementor-element-populated\">\n\t\t\t\t\t\t<div class=\"elementor-element elementor-element-ffc1c92 elementor-widget elementor-widget-image\" data-id=\"ffc1c92\" data-element_type=\"widget\" data-e-type=\"widget\" data-widget_type=\"image.default\">\n\t\t\t\t<div class=\"elementor-widget-container\">\n\t\t\t\t\t\t\t\t\t\t\t\t\t\t\t<img loading=\"lazy\" decoding=\"async\" width=\"1501\" height=\"676\" src=\"https:\/\/ideasdesign.ch\/wp-content\/uploads\/2020\/11\/Ads_Logo_Vertical.png\" class=\"attachment-full size-full wp-image-520\" alt=\"google ads\" srcset=\"https:\/\/ideasdesign.ch\/wp-content\/uploads\/2020\/11\/Ads_Logo_Vertical.png 1501w, https:\/\/ideasdesign.ch\/wp-content\/uploads\/2020\/11\/Ads_Logo_Vertical-300x135.png 300w, https:\/\/ideasdesign.ch\/wp-content\/uploads\/2020\/11\/Ads_Logo_Vertical-1024x461.png 1024w, https:\/\/ideasdesign.ch\/wp-content\/uploads\/2020\/11\/Ads_Logo_Vertical-768x346.png 768w\" sizes=\"(max-width: 1501px) 100vw, 1501px\" \/>\t\t\t\t\t\t\t\t\t\t\t\t\t\t\t<\/div>\n\t\t\t\t<\/div>\n\t\t\t\t\t<\/div>\n\t\t<\/div>\n\t\t\t\t<div class=\"elementor-column elementor-col-33 elementor-inner-column elementor-element elementor-element-c742ddf\" data-id=\"c742ddf\" data-element_type=\"column\" data-e-type=\"column\">\n\t\t\t<div class=\"elementor-widget-wrap elementor-element-populated\">\n\t\t\t\t\t\t<div class=\"elementor-element elementor-element-e00a04c elementor-widget elementor-widget-image\" data-id=\"e00a04c\" data-element_type=\"widget\" data-e-type=\"widget\" data-widget_type=\"image.default\">\n\t\t\t\t<div class=\"elementor-widget-container\">\n\t\t\t\t\t\t\t\t\t\t\t\t\t\t\t<img loading=\"lazy\" decoding=\"async\" width=\"1618\" height=\"558\" src=\"https:\/\/ideasdesign.ch\/wp-content\/uploads\/2020\/11\/OK_logo_CFPA_sans_2.png\" class=\"attachment-full size-full wp-image-517\" alt=\"CFPA\" srcset=\"https:\/\/ideasdesign.ch\/wp-content\/uploads\/2020\/11\/OK_logo_CFPA_sans_2.png 1618w, https:\/\/ideasdesign.ch\/wp-content\/uploads\/2020\/11\/OK_logo_CFPA_sans_2-300x103.png 300w, https:\/\/ideasdesign.ch\/wp-content\/uploads\/2020\/11\/OK_logo_CFPA_sans_2-1024x353.png 1024w, https:\/\/ideasdesign.ch\/wp-content\/uploads\/2020\/11\/OK_logo_CFPA_sans_2-768x265.png 768w, https:\/\/ideasdesign.ch\/wp-content\/uploads\/2020\/11\/OK_logo_CFPA_sans_2-1536x530.png 1536w\" sizes=\"(max-width: 1618px) 100vw, 1618px\" \/>\t\t\t\t\t\t\t\t\t\t\t\t\t\t\t<\/div>\n\t\t\t\t<\/div>\n\t\t\t\t\t<\/div>\n\t\t<\/div>\n\t\t\t\t\t<\/div>\n\t\t<\/section>\n\t\t\t\t\t<\/div>\n\t\t<\/div>\n\t\t\t\t<div class=\"elementor-column elementor-col-33 elementor-top-column elementor-element elementor-element-3ef993be\" data-id=\"3ef993be\" data-element_type=\"column\" data-e-type=\"column\">\n\t\t\t<div class=\"elementor-widget-wrap elementor-element-populated\">\n\t\t\t\t\t\t<div class=\"elementor-element elementor-element-12cf5dd9 elementor-widget elementor-widget-image\" data-id=\"12cf5dd9\" data-element_type=\"widget\" data-e-type=\"widget\" data-widget_type=\"image.default\">\n\t\t\t\t<div class=\"elementor-widget-container\">\n\t\t\t\t\t\t\t\t\t\t\t\t\t\t\t<img loading=\"lazy\" decoding=\"async\" width=\"2560\" height=\"1707\" src=\"https:\/\/ideasdesign.ch\/wp-content\/uploads\/2020\/11\/professional-interior-designer-or-architector-working-with-colour-palette-room-drawings-in-modern-office-scaled.jpg\" class=\"attachment-full size-full wp-image-97\" alt=\"\" srcset=\"https:\/\/ideasdesign.ch\/wp-content\/uploads\/2020\/11\/professional-interior-designer-or-architector-working-with-colour-palette-room-drawings-in-modern-office-scaled.jpg 2560w, https:\/\/ideasdesign.ch\/wp-content\/uploads\/2020\/11\/professional-interior-designer-or-architector-working-with-colour-palette-room-drawings-in-modern-office-300x200.jpg 300w, https:\/\/ideasdesign.ch\/wp-content\/uploads\/2020\/11\/professional-interior-designer-or-architector-working-with-colour-palette-room-drawings-in-modern-office-1024x683.jpg 1024w, https:\/\/ideasdesign.ch\/wp-content\/uploads\/2020\/11\/professional-interior-designer-or-architector-working-with-colour-palette-room-drawings-in-modern-office-768x512.jpg 768w, https:\/\/ideasdesign.ch\/wp-content\/uploads\/2020\/11\/professional-interior-designer-or-architector-working-with-colour-palette-room-drawings-in-modern-office-1536x1024.jpg 1536w, https:\/\/ideasdesign.ch\/wp-content\/uploads\/2020\/11\/professional-interior-designer-or-architector-working-with-colour-palette-room-drawings-in-modern-office-2048x1365.jpg 2048w\" sizes=\"(max-width: 2560px) 100vw, 2560px\" \/>\t\t\t\t\t\t\t\t\t\t\t\t\t\t\t<\/div>\n\t\t\t\t<\/div>\n\t\t\t\t<div class=\"elementor-element elementor-element-1ac3aacb elementor-widget elementor-widget-text-editor\" data-id=\"1ac3aacb\" data-element_type=\"widget\" data-e-type=\"widget\" data-widget_type=\"text-editor.default\">\n\t\t\t\t<div class=\"elementor-widget-container\">\n\t\t\t\t\t\t\t\t\t<p><span class=\"VIiyi\" lang=\"en\"><span class=\"JLqJ4b ChMk0b\" data-language-for-alternatives=\"en\" data-language-to-translate-into=\"fr\" data-phrase-index=\"0\">Hello, my name is Celeste, welcome to my site.<\/span> <span class=\"JLqJ4b ChMk0b\" data-language-for-alternatives=\"en\" data-language-to-translate-into=\"fr\" data-phrase-index=\"1\"><strong>I am a multitasking graphic designer, specialized in web and print<\/strong>, passionate about new technologies.<\/span> <span class=\"JLqJ4b ChMk0b\" data-language-for-alternatives=\"en\" data-language-to-translate-into=\"fr\" data-phrase-index=\"2\">I am here to conceive your ideas and accompany you in the creation of your concept. I am currently working at <strong>Palexpo SA<\/strong>, the Geneva Exhibition and Convention Center, as a <strong>digital project coordinator and web designer.<\/strong><br \/><\/span><\/span><\/p>\t\t\t\t\t\t\t\t<\/div>\n\t\t\t\t<\/div>\n\t\t\t\t\t<\/div>\n\t\t<\/div>\n\t\t\t\t<div class=\"elementor-column elementor-col-33 elementor-top-column elementor-element elementor-element-6c63e1\" data-id=\"6c63e1\" data-element_type=\"column\" data-e-type=\"column\">\n\t\t\t<div class=\"elementor-widget-wrap elementor-element-populated\">\n\t\t\t\t\t\t<div class=\"elementor-element elementor-element-782a2aff elementor-widget elementor-widget-text-editor\" data-id=\"782a2aff\" data-element_type=\"widget\" data-e-type=\"widget\" data-widget_type=\"text-editor.default\">\n\t\t\t\t<div class=\"elementor-widget-container\">\n\t\t\t\t\t\t\t\t\t<p><span class=\"VIiyi\" lang=\"en\"> <span class=\"JLqJ4b ChMk0b\" data-language-for-alternatives=\"en\" data-language-to-translate-into=\"fr\" data-phrase-index=\"4\">I take care of the creation and maintenance of the various websites of the events of the exhibition complex, and I coordinate the projects, in collaboration with the digital team and the project managers.<\/span><\/span><\/p><p><strong><span id=\"result_box\" class=\"short_text\" lang=\"en\"><span class=\"\"><span class=\"VIiyi\" lang=\"en\"><span class=\"JLqJ4b ChMk0b\" data-language-for-alternatives=\"en\" data-language-to-translate-into=\"fr\" data-phrase-index=\"0\">With 10 years of experience in these fields, don&rsquo;t hesitate to request a free quote and start working together !<\/span><\/span><\/span><\/span><\/strong><\/p>\t\t\t\t\t\t\t\t<\/div>\n\t\t\t\t<\/div>\n\t\t\t\t<div class=\"elementor-element elementor-element-56e4d1a8 elementor-widget elementor-widget-image\" data-id=\"56e4d1a8\" data-element_type=\"widget\" data-e-type=\"widget\" data-widget_type=\"image.default\">\n\t\t\t\t<div class=\"elementor-widget-container\">\n\t\t\t\t\t\t\t\t\t\t\t\t\t\t\t<img loading=\"lazy\" decoding=\"async\" width=\"2560\" height=\"1709\" src=\"https:\/\/ideasdesign.ch\/wp-content\/uploads\/2020\/11\/young-employees-sitting-office-table-using-laptop-team-work-brainstorming-meeting-concept-scaled.jpg\" class=\"attachment-full size-full wp-image-98\" alt=\"\" srcset=\"https:\/\/ideasdesign.ch\/wp-content\/uploads\/2020\/11\/young-employees-sitting-office-table-using-laptop-team-work-brainstorming-meeting-concept-scaled.jpg 2560w, https:\/\/ideasdesign.ch\/wp-content\/uploads\/2020\/11\/young-employees-sitting-office-table-using-laptop-team-work-brainstorming-meeting-concept-300x200.jpg 300w, https:\/\/ideasdesign.ch\/wp-content\/uploads\/2020\/11\/young-employees-sitting-office-table-using-laptop-team-work-brainstorming-meeting-concept-1024x683.jpg 1024w, https:\/\/ideasdesign.ch\/wp-content\/uploads\/2020\/11\/young-employees-sitting-office-table-using-laptop-team-work-brainstorming-meeting-concept-768x513.jpg 768w, https:\/\/ideasdesign.ch\/wp-content\/uploads\/2020\/11\/young-employees-sitting-office-table-using-laptop-team-work-brainstorming-meeting-concept-1536x1025.jpg 1536w, https:\/\/ideasdesign.ch\/wp-content\/uploads\/2020\/11\/young-employees-sitting-office-table-using-laptop-team-work-brainstorming-meeting-concept-2048x1367.jpg 2048w\" sizes=\"(max-width: 2560px) 100vw, 2560px\" \/>\t\t\t\t\t\t\t\t\t\t\t\t\t\t\t<\/div>\n\t\t\t\t<\/div>\n\t\t\t\t\t<\/div>\n\t\t<\/div>\n\t\t\t\t\t<\/div>\n\t\t<\/section>\n\t\t\t\t<section class=\"elementor-section elementor-top-section elementor-element elementor-element-e1b7982 elementor-section-boxed elementor-section-height-default elementor-section-height-default\" data-id=\"e1b7982\" data-element_type=\"section\" data-e-type=\"section\" data-settings=\"{&quot;background_background&quot;:&quot;classic&quot;}\">\n\t\t\t\t\t\t\t<div class=\"elementor-background-overlay\"><\/div>\n\t\t\t\t\t\t\t<div class=\"elementor-container elementor-column-gap-default\">\n\t\t\t\t\t<div class=\"elementor-column elementor-col-25 elementor-top-column elementor-element elementor-element-67964d9 elementor-invisible\" data-id=\"67964d9\" data-element_type=\"column\" data-e-type=\"column\" data-settings=\"{&quot;animation&quot;:&quot;fadeInLeft&quot;,&quot;animation_delay&quot;:200}\">\n\t\t\t<div class=\"elementor-widget-wrap elementor-element-populated\">\n\t\t\t\t\t\t<section class=\"elementor-section elementor-inner-section elementor-element elementor-element-72b9dd3 elementor-section-boxed elementor-section-height-default elementor-section-height-default\" data-id=\"72b9dd3\" data-element_type=\"section\" data-e-type=\"section\">\n\t\t\t\t\t\t<div class=\"elementor-container elementor-column-gap-default\">\n\t\t\t\t\t<div class=\"elementor-column elementor-col-50 elementor-inner-column elementor-element elementor-element-5d4497f\" data-id=\"5d4497f\" data-element_type=\"column\" data-e-type=\"column\">\n\t\t\t<div class=\"elementor-widget-wrap elementor-element-populated\">\n\t\t\t\t\t\t<div class=\"elementor-element elementor-element-8d178e5 elementor-view-stacked elementor-shape-circle elementor-widget elementor-widget-icon\" data-id=\"8d178e5\" data-element_type=\"widget\" data-e-type=\"widget\" data-widget_type=\"icon.default\">\n\t\t\t\t<div class=\"elementor-widget-container\">\n\t\t\t\t\t\t\t<div class=\"elementor-icon-wrapper\">\n\t\t\t<div class=\"elementor-icon\">\n\t\t\t<i aria-hidden=\"true\" class=\"fas fa-users\"><\/i>\t\t\t<\/div>\n\t\t<\/div>\n\t\t\t\t\t\t<\/div>\n\t\t\t\t<\/div>\n\t\t\t\t\t<\/div>\n\t\t<\/div>\n\t\t\t\t<div class=\"elementor-column elementor-col-50 elementor-inner-column elementor-element elementor-element-2ec1f37\" data-id=\"2ec1f37\" data-element_type=\"column\" data-e-type=\"column\">\n\t\t\t<div class=\"elementor-widget-wrap elementor-element-populated\">\n\t\t\t\t\t\t<div class=\"elementor-element elementor-element-4c09b91 elementor-widget elementor-widget-counter\" data-id=\"4c09b91\" data-element_type=\"widget\" data-e-type=\"widget\" data-widget_type=\"counter.default\">\n\t\t\t\t<div class=\"elementor-widget-container\">\n\t\t\t\t\t\t\t<div class=\"elementor-counter\">\n\t\t\t\t\t\t<div class=\"elementor-counter-number-wrapper\">\n\t\t\t\t<span class=\"elementor-counter-number-prefix\"><\/span>\n\t\t\t\t<span class=\"elementor-counter-number\" data-duration=\"1500\" data-to-value=\"269\" data-from-value=\"1\" data-delimiter=\".\">1<\/span>\n\t\t\t\t<span class=\"elementor-counter-number-suffix\"><\/span>\n\t\t\t<\/div>\n\t\t<\/div>\n\t\t\t\t\t\t<\/div>\n\t\t\t\t<\/div>\n\t\t\t\t\t<\/div>\n\t\t<\/div>\n\t\t\t\t\t<\/div>\n\t\t<\/section>\n\t\t\t\t<section class=\"elementor-section elementor-inner-section elementor-element elementor-element-074d880 elementor-section-boxed elementor-section-height-default elementor-section-height-default\" data-id=\"074d880\" data-element_type=\"section\" data-e-type=\"section\">\n\t\t\t\t\t\t<div class=\"elementor-container elementor-column-gap-default\">\n\t\t\t\t\t<div class=\"elementor-column elementor-col-100 elementor-inner-column elementor-element elementor-element-45202e2\" data-id=\"45202e2\" data-element_type=\"column\" data-e-type=\"column\">\n\t\t\t<div class=\"elementor-widget-wrap elementor-element-populated\">\n\t\t\t\t\t\t<div class=\"elementor-element elementor-element-300f8be elementor-widget elementor-widget-text-editor\" data-id=\"300f8be\" data-element_type=\"widget\" data-e-type=\"widget\" data-widget_type=\"text-editor.default\">\n\t\t\t\t<div class=\"elementor-widget-container\">\n\t\t\t\t\t\t\t\t\t<p>Happy Customers<\/p>\t\t\t\t\t\t\t\t<\/div>\n\t\t\t\t<\/div>\n\t\t\t\t\t<\/div>\n\t\t<\/div>\n\t\t\t\t\t<\/div>\n\t\t<\/section>\n\t\t\t\t\t<\/div>\n\t\t<\/div>\n\t\t\t\t<div class=\"elementor-column elementor-col-25 elementor-top-column elementor-element elementor-element-f935cee elementor-invisible\" data-id=\"f935cee\" data-element_type=\"column\" data-e-type=\"column\" data-settings=\"{&quot;animation&quot;:&quot;fadeInLeft&quot;}\">\n\t\t\t<div class=\"elementor-widget-wrap elementor-element-populated\">\n\t\t\t\t\t\t<section class=\"elementor-section elementor-inner-section elementor-element elementor-element-d8bc5ad elementor-section-boxed elementor-section-height-default elementor-section-height-default\" data-id=\"d8bc5ad\" data-element_type=\"section\" data-e-type=\"section\">\n\t\t\t\t\t\t<div class=\"elementor-container elementor-column-gap-default\">\n\t\t\t\t\t<div class=\"elementor-column elementor-col-50 elementor-inner-column elementor-element elementor-element-b02ee44\" data-id=\"b02ee44\" data-element_type=\"column\" data-e-type=\"column\">\n\t\t\t<div class=\"elementor-widget-wrap elementor-element-populated\">\n\t\t\t\t\t\t<div class=\"elementor-element elementor-element-0ea1a1d elementor-view-stacked elementor-shape-circle elementor-widget elementor-widget-icon\" data-id=\"0ea1a1d\" data-element_type=\"widget\" data-e-type=\"widget\" data-widget_type=\"icon.default\">\n\t\t\t\t<div class=\"elementor-widget-container\">\n\t\t\t\t\t\t\t<div class=\"elementor-icon-wrapper\">\n\t\t\t<div class=\"elementor-icon\">\n\t\t\t<i aria-hidden=\"true\" class=\"fas fa-folder-open\"><\/i>\t\t\t<\/div>\n\t\t<\/div>\n\t\t\t\t\t\t<\/div>\n\t\t\t\t<\/div>\n\t\t\t\t\t<\/div>\n\t\t<\/div>\n\t\t\t\t<div class=\"elementor-column elementor-col-50 elementor-inner-column elementor-element elementor-element-230a6e1\" data-id=\"230a6e1\" data-element_type=\"column\" data-e-type=\"column\">\n\t\t\t<div class=\"elementor-widget-wrap elementor-element-populated\">\n\t\t\t\t\t\t<div class=\"elementor-element elementor-element-ecc1cb5 elementor-widget elementor-widget-counter\" data-id=\"ecc1cb5\" data-element_type=\"widget\" data-e-type=\"widget\" data-widget_type=\"counter.default\">\n\t\t\t\t<div class=\"elementor-widget-container\">\n\t\t\t\t\t\t\t<div class=\"elementor-counter\">\n\t\t\t\t\t\t<div class=\"elementor-counter-number-wrapper\">\n\t\t\t\t<span class=\"elementor-counter-number-prefix\"><\/span>\n\t\t\t\t<span class=\"elementor-counter-number\" data-duration=\"1500\" data-to-value=\"388\" data-from-value=\"1\" data-delimiter=\".\">1<\/span>\n\t\t\t\t<span class=\"elementor-counter-number-suffix\"><\/span>\n\t\t\t<\/div>\n\t\t<\/div>\n\t\t\t\t\t\t<\/div>\n\t\t\t\t<\/div>\n\t\t\t\t\t<\/div>\n\t\t<\/div>\n\t\t\t\t\t<\/div>\n\t\t<\/section>\n\t\t\t\t<section class=\"elementor-section elementor-inner-section elementor-element elementor-element-e70c295 elementor-section-boxed elementor-section-height-default elementor-section-height-default\" data-id=\"e70c295\" data-element_type=\"section\" data-e-type=\"section\">\n\t\t\t\t\t\t<div class=\"elementor-container elementor-column-gap-default\">\n\t\t\t\t\t<div class=\"elementor-column elementor-col-100 elementor-inner-column elementor-element elementor-element-810ff58\" data-id=\"810ff58\" data-element_type=\"column\" data-e-type=\"column\">\n\t\t\t<div class=\"elementor-widget-wrap elementor-element-populated\">\n\t\t\t\t\t\t<div class=\"elementor-element elementor-element-ee01310 elementor-widget elementor-widget-text-editor\" data-id=\"ee01310\" data-element_type=\"widget\" data-e-type=\"widget\" data-widget_type=\"text-editor.default\">\n\t\t\t\t<div class=\"elementor-widget-container\">\n\t\t\t\t\t\t\t\t\t<p>Projects Completed<\/p>\t\t\t\t\t\t\t\t<\/div>\n\t\t\t\t<\/div>\n\t\t\t\t\t<\/div>\n\t\t<\/div>\n\t\t\t\t\t<\/div>\n\t\t<\/section>\n\t\t\t\t\t<\/div>\n\t\t<\/div>\n\t\t\t\t<div class=\"elementor-column elementor-col-25 elementor-top-column elementor-element elementor-element-c5fc223 elementor-invisible\" data-id=\"c5fc223\" data-element_type=\"column\" data-e-type=\"column\" data-settings=\"{&quot;animation&quot;:&quot;fadeInRight&quot;}\">\n\t\t\t<div class=\"elementor-widget-wrap elementor-element-populated\">\n\t\t\t\t\t\t<section class=\"elementor-section elementor-inner-section elementor-element elementor-element-3fdd246 elementor-section-boxed elementor-section-height-default elementor-section-height-default\" data-id=\"3fdd246\" data-element_type=\"section\" data-e-type=\"section\">\n\t\t\t\t\t\t<div class=\"elementor-container elementor-column-gap-default\">\n\t\t\t\t\t<div class=\"elementor-column elementor-col-50 elementor-inner-column elementor-element elementor-element-d9a8454\" data-id=\"d9a8454\" data-element_type=\"column\" data-e-type=\"column\">\n\t\t\t<div class=\"elementor-widget-wrap elementor-element-populated\">\n\t\t\t\t\t\t<div class=\"elementor-element elementor-element-ef4c064 elementor-view-stacked elementor-shape-circle elementor-widget elementor-widget-icon\" data-id=\"ef4c064\" data-element_type=\"widget\" data-e-type=\"widget\" data-widget_type=\"icon.default\">\n\t\t\t\t<div class=\"elementor-widget-container\">\n\t\t\t\t\t\t\t<div class=\"elementor-icon-wrapper\">\n\t\t\t<div class=\"elementor-icon\">\n\t\t\t<i aria-hidden=\"true\" class=\"fas fa-award\"><\/i>\t\t\t<\/div>\n\t\t<\/div>\n\t\t\t\t\t\t<\/div>\n\t\t\t\t<\/div>\n\t\t\t\t\t<\/div>\n\t\t<\/div>\n\t\t\t\t<div class=\"elementor-column elementor-col-50 elementor-inner-column elementor-element elementor-element-ae60848\" data-id=\"ae60848\" data-element_type=\"column\" data-e-type=\"column\">\n\t\t\t<div class=\"elementor-widget-wrap elementor-element-populated\">\n\t\t\t\t\t\t<div class=\"elementor-element elementor-element-de67792 elementor-widget elementor-widget-counter\" data-id=\"de67792\" data-element_type=\"widget\" data-e-type=\"widget\" data-widget_type=\"counter.default\">\n\t\t\t\t<div class=\"elementor-widget-container\">\n\t\t\t\t\t\t\t<div class=\"elementor-counter\">\n\t\t\t\t\t\t<div class=\"elementor-counter-number-wrapper\">\n\t\t\t\t<span class=\"elementor-counter-number-prefix\"><\/span>\n\t\t\t\t<span class=\"elementor-counter-number\" data-duration=\"1500\" data-to-value=\"3\" data-from-value=\"1\" data-delimiter=\".\">1<\/span>\n\t\t\t\t<span class=\"elementor-counter-number-suffix\"><\/span>\n\t\t\t<\/div>\n\t\t<\/div>\n\t\t\t\t\t\t<\/div>\n\t\t\t\t<\/div>\n\t\t\t\t\t<\/div>\n\t\t<\/div>\n\t\t\t\t\t<\/div>\n\t\t<\/section>\n\t\t\t\t<section class=\"elementor-section elementor-inner-section elementor-element elementor-element-a979a37 elementor-section-boxed elementor-section-height-default elementor-section-height-default\" data-id=\"a979a37\" data-element_type=\"section\" data-e-type=\"section\">\n\t\t\t\t\t\t<div class=\"elementor-container elementor-column-gap-default\">\n\t\t\t\t\t<div class=\"elementor-column elementor-col-100 elementor-inner-column elementor-element elementor-element-66fe651\" data-id=\"66fe651\" data-element_type=\"column\" data-e-type=\"column\">\n\t\t\t<div class=\"elementor-widget-wrap elementor-element-populated\">\n\t\t\t\t\t\t<div class=\"elementor-element elementor-element-7c2c05f elementor-widget elementor-widget-text-editor\" data-id=\"7c2c05f\" data-element_type=\"widget\" data-e-type=\"widget\" data-widget_type=\"text-editor.default\">\n\t\t\t\t<div class=\"elementor-widget-container\">\n\t\t\t\t\t\t\t\t\t<p>Awards Received<\/p>\t\t\t\t\t\t\t\t<\/div>\n\t\t\t\t<\/div>\n\t\t\t\t\t<\/div>\n\t\t<\/div>\n\t\t\t\t\t<\/div>\n\t\t<\/section>\n\t\t\t\t\t<\/div>\n\t\t<\/div>\n\t\t\t\t<div class=\"elementor-column elementor-col-25 elementor-top-column elementor-element elementor-element-9ed7151 elementor-invisible\" data-id=\"9ed7151\" data-element_type=\"column\" data-e-type=\"column\" data-settings=\"{&quot;animation&quot;:&quot;fadeInRight&quot;,&quot;animation_delay&quot;:200}\">\n\t\t\t<div class=\"elementor-widget-wrap elementor-element-populated\">\n\t\t\t\t\t\t<section class=\"elementor-section elementor-inner-section elementor-element elementor-element-286dc3e elementor-section-boxed elementor-section-height-default elementor-section-height-default\" data-id=\"286dc3e\" data-element_type=\"section\" data-e-type=\"section\">\n\t\t\t\t\t\t<div class=\"elementor-container elementor-column-gap-default\">\n\t\t\t\t\t<div class=\"elementor-column elementor-col-50 elementor-inner-column elementor-element elementor-element-370e0be\" data-id=\"370e0be\" data-element_type=\"column\" data-e-type=\"column\">\n\t\t\t<div class=\"elementor-widget-wrap elementor-element-populated\">\n\t\t\t\t\t\t<div class=\"elementor-element elementor-element-0871ac7 elementor-view-stacked elementor-shape-circle elementor-widget elementor-widget-icon\" data-id=\"0871ac7\" data-element_type=\"widget\" data-e-type=\"widget\" data-widget_type=\"icon.default\">\n\t\t\t\t<div class=\"elementor-widget-container\">\n\t\t\t\t\t\t\t<div class=\"elementor-icon-wrapper\">\n\t\t\t<div class=\"elementor-icon\">\n\t\t\t<i aria-hidden=\"true\" class=\"fas fa-coffee\"><\/i>\t\t\t<\/div>\n\t\t<\/div>\n\t\t\t\t\t\t<\/div>\n\t\t\t\t<\/div>\n\t\t\t\t\t<\/div>\n\t\t<\/div>\n\t\t\t\t<div class=\"elementor-column elementor-col-50 elementor-inner-column elementor-element elementor-element-e19ec97\" data-id=\"e19ec97\" data-element_type=\"column\" data-e-type=\"column\">\n\t\t\t<div class=\"elementor-widget-wrap elementor-element-populated\">\n\t\t\t\t\t\t<div class=\"elementor-element elementor-element-1b374ba elementor-widget elementor-widget-counter\" data-id=\"1b374ba\" data-element_type=\"widget\" data-e-type=\"widget\" data-widget_type=\"counter.default\">\n\t\t\t\t<div class=\"elementor-widget-container\">\n\t\t\t\t\t\t\t<div class=\"elementor-counter\">\n\t\t\t\t\t\t<div class=\"elementor-counter-number-wrapper\">\n\t\t\t\t<span class=\"elementor-counter-number-prefix\"><\/span>\n\t\t\t\t<span class=\"elementor-counter-number\" data-duration=\"1500\" data-to-value=\"25432\" data-from-value=\"1\" data-delimiter=\",\">1<\/span>\n\t\t\t\t<span class=\"elementor-counter-number-suffix\"><\/span>\n\t\t\t<\/div>\n\t\t<\/div>\n\t\t\t\t\t\t<\/div>\n\t\t\t\t<\/div>\n\t\t\t\t\t<\/div>\n\t\t<\/div>\n\t\t\t\t\t<\/div>\n\t\t<\/section>\n\t\t\t\t<section class=\"elementor-section elementor-inner-section elementor-element elementor-element-8509932 elementor-section-boxed elementor-section-height-default elementor-section-height-default\" data-id=\"8509932\" data-element_type=\"section\" data-e-type=\"section\">\n\t\t\t\t\t\t<div class=\"elementor-container elementor-column-gap-default\">\n\t\t\t\t\t<div class=\"elementor-column elementor-col-100 elementor-inner-column elementor-element elementor-element-9a8f962\" data-id=\"9a8f962\" data-element_type=\"column\" data-e-type=\"column\">\n\t\t\t<div class=\"elementor-widget-wrap elementor-element-populated\">\n\t\t\t\t\t\t<div class=\"elementor-element elementor-element-68eb20f elementor-widget elementor-widget-text-editor\" data-id=\"68eb20f\" data-element_type=\"widget\" data-e-type=\"widget\" data-widget_type=\"text-editor.default\">\n\t\t\t\t<div class=\"elementor-widget-container\">\n\t\t\t\t\t\t\t\t\t<p>Cups of Tea<\/p>\t\t\t\t\t\t\t\t<\/div>\n\t\t\t\t<\/div>\n\t\t\t\t\t<\/div>\n\t\t<\/div>\n\t\t\t\t\t<\/div>\n\t\t<\/section>\n\t\t\t\t\t<\/div>\n\t\t<\/div>\n\t\t\t\t\t<\/div>\n\t\t<\/section>\n\t\t\t\t<section class=\"elementor-section elementor-top-section elementor-element elementor-element-30fcc3fc elementor-section-boxed elementor-section-height-default elementor-section-height-default elementor-invisible\" data-id=\"30fcc3fc\" data-element_type=\"section\" data-e-type=\"section\" data-settings=\"{&quot;background_background&quot;:&quot;gradient&quot;,&quot;animation&quot;:&quot;fadeIn&quot;}\">\n\t\t\t\t\t\t\t<div class=\"elementor-background-overlay\"><\/div>\n\t\t\t\t\t\t\t<div class=\"elementor-container elementor-column-gap-default\">\n\t\t\t\t\t<div class=\"elementor-column elementor-col-100 elementor-top-column elementor-element elementor-element-1684920d\" data-id=\"1684920d\" data-element_type=\"column\" data-e-type=\"column\">\n\t\t\t<div class=\"elementor-widget-wrap elementor-element-populated\">\n\t\t\t\t\t\t<div class=\"elementor-element elementor-element-4cccf48 elementor-widget elementor-widget-menu-anchor\" data-id=\"4cccf48\" data-element_type=\"widget\" data-e-type=\"widget\" data-widget_type=\"menu-anchor.default\">\n\t\t\t\t<div class=\"elementor-widget-container\">\n\t\t\t\t\t\t\t<div class=\"elementor-menu-anchor\" id=\"services\"><\/div>\n\t\t\t\t\t\t<\/div>\n\t\t\t\t<\/div>\n\t\t\t\t<div class=\"elementor-element elementor-element-40b6196 elementor-widget elementor-widget-heading\" data-id=\"40b6196\" data-element_type=\"widget\" data-e-type=\"widget\" data-widget_type=\"heading.default\">\n\t\t\t\t<div class=\"elementor-widget-container\">\n\t\t\t\t\t<h2 class=\"elementor-heading-title elementor-size-default\">Guarantee of professionalism in these disciplines<\/h2>\t\t\t\t<\/div>\n\t\t\t\t<\/div>\n\t\t\t\t<div class=\"elementor-element elementor-element-1bd6797 elementor-widget elementor-widget-heading\" data-id=\"1bd6797\" data-element_type=\"widget\" data-e-type=\"widget\" data-widget_type=\"heading.default\">\n\t\t\t\t<div class=\"elementor-widget-container\">\n\t\t\t\t\t<h2 class=\"elementor-heading-title elementor-size-default\">The services I offer<\/h2>\t\t\t\t<\/div>\n\t\t\t\t<\/div>\n\t\t\t\t<div class=\"elementor-element elementor-element-dfc3b5a elementor-widget-divider--view-line elementor-widget elementor-widget-divider\" data-id=\"dfc3b5a\" data-element_type=\"widget\" data-e-type=\"widget\" data-widget_type=\"divider.default\">\n\t\t\t\t<div class=\"elementor-widget-container\">\n\t\t\t\t\t\t\t<div class=\"elementor-divider\">\n\t\t\t<span class=\"elementor-divider-separator\">\n\t\t\t\t\t\t<\/span>\n\t\t<\/div>\n\t\t\t\t\t\t<\/div>\n\t\t\t\t<\/div>\n\t\t\t\t<section class=\"elementor-section elementor-inner-section elementor-element elementor-element-07ee7f3 elementor-section-boxed elementor-section-height-default elementor-section-height-default\" data-id=\"07ee7f3\" data-element_type=\"section\" data-e-type=\"section\">\n\t\t\t\t\t\t<div class=\"elementor-container elementor-column-gap-default\">\n\t\t\t\t\t<div class=\"elementor-column elementor-col-25 elementor-inner-column elementor-element elementor-element-cf97952\" data-id=\"cf97952\" data-element_type=\"column\" data-e-type=\"column\">\n\t\t\t<div class=\"elementor-widget-wrap elementor-element-populated\">\n\t\t\t\t\t\t<div class=\"elementor-element elementor-element-35325e8 elementor-widget elementor-widget-image\" data-id=\"35325e8\" data-element_type=\"widget\" data-e-type=\"widget\" data-widget_type=\"image.default\">\n\t\t\t\t<div class=\"elementor-widget-container\">\n\t\t\t\t\t\t\t\t\t\t\t\t\t\t\t<img loading=\"lazy\" decoding=\"async\" width=\"200\" height=\"200\" src=\"https:\/\/ideasdesign.ch\/wp-content\/uploads\/2020\/11\/branding.png\" class=\"attachment-full size-full wp-image-175\" alt=\"identity\" srcset=\"https:\/\/ideasdesign.ch\/wp-content\/uploads\/2020\/11\/branding.png 200w, https:\/\/ideasdesign.ch\/wp-content\/uploads\/2020\/11\/branding-150x150.png 150w\" sizes=\"(max-width: 200px) 100vw, 200px\" \/>\t\t\t\t\t\t\t\t\t\t\t\t\t\t\t<\/div>\n\t\t\t\t<\/div>\n\t\t\t\t\t<\/div>\n\t\t<\/div>\n\t\t\t\t<div class=\"elementor-column elementor-col-25 elementor-inner-column elementor-element elementor-element-a79a3c9\" data-id=\"a79a3c9\" data-element_type=\"column\" data-e-type=\"column\">\n\t\t\t<div class=\"elementor-widget-wrap elementor-element-populated\">\n\t\t\t\t\t\t<div class=\"elementor-element elementor-element-7deab45 elementor-widget elementor-widget-heading\" data-id=\"7deab45\" data-element_type=\"widget\" data-e-type=\"widget\" data-widget_type=\"heading.default\">\n\t\t\t\t<div class=\"elementor-widget-container\">\n\t\t\t\t\t<h2 class=\"elementor-heading-title elementor-size-default\">IDENTITY<\/h2>\t\t\t\t<\/div>\n\t\t\t\t<\/div>\n\t\t\t\t<div class=\"elementor-element elementor-element-8f9a35b elementor-widget elementor-widget-text-editor\" data-id=\"8f9a35b\" data-element_type=\"widget\" data-e-type=\"widget\" data-widget_type=\"text-editor.default\">\n\t\t\t\t<div class=\"elementor-widget-container\">\n\t\t\t\t\t\t\t\t\t<p>Logotype | Poster | Flyer| Visit &amp; Greeting card | Photo editing | Networking | Rollup | Stand | Packaging | Layout<\/p>\t\t\t\t\t\t\t\t<\/div>\n\t\t\t\t<\/div>\n\t\t\t\t\t<\/div>\n\t\t<\/div>\n\t\t\t\t<div class=\"elementor-column elementor-col-25 elementor-inner-column elementor-element elementor-element-9ac4181\" data-id=\"9ac4181\" data-element_type=\"column\" data-e-type=\"column\">\n\t\t\t<div class=\"elementor-widget-wrap elementor-element-populated\">\n\t\t\t\t\t\t<div class=\"elementor-element elementor-element-e067e67 elementor-widget elementor-widget-image\" data-id=\"e067e67\" data-element_type=\"widget\" data-e-type=\"widget\" data-widget_type=\"image.default\">\n\t\t\t\t<div class=\"elementor-widget-container\">\n\t\t\t\t\t\t\t\t\t\t\t\t\t\t\t<img loading=\"lazy\" decoding=\"async\" width=\"200\" height=\"200\" src=\"https:\/\/ideasdesign.ch\/wp-content\/uploads\/2020\/11\/webdesign.png\" class=\"attachment-full size-full wp-image-176\" alt=\"webdesign\" srcset=\"https:\/\/ideasdesign.ch\/wp-content\/uploads\/2020\/11\/webdesign.png 200w, https:\/\/ideasdesign.ch\/wp-content\/uploads\/2020\/11\/webdesign-150x150.png 150w\" sizes=\"(max-width: 200px) 100vw, 200px\" \/>\t\t\t\t\t\t\t\t\t\t\t\t\t\t\t<\/div>\n\t\t\t\t<\/div>\n\t\t\t\t\t<\/div>\n\t\t<\/div>\n\t\t\t\t<div class=\"elementor-column elementor-col-25 elementor-inner-column elementor-element elementor-element-e9ad289\" data-id=\"e9ad289\" data-element_type=\"column\" data-e-type=\"column\">\n\t\t\t<div class=\"elementor-widget-wrap elementor-element-populated\">\n\t\t\t\t\t\t<div class=\"elementor-element elementor-element-4c07c4b elementor-widget elementor-widget-heading\" data-id=\"4c07c4b\" data-element_type=\"widget\" data-e-type=\"widget\" data-widget_type=\"heading.default\">\n\t\t\t\t<div class=\"elementor-widget-container\">\n\t\t\t\t\t<h2 class=\"elementor-heading-title elementor-size-default\">WEB DESIGN<\/h2>\t\t\t\t<\/div>\n\t\t\t\t<\/div>\n\t\t\t\t<div class=\"elementor-element elementor-element-af482af elementor-widget elementor-widget-text-editor\" data-id=\"af482af\" data-element_type=\"widget\" data-e-type=\"widget\" data-widget_type=\"text-editor.default\">\n\t\t\t\t<div class=\"elementor-widget-container\">\n\t\t\t\t\t\t\t\t\t<p>Responsive design | CMS WordPress | Banner | Kit emailing | Landing page | Social network<\/p>\t\t\t\t\t\t\t\t<\/div>\n\t\t\t\t<\/div>\n\t\t\t\t\t<\/div>\n\t\t<\/div>\n\t\t\t\t\t<\/div>\n\t\t<\/section>\n\t\t\t\t<section class=\"elementor-section elementor-inner-section elementor-element elementor-element-72f2f4b elementor-section-boxed elementor-section-height-default elementor-section-height-default\" data-id=\"72f2f4b\" data-element_type=\"section\" data-e-type=\"section\">\n\t\t\t\t\t\t<div class=\"elementor-container elementor-column-gap-default\">\n\t\t\t\t\t<div class=\"elementor-column elementor-col-25 elementor-inner-column elementor-element elementor-element-4867b1f\" data-id=\"4867b1f\" data-element_type=\"column\" data-e-type=\"column\">\n\t\t\t<div class=\"elementor-widget-wrap elementor-element-populated\">\n\t\t\t\t\t\t<div class=\"elementor-element elementor-element-07b6504 elementor-widget elementor-widget-image\" data-id=\"07b6504\" data-element_type=\"widget\" data-e-type=\"widget\" data-widget_type=\"image.default\">\n\t\t\t\t<div class=\"elementor-widget-container\">\n\t\t\t\t\t\t\t\t\t\t\t\t\t\t\t<img loading=\"lazy\" decoding=\"async\" width=\"200\" height=\"200\" src=\"https:\/\/ideasdesign.ch\/wp-content\/uploads\/2020\/11\/strategy-1.png\" class=\"attachment-full size-full wp-image-174\" alt=\"strategy\" srcset=\"https:\/\/ideasdesign.ch\/wp-content\/uploads\/2020\/11\/strategy-1.png 200w, https:\/\/ideasdesign.ch\/wp-content\/uploads\/2020\/11\/strategy-1-150x150.png 150w\" sizes=\"(max-width: 200px) 100vw, 200px\" \/>\t\t\t\t\t\t\t\t\t\t\t\t\t\t\t<\/div>\n\t\t\t\t<\/div>\n\t\t\t\t\t<\/div>\n\t\t<\/div>\n\t\t\t\t<div class=\"elementor-column elementor-col-25 elementor-inner-column elementor-element elementor-element-d3a2898\" data-id=\"d3a2898\" data-element_type=\"column\" data-e-type=\"column\">\n\t\t\t<div class=\"elementor-widget-wrap elementor-element-populated\">\n\t\t\t\t\t\t<div class=\"elementor-element elementor-element-f65c5bb elementor-widget elementor-widget-heading\" data-id=\"f65c5bb\" data-element_type=\"widget\" data-e-type=\"widget\" data-widget_type=\"heading.default\">\n\t\t\t\t<div class=\"elementor-widget-container\">\n\t\t\t\t\t<h2 class=\"elementor-heading-title elementor-size-default\">Digital Strategy <\/h2>\t\t\t\t<\/div>\n\t\t\t\t<\/div>\n\t\t\t\t<div class=\"elementor-element elementor-element-64d0cac elementor-widget elementor-widget-text-editor\" data-id=\"64d0cac\" data-element_type=\"widget\" data-e-type=\"widget\" data-widget_type=\"text-editor.default\">\n\t\t\t\t<div class=\"elementor-widget-container\">\n\t\t\t\t\t\t\t\t\t<p>Strategy followed | SEO | SMO | SWOT | Networking | Benchmarketing | Comparative evaluation<\/p>\t\t\t\t\t\t\t\t<\/div>\n\t\t\t\t<\/div>\n\t\t\t\t\t<\/div>\n\t\t<\/div>\n\t\t\t\t<div class=\"elementor-column elementor-col-25 elementor-inner-column elementor-element elementor-element-d04f6f0\" data-id=\"d04f6f0\" data-element_type=\"column\" data-e-type=\"column\">\n\t\t\t<div class=\"elementor-widget-wrap elementor-element-populated\">\n\t\t\t\t\t\t<div class=\"elementor-element elementor-element-86f8be2 elementor-widget elementor-widget-image\" data-id=\"86f8be2\" data-element_type=\"widget\" data-e-type=\"widget\" data-widget_type=\"image.default\">\n\t\t\t\t<div class=\"elementor-widget-container\">\n\t\t\t\t\t\t\t\t\t\t\t\t\t\t\t<img loading=\"lazy\" decoding=\"async\" width=\"200\" height=\"200\" src=\"https:\/\/ideasdesign.ch\/wp-content\/uploads\/2020\/11\/video.png\" class=\"attachment-full size-full wp-image-173\" alt=\"video\" srcset=\"https:\/\/ideasdesign.ch\/wp-content\/uploads\/2020\/11\/video.png 200w, https:\/\/ideasdesign.ch\/wp-content\/uploads\/2020\/11\/video-150x150.png 150w\" sizes=\"(max-width: 200px) 100vw, 200px\" \/>\t\t\t\t\t\t\t\t\t\t\t\t\t\t\t<\/div>\n\t\t\t\t<\/div>\n\t\t\t\t\t<\/div>\n\t\t<\/div>\n\t\t\t\t<div class=\"elementor-column elementor-col-25 elementor-inner-column elementor-element elementor-element-3583feb\" data-id=\"3583feb\" data-element_type=\"column\" data-e-type=\"column\">\n\t\t\t<div class=\"elementor-widget-wrap elementor-element-populated\">\n\t\t\t\t\t\t<div class=\"elementor-element elementor-element-0c6fef7 elementor-widget elementor-widget-heading\" data-id=\"0c6fef7\" data-element_type=\"widget\" data-e-type=\"widget\" data-widget_type=\"heading.default\">\n\t\t\t\t<div class=\"elementor-widget-container\">\n\t\t\t\t\t<h2 class=\"elementor-heading-title elementor-size-default\">MULTIMEDIA<\/h2>\t\t\t\t<\/div>\n\t\t\t\t<\/div>\n\t\t\t\t<div class=\"elementor-element elementor-element-2d61b64 elementor-widget elementor-widget-text-editor\" data-id=\"2d61b64\" data-element_type=\"widget\" data-e-type=\"widget\" data-widget_type=\"text-editor.default\">\n\t\t\t\t<div class=\"elementor-widget-container\">\n\t\t\t\t\t\t\t\t\t<p>Production | Video editing | Special effects | Clip | Scenario | Pitch<\/p>\t\t\t\t\t\t\t\t<\/div>\n\t\t\t\t<\/div>\n\t\t\t\t\t<\/div>\n\t\t<\/div>\n\t\t\t\t\t<\/div>\n\t\t<\/section>\n\t\t\t\t<section class=\"elementor-section elementor-inner-section elementor-element elementor-element-4f0c339 elementor-section-boxed elementor-section-height-default elementor-section-height-default\" data-id=\"4f0c339\" data-element_type=\"section\" data-e-type=\"section\">\n\t\t\t\t\t\t<div class=\"elementor-container elementor-column-gap-default\">\n\t\t\t\t\t<div class=\"elementor-column elementor-col-25 elementor-inner-column elementor-element elementor-element-084da9b\" data-id=\"084da9b\" data-element_type=\"column\" data-e-type=\"column\">\n\t\t\t<div class=\"elementor-widget-wrap elementor-element-populated\">\n\t\t\t\t\t\t<div class=\"elementor-element elementor-element-0c7ffa1 elementor-widget elementor-widget-image\" data-id=\"0c7ffa1\" data-element_type=\"widget\" data-e-type=\"widget\" data-widget_type=\"image.default\">\n\t\t\t\t<div class=\"elementor-widget-container\">\n\t\t\t\t\t\t\t\t\t\t\t\t\t\t\t<img loading=\"lazy\" decoding=\"async\" width=\"200\" height=\"200\" src=\"https:\/\/ideasdesign.ch\/wp-content\/uploads\/2020\/11\/painting.png\" class=\"attachment-full size-full wp-image-172\" alt=\"painting\" srcset=\"https:\/\/ideasdesign.ch\/wp-content\/uploads\/2020\/11\/painting.png 200w, https:\/\/ideasdesign.ch\/wp-content\/uploads\/2020\/11\/painting-150x150.png 150w\" sizes=\"(max-width: 200px) 100vw, 200px\" \/>\t\t\t\t\t\t\t\t\t\t\t\t\t\t\t<\/div>\n\t\t\t\t<\/div>\n\t\t\t\t\t<\/div>\n\t\t<\/div>\n\t\t\t\t<div class=\"elementor-column elementor-col-25 elementor-inner-column elementor-element elementor-element-5fa7d7a\" data-id=\"5fa7d7a\" data-element_type=\"column\" data-e-type=\"column\">\n\t\t\t<div class=\"elementor-widget-wrap elementor-element-populated\">\n\t\t\t\t\t\t<div class=\"elementor-element elementor-element-48ae02f elementor-widget elementor-widget-heading\" data-id=\"48ae02f\" data-element_type=\"widget\" data-e-type=\"widget\" data-widget_type=\"heading.default\">\n\t\t\t\t<div class=\"elementor-widget-container\">\n\t\t\t\t\t<h2 class=\"elementor-heading-title elementor-size-default\">Painting<\/h2>\t\t\t\t<\/div>\n\t\t\t\t<\/div>\n\t\t\t\t<div class=\"elementor-element elementor-element-065ee55 elementor-widget elementor-widget-text-editor\" data-id=\"065ee55\" data-element_type=\"widget\" data-e-type=\"widget\" data-widget_type=\"text-editor.default\">\n\t\t\t\t<div class=\"elementor-widget-container\">\n\t\t\t\t\t\t\t\t\t<p>Acrylic on canvas | Charcoal | Pencil | Academic drawing | Special ordre<\/p>\t\t\t\t\t\t\t\t<\/div>\n\t\t\t\t<\/div>\n\t\t\t\t\t<\/div>\n\t\t<\/div>\n\t\t\t\t<div class=\"elementor-column elementor-col-25 elementor-inner-column elementor-element elementor-element-38457e0\" data-id=\"38457e0\" data-element_type=\"column\" data-e-type=\"column\">\n\t\t\t<div class=\"elementor-widget-wrap elementor-element-populated\">\n\t\t\t\t\t\t<div class=\"elementor-element elementor-element-9afa96d elementor-widget elementor-widget-image\" data-id=\"9afa96d\" data-element_type=\"widget\" data-e-type=\"widget\" data-widget_type=\"image.default\">\n\t\t\t\t<div class=\"elementor-widget-container\">\n\t\t\t\t\t\t\t\t\t\t\t\t\t\t\t<img loading=\"lazy\" decoding=\"async\" width=\"200\" height=\"200\" src=\"https:\/\/ideasdesign.ch\/wp-content\/uploads\/2020\/11\/Content.png\" class=\"attachment-full size-full wp-image-171\" alt=\"Content\" srcset=\"https:\/\/ideasdesign.ch\/wp-content\/uploads\/2020\/11\/Content.png 200w, https:\/\/ideasdesign.ch\/wp-content\/uploads\/2020\/11\/Content-150x150.png 150w\" sizes=\"(max-width: 200px) 100vw, 200px\" \/>\t\t\t\t\t\t\t\t\t\t\t\t\t\t\t<\/div>\n\t\t\t\t<\/div>\n\t\t\t\t\t<\/div>\n\t\t<\/div>\n\t\t\t\t<div class=\"elementor-column elementor-col-25 elementor-inner-column elementor-element elementor-element-6929ec0\" data-id=\"6929ec0\" data-element_type=\"column\" data-e-type=\"column\">\n\t\t\t<div class=\"elementor-widget-wrap elementor-element-populated\">\n\t\t\t\t\t\t<div class=\"elementor-element elementor-element-0ff3064 elementor-widget elementor-widget-heading\" data-id=\"0ff3064\" data-element_type=\"widget\" data-e-type=\"widget\" data-widget_type=\"heading.default\">\n\t\t\t\t<div class=\"elementor-widget-container\">\n\t\t\t\t\t<h2 class=\"elementor-heading-title elementor-size-default\">CONTENT<\/h2>\t\t\t\t<\/div>\n\t\t\t\t<\/div>\n\t\t\t\t<div class=\"elementor-element elementor-element-a4db5d8 elementor-widget elementor-widget-text-editor\" data-id=\"a4db5d8\" data-element_type=\"widget\" data-e-type=\"widget\" data-widget_type=\"text-editor.default\">\n\t\t\t\t<div class=\"elementor-widget-container\">\n\t\t\t\t\t\t\t\t\t<p>Article writing | Scenario | Pitch | General Editor | Layout | French correction | Special order<\/p>\t\t\t\t\t\t\t\t<\/div>\n\t\t\t\t<\/div>\n\t\t\t\t\t<\/div>\n\t\t<\/div>\n\t\t\t\t\t<\/div>\n\t\t<\/section>\n\t\t\t\t\t<\/div>\n\t\t<\/div>\n\t\t\t\t\t<\/div>\n\t\t<\/section>\n\t\t\t\t<section class=\"elementor-section elementor-top-section elementor-element elementor-element-68caf822 elementor-section-stretched elementor-section-boxed elementor-section-height-default elementor-section-height-default\" data-id=\"68caf822\" data-element_type=\"section\" data-e-type=\"section\" data-settings=\"{&quot;stretch_section&quot;:&quot;section-stretched&quot;,&quot;background_background&quot;:&quot;classic&quot;}\">\n\t\t\t\t\t\t<div class=\"elementor-container elementor-column-gap-default\">\n\t\t\t\t\t<div class=\"elementor-column elementor-col-100 elementor-top-column elementor-element elementor-element-117f5e6e\" data-id=\"117f5e6e\" data-element_type=\"column\" data-e-type=\"column\">\n\t\t\t<div class=\"elementor-widget-wrap elementor-element-populated\">\n\t\t\t\t\t\t<div class=\"elementor-element elementor-element-916375f elementor-widget elementor-widget-menu-anchor\" data-id=\"916375f\" data-element_type=\"widget\" data-e-type=\"widget\" data-widget_type=\"menu-anchor.default\">\n\t\t\t\t<div class=\"elementor-widget-container\">\n\t\t\t\t\t\t\t<div class=\"elementor-menu-anchor\" id=\"customers\"><\/div>\n\t\t\t\t\t\t<\/div>\n\t\t\t\t<\/div>\n\t\t\t\t<div class=\"elementor-element elementor-element-bf7f473 elementor-widget elementor-widget-heading\" data-id=\"bf7f473\" data-element_type=\"widget\" data-e-type=\"widget\" data-widget_type=\"heading.default\">\n\t\t\t\t<div class=\"elementor-widget-container\">\n\t\t\t\t\t<h2 class=\"elementor-heading-title elementor-size-default\">Some recent satisfied customers<\/h2>\t\t\t\t<\/div>\n\t\t\t\t<\/div>\n\t\t\t\t<div class=\"elementor-element elementor-element-73b85e5 elementor-widget elementor-widget-heading\" data-id=\"73b85e5\" data-element_type=\"widget\" data-e-type=\"widget\" data-widget_type=\"heading.default\">\n\t\t\t\t<div class=\"elementor-widget-container\">\n\t\t\t\t\t<h2 class=\"elementor-heading-title elementor-size-default\">Happy Customers<\/h2>\t\t\t\t<\/div>\n\t\t\t\t<\/div>\n\t\t\t\t<div class=\"elementor-element elementor-element-4bc39fb5 elementor-widget-divider--view-line elementor-widget elementor-widget-divider\" data-id=\"4bc39fb5\" data-element_type=\"widget\" data-e-type=\"widget\" data-widget_type=\"divider.default\">\n\t\t\t\t<div class=\"elementor-widget-container\">\n\t\t\t\t\t\t\t<div class=\"elementor-divider\">\n\t\t\t<span class=\"elementor-divider-separator\">\n\t\t\t\t\t\t<\/span>\n\t\t<\/div>\n\t\t\t\t\t\t<\/div>\n\t\t\t\t<\/div>\n\t\t\t\t<section class=\"elementor-section elementor-inner-section elementor-element elementor-element-7983e15 elementor-section-content-middle animated-slow elementor-section-boxed elementor-section-height-default elementor-section-height-default elementor-invisible\" data-id=\"7983e15\" data-element_type=\"section\" data-e-type=\"section\" data-settings=\"{&quot;animation&quot;:&quot;fadeIn&quot;,&quot;animation_delay&quot;:0}\">\n\t\t\t\t\t\t<div class=\"elementor-container elementor-column-gap-default\">\n\t\t\t\t\t<div class=\"elementor-column elementor-col-25 elementor-inner-column elementor-element elementor-element-daf607b\" data-id=\"daf607b\" data-element_type=\"column\" data-e-type=\"column\">\n\t\t\t<div class=\"elementor-widget-wrap elementor-element-populated\">\n\t\t\t\t\t\t<div class=\"elementor-element elementor-element-0b04d2e elementor-widget elementor-widget-image\" data-id=\"0b04d2e\" data-element_type=\"widget\" data-e-type=\"widget\" data-widget_type=\"image.default\">\n\t\t\t\t<div class=\"elementor-widget-container\">\n\t\t\t\t\t\t\t\t\t\t\t\t\t\t\t<img loading=\"lazy\" decoding=\"async\" width=\"601\" height=\"251\" src=\"https:\/\/ideasdesign.ch\/wp-content\/uploads\/2020\/11\/bavitech_red_black.png\" class=\"attachment-full size-full wp-image-215\" alt=\"bavitech\" srcset=\"https:\/\/ideasdesign.ch\/wp-content\/uploads\/2020\/11\/bavitech_red_black.png 601w, https:\/\/ideasdesign.ch\/wp-content\/uploads\/2020\/11\/bavitech_red_black-300x125.png 300w\" sizes=\"(max-width: 601px) 100vw, 601px\" \/>\t\t\t\t\t\t\t\t\t\t\t\t\t\t\t<\/div>\n\t\t\t\t<\/div>\n\t\t\t\t\t<\/div>\n\t\t<\/div>\n\t\t\t\t<div class=\"elementor-column elementor-col-25 elementor-inner-column elementor-element elementor-element-655b7cd\" data-id=\"655b7cd\" data-element_type=\"column\" data-e-type=\"column\">\n\t\t\t<div class=\"elementor-widget-wrap elementor-element-populated\">\n\t\t\t\t\t\t<div class=\"elementor-element elementor-element-ac09b17 elementor-widget elementor-widget-image\" data-id=\"ac09b17\" data-element_type=\"widget\" data-e-type=\"widget\" data-widget_type=\"image.default\">\n\t\t\t\t<div class=\"elementor-widget-container\">\n\t\t\t\t\t\t\t\t\t\t\t\t\t\t\t<img loading=\"lazy\" decoding=\"async\" width=\"200\" height=\"40\" src=\"https:\/\/ideasdesign.ch\/wp-content\/uploads\/2020\/11\/logo-baviloc-gris-200.png\" class=\"attachment-full size-full wp-image-232\" alt=\"baviloc\" \/>\t\t\t\t\t\t\t\t\t\t\t\t\t\t\t<\/div>\n\t\t\t\t<\/div>\n\t\t\t\t\t<\/div>\n\t\t<\/div>\n\t\t\t\t<div class=\"elementor-column elementor-col-25 elementor-inner-column elementor-element elementor-element-faec3ec\" data-id=\"faec3ec\" data-element_type=\"column\" data-e-type=\"column\">\n\t\t\t<div class=\"elementor-widget-wrap elementor-element-populated\">\n\t\t\t\t\t\t<div class=\"elementor-element elementor-element-32377d0 elementor-widget elementor-widget-image\" data-id=\"32377d0\" data-element_type=\"widget\" data-e-type=\"widget\" data-widget_type=\"image.default\">\n\t\t\t\t<div class=\"elementor-widget-container\">\n\t\t\t\t\t\t\t\t\t\t\t\t\t\t\t<img loading=\"lazy\" decoding=\"async\" width=\"599\" height=\"132\" src=\"https:\/\/ideasdesign.ch\/wp-content\/uploads\/2020\/11\/cropped-Logo-AB-NU.png\" class=\"attachment-full size-full wp-image-221\" alt=\"garage bonelli\" srcset=\"https:\/\/ideasdesign.ch\/wp-content\/uploads\/2020\/11\/cropped-Logo-AB-NU.png 599w, https:\/\/ideasdesign.ch\/wp-content\/uploads\/2020\/11\/cropped-Logo-AB-NU-300x66.png 300w\" sizes=\"(max-width: 599px) 100vw, 599px\" \/>\t\t\t\t\t\t\t\t\t\t\t\t\t\t\t<\/div>\n\t\t\t\t<\/div>\n\t\t\t\t\t<\/div>\n\t\t<\/div>\n\t\t\t\t<div class=\"elementor-column elementor-col-25 elementor-inner-column elementor-element elementor-element-2e9eb82\" data-id=\"2e9eb82\" data-element_type=\"column\" data-e-type=\"column\">\n\t\t\t<div class=\"elementor-widget-wrap elementor-element-populated\">\n\t\t\t\t\t\t<div class=\"elementor-element elementor-element-dc19534 elementor-widget elementor-widget-image\" data-id=\"dc19534\" data-element_type=\"widget\" data-e-type=\"widget\" data-widget_type=\"image.default\">\n\t\t\t\t<div class=\"elementor-widget-container\">\n\t\t\t\t\t\t\t\t\t\t\t\t\t\t\t<img loading=\"lazy\" decoding=\"async\" width=\"900\" height=\"337\" src=\"https:\/\/ideasdesign.ch\/wp-content\/uploads\/2020\/11\/logo_marc_baud.png\" class=\"attachment-full size-full wp-image-230\" alt=\"marc_baud\" srcset=\"https:\/\/ideasdesign.ch\/wp-content\/uploads\/2020\/11\/logo_marc_baud.png 900w, https:\/\/ideasdesign.ch\/wp-content\/uploads\/2020\/11\/logo_marc_baud-300x112.png 300w, https:\/\/ideasdesign.ch\/wp-content\/uploads\/2020\/11\/logo_marc_baud-768x288.png 768w\" sizes=\"(max-width: 900px) 100vw, 900px\" \/>\t\t\t\t\t\t\t\t\t\t\t\t\t\t\t<\/div>\n\t\t\t\t<\/div>\n\t\t\t\t\t<\/div>\n\t\t<\/div>\n\t\t\t\t\t<\/div>\n\t\t<\/section>\n\t\t\t\t<section class=\"elementor-section elementor-inner-section elementor-element elementor-element-5b178d9 elementor-section-content-middle animated-slow elementor-section-boxed elementor-section-height-default elementor-section-height-default elementor-invisible\" data-id=\"5b178d9\" data-element_type=\"section\" data-e-type=\"section\" data-settings=\"{&quot;animation&quot;:&quot;fadeIn&quot;,&quot;animation_delay&quot;:50}\">\n\t\t\t\t\t\t<div class=\"elementor-container elementor-column-gap-default\">\n\t\t\t\t\t<div class=\"elementor-column elementor-col-25 elementor-inner-column elementor-element elementor-element-5ed4c22\" data-id=\"5ed4c22\" data-element_type=\"column\" data-e-type=\"column\">\n\t\t\t<div class=\"elementor-widget-wrap elementor-element-populated\">\n\t\t\t\t\t\t<div class=\"elementor-element elementor-element-ddc703b elementor-widget elementor-widget-image\" data-id=\"ddc703b\" data-element_type=\"widget\" data-e-type=\"widget\" data-widget_type=\"image.default\">\n\t\t\t\t<div class=\"elementor-widget-container\">\n\t\t\t\t\t\t\t\t\t\t\t\t\t\t\t<img loading=\"lazy\" decoding=\"async\" width=\"1113\" height=\"163\" src=\"https:\/\/ideasdesign.ch\/wp-content\/uploads\/2020\/11\/Caritas-1.jpg\" class=\"attachment-full size-full wp-image-218\" alt=\"Caritas\" srcset=\"https:\/\/ideasdesign.ch\/wp-content\/uploads\/2020\/11\/Caritas-1.jpg 1113w, https:\/\/ideasdesign.ch\/wp-content\/uploads\/2020\/11\/Caritas-1-300x44.jpg 300w, https:\/\/ideasdesign.ch\/wp-content\/uploads\/2020\/11\/Caritas-1-1024x150.jpg 1024w, https:\/\/ideasdesign.ch\/wp-content\/uploads\/2020\/11\/Caritas-1-768x112.jpg 768w\" sizes=\"(max-width: 1113px) 100vw, 1113px\" \/>\t\t\t\t\t\t\t\t\t\t\t\t\t\t\t<\/div>\n\t\t\t\t<\/div>\n\t\t\t\t\t<\/div>\n\t\t<\/div>\n\t\t\t\t<div class=\"elementor-column elementor-col-25 elementor-inner-column elementor-element elementor-element-1ebe2c6\" data-id=\"1ebe2c6\" data-element_type=\"column\" data-e-type=\"column\">\n\t\t\t<div class=\"elementor-widget-wrap elementor-element-populated\">\n\t\t\t\t\t\t<div class=\"elementor-element elementor-element-1246e91 elementor-widget elementor-widget-image\" data-id=\"1246e91\" data-element_type=\"widget\" data-e-type=\"widget\" data-widget_type=\"image.default\">\n\t\t\t\t<div class=\"elementor-widget-container\">\n\t\t\t\t\t\t\t\t\t\t\t\t\t\t\t<img loading=\"lazy\" decoding=\"async\" width=\"1240\" height=\"992\" src=\"https:\/\/ideasdesign.ch\/wp-content\/uploads\/2020\/11\/PDC_Logo_fr_RGB.png\" class=\"attachment-full size-full wp-image-235\" alt=\"PDC_Logo\" srcset=\"https:\/\/ideasdesign.ch\/wp-content\/uploads\/2020\/11\/PDC_Logo_fr_RGB.png 1240w, https:\/\/ideasdesign.ch\/wp-content\/uploads\/2020\/11\/PDC_Logo_fr_RGB-300x240.png 300w, https:\/\/ideasdesign.ch\/wp-content\/uploads\/2020\/11\/PDC_Logo_fr_RGB-1024x819.png 1024w, https:\/\/ideasdesign.ch\/wp-content\/uploads\/2020\/11\/PDC_Logo_fr_RGB-768x614.png 768w\" sizes=\"(max-width: 1240px) 100vw, 1240px\" \/>\t\t\t\t\t\t\t\t\t\t\t\t\t\t\t<\/div>\n\t\t\t\t<\/div>\n\t\t\t\t\t<\/div>\n\t\t<\/div>\n\t\t\t\t<div class=\"elementor-column elementor-col-25 elementor-inner-column elementor-element elementor-element-41bb272\" data-id=\"41bb272\" data-element_type=\"column\" data-e-type=\"column\">\n\t\t\t<div class=\"elementor-widget-wrap elementor-element-populated\">\n\t\t\t\t\t\t<div class=\"elementor-element elementor-element-4e92756 elementor-widget elementor-widget-image\" data-id=\"4e92756\" data-element_type=\"widget\" data-e-type=\"widget\" data-widget_type=\"image.default\">\n\t\t\t\t<div class=\"elementor-widget-container\">\n\t\t\t\t\t\t\t\t\t\t\t\t\t\t\t<img loading=\"lazy\" decoding=\"async\" width=\"446\" height=\"125\" src=\"https:\/\/ideasdesign.ch\/wp-content\/uploads\/2020\/11\/plr_logo.jpg\" class=\"attachment-full size-full wp-image-236\" alt=\"plr_logo\" srcset=\"https:\/\/ideasdesign.ch\/wp-content\/uploads\/2020\/11\/plr_logo.jpg 446w, https:\/\/ideasdesign.ch\/wp-content\/uploads\/2020\/11\/plr_logo-300x84.jpg 300w\" sizes=\"(max-width: 446px) 100vw, 446px\" \/>\t\t\t\t\t\t\t\t\t\t\t\t\t\t\t<\/div>\n\t\t\t\t<\/div>\n\t\t\t\t\t<\/div>\n\t\t<\/div>\n\t\t\t\t<div class=\"elementor-column elementor-col-25 elementor-inner-column elementor-element elementor-element-8215b34\" data-id=\"8215b34\" data-element_type=\"column\" data-e-type=\"column\">\n\t\t\t<div class=\"elementor-widget-wrap elementor-element-populated\">\n\t\t\t\t\t\t<div class=\"elementor-element elementor-element-c13e4cc elementor-widget elementor-widget-image\" data-id=\"c13e4cc\" data-element_type=\"widget\" data-e-type=\"widget\" data-widget_type=\"image.default\">\n\t\t\t\t<div class=\"elementor-widget-container\">\n\t\t\t\t\t\t\t\t\t\t\t\t\t\t\t<img loading=\"lazy\" decoding=\"async\" width=\"810\" height=\"408\" src=\"https:\/\/ideasdesign.ch\/wp-content\/uploads\/2020\/11\/logo-CoHerAn.jpg\" class=\"attachment-full size-full wp-image-233\" alt=\"CoHerAn\" srcset=\"https:\/\/ideasdesign.ch\/wp-content\/uploads\/2020\/11\/logo-CoHerAn.jpg 810w, https:\/\/ideasdesign.ch\/wp-content\/uploads\/2020\/11\/logo-CoHerAn-300x151.jpg 300w, https:\/\/ideasdesign.ch\/wp-content\/uploads\/2020\/11\/logo-CoHerAn-768x387.jpg 768w\" sizes=\"(max-width: 810px) 100vw, 810px\" \/>\t\t\t\t\t\t\t\t\t\t\t\t\t\t\t<\/div>\n\t\t\t\t<\/div>\n\t\t\t\t\t<\/div>\n\t\t<\/div>\n\t\t\t\t\t<\/div>\n\t\t<\/section>\n\t\t\t\t<section class=\"elementor-section elementor-inner-section elementor-element elementor-element-7fae222 elementor-section-content-middle animated-slow elementor-section-boxed elementor-section-height-default elementor-section-height-default elementor-invisible\" data-id=\"7fae222\" data-element_type=\"section\" data-e-type=\"section\" data-settings=\"{&quot;animation&quot;:&quot;fadeIn&quot;,&quot;animation_delay&quot;:100}\">\n\t\t\t\t\t\t<div class=\"elementor-container elementor-column-gap-default\">\n\t\t\t\t\t<div class=\"elementor-column elementor-col-25 elementor-inner-column elementor-element elementor-element-438a11d\" data-id=\"438a11d\" data-element_type=\"column\" data-e-type=\"column\">\n\t\t\t<div class=\"elementor-widget-wrap elementor-element-populated\">\n\t\t\t\t\t\t<div class=\"elementor-element elementor-element-9a8c70c elementor-widget elementor-widget-image\" data-id=\"9a8c70c\" data-element_type=\"widget\" data-e-type=\"widget\" data-widget_type=\"image.default\">\n\t\t\t\t<div class=\"elementor-widget-container\">\n\t\t\t\t\t\t\t\t\t\t\t\t\t\t\t<img loading=\"lazy\" decoding=\"async\" width=\"769\" height=\"459\" src=\"https:\/\/ideasdesign.ch\/wp-content\/uploads\/2020\/11\/logo_color2.png\" class=\"attachment-full size-full wp-image-229\" alt=\"\" srcset=\"https:\/\/ideasdesign.ch\/wp-content\/uploads\/2020\/11\/logo_color2.png 769w, https:\/\/ideasdesign.ch\/wp-content\/uploads\/2020\/11\/logo_color2-300x179.png 300w\" sizes=\"(max-width: 769px) 100vw, 769px\" \/>\t\t\t\t\t\t\t\t\t\t\t\t\t\t\t<\/div>\n\t\t\t\t<\/div>\n\t\t\t\t\t<\/div>\n\t\t<\/div>\n\t\t\t\t<div class=\"elementor-column elementor-col-25 elementor-inner-column elementor-element elementor-element-6308d66\" data-id=\"6308d66\" data-element_type=\"column\" data-e-type=\"column\">\n\t\t\t<div class=\"elementor-widget-wrap elementor-element-populated\">\n\t\t\t\t\t\t<div class=\"elementor-element elementor-element-6653c91 elementor-widget elementor-widget-image\" data-id=\"6653c91\" data-element_type=\"widget\" data-e-type=\"widget\" data-widget_type=\"image.default\">\n\t\t\t\t<div class=\"elementor-widget-container\">\n\t\t\t\t\t\t\t\t\t\t\t\t\t\t\t<img loading=\"lazy\" decoding=\"async\" width=\"2048\" height=\"1774\" src=\"https:\/\/ideasdesign.ch\/wp-content\/uploads\/2020\/11\/DANUSER_LOGO.png\" class=\"attachment-full size-full wp-image-222\" alt=\"DANUSER\" srcset=\"https:\/\/ideasdesign.ch\/wp-content\/uploads\/2020\/11\/DANUSER_LOGO.png 2048w, https:\/\/ideasdesign.ch\/wp-content\/uploads\/2020\/11\/DANUSER_LOGO-300x260.png 300w, https:\/\/ideasdesign.ch\/wp-content\/uploads\/2020\/11\/DANUSER_LOGO-1024x887.png 1024w, https:\/\/ideasdesign.ch\/wp-content\/uploads\/2020\/11\/DANUSER_LOGO-768x665.png 768w, https:\/\/ideasdesign.ch\/wp-content\/uploads\/2020\/11\/DANUSER_LOGO-1536x1331.png 1536w\" sizes=\"(max-width: 2048px) 100vw, 2048px\" \/>\t\t\t\t\t\t\t\t\t\t\t\t\t\t\t<\/div>\n\t\t\t\t<\/div>\n\t\t\t\t\t<\/div>\n\t\t<\/div>\n\t\t\t\t<div class=\"elementor-column elementor-col-25 elementor-inner-column elementor-element elementor-element-f46ebf5\" data-id=\"f46ebf5\" data-element_type=\"column\" data-e-type=\"column\">\n\t\t\t<div class=\"elementor-widget-wrap elementor-element-populated\">\n\t\t\t\t\t\t<div class=\"elementor-element elementor-element-362435e elementor-widget elementor-widget-image\" data-id=\"362435e\" data-element_type=\"widget\" data-e-type=\"widget\" data-widget_type=\"image.default\">\n\t\t\t\t<div class=\"elementor-widget-container\">\n\t\t\t\t\t\t\t\t\t\t\t\t\t\t\t<img loading=\"lazy\" decoding=\"async\" width=\"667\" height=\"458\" src=\"https:\/\/ideasdesign.ch\/wp-content\/uploads\/2020\/11\/LOGO.png\" class=\"attachment-full size-full wp-image-226\" alt=\"hernandez\" srcset=\"https:\/\/ideasdesign.ch\/wp-content\/uploads\/2020\/11\/LOGO.png 667w, https:\/\/ideasdesign.ch\/wp-content\/uploads\/2020\/11\/LOGO-300x206.png 300w\" sizes=\"(max-width: 667px) 100vw, 667px\" \/>\t\t\t\t\t\t\t\t\t\t\t\t\t\t\t<\/div>\n\t\t\t\t<\/div>\n\t\t\t\t\t<\/div>\n\t\t<\/div>\n\t\t\t\t<div class=\"elementor-column elementor-col-25 elementor-inner-column elementor-element elementor-element-ac93cbe\" data-id=\"ac93cbe\" data-element_type=\"column\" data-e-type=\"column\">\n\t\t\t<div class=\"elementor-widget-wrap elementor-element-populated\">\n\t\t\t\t\t\t<div class=\"elementor-element elementor-element-8a0bf65 elementor-widget elementor-widget-image\" data-id=\"8a0bf65\" data-element_type=\"widget\" data-e-type=\"widget\" data-widget_type=\"image.default\">\n\t\t\t\t<div class=\"elementor-widget-container\">\n\t\t\t\t\t\t\t\t\t\t\t\t\t\t\t<img loading=\"lazy\" decoding=\"async\" width=\"1100\" height=\"264\" src=\"https:\/\/ideasdesign.ch\/wp-content\/uploads\/2020\/11\/electrohome.png\" class=\"attachment-full size-full wp-image-225\" alt=\"electrohome\" srcset=\"https:\/\/ideasdesign.ch\/wp-content\/uploads\/2020\/11\/electrohome.png 1100w, https:\/\/ideasdesign.ch\/wp-content\/uploads\/2020\/11\/electrohome-300x72.png 300w, https:\/\/ideasdesign.ch\/wp-content\/uploads\/2020\/11\/electrohome-1024x246.png 1024w, https:\/\/ideasdesign.ch\/wp-content\/uploads\/2020\/11\/electrohome-768x184.png 768w\" sizes=\"(max-width: 1100px) 100vw, 1100px\" \/>\t\t\t\t\t\t\t\t\t\t\t\t\t\t\t<\/div>\n\t\t\t\t<\/div>\n\t\t\t\t\t<\/div>\n\t\t<\/div>\n\t\t\t\t\t<\/div>\n\t\t<\/section>\n\t\t\t\t<section class=\"elementor-section elementor-inner-section elementor-element elementor-element-bda2c5d elementor-section-content-middle animated-slow elementor-section-boxed elementor-section-height-default elementor-section-height-default elementor-invisible\" data-id=\"bda2c5d\" data-element_type=\"section\" data-e-type=\"section\" data-settings=\"{&quot;animation&quot;:&quot;fadeIn&quot;,&quot;animation_delay&quot;:150}\">\n\t\t\t\t\t\t<div class=\"elementor-container elementor-column-gap-default\">\n\t\t\t\t\t<div class=\"elementor-column elementor-col-25 elementor-inner-column elementor-element elementor-element-8918d25\" data-id=\"8918d25\" data-element_type=\"column\" data-e-type=\"column\">\n\t\t\t<div class=\"elementor-widget-wrap elementor-element-populated\">\n\t\t\t\t\t\t<div class=\"elementor-element elementor-element-b8b8ce4 elementor-widget elementor-widget-image\" data-id=\"b8b8ce4\" data-element_type=\"widget\" data-e-type=\"widget\" data-widget_type=\"image.default\">\n\t\t\t\t<div class=\"elementor-widget-container\">\n\t\t\t\t\t\t\t\t\t\t\t\t\t\t\t<img loading=\"lazy\" decoding=\"async\" width=\"1125\" height=\"231\" src=\"https:\/\/ideasdesign.ch\/wp-content\/uploads\/2020\/11\/logocw.png\" class=\"attachment-full size-full wp-image-234\" alt=\"CWconsulting\" srcset=\"https:\/\/ideasdesign.ch\/wp-content\/uploads\/2020\/11\/logocw.png 1125w, https:\/\/ideasdesign.ch\/wp-content\/uploads\/2020\/11\/logocw-300x62.png 300w, https:\/\/ideasdesign.ch\/wp-content\/uploads\/2020\/11\/logocw-1024x210.png 1024w, https:\/\/ideasdesign.ch\/wp-content\/uploads\/2020\/11\/logocw-768x158.png 768w\" sizes=\"(max-width: 1125px) 100vw, 1125px\" \/>\t\t\t\t\t\t\t\t\t\t\t\t\t\t\t<\/div>\n\t\t\t\t<\/div>\n\t\t\t\t\t<\/div>\n\t\t<\/div>\n\t\t\t\t<div class=\"elementor-column elementor-col-25 elementor-inner-column elementor-element elementor-element-7e8033a\" data-id=\"7e8033a\" data-element_type=\"column\" data-e-type=\"column\">\n\t\t\t<div class=\"elementor-widget-wrap elementor-element-populated\">\n\t\t\t\t\t\t<div class=\"elementor-element elementor-element-9f927fd elementor-widget elementor-widget-image\" data-id=\"9f927fd\" data-element_type=\"widget\" data-e-type=\"widget\" data-widget_type=\"image.default\">\n\t\t\t\t<div class=\"elementor-widget-container\">\n\t\t\t\t\t\t\t\t\t\t\t\t\t\t\t<img loading=\"lazy\" decoding=\"async\" width=\"65\" height=\"87\" src=\"https:\/\/ideasdesign.ch\/wp-content\/uploads\/2020\/11\/calendrierpompier-gva.png\" class=\"attachment-full size-full wp-image-216\" alt=\"calendrierpompier\" \/>\t\t\t\t\t\t\t\t\t\t\t\t\t\t\t<\/div>\n\t\t\t\t<\/div>\n\t\t\t\t\t<\/div>\n\t\t<\/div>\n\t\t\t\t<div class=\"elementor-column elementor-col-25 elementor-inner-column elementor-element elementor-element-0a70200\" data-id=\"0a70200\" data-element_type=\"column\" data-e-type=\"column\">\n\t\t\t<div class=\"elementor-widget-wrap elementor-element-populated\">\n\t\t\t\t\t\t<div class=\"elementor-element elementor-element-2666410 elementor-widget elementor-widget-image\" data-id=\"2666410\" data-element_type=\"widget\" data-e-type=\"widget\" data-widget_type=\"image.default\">\n\t\t\t\t<div class=\"elementor-widget-container\">\n\t\t\t\t\t\t\t\t\t\t\t\t\t\t\t<img loading=\"lazy\" decoding=\"async\" width=\"4067\" height=\"1055\" src=\"https:\/\/ideasdesign.ch\/wp-content\/uploads\/2020\/11\/e-door_RVB.png\" class=\"attachment-full size-full wp-image-224\" alt=\"e-door\" srcset=\"https:\/\/ideasdesign.ch\/wp-content\/uploads\/2020\/11\/e-door_RVB.png 4067w, https:\/\/ideasdesign.ch\/wp-content\/uploads\/2020\/11\/e-door_RVB-300x78.png 300w, https:\/\/ideasdesign.ch\/wp-content\/uploads\/2020\/11\/e-door_RVB-1024x266.png 1024w, https:\/\/ideasdesign.ch\/wp-content\/uploads\/2020\/11\/e-door_RVB-768x199.png 768w, https:\/\/ideasdesign.ch\/wp-content\/uploads\/2020\/11\/e-door_RVB-1536x398.png 1536w, https:\/\/ideasdesign.ch\/wp-content\/uploads\/2020\/11\/e-door_RVB-2048x531.png 2048w\" sizes=\"(max-width: 4067px) 100vw, 4067px\" \/>\t\t\t\t\t\t\t\t\t\t\t\t\t\t\t<\/div>\n\t\t\t\t<\/div>\n\t\t\t\t\t<\/div>\n\t\t<\/div>\n\t\t\t\t<div class=\"elementor-column elementor-col-25 elementor-inner-column elementor-element elementor-element-832f095\" data-id=\"832f095\" data-element_type=\"column\" data-e-type=\"column\">\n\t\t\t<div class=\"elementor-widget-wrap elementor-element-populated\">\n\t\t\t\t\t\t<div class=\"elementor-element elementor-element-9335158 elementor-widget elementor-widget-image\" data-id=\"9335158\" data-element_type=\"widget\" data-e-type=\"widget\" data-widget_type=\"image.default\">\n\t\t\t\t<div class=\"elementor-widget-container\">\n\t\t\t\t\t\t\t\t\t\t\t\t\t\t\t<img loading=\"lazy\" decoding=\"async\" width=\"676\" height=\"167\" src=\"https:\/\/ideasdesign.ch\/wp-content\/uploads\/2020\/11\/logo_simba.png\" class=\"attachment-full size-full wp-image-231\" alt=\"logo_simba\" srcset=\"https:\/\/ideasdesign.ch\/wp-content\/uploads\/2020\/11\/logo_simba.png 676w, https:\/\/ideasdesign.ch\/wp-content\/uploads\/2020\/11\/logo_simba-300x74.png 300w\" sizes=\"(max-width: 676px) 100vw, 676px\" \/>\t\t\t\t\t\t\t\t\t\t\t\t\t\t\t<\/div>\n\t\t\t\t<\/div>\n\t\t\t\t\t<\/div>\n\t\t<\/div>\n\t\t\t\t\t<\/div>\n\t\t<\/section>\n\t\t\t\t<section class=\"elementor-section elementor-inner-section elementor-element elementor-element-f8d90b0 elementor-section-content-middle animated-slow elementor-section-boxed elementor-section-height-default elementor-section-height-default elementor-invisible\" data-id=\"f8d90b0\" data-element_type=\"section\" data-e-type=\"section\" data-settings=\"{&quot;animation&quot;:&quot;fadeIn&quot;,&quot;animation_delay&quot;:200}\">\n\t\t\t\t\t\t<div class=\"elementor-container elementor-column-gap-default\">\n\t\t\t\t\t<div class=\"elementor-column elementor-col-25 elementor-inner-column elementor-element elementor-element-bb1c873\" data-id=\"bb1c873\" data-element_type=\"column\" data-e-type=\"column\">\n\t\t\t<div class=\"elementor-widget-wrap elementor-element-populated\">\n\t\t\t\t\t\t<div class=\"elementor-element elementor-element-a606a2e elementor-widget elementor-widget-image\" data-id=\"a606a2e\" data-element_type=\"widget\" data-e-type=\"widget\" data-widget_type=\"image.default\">\n\t\t\t\t<div class=\"elementor-widget-container\">\n\t\t\t\t\t\t\t\t\t\t\t\t\t\t\t<img loading=\"lazy\" decoding=\"async\" width=\"276\" height=\"78\" src=\"https:\/\/ideasdesign.ch\/wp-content\/uploads\/2020\/11\/dnxcorp.png\" class=\"attachment-full size-full wp-image-223\" alt=\"dnxcorp\" \/>\t\t\t\t\t\t\t\t\t\t\t\t\t\t\t<\/div>\n\t\t\t\t<\/div>\n\t\t\t\t\t<\/div>\n\t\t<\/div>\n\t\t\t\t<div class=\"elementor-column elementor-col-25 elementor-inner-column elementor-element elementor-element-0d6356b\" data-id=\"0d6356b\" data-element_type=\"column\" data-e-type=\"column\">\n\t\t\t<div class=\"elementor-widget-wrap elementor-element-populated\">\n\t\t\t\t\t\t<div class=\"elementor-element elementor-element-0d8b86e elementor-widget elementor-widget-image\" data-id=\"0d8b86e\" data-element_type=\"widget\" data-e-type=\"widget\" data-widget_type=\"image.default\">\n\t\t\t\t<div class=\"elementor-widget-container\">\n\t\t\t\t\t\t\t\t\t\t\t\t\t\t\t<img loading=\"lazy\" decoding=\"async\" width=\"2048\" height=\"585\" src=\"https:\/\/ideasdesign.ch\/wp-content\/uploads\/2020\/11\/logo_color.png\" class=\"attachment-full size-full wp-image-228\" alt=\"Taccess\" srcset=\"https:\/\/ideasdesign.ch\/wp-content\/uploads\/2020\/11\/logo_color.png 2048w, https:\/\/ideasdesign.ch\/wp-content\/uploads\/2020\/11\/logo_color-300x86.png 300w, https:\/\/ideasdesign.ch\/wp-content\/uploads\/2020\/11\/logo_color-1024x293.png 1024w, https:\/\/ideasdesign.ch\/wp-content\/uploads\/2020\/11\/logo_color-768x219.png 768w, https:\/\/ideasdesign.ch\/wp-content\/uploads\/2020\/11\/logo_color-1536x439.png 1536w\" sizes=\"(max-width: 2048px) 100vw, 2048px\" \/>\t\t\t\t\t\t\t\t\t\t\t\t\t\t\t<\/div>\n\t\t\t\t<\/div>\n\t\t\t\t\t<\/div>\n\t\t<\/div>\n\t\t\t\t<div class=\"elementor-column elementor-col-25 elementor-inner-column elementor-element elementor-element-c1bf7b9\" data-id=\"c1bf7b9\" data-element_type=\"column\" data-e-type=\"column\">\n\t\t\t<div class=\"elementor-widget-wrap elementor-element-populated\">\n\t\t\t\t\t\t<div class=\"elementor-element elementor-element-e54e3d6 elementor-widget elementor-widget-image\" data-id=\"e54e3d6\" data-element_type=\"widget\" data-e-type=\"widget\" data-widget_type=\"image.default\">\n\t\t\t\t<div class=\"elementor-widget-container\">\n\t\t\t\t\t\t\t\t\t\t\t\t\t\t\t<img loading=\"lazy\" decoding=\"async\" width=\"484\" height=\"254\" src=\"https:\/\/ideasdesign.ch\/wp-content\/uploads\/2020\/11\/a931da_797f4c934f3440f799e06fc12b495a60mv2.png\" class=\"attachment-full size-full wp-image-214\" alt=\"thomiasconcept\" srcset=\"https:\/\/ideasdesign.ch\/wp-content\/uploads\/2020\/11\/a931da_797f4c934f3440f799e06fc12b495a60mv2.png 484w, https:\/\/ideasdesign.ch\/wp-content\/uploads\/2020\/11\/a931da_797f4c934f3440f799e06fc12b495a60mv2-300x157.png 300w\" sizes=\"(max-width: 484px) 100vw, 484px\" \/>\t\t\t\t\t\t\t\t\t\t\t\t\t\t\t<\/div>\n\t\t\t\t<\/div>\n\t\t\t\t\t<\/div>\n\t\t<\/div>\n\t\t\t\t<div class=\"elementor-column elementor-col-25 elementor-inner-column elementor-element elementor-element-68f32ff\" data-id=\"68f32ff\" data-element_type=\"column\" data-e-type=\"column\">\n\t\t\t<div class=\"elementor-widget-wrap elementor-element-populated\">\n\t\t\t\t\t\t<div class=\"elementor-element elementor-element-b169c95 elementor-widget elementor-widget-image\" data-id=\"b169c95\" data-element_type=\"widget\" data-e-type=\"widget\" data-widget_type=\"image.default\">\n\t\t\t\t<div class=\"elementor-widget-container\">\n\t\t\t\t\t\t\t\t\t\t\t\t\t\t\t<img loading=\"lazy\" decoding=\"async\" width=\"904\" height=\"188\" src=\"https:\/\/ideasdesign.ch\/wp-content\/uploads\/2020\/11\/recovery.png\" class=\"attachment-full size-full wp-image-237\" alt=\"recovery\" srcset=\"https:\/\/ideasdesign.ch\/wp-content\/uploads\/2020\/11\/recovery.png 904w, https:\/\/ideasdesign.ch\/wp-content\/uploads\/2020\/11\/recovery-300x62.png 300w, https:\/\/ideasdesign.ch\/wp-content\/uploads\/2020\/11\/recovery-768x160.png 768w\" sizes=\"(max-width: 904px) 100vw, 904px\" \/>\t\t\t\t\t\t\t\t\t\t\t\t\t\t\t<\/div>\n\t\t\t\t<\/div>\n\t\t\t\t\t<\/div>\n\t\t<\/div>\n\t\t\t\t\t<\/div>\n\t\t<\/section>\n\t\t\t\t\t<\/div>\n\t\t<\/div>\n\t\t\t\t\t<\/div>\n\t\t<\/section>\n\t\t\t\t<section class=\"elementor-section elementor-top-section elementor-element elementor-element-61849a97 elementor-section-content-middle elementor-section-boxed elementor-section-height-default elementor-section-height-default\" data-id=\"61849a97\" data-element_type=\"section\" data-e-type=\"section\">\n\t\t\t\t\t\t<div class=\"elementor-container elementor-column-gap-no\">\n\t\t\t\t\t<div class=\"elementor-column elementor-col-100 elementor-top-column elementor-element elementor-element-4c1b39b7\" data-id=\"4c1b39b7\" data-element_type=\"column\" data-e-type=\"column\">\n\t\t\t<div class=\"elementor-widget-wrap elementor-element-populated\">\n\t\t\t\t\t\t<div class=\"elementor-element elementor-element-39698c2 elementor-widget elementor-widget-heading\" data-id=\"39698c2\" data-element_type=\"widget\" data-e-type=\"widget\" data-widget_type=\"heading.default\">\n\t\t\t\t<div class=\"elementor-widget-container\">\n\t\t\t\t\t<h2 class=\"elementor-heading-title elementor-size-default\">By working at Palexpo SA<\/h2>\t\t\t\t<\/div>\n\t\t\t\t<\/div>\n\t\t\t\t<div class=\"elementor-element elementor-element-3aadb84 elementor-widget-divider--view-line elementor-widget elementor-widget-divider\" data-id=\"3aadb84\" data-element_type=\"widget\" data-e-type=\"widget\" data-widget_type=\"divider.default\">\n\t\t\t\t<div class=\"elementor-widget-container\">\n\t\t\t\t\t\t\t<div class=\"elementor-divider\">\n\t\t\t<span class=\"elementor-divider-separator\">\n\t\t\t\t\t\t<\/span>\n\t\t<\/div>\n\t\t\t\t\t\t<\/div>\n\t\t\t\t<\/div>\n\t\t\t\t<section class=\"elementor-section elementor-inner-section elementor-element elementor-element-80c9612 elementor-section-content-middle animated-slow elementor-section-boxed elementor-section-height-default elementor-section-height-default elementor-invisible\" data-id=\"80c9612\" data-element_type=\"section\" data-e-type=\"section\" data-settings=\"{&quot;animation&quot;:&quot;fadeIn&quot;}\">\n\t\t\t\t\t\t<div class=\"elementor-container elementor-column-gap-default\">\n\t\t\t\t\t<div class=\"elementor-column elementor-col-25 elementor-inner-column elementor-element elementor-element-a7cf349\" data-id=\"a7cf349\" data-element_type=\"column\" data-e-type=\"column\">\n\t\t\t<div class=\"elementor-widget-wrap elementor-element-populated\">\n\t\t\t\t\t\t<div class=\"elementor-element elementor-element-c1bca17 elementor-widget elementor-widget-image\" data-id=\"c1bca17\" data-element_type=\"widget\" data-e-type=\"widget\" data-widget_type=\"image.default\">\n\t\t\t\t<div class=\"elementor-widget-container\">\n\t\t\t\t\t\t\t\t\t\t\t\t\t\t\t<img loading=\"lazy\" decoding=\"async\" width=\"1200\" height=\"462\" src=\"https:\/\/ideasdesign.ch\/wp-content\/uploads\/2020\/11\/1200px-Palexpo_logo.svg.png\" class=\"attachment-full size-full wp-image-447\" alt=\"Palexpo\" srcset=\"https:\/\/ideasdesign.ch\/wp-content\/uploads\/2020\/11\/1200px-Palexpo_logo.svg.png 1200w, https:\/\/ideasdesign.ch\/wp-content\/uploads\/2020\/11\/1200px-Palexpo_logo.svg-300x116.png 300w, https:\/\/ideasdesign.ch\/wp-content\/uploads\/2020\/11\/1200px-Palexpo_logo.svg-1024x394.png 1024w, https:\/\/ideasdesign.ch\/wp-content\/uploads\/2020\/11\/1200px-Palexpo_logo.svg-768x296.png 768w\" sizes=\"(max-width: 1200px) 100vw, 1200px\" \/>\t\t\t\t\t\t\t\t\t\t\t\t\t\t\t<\/div>\n\t\t\t\t<\/div>\n\t\t\t\t\t<\/div>\n\t\t<\/div>\n\t\t\t\t<div class=\"elementor-column elementor-col-25 elementor-inner-column elementor-element elementor-element-51f0124\" data-id=\"51f0124\" data-element_type=\"column\" data-e-type=\"column\">\n\t\t\t<div class=\"elementor-widget-wrap elementor-element-populated\">\n\t\t\t\t\t\t<div class=\"elementor-element elementor-element-37bb241 elementor-widget elementor-widget-image\" data-id=\"37bb241\" data-element_type=\"widget\" data-e-type=\"widget\" data-widget_type=\"image.default\">\n\t\t\t\t<div class=\"elementor-widget-container\">\n\t\t\t\t\t\t\t\t\t\t\t\t\t\t\t<img loading=\"lazy\" decoding=\"async\" width=\"2560\" height=\"482\" src=\"https:\/\/ideasdesign.ch\/wp-content\/uploads\/2020\/11\/SDL_logo_CMJN-scaled.jpg\" class=\"attachment-full size-full wp-image-448\" alt=\"Salon du livre\" srcset=\"https:\/\/ideasdesign.ch\/wp-content\/uploads\/2020\/11\/SDL_logo_CMJN-scaled.jpg 2560w, https:\/\/ideasdesign.ch\/wp-content\/uploads\/2020\/11\/SDL_logo_CMJN-300x57.jpg 300w, https:\/\/ideasdesign.ch\/wp-content\/uploads\/2020\/11\/SDL_logo_CMJN-1024x193.jpg 1024w, https:\/\/ideasdesign.ch\/wp-content\/uploads\/2020\/11\/SDL_logo_CMJN-768x145.jpg 768w, https:\/\/ideasdesign.ch\/wp-content\/uploads\/2020\/11\/SDL_logo_CMJN-1536x289.jpg 1536w, https:\/\/ideasdesign.ch\/wp-content\/uploads\/2020\/11\/SDL_logo_CMJN-2048x386.jpg 2048w\" sizes=\"(max-width: 2560px) 100vw, 2560px\" \/>\t\t\t\t\t\t\t\t\t\t\t\t\t\t\t<\/div>\n\t\t\t\t<\/div>\n\t\t\t\t\t<\/div>\n\t\t<\/div>\n\t\t\t\t<div class=\"elementor-column elementor-col-25 elementor-inner-column elementor-element elementor-element-5136cd3\" data-id=\"5136cd3\" data-element_type=\"column\" data-e-type=\"column\">\n\t\t\t<div class=\"elementor-widget-wrap elementor-element-populated\">\n\t\t\t\t\t\t<div class=\"elementor-element elementor-element-0eb6ac0 elementor-widget elementor-widget-image\" data-id=\"0eb6ac0\" data-element_type=\"widget\" data-e-type=\"widget\" data-widget_type=\"image.default\">\n\t\t\t\t<div class=\"elementor-widget-container\">\n\t\t\t\t\t\t\t\t\t\t\t\t\t\t\t<img loading=\"lazy\" decoding=\"async\" width=\"615\" height=\"431\" src=\"https:\/\/ideasdesign.ch\/wp-content\/uploads\/2020\/11\/cropped-Logo_Automnales_noir-3.png\" class=\"attachment-full size-full wp-image-457\" alt=\"Automnales\" srcset=\"https:\/\/ideasdesign.ch\/wp-content\/uploads\/2020\/11\/cropped-Logo_Automnales_noir-3.png 615w, https:\/\/ideasdesign.ch\/wp-content\/uploads\/2020\/11\/cropped-Logo_Automnales_noir-3-300x210.png 300w\" sizes=\"(max-width: 615px) 100vw, 615px\" \/>\t\t\t\t\t\t\t\t\t\t\t\t\t\t\t<\/div>\n\t\t\t\t<\/div>\n\t\t\t\t\t<\/div>\n\t\t<\/div>\n\t\t\t\t<div class=\"elementor-column elementor-col-25 elementor-inner-column elementor-element elementor-element-5c29bdc\" data-id=\"5c29bdc\" data-element_type=\"column\" data-e-type=\"column\">\n\t\t\t<div class=\"elementor-widget-wrap elementor-element-populated\">\n\t\t\t\t\t\t<div class=\"elementor-element elementor-element-4b49da8 elementor-widget elementor-widget-image\" data-id=\"4b49da8\" data-element_type=\"widget\" data-e-type=\"widget\" data-widget_type=\"image.default\">\n\t\t\t\t<div class=\"elementor-widget-container\">\n\t\t\t\t\t\t\t\t\t\t\t\t\t\t\t<img loading=\"lazy\" decoding=\"async\" width=\"234\" height=\"234\" src=\"https:\/\/ideasdesign.ch\/wp-content\/uploads\/2020\/11\/gims_2016_avatar_hd.png\" class=\"attachment-full size-full wp-image-458\" alt=\"gims\" srcset=\"https:\/\/ideasdesign.ch\/wp-content\/uploads\/2020\/11\/gims_2016_avatar_hd.png 234w, https:\/\/ideasdesign.ch\/wp-content\/uploads\/2020\/11\/gims_2016_avatar_hd-150x150.png 150w\" sizes=\"(max-width: 234px) 100vw, 234px\" \/>\t\t\t\t\t\t\t\t\t\t\t\t\t\t\t<\/div>\n\t\t\t\t<\/div>\n\t\t\t\t\t<\/div>\n\t\t<\/div>\n\t\t\t\t\t<\/div>\n\t\t<\/section>\n\t\t\t\t<section class=\"elementor-section elementor-inner-section elementor-element elementor-element-f8f3069 elementor-section-content-middle animated-slow elementor-section-boxed elementor-section-height-default elementor-section-height-default elementor-invisible\" data-id=\"f8f3069\" data-element_type=\"section\" data-e-type=\"section\" data-settings=\"{&quot;animation&quot;:&quot;fadeIn&quot;,&quot;animation_delay&quot;:50}\">\n\t\t\t\t\t\t<div class=\"elementor-container elementor-column-gap-default\">\n\t\t\t\t\t<div class=\"elementor-column elementor-col-25 elementor-inner-column elementor-element elementor-element-dbb41a1\" data-id=\"dbb41a1\" data-element_type=\"column\" data-e-type=\"column\">\n\t\t\t<div class=\"elementor-widget-wrap elementor-element-populated\">\n\t\t\t\t\t\t<div class=\"elementor-element elementor-element-293be82 elementor-widget elementor-widget-image\" data-id=\"293be82\" data-element_type=\"widget\" data-e-type=\"widget\" data-widget_type=\"image.default\">\n\t\t\t\t<div class=\"elementor-widget-container\">\n\t\t\t\t\t\t\t\t\t\t\t\t\t\t\t<img loading=\"lazy\" decoding=\"async\" width=\"304\" height=\"160\" src=\"https:\/\/ideasdesign.ch\/wp-content\/uploads\/2020\/11\/logo_black_2019.png\" class=\"attachment-full size-full wp-image-459\" alt=\"Arvinis logo\" srcset=\"https:\/\/ideasdesign.ch\/wp-content\/uploads\/2020\/11\/logo_black_2019.png 304w, https:\/\/ideasdesign.ch\/wp-content\/uploads\/2020\/11\/logo_black_2019-300x158.png 300w\" sizes=\"(max-width: 304px) 100vw, 304px\" \/>\t\t\t\t\t\t\t\t\t\t\t\t\t\t\t<\/div>\n\t\t\t\t<\/div>\n\t\t\t\t\t<\/div>\n\t\t<\/div>\n\t\t\t\t<div class=\"elementor-column elementor-col-25 elementor-inner-column elementor-element elementor-element-0063532\" data-id=\"0063532\" data-element_type=\"column\" data-e-type=\"column\">\n\t\t\t<div class=\"elementor-widget-wrap elementor-element-populated\">\n\t\t\t\t\t\t<div class=\"elementor-element elementor-element-c6bfbed elementor-widget elementor-widget-image\" data-id=\"c6bfbed\" data-element_type=\"widget\" data-e-type=\"widget\" data-widget_type=\"image.default\">\n\t\t\t\t<div class=\"elementor-widget-container\">\n\t\t\t\t\t\t\t\t\t\t\t\t\t\t\t<img loading=\"lazy\" decoding=\"async\" width=\"355\" height=\"136\" src=\"https:\/\/ideasdesign.ch\/wp-content\/uploads\/2020\/11\/geneva-blockchain-congress.png\" class=\"attachment-full size-full wp-image-449\" alt=\"geneva-blockchain-congress\" srcset=\"https:\/\/ideasdesign.ch\/wp-content\/uploads\/2020\/11\/geneva-blockchain-congress.png 355w, https:\/\/ideasdesign.ch\/wp-content\/uploads\/2020\/11\/geneva-blockchain-congress-300x115.png 300w\" sizes=\"(max-width: 355px) 100vw, 355px\" \/>\t\t\t\t\t\t\t\t\t\t\t\t\t\t\t<\/div>\n\t\t\t\t<\/div>\n\t\t\t\t\t<\/div>\n\t\t<\/div>\n\t\t\t\t<div class=\"elementor-column elementor-col-25 elementor-inner-column elementor-element elementor-element-ac8d386\" data-id=\"ac8d386\" data-element_type=\"column\" data-e-type=\"column\">\n\t\t\t<div class=\"elementor-widget-wrap elementor-element-populated\">\n\t\t\t\t\t\t<div class=\"elementor-element elementor-element-76af599 elementor-widget elementor-widget-image\" data-id=\"76af599\" data-element_type=\"widget\" data-e-type=\"widget\" data-widget_type=\"image.default\">\n\t\t\t\t<div class=\"elementor-widget-container\">\n\t\t\t\t\t\t\t\t\t\t\t\t\t\t\t<img loading=\"lazy\" decoding=\"async\" width=\"962\" height=\"438\" src=\"https:\/\/ideasdesign.ch\/wp-content\/uploads\/2020\/11\/cropped-cropped-salon-des-inventions_palexpo_geneve_logo_couleur_HD.png\" class=\"attachment-full size-full wp-image-451\" alt=\"salon des inventions\" srcset=\"https:\/\/ideasdesign.ch\/wp-content\/uploads\/2020\/11\/cropped-cropped-salon-des-inventions_palexpo_geneve_logo_couleur_HD.png 962w, https:\/\/ideasdesign.ch\/wp-content\/uploads\/2020\/11\/cropped-cropped-salon-des-inventions_palexpo_geneve_logo_couleur_HD-300x137.png 300w, https:\/\/ideasdesign.ch\/wp-content\/uploads\/2020\/11\/cropped-cropped-salon-des-inventions_palexpo_geneve_logo_couleur_HD-768x350.png 768w\" sizes=\"(max-width: 962px) 100vw, 962px\" \/>\t\t\t\t\t\t\t\t\t\t\t\t\t\t\t<\/div>\n\t\t\t\t<\/div>\n\t\t\t\t\t<\/div>\n\t\t<\/div>\n\t\t\t\t<div class=\"elementor-column elementor-col-25 elementor-inner-column elementor-element elementor-element-07ac51a\" data-id=\"07ac51a\" data-element_type=\"column\" data-e-type=\"column\">\n\t\t\t<div class=\"elementor-widget-wrap elementor-element-populated\">\n\t\t\t\t\t\t<div class=\"elementor-element elementor-element-c3ea0ba elementor-widget elementor-widget-image\" data-id=\"c3ea0ba\" data-element_type=\"widget\" data-e-type=\"widget\" data-widget_type=\"image.default\">\n\t\t\t\t<div class=\"elementor-widget-container\">\n\t\t\t\t\t\t\t\t\t\t\t\t\t\t\t<img loading=\"lazy\" decoding=\"async\" width=\"1631\" height=\"453\" src=\"https:\/\/ideasdesign.ch\/wp-content\/uploads\/2020\/11\/cropped-BL-Logo-2019-1-copy.png\" class=\"attachment-full size-full wp-image-455\" alt=\"\" srcset=\"https:\/\/ideasdesign.ch\/wp-content\/uploads\/2020\/11\/cropped-BL-Logo-2019-1-copy.png 1631w, https:\/\/ideasdesign.ch\/wp-content\/uploads\/2020\/11\/cropped-BL-Logo-2019-1-copy-300x83.png 300w, https:\/\/ideasdesign.ch\/wp-content\/uploads\/2020\/11\/cropped-BL-Logo-2019-1-copy-1024x284.png 1024w, https:\/\/ideasdesign.ch\/wp-content\/uploads\/2020\/11\/cropped-BL-Logo-2019-1-copy-768x213.png 768w, https:\/\/ideasdesign.ch\/wp-content\/uploads\/2020\/11\/cropped-BL-Logo-2019-1-copy-1536x427.png 1536w\" sizes=\"(max-width: 1631px) 100vw, 1631px\" \/>\t\t\t\t\t\t\t\t\t\t\t\t\t\t\t<\/div>\n\t\t\t\t<\/div>\n\t\t\t\t\t<\/div>\n\t\t<\/div>\n\t\t\t\t\t<\/div>\n\t\t<\/section>\n\t\t\t\t<section class=\"elementor-section elementor-inner-section elementor-element elementor-element-4a8d5e4 elementor-section-content-middle animated-slow elementor-section-boxed elementor-section-height-default elementor-section-height-default elementor-invisible\" data-id=\"4a8d5e4\" data-element_type=\"section\" data-e-type=\"section\" data-settings=\"{&quot;animation&quot;:&quot;fadeIn&quot;,&quot;animation_delay&quot;:100}\">\n\t\t\t\t\t\t<div class=\"elementor-container elementor-column-gap-default\">\n\t\t\t\t\t<div class=\"elementor-column elementor-col-25 elementor-inner-column elementor-element elementor-element-18146ed\" data-id=\"18146ed\" data-element_type=\"column\" data-e-type=\"column\">\n\t\t\t<div class=\"elementor-widget-wrap elementor-element-populated\">\n\t\t\t\t\t\t<div class=\"elementor-element elementor-element-73e70b0 elementor-widget elementor-widget-image\" data-id=\"73e70b0\" data-element_type=\"widget\" data-e-type=\"widget\" data-widget_type=\"image.default\">\n\t\t\t\t<div class=\"elementor-widget-container\">\n\t\t\t\t\t\t\t\t\t\t\t\t\t\t\t<img loading=\"lazy\" decoding=\"async\" width=\"840\" height=\"600\" src=\"https:\/\/ideasdesign.ch\/wp-content\/uploads\/2020\/11\/ephj_avatar.jpg\" class=\"attachment-full size-full wp-image-467\" alt=\"ephj\" srcset=\"https:\/\/ideasdesign.ch\/wp-content\/uploads\/2020\/11\/ephj_avatar.jpg 840w, https:\/\/ideasdesign.ch\/wp-content\/uploads\/2020\/11\/ephj_avatar-300x214.jpg 300w, https:\/\/ideasdesign.ch\/wp-content\/uploads\/2020\/11\/ephj_avatar-768x549.jpg 768w\" sizes=\"(max-width: 840px) 100vw, 840px\" \/>\t\t\t\t\t\t\t\t\t\t\t\t\t\t\t<\/div>\n\t\t\t\t<\/div>\n\t\t\t\t\t<\/div>\n\t\t<\/div>\n\t\t\t\t<div class=\"elementor-column elementor-col-25 elementor-inner-column elementor-element elementor-element-edfa514\" data-id=\"edfa514\" data-element_type=\"column\" data-e-type=\"column\">\n\t\t\t<div class=\"elementor-widget-wrap elementor-element-populated\">\n\t\t\t\t\t\t<div class=\"elementor-element elementor-element-6e599c7 elementor-widget elementor-widget-image\" data-id=\"6e599c7\" data-element_type=\"widget\" data-e-type=\"widget\" data-widget_type=\"image.default\">\n\t\t\t\t<div class=\"elementor-widget-container\">\n\t\t\t\t\t\t\t\t\t\t\t\t\t\t\t<img loading=\"lazy\" decoding=\"async\" width=\"973\" height=\"348\" src=\"https:\/\/ideasdesign.ch\/wp-content\/uploads\/2020\/11\/cropped-ME_GENEVASX_logo2019_sansdates.png\" class=\"attachment-full size-full wp-image-454\" alt=\"supercross\" srcset=\"https:\/\/ideasdesign.ch\/wp-content\/uploads\/2020\/11\/cropped-ME_GENEVASX_logo2019_sansdates.png 973w, https:\/\/ideasdesign.ch\/wp-content\/uploads\/2020\/11\/cropped-ME_GENEVASX_logo2019_sansdates-300x107.png 300w, https:\/\/ideasdesign.ch\/wp-content\/uploads\/2020\/11\/cropped-ME_GENEVASX_logo2019_sansdates-768x275.png 768w\" sizes=\"(max-width: 973px) 100vw, 973px\" \/>\t\t\t\t\t\t\t\t\t\t\t\t\t\t\t<\/div>\n\t\t\t\t<\/div>\n\t\t\t\t\t<\/div>\n\t\t<\/div>\n\t\t\t\t<div class=\"elementor-column elementor-col-25 elementor-inner-column elementor-element elementor-element-ad039ce\" data-id=\"ad039ce\" data-element_type=\"column\" data-e-type=\"column\">\n\t\t\t<div class=\"elementor-widget-wrap elementor-element-populated\">\n\t\t\t\t\t\t<div class=\"elementor-element elementor-element-3fe0479 elementor-widget elementor-widget-image\" data-id=\"3fe0479\" data-element_type=\"widget\" data-e-type=\"widget\" data-widget_type=\"image.default\">\n\t\t\t\t<div class=\"elementor-widget-container\">\n\t\t\t\t\t\t\t\t\t\t\t\t\t\t\t<img loading=\"lazy\" decoding=\"async\" width=\"787\" height=\"317\" src=\"https:\/\/ideasdesign.ch\/wp-content\/uploads\/2020\/11\/cropped-Logo_Long_2020_juin_bleu.png\" class=\"attachment-full size-full wp-image-453\" alt=\"royaume du web\" srcset=\"https:\/\/ideasdesign.ch\/wp-content\/uploads\/2020\/11\/cropped-Logo_Long_2020_juin_bleu.png 787w, https:\/\/ideasdesign.ch\/wp-content\/uploads\/2020\/11\/cropped-Logo_Long_2020_juin_bleu-300x121.png 300w, https:\/\/ideasdesign.ch\/wp-content\/uploads\/2020\/11\/cropped-Logo_Long_2020_juin_bleu-768x309.png 768w\" sizes=\"(max-width: 787px) 100vw, 787px\" \/>\t\t\t\t\t\t\t\t\t\t\t\t\t\t\t<\/div>\n\t\t\t\t<\/div>\n\t\t\t\t\t<\/div>\n\t\t<\/div>\n\t\t\t\t<div class=\"elementor-column elementor-col-25 elementor-inner-column elementor-element elementor-element-ed4e864\" data-id=\"ed4e864\" data-element_type=\"column\" data-e-type=\"column\">\n\t\t\t<div class=\"elementor-widget-wrap elementor-element-populated\">\n\t\t\t\t\t\t<div class=\"elementor-element elementor-element-22575d6 elementor-widget elementor-widget-image\" data-id=\"22575d6\" data-element_type=\"widget\" data-e-type=\"widget\" data-widget_type=\"image.default\">\n\t\t\t\t<div class=\"elementor-widget-container\">\n\t\t\t\t\t\t\t\t\t\t\t\t\t\t\t<img loading=\"lazy\" decoding=\"async\" width=\"293\" height=\"85\" src=\"https:\/\/ideasdesign.ch\/wp-content\/uploads\/2020\/11\/cropped-logo_85-2.png\" class=\"attachment-full size-full wp-image-452\" alt=\"royaume des pros\" \/>\t\t\t\t\t\t\t\t\t\t\t\t\t\t\t<\/div>\n\t\t\t\t<\/div>\n\t\t\t\t\t<\/div>\n\t\t<\/div>\n\t\t\t\t\t<\/div>\n\t\t<\/section>\n\t\t\t\t<section class=\"elementor-section elementor-inner-section elementor-element elementor-element-715f7bf elementor-section-content-middle animated-slow elementor-section-boxed elementor-section-height-default elementor-section-height-default elementor-invisible\" data-id=\"715f7bf\" data-element_type=\"section\" data-e-type=\"section\" data-settings=\"{&quot;animation&quot;:&quot;fadeIn&quot;,&quot;animation_delay&quot;:150}\">\n\t\t\t\t\t\t<div class=\"elementor-container elementor-column-gap-default\">\n\t\t\t\t\t<div class=\"elementor-column elementor-col-25 elementor-inner-column elementor-element elementor-element-2f766f3\" data-id=\"2f766f3\" data-element_type=\"column\" data-e-type=\"column\">\n\t\t\t<div class=\"elementor-widget-wrap elementor-element-populated\">\n\t\t\t\t\t\t<div class=\"elementor-element elementor-element-ad96fb7 elementor-widget elementor-widget-image\" data-id=\"ad96fb7\" data-element_type=\"widget\" data-e-type=\"widget\" data-widget_type=\"image.default\">\n\t\t\t\t<div class=\"elementor-widget-container\">\n\t\t\t\t\t\t\t\t\t\t\t\t\t\t\t<img loading=\"lazy\" decoding=\"async\" width=\"300\" height=\"145\" src=\"https:\/\/ideasdesign.ch\/wp-content\/uploads\/2020\/11\/logo_palais_creation-300x145-1.png\" class=\"attachment-full size-full wp-image-466\" alt=\"palais_creation\" \/>\t\t\t\t\t\t\t\t\t\t\t\t\t\t\t<\/div>\n\t\t\t\t<\/div>\n\t\t\t\t\t<\/div>\n\t\t<\/div>\n\t\t\t\t<div class=\"elementor-column elementor-col-25 elementor-inner-column elementor-element elementor-element-f28d948\" data-id=\"f28d948\" data-element_type=\"column\" data-e-type=\"column\">\n\t\t\t<div class=\"elementor-widget-wrap elementor-element-populated\">\n\t\t\t\t\t\t<div class=\"elementor-element elementor-element-ed47d7f elementor-widget elementor-widget-image\" data-id=\"ed47d7f\" data-element_type=\"widget\" data-e-type=\"widget\" data-widget_type=\"image.default\">\n\t\t\t\t<div class=\"elementor-widget-container\">\n\t\t\t\t\t\t\t\t\t\t\t\t\t\t\t<img loading=\"lazy\" decoding=\"async\" width=\"1293\" height=\"237\" src=\"https:\/\/ideasdesign.ch\/wp-content\/uploads\/2020\/11\/cropped-FDLS_LOGO_PNG-2.png\" class=\"attachment-full size-full wp-image-450\" alt=\"festival du livre suisse\" srcset=\"https:\/\/ideasdesign.ch\/wp-content\/uploads\/2020\/11\/cropped-FDLS_LOGO_PNG-2.png 1293w, https:\/\/ideasdesign.ch\/wp-content\/uploads\/2020\/11\/cropped-FDLS_LOGO_PNG-2-300x55.png 300w, https:\/\/ideasdesign.ch\/wp-content\/uploads\/2020\/11\/cropped-FDLS_LOGO_PNG-2-1024x188.png 1024w, https:\/\/ideasdesign.ch\/wp-content\/uploads\/2020\/11\/cropped-FDLS_LOGO_PNG-2-768x141.png 768w\" sizes=\"(max-width: 1293px) 100vw, 1293px\" \/>\t\t\t\t\t\t\t\t\t\t\t\t\t\t\t<\/div>\n\t\t\t\t<\/div>\n\t\t\t\t\t<\/div>\n\t\t<\/div>\n\t\t\t\t<div class=\"elementor-column elementor-col-25 elementor-inner-column elementor-element elementor-element-18da46f\" data-id=\"18da46f\" data-element_type=\"column\" data-e-type=\"column\">\n\t\t\t<div class=\"elementor-widget-wrap elementor-element-populated\">\n\t\t\t\t\t\t<div class=\"elementor-element elementor-element-c521597 elementor-widget elementor-widget-image\" data-id=\"c521597\" data-element_type=\"widget\" data-e-type=\"widget\" data-widget_type=\"image.default\">\n\t\t\t\t<div class=\"elementor-widget-container\">\n\t\t\t\t\t\t\t\t\t\t\t\t\t\t\t<img loading=\"lazy\" decoding=\"async\" width=\"496\" height=\"80\" src=\"https:\/\/ideasdesign.ch\/wp-content\/uploads\/2020\/11\/logo-sce.jpg\" class=\"attachment-full size-full wp-image-460\" alt=\"swiss car event\" srcset=\"https:\/\/ideasdesign.ch\/wp-content\/uploads\/2020\/11\/logo-sce.jpg 496w, https:\/\/ideasdesign.ch\/wp-content\/uploads\/2020\/11\/logo-sce-300x48.jpg 300w\" sizes=\"(max-width: 496px) 100vw, 496px\" \/>\t\t\t\t\t\t\t\t\t\t\t\t\t\t\t<\/div>\n\t\t\t\t<\/div>\n\t\t\t\t\t<\/div>\n\t\t<\/div>\n\t\t\t\t<div class=\"elementor-column elementor-col-25 elementor-inner-column elementor-element elementor-element-126b652\" data-id=\"126b652\" data-element_type=\"column\" data-e-type=\"column\">\n\t\t\t<div class=\"elementor-widget-wrap elementor-element-populated\">\n\t\t\t\t\t\t<div class=\"elementor-element elementor-element-fdd3ef8 elementor-widget elementor-widget-image\" data-id=\"fdd3ef8\" data-element_type=\"widget\" data-e-type=\"widget\" data-widget_type=\"image.default\">\n\t\t\t\t<div class=\"elementor-widget-container\">\n\t\t\t\t\t\t\t\t\t\t\t\t\t\t\t<img loading=\"lazy\" decoding=\"async\" width=\"2482\" height=\"1418\" src=\"https:\/\/ideasdesign.ch\/wp-content\/uploads\/2020\/11\/SwissExpo_logo_officiel.jpg\" class=\"attachment-full size-full wp-image-465\" alt=\"SwissExpo\" srcset=\"https:\/\/ideasdesign.ch\/wp-content\/uploads\/2020\/11\/SwissExpo_logo_officiel.jpg 2482w, https:\/\/ideasdesign.ch\/wp-content\/uploads\/2020\/11\/SwissExpo_logo_officiel-300x171.jpg 300w, https:\/\/ideasdesign.ch\/wp-content\/uploads\/2020\/11\/SwissExpo_logo_officiel-1024x585.jpg 1024w, https:\/\/ideasdesign.ch\/wp-content\/uploads\/2020\/11\/SwissExpo_logo_officiel-768x439.jpg 768w, https:\/\/ideasdesign.ch\/wp-content\/uploads\/2020\/11\/SwissExpo_logo_officiel-1536x878.jpg 1536w, https:\/\/ideasdesign.ch\/wp-content\/uploads\/2020\/11\/SwissExpo_logo_officiel-2048x1170.jpg 2048w\" sizes=\"(max-width: 2482px) 100vw, 2482px\" \/>\t\t\t\t\t\t\t\t\t\t\t\t\t\t\t<\/div>\n\t\t\t\t<\/div>\n\t\t\t\t\t<\/div>\n\t\t<\/div>\n\t\t\t\t\t<\/div>\n\t\t<\/section>\n\t\t\t\t<section class=\"elementor-section elementor-inner-section elementor-element elementor-element-72855639 elementor-section-boxed elementor-section-height-default elementor-section-height-default\" data-id=\"72855639\" data-element_type=\"section\" data-e-type=\"section\">\n\t\t\t\t\t\t<div class=\"elementor-container elementor-column-gap-default\">\n\t\t\t\t\t<div class=\"elementor-column elementor-col-50 elementor-inner-column elementor-element elementor-element-834093e elementor-invisible\" data-id=\"834093e\" data-element_type=\"column\" data-e-type=\"column\" data-settings=\"{&quot;animation&quot;:&quot;fadeInLeft&quot;}\">\n\t\t\t<div class=\"elementor-widget-wrap elementor-element-populated\">\n\t\t\t\t\t\t<div class=\"elementor-element elementor-element-dbe6881 elementor-widget elementor-widget-testimonial\" data-id=\"dbe6881\" data-element_type=\"widget\" data-e-type=\"widget\" data-widget_type=\"testimonial.default\">\n\t\t\t\t<div class=\"elementor-widget-container\">\n\t\t\t\t\t\t\t<div class=\"elementor-testimonial-wrapper\">\n\t\t\t\t\t\t\t<div class=\"elementor-testimonial-content\">C\u2019est un plaisir vrai de travailler avec C\u00e9leste. Tr\u00e8s professionnelle et accessible, elle est toujours \u00e0 l\u2019\u00e9coute de ses clients et performe de mani\u00e8re impeccable. C\u2019est une travailleuse dynamique qui connait parfaitement son domaine et ne recule devant aucun challenge. Je recommande vivement de travailler avec elle sur tout projet de design.<\/div>\n\t\t\t\n\t\t\t\t\t\t<div class=\"elementor-testimonial-meta elementor-has-image elementor-testimonial-image-position-aside\">\n\t\t\t\t<div class=\"elementor-testimonial-meta-inner\">\n\t\t\t\t\t\t\t\t\t\t\t<div class=\"elementor-testimonial-image\">\n\t\t\t\t\t\t\t<img loading=\"lazy\" decoding=\"async\" width=\"199\" height=\"199\" src=\"https:\/\/ideasdesign.ch\/wp-content\/uploads\/2020\/11\/max.png\" class=\"attachment-full size-full wp-image-324\" alt=\"max andersson\" srcset=\"https:\/\/ideasdesign.ch\/wp-content\/uploads\/2020\/11\/max.png 199w, https:\/\/ideasdesign.ch\/wp-content\/uploads\/2020\/11\/max-150x150.png 150w\" sizes=\"(max-width: 199px) 100vw, 199px\" \/>\t\t\t\t\t\t<\/div>\n\t\t\t\t\t\n\t\t\t\t\t\t\t\t\t\t<div class=\"elementor-testimonial-details\">\n\t\t\t\t\t\t\t\t\t\t\t\t\t\t<div class=\"elementor-testimonial-name\">Max Andersson<\/div>\n\t\t\t\t\t\t\t\t\t\t\t\t\t\t\t\t\t\t\t\t\t\t<div class=\"elementor-testimonial-job\">Simba S\u00e0rl<\/div>\n\t\t\t\t\t\t\t\t\t\t\t\t\t<\/div>\n\t\t\t\t\t\t\t\t\t<\/div>\n\t\t\t<\/div>\n\t\t\t\t\t<\/div>\n\t\t\t\t\t\t<\/div>\n\t\t\t\t<\/div>\n\t\t\t\t\t<\/div>\n\t\t<\/div>\n\t\t\t\t<div class=\"elementor-column elementor-col-50 elementor-inner-column elementor-element elementor-element-41587ea4 elementor-invisible\" data-id=\"41587ea4\" data-element_type=\"column\" data-e-type=\"column\" data-settings=\"{&quot;animation&quot;:&quot;fadeInRight&quot;}\">\n\t\t\t<div class=\"elementor-widget-wrap elementor-element-populated\">\n\t\t\t\t\t\t<div class=\"elementor-element elementor-element-eb19b1c elementor-widget elementor-widget-testimonial\" data-id=\"eb19b1c\" data-element_type=\"widget\" data-e-type=\"widget\" data-widget_type=\"testimonial.default\">\n\t\t\t\t<div class=\"elementor-widget-container\">\n\t\t\t\t\t\t\t<div class=\"elementor-testimonial-wrapper\">\n\t\t\t\t\t\t\t<div class=\"elementor-testimonial-content\">C\u00e9leste a su traduire graphiquement ma personnalit\u00e9, en cr\u00e9ant mon identit\u00e9 visuelle et mon site internet avec un design et une communication efficace, qui correspondent \u00e0 mes valeurs. Elle fournit un travail s\u00e9rieux, dans le respect des d\u00e9lais et est comp\u00e9titive sur le march\u00e9. Son \u00e9coute attentive et son empathie permettent de r\u00e9pondre parfaitement \u00e0 vos attentes, avec style et tr\u00e8s bon go\u00fbt.<\/div>\n\t\t\t\n\t\t\t\t\t\t<div class=\"elementor-testimonial-meta elementor-has-image elementor-testimonial-image-position-aside\">\n\t\t\t\t<div class=\"elementor-testimonial-meta-inner\">\n\t\t\t\t\t\t\t\t\t\t\t<div class=\"elementor-testimonial-image\">\n\t\t\t\t\t\t\t<img loading=\"lazy\" decoding=\"async\" width=\"900\" height=\"600\" src=\"https:\/\/ideasdesign.ch\/wp-content\/uploads\/2020\/11\/fb-nyc5g3q2mqaek2ybut2upcewz7il1oad87qou882uo.jpg\" class=\"attachment-full size-full wp-image-326\" alt=\"francoise broquet\" srcset=\"https:\/\/ideasdesign.ch\/wp-content\/uploads\/2020\/11\/fb-nyc5g3q2mqaek2ybut2upcewz7il1oad87qou882uo.jpg 900w, https:\/\/ideasdesign.ch\/wp-content\/uploads\/2020\/11\/fb-nyc5g3q2mqaek2ybut2upcewz7il1oad87qou882uo-300x200.jpg 300w, https:\/\/ideasdesign.ch\/wp-content\/uploads\/2020\/11\/fb-nyc5g3q2mqaek2ybut2upcewz7il1oad87qou882uo-768x512.jpg 768w\" sizes=\"(max-width: 900px) 100vw, 900px\" \/>\t\t\t\t\t\t<\/div>\n\t\t\t\t\t\n\t\t\t\t\t\t\t\t\t\t<div class=\"elementor-testimonial-details\">\n\t\t\t\t\t\t\t\t\t\t\t\t\t\t<div class=\"elementor-testimonial-name\">Fran\u00e7oise Broquet<\/div>\n\t\t\t\t\t\t\t\t\t\t\t\t\t\t\t\t\t\t\t\t\t\t<div class=\"elementor-testimonial-job\">C&amp;W Consulting<\/div>\n\t\t\t\t\t\t\t\t\t\t\t\t\t<\/div>\n\t\t\t\t\t\t\t\t\t<\/div>\n\t\t\t<\/div>\n\t\t\t\t\t<\/div>\n\t\t\t\t\t\t<\/div>\n\t\t\t\t<\/div>\n\t\t\t\t\t<\/div>\n\t\t<\/div>\n\t\t\t\t\t<\/div>\n\t\t<\/section>\n\t\t\t\t<section class=\"elementor-section elementor-inner-section elementor-element elementor-element-c4fdb49 elementor-section-boxed elementor-section-height-default elementor-section-height-default\" data-id=\"c4fdb49\" data-element_type=\"section\" data-e-type=\"section\">\n\t\t\t\t\t\t<div class=\"elementor-container elementor-column-gap-default\">\n\t\t\t\t\t<div class=\"elementor-column elementor-col-50 elementor-inner-column elementor-element elementor-element-4812aeb1 elementor-invisible\" data-id=\"4812aeb1\" data-element_type=\"column\" data-e-type=\"column\" data-settings=\"{&quot;animation&quot;:&quot;fadeInLeft&quot;,&quot;animation_delay&quot;:200}\">\n\t\t\t<div class=\"elementor-widget-wrap elementor-element-populated\">\n\t\t\t\t\t\t<div class=\"elementor-element elementor-element-50296965 elementor-widget elementor-widget-testimonial\" data-id=\"50296965\" data-element_type=\"widget\" data-e-type=\"widget\" data-widget_type=\"testimonial.default\">\n\t\t\t\t<div class=\"elementor-widget-container\">\n\t\t\t\t\t\t\t<div class=\"elementor-testimonial-wrapper\">\n\t\t\t\t\t\t\t<div class=\"elementor-testimonial-content\">Many projects are always treated with great attention and a lot of patience, a real pleasure to have an interpreter of ideas sometimes difficult to simply express.\n<\/br>\n<\/br>\nCreative work, fast and neat.<\/div>\n\t\t\t\n\t\t\t\t\t\t<div class=\"elementor-testimonial-meta elementor-has-image elementor-testimonial-image-position-aside\">\n\t\t\t\t<div class=\"elementor-testimonial-meta-inner\">\n\t\t\t\t\t\t\t\t\t\t\t<div class=\"elementor-testimonial-image\">\n\t\t\t\t\t\t\t<img loading=\"lazy\" decoding=\"async\" width=\"500\" height=\"500\" src=\"https:\/\/ideasdesign.ch\/wp-content\/uploads\/2020\/11\/boris-stern.jpg\" class=\"attachment-full size-full wp-image-325\" alt=\"\" srcset=\"https:\/\/ideasdesign.ch\/wp-content\/uploads\/2020\/11\/boris-stern.jpg 500w, https:\/\/ideasdesign.ch\/wp-content\/uploads\/2020\/11\/boris-stern-300x300.jpg 300w, https:\/\/ideasdesign.ch\/wp-content\/uploads\/2020\/11\/boris-stern-150x150.jpg 150w\" sizes=\"(max-width: 500px) 100vw, 500px\" \/>\t\t\t\t\t\t<\/div>\n\t\t\t\t\t\n\t\t\t\t\t\t\t\t\t\t<div class=\"elementor-testimonial-details\">\n\t\t\t\t\t\t\t\t\t\t\t\t\t\t<div class=\"elementor-testimonial-name\">Boris Stern<\/div>\n\t\t\t\t\t\t\t\t\t\t\t\t\t\t\t\t\t\t\t\t\t\t<div class=\"elementor-testimonial-job\">E-Door S\u00e0rl<\/div>\n\t\t\t\t\t\t\t\t\t\t\t\t\t<\/div>\n\t\t\t\t\t\t\t\t\t<\/div>\n\t\t\t<\/div>\n\t\t\t\t\t<\/div>\n\t\t\t\t\t\t<\/div>\n\t\t\t\t<\/div>\n\t\t\t\t\t<\/div>\n\t\t<\/div>\n\t\t\t\t<div class=\"elementor-column elementor-col-50 elementor-inner-column elementor-element elementor-element-aa2b75c elementor-invisible\" data-id=\"aa2b75c\" data-element_type=\"column\" data-e-type=\"column\" data-settings=\"{&quot;animation&quot;:&quot;fadeInRight&quot;,&quot;animation_delay&quot;:200}\">\n\t\t\t<div class=\"elementor-widget-wrap elementor-element-populated\">\n\t\t\t\t\t\t<div class=\"elementor-element elementor-element-dfb5ccb elementor-widget elementor-widget-testimonial\" data-id=\"dfb5ccb\" data-element_type=\"widget\" data-e-type=\"widget\" data-widget_type=\"testimonial.default\">\n\t\t\t\t<div class=\"elementor-widget-container\">\n\t\t\t\t\t\t\t<div class=\"elementor-testimonial-wrapper\">\n\t\t\t\t\t\t\t<div class=\"elementor-testimonial-content\">Celeste is a very competent and pleasant graphic designer who demonstrates professionalism. She knows her job very well and is a strong proponent. <\/br><\/br>Involved in her tasks, she always strives for perfection. I can only recommend his skills and wish her a lot of success in her career.<\/div>\n\t\t\t\n\t\t\t\t\t\t<div class=\"elementor-testimonial-meta elementor-has-image elementor-testimonial-image-position-aside\">\n\t\t\t\t<div class=\"elementor-testimonial-meta-inner\">\n\t\t\t\t\t\t\t\t\t\t\t<div class=\"elementor-testimonial-image\">\n\t\t\t\t\t\t\t<img loading=\"lazy\" decoding=\"async\" width=\"199\" height=\"200\" src=\"https:\/\/ideasdesign.ch\/wp-content\/uploads\/2020\/11\/fiona.png\" class=\"attachment-full size-full wp-image-327\" alt=\"\" srcset=\"https:\/\/ideasdesign.ch\/wp-content\/uploads\/2020\/11\/fiona.png 199w, https:\/\/ideasdesign.ch\/wp-content\/uploads\/2020\/11\/fiona-150x150.png 150w\" sizes=\"(max-width: 199px) 100vw, 199px\" \/>\t\t\t\t\t\t<\/div>\n\t\t\t\t\t\n\t\t\t\t\t\t\t\t\t\t<div class=\"elementor-testimonial-details\">\n\t\t\t\t\t\t\t\t\t\t\t\t\t\t<div class=\"elementor-testimonial-name\">Fiona De Dommelin<\/div>\n\t\t\t\t\t\t\t\t\t\t\t\t\t\t\t\t\t\t\t\t\t\t<div class=\"elementor-testimonial-job\">DNX Corp<\/div>\n\t\t\t\t\t\t\t\t\t\t\t\t\t<\/div>\n\t\t\t\t\t\t\t\t\t<\/div>\n\t\t\t<\/div>\n\t\t\t\t\t<\/div>\n\t\t\t\t\t\t<\/div>\n\t\t\t\t<\/div>\n\t\t\t\t\t<\/div>\n\t\t<\/div>\n\t\t\t\t\t<\/div>\n\t\t<\/section>\n\t\t\t\t\t<\/div>\n\t\t<\/div>\n\t\t\t\t\t<\/div>\n\t\t<\/section>\n\t\t\t\t<section class=\"elementor-section elementor-top-section elementor-element elementor-element-9cf2bf7 elementor-section-stretched elementor-section-boxed elementor-section-height-default elementor-section-height-default\" data-id=\"9cf2bf7\" data-element_type=\"section\" data-e-type=\"section\" data-settings=\"{&quot;stretch_section&quot;:&quot;section-stretched&quot;,&quot;background_background&quot;:&quot;classic&quot;}\">\n\t\t\t\t\t\t<div class=\"elementor-container elementor-column-gap-default\">\n\t\t\t\t\t<div class=\"elementor-column elementor-col-100 elementor-top-column elementor-element elementor-element-09f1574\" data-id=\"09f1574\" data-element_type=\"column\" data-e-type=\"column\">\n\t\t\t<div class=\"elementor-widget-wrap elementor-element-populated\">\n\t\t\t\t\t\t<div class=\"elementor-element elementor-element-aae2a36 elementor-widget elementor-widget-menu-anchor\" data-id=\"aae2a36\" data-element_type=\"widget\" data-e-type=\"widget\" data-widget_type=\"menu-anchor.default\">\n\t\t\t\t<div class=\"elementor-widget-container\">\n\t\t\t\t\t\t\t<div class=\"elementor-menu-anchor\" id=\"portfolio\"><\/div>\n\t\t\t\t\t\t<\/div>\n\t\t\t\t<\/div>\n\t\t\t\t<div class=\"elementor-element elementor-element-a034034 elementor-widget elementor-widget-heading\" data-id=\"a034034\" data-element_type=\"widget\" data-e-type=\"widget\" data-widget_type=\"heading.default\">\n\t\t\t\t<div class=\"elementor-widget-container\">\n\t\t\t\t\t<h2 class=\"elementor-heading-title elementor-size-default\">Personal portfolio and works at Palexpo SA<\/h2>\t\t\t\t<\/div>\n\t\t\t\t<\/div>\n\t\t\t\t<div class=\"elementor-element elementor-element-33fa5f1 elementor-widget elementor-widget-heading\" data-id=\"33fa5f1\" data-element_type=\"widget\" data-e-type=\"widget\" data-widget_type=\"heading.default\">\n\t\t\t\t<div class=\"elementor-widget-container\">\n\t\t\t\t\t<h2 class=\"elementor-heading-title elementor-size-default\">My latest creations<\/h2>\t\t\t\t<\/div>\n\t\t\t\t<\/div>\n\t\t\t\t<div class=\"elementor-element elementor-element-f7ccc35 elementor-widget-divider--view-line elementor-widget elementor-widget-divider\" data-id=\"f7ccc35\" data-element_type=\"widget\" data-e-type=\"widget\" data-widget_type=\"divider.default\">\n\t\t\t\t<div class=\"elementor-widget-container\">\n\t\t\t\t\t\t\t<div class=\"elementor-divider\">\n\t\t\t<span class=\"elementor-divider-separator\">\n\t\t\t\t\t\t<\/span>\n\t\t<\/div>\n\t\t\t\t\t\t<\/div>\n\t\t\t\t<\/div>\n\t\t\t\t<div class=\"elementor-element elementor-element-290f859 premium-gallery-tilt-disabled elementor-widget elementor-widget-premium-img-gallery\" data-id=\"290f859\" data-element_type=\"widget\" data-e-type=\"widget\" data-settings=\"{&quot;premium_gallery_img_content&quot;:[{&quot;premium_gallery_img&quot;:{&quot;url&quot;:&quot;https:\\\/\\\/ideasdesign.ch\\\/wp-content\\\/uploads\\\/2020\\\/11\\\/salon-des-inventions.jpg&quot;,&quot;id&quot;:1301,&quot;size&quot;:&quot;&quot;},&quot;premium_gallery_img_name&quot;:&quot;Salon International des Inventions de Gen\\u00e8ve&quot;,&quot;premium_gallery_img_link_switch&quot;:&quot;yes&quot;,&quot;premium_gallery_img_link&quot;:{&quot;url&quot;:&quot;https:\\\/\\\/inventions-geneva.ch\\\/&quot;,&quot;is_external&quot;:&quot;on&quot;,&quot;nofollow&quot;:&quot;&quot;,&quot;custom_attributes&quot;:&quot;&quot;},&quot;premium_gallery_img_alt&quot;:&quot;&quot;,&quot;premium_gallery_image_width&quot;:&quot;50%&quot;,&quot;premium_gallery_image_width_tablet&quot;:&quot;100%&quot;,&quot;premium_gallery_image_width_mobile&quot;:&quot;100%&quot;,&quot;premium_gallery_img_desc&quot;:&quot;--------&lt;\\\/br&gt;\\nCreation in 2019 of the new responsive website for the Geneva International Exhibition of Inventions, which is the most important annual event in the world devoted exclusively to invention. All the novelties are exhibited for the first time.\\n&lt;\\\/br&gt;\\n--------&lt;\\\/br&gt;\\nwww.inventions-geneva.ch&quot;,&quot;premium_gallery_img_category&quot;:&quot;Web&quot;,&quot;_id&quot;:&quot;9be234c&quot;,&quot;premium_gallery_image_cell&quot;:{&quot;unit&quot;:&quot;px&quot;,&quot;size&quot;:4,&quot;sizes&quot;:[]},&quot;premium_gallery_image_cell_tablet&quot;:{&quot;unit&quot;:&quot;px&quot;,&quot;size&quot;:&quot;&quot;,&quot;sizes&quot;:[]},&quot;premium_gallery_image_cell_mobile&quot;:{&quot;unit&quot;:&quot;px&quot;,&quot;size&quot;:&quot;&quot;,&quot;sizes&quot;:[]},&quot;premium_gallery_image_vcell&quot;:{&quot;unit&quot;:&quot;px&quot;,&quot;size&quot;:4,&quot;sizes&quot;:[]},&quot;premium_gallery_image_vcell_tablet&quot;:{&quot;unit&quot;:&quot;px&quot;,&quot;size&quot;:&quot;&quot;,&quot;sizes&quot;:[]},&quot;premium_gallery_image_vcell_mobile&quot;:{&quot;unit&quot;:&quot;px&quot;,&quot;size&quot;:&quot;&quot;,&quot;sizes&quot;:[]},&quot;premium_gallery_video&quot;:&quot;&quot;,&quot;premium_gallery_video_type&quot;:null,&quot;premium_gallery_video_url&quot;:null,&quot;premium_gallery_video_self&quot;:null,&quot;premium_gallery_video_self_url&quot;:null,&quot;premium_gallery_video_controls&quot;:null,&quot;premium_gallery_video_mute&quot;:null,&quot;premium_gallery_video_loop&quot;:null,&quot;download_button&quot;:null,&quot;privacy_mode&quot;:null,&quot;premmium_gallery_img_info&quot;:&quot;&quot;,&quot;premium_gallery_img_link_type&quot;:&quot;url&quot;,&quot;premium_gallery_img_existing&quot;:null,&quot;premium_gallery_link_whole&quot;:&quot;&quot;,&quot;premium_gallery_lightbox_whole&quot;:&quot;&quot;},{&quot;premium_gallery_img&quot;:{&quot;url&quot;:&quot;https:\\\/\\\/ideasdesign.ch\\\/wp-content\\\/uploads\\\/2020\\\/11\\\/automnales.jpg&quot;,&quot;id&quot;:1296,&quot;size&quot;:&quot;&quot;},&quot;premium_gallery_img_name&quot;:&quot;Automnales&quot;,&quot;premium_gallery_img_link_switch&quot;:&quot;yes&quot;,&quot;premium_gallery_img_link&quot;:{&quot;url&quot;:&quot;https:\\\/\\\/automnales.ch\\\/&quot;,&quot;is_external&quot;:&quot;on&quot;,&quot;nofollow&quot;:&quot;&quot;,&quot;custom_attributes&quot;:&quot;&quot;},&quot;premium_gallery_img_alt&quot;:&quot;&quot;,&quot;premium_gallery_image_width&quot;:&quot;50%&quot;,&quot;premium_gallery_image_width_tablet&quot;:&quot;100%&quot;,&quot;premium_gallery_image_width_mobile&quot;:&quot;100%&quot;,&quot;premium_gallery_img_desc&quot;:&quot;--------&lt;\\\/br&gt;\\nCreation in 2020 of the new website for the \\&quot;Automnales\\&quot; of Palexpo. Fun, friendly and interactive, this major annual regional meeting brings together more than 400 exhibitors around 15 parallel exhibitions.\\n&lt;\\\/br&gt;\\n--------&lt;\\\/br&gt;\\nwww.automnales.ch&quot;,&quot;premium_gallery_img_category&quot;:&quot;Web&quot;,&quot;_id&quot;:&quot;d110a84&quot;,&quot;premium_gallery_image_cell&quot;:{&quot;unit&quot;:&quot;px&quot;,&quot;size&quot;:4,&quot;sizes&quot;:[]},&quot;premium_gallery_image_cell_tablet&quot;:{&quot;unit&quot;:&quot;px&quot;,&quot;size&quot;:&quot;&quot;,&quot;sizes&quot;:[]},&quot;premium_gallery_image_cell_mobile&quot;:{&quot;unit&quot;:&quot;px&quot;,&quot;size&quot;:&quot;&quot;,&quot;sizes&quot;:[]},&quot;premium_gallery_image_vcell&quot;:{&quot;unit&quot;:&quot;px&quot;,&quot;size&quot;:4,&quot;sizes&quot;:[]},&quot;premium_gallery_image_vcell_tablet&quot;:{&quot;unit&quot;:&quot;px&quot;,&quot;size&quot;:&quot;&quot;,&quot;sizes&quot;:[]},&quot;premium_gallery_image_vcell_mobile&quot;:{&quot;unit&quot;:&quot;px&quot;,&quot;size&quot;:&quot;&quot;,&quot;sizes&quot;:[]},&quot;premium_gallery_video&quot;:&quot;&quot;,&quot;premium_gallery_video_type&quot;:null,&quot;premium_gallery_video_url&quot;:null,&quot;premium_gallery_video_self&quot;:null,&quot;premium_gallery_video_self_url&quot;:null,&quot;premium_gallery_video_controls&quot;:null,&quot;premium_gallery_video_mute&quot;:null,&quot;premium_gallery_video_loop&quot;:null,&quot;download_button&quot;:null,&quot;privacy_mode&quot;:null,&quot;premmium_gallery_img_info&quot;:&quot;&quot;,&quot;premium_gallery_img_link_type&quot;:&quot;url&quot;,&quot;premium_gallery_img_existing&quot;:null,&quot;premium_gallery_link_whole&quot;:&quot;&quot;,&quot;premium_gallery_lightbox_whole&quot;:&quot;&quot;},{&quot;premium_gallery_img&quot;:{&quot;url&quot;:&quot;https:\\\/\\\/ideasdesign.ch\\\/wp-content\\\/uploads\\\/2020\\\/11\\\/sdl.jpg&quot;,&quot;id&quot;:1291,&quot;size&quot;:&quot;&quot;},&quot;premium_gallery_img_name&quot;:&quot;Salon du livre&quot;,&quot;premium_gallery_img_link_switch&quot;:&quot;yes&quot;,&quot;premium_gallery_img_link&quot;:{&quot;url&quot;:&quot;https:\\\/\\\/salondulivre.ch\\\/&quot;,&quot;is_external&quot;:&quot;on&quot;,&quot;nofollow&quot;:&quot;&quot;,&quot;custom_attributes&quot;:&quot;&quot;},&quot;premium_gallery_img_alt&quot;:&quot;&quot;,&quot;premium_gallery_image_width&quot;:&quot;50%&quot;,&quot;premium_gallery_image_width_tablet&quot;:&quot;100%&quot;,&quot;premium_gallery_image_width_mobile&quot;:&quot;100%&quot;,&quot;premium_gallery_img_desc&quot;:&quot;--------&lt;\\\/br&gt;\\nCreation in 2020 of the new website for the \\&quot;Salon du livre\\&quot; of Palexpo. Considered to be one of the unmissable cultural events in Switzerland, the Geneva Book Fair is the only publisher&#039;s fair in the country.\\n&lt;\\\/br&gt;\\n--------&lt;\\\/br&gt;\\nwww.salondulivre.ch&quot;,&quot;premium_gallery_img_category&quot;:&quot;Web&quot;,&quot;_id&quot;:&quot;68342bc&quot;,&quot;premium_gallery_image_cell&quot;:{&quot;unit&quot;:&quot;px&quot;,&quot;size&quot;:4,&quot;sizes&quot;:[]},&quot;premium_gallery_image_cell_tablet&quot;:{&quot;unit&quot;:&quot;px&quot;,&quot;size&quot;:&quot;&quot;,&quot;sizes&quot;:[]},&quot;premium_gallery_image_cell_mobile&quot;:{&quot;unit&quot;:&quot;px&quot;,&quot;size&quot;:&quot;&quot;,&quot;sizes&quot;:[]},&quot;premium_gallery_image_vcell&quot;:{&quot;unit&quot;:&quot;px&quot;,&quot;size&quot;:4,&quot;sizes&quot;:[]},&quot;premium_gallery_image_vcell_tablet&quot;:{&quot;unit&quot;:&quot;px&quot;,&quot;size&quot;:&quot;&quot;,&quot;sizes&quot;:[]},&quot;premium_gallery_image_vcell_mobile&quot;:{&quot;unit&quot;:&quot;px&quot;,&quot;size&quot;:&quot;&quot;,&quot;sizes&quot;:[]},&quot;premium_gallery_video&quot;:&quot;&quot;,&quot;premium_gallery_video_type&quot;:null,&quot;premium_gallery_video_url&quot;:null,&quot;premium_gallery_video_self&quot;:null,&quot;premium_gallery_video_self_url&quot;:null,&quot;premium_gallery_video_controls&quot;:null,&quot;premium_gallery_video_mute&quot;:null,&quot;premium_gallery_video_loop&quot;:null,&quot;download_button&quot;:null,&quot;privacy_mode&quot;:null,&quot;premmium_gallery_img_info&quot;:&quot;&quot;,&quot;premium_gallery_img_link_type&quot;:&quot;url&quot;,&quot;premium_gallery_img_existing&quot;:null,&quot;premium_gallery_link_whole&quot;:&quot;&quot;,&quot;premium_gallery_lightbox_whole&quot;:&quot;&quot;},{&quot;premium_gallery_img&quot;:{&quot;url&quot;:&quot;https:\\\/\\\/ideasdesign.ch\\\/wp-content\\\/uploads\\\/2020\\\/11\\\/garage-bonelli-1024x1024-1.jpg&quot;,&quot;id&quot;:645,&quot;size&quot;:&quot;&quot;},&quot;premium_gallery_img_name&quot;:&quot;Garage Albert Bonelli&quot;,&quot;premium_gallery_img_link_switch&quot;:&quot;yes&quot;,&quot;premium_gallery_img_link&quot;:{&quot;url&quot;:&quot;https:\\\/\\\/garage-bonelli.ch\\\/&quot;,&quot;is_external&quot;:&quot;on&quot;,&quot;nofollow&quot;:&quot;&quot;,&quot;custom_attributes&quot;:&quot;&quot;},&quot;premium_gallery_img_alt&quot;:&quot;&quot;,&quot;premium_gallery_image_width&quot;:&quot;50%&quot;,&quot;premium_gallery_image_width_tablet&quot;:&quot;100%&quot;,&quot;premium_gallery_image_width_mobile&quot;:&quot;100%&quot;,&quot;premium_gallery_img_desc&quot;:&quot;--------&lt;\\\/br&gt;\\nMr. Bonelli commissioned me to create his new responsive website, in 2019. The Albert Bonelli garage is a Volkswagen concessionaire located in Geneva.&lt;\\\/br&gt;\\n--------&lt;\\\/br&gt;\\nwww.garage-bonelli.ch&quot;,&quot;premium_gallery_img_category&quot;:&quot;Web&quot;,&quot;_id&quot;:&quot;7002896&quot;,&quot;premium_gallery_image_cell&quot;:{&quot;unit&quot;:&quot;px&quot;,&quot;size&quot;:4,&quot;sizes&quot;:[]},&quot;premium_gallery_image_cell_tablet&quot;:{&quot;unit&quot;:&quot;px&quot;,&quot;size&quot;:&quot;&quot;,&quot;sizes&quot;:[]},&quot;premium_gallery_image_cell_mobile&quot;:{&quot;unit&quot;:&quot;px&quot;,&quot;size&quot;:&quot;&quot;,&quot;sizes&quot;:[]},&quot;premium_gallery_image_vcell&quot;:{&quot;unit&quot;:&quot;px&quot;,&quot;size&quot;:4,&quot;sizes&quot;:[]},&quot;premium_gallery_image_vcell_tablet&quot;:{&quot;unit&quot;:&quot;px&quot;,&quot;size&quot;:&quot;&quot;,&quot;sizes&quot;:[]},&quot;premium_gallery_image_vcell_mobile&quot;:{&quot;unit&quot;:&quot;px&quot;,&quot;size&quot;:&quot;&quot;,&quot;sizes&quot;:[]},&quot;premium_gallery_video&quot;:&quot;&quot;,&quot;premium_gallery_video_type&quot;:null,&quot;premium_gallery_video_url&quot;:null,&quot;premium_gallery_video_self&quot;:null,&quot;premium_gallery_video_self_url&quot;:null,&quot;premium_gallery_video_controls&quot;:null,&quot;premium_gallery_video_mute&quot;:null,&quot;premium_gallery_video_loop&quot;:null,&quot;download_button&quot;:null,&quot;privacy_mode&quot;:null,&quot;premmium_gallery_img_info&quot;:&quot;&quot;,&quot;premium_gallery_img_link_type&quot;:&quot;url&quot;,&quot;premium_gallery_img_existing&quot;:null,&quot;premium_gallery_link_whole&quot;:&quot;&quot;,&quot;premium_gallery_lightbox_whole&quot;:&quot;&quot;},{&quot;premium_gallery_img&quot;:{&quot;url&quot;:&quot;https:\\\/\\\/ideasdesign.ch\\\/wp-content\\\/uploads\\\/2020\\\/11\\\/Royaume-du-Web.jpg&quot;,&quot;id&quot;:1329,&quot;size&quot;:&quot;&quot;},&quot;premium_gallery_img_name&quot;:&quot;Royaume du Web&quot;,&quot;premium_gallery_img_link_switch&quot;:&quot;yes&quot;,&quot;premium_gallery_img_link&quot;:{&quot;url&quot;:&quot;https:\\\/\\\/royaumeduweb.ch\\\/&quot;,&quot;is_external&quot;:&quot;on&quot;,&quot;nofollow&quot;:&quot;&quot;,&quot;custom_attributes&quot;:&quot;&quot;},&quot;premium_gallery_img_alt&quot;:&quot;&quot;,&quot;premium_gallery_image_width&quot;:&quot;50%&quot;,&quot;premium_gallery_image_width_tablet&quot;:&quot;100%&quot;,&quot;premium_gallery_image_width_mobile&quot;:&quot;100%&quot;,&quot;premium_gallery_img_desc&quot;:&quot;--------&lt;\\\/br&gt;\\nCreation of the new website for the Web Kingdom of Palexpo. These web stars, who accumulate millions of views on the Internet, land for the third consecutive year in the largest hall of Palexpo, on October 4-5-6, 2019 in Geneva.\\n&lt;\\\/br&gt;\\n--------&lt;\\\/br&gt;\\nwww.royaumeduweb.ch&quot;,&quot;premium_gallery_img_category&quot;:&quot;Web&quot;,&quot;_id&quot;:&quot;02066c9&quot;,&quot;premium_gallery_image_cell&quot;:{&quot;unit&quot;:&quot;px&quot;,&quot;size&quot;:4,&quot;sizes&quot;:[]},&quot;premium_gallery_image_cell_tablet&quot;:{&quot;unit&quot;:&quot;px&quot;,&quot;size&quot;:&quot;&quot;,&quot;sizes&quot;:[]},&quot;premium_gallery_image_cell_mobile&quot;:{&quot;unit&quot;:&quot;px&quot;,&quot;size&quot;:&quot;&quot;,&quot;sizes&quot;:[]},&quot;premium_gallery_image_vcell&quot;:{&quot;unit&quot;:&quot;px&quot;,&quot;size&quot;:4,&quot;sizes&quot;:[]},&quot;premium_gallery_image_vcell_tablet&quot;:{&quot;unit&quot;:&quot;px&quot;,&quot;size&quot;:&quot;&quot;,&quot;sizes&quot;:[]},&quot;premium_gallery_image_vcell_mobile&quot;:{&quot;unit&quot;:&quot;px&quot;,&quot;size&quot;:&quot;&quot;,&quot;sizes&quot;:[]},&quot;premium_gallery_video&quot;:&quot;&quot;,&quot;premium_gallery_video_type&quot;:null,&quot;premium_gallery_video_url&quot;:null,&quot;premium_gallery_video_self&quot;:null,&quot;premium_gallery_video_self_url&quot;:null,&quot;premium_gallery_video_controls&quot;:null,&quot;premium_gallery_video_mute&quot;:null,&quot;premium_gallery_video_loop&quot;:null,&quot;download_button&quot;:null,&quot;privacy_mode&quot;:null,&quot;premmium_gallery_img_info&quot;:&quot;&quot;,&quot;premium_gallery_img_link_type&quot;:&quot;url&quot;,&quot;premium_gallery_img_existing&quot;:null,&quot;premium_gallery_link_whole&quot;:&quot;&quot;,&quot;premium_gallery_lightbox_whole&quot;:&quot;&quot;},{&quot;premium_gallery_img&quot;:{&quot;url&quot;:&quot;https:\\\/\\\/ideasdesign.ch\\\/wp-content\\\/uploads\\\/2020\\\/11\\\/tfc-website.png&quot;,&quot;id&quot;:650,&quot;size&quot;:&quot;&quot;},&quot;premium_gallery_img_name&quot;:&quot;PDC Collonge-Bellerive&quot;,&quot;premium_gallery_img_link_switch&quot;:&quot;yes&quot;,&quot;premium_gallery_img_link&quot;:{&quot;url&quot;:&quot;https:\\\/\\\/www.pdc-collongebellerive.ch&quot;,&quot;is_external&quot;:&quot;on&quot;,&quot;nofollow&quot;:&quot;&quot;,&quot;custom_attributes&quot;:&quot;&quot;},&quot;premium_gallery_img_alt&quot;:&quot;&quot;,&quot;premium_gallery_image_width&quot;:&quot;50%&quot;,&quot;premium_gallery_image_width_tablet&quot;:&quot;100%&quot;,&quot;premium_gallery_image_width_mobile&quot;:&quot;100%&quot;,&quot;premium_gallery_img_desc&quot;:&quot;--------&lt;\\\/br&gt;\\nI was mandated by the PDC (Christian Democrat Party) of Collonge-Bellerive, in Geneva, to create their responsive website and create and design their new Facebook page, in 2017. I regularly update their site content and write articles for their social networks.\\n&lt;\\\/br&gt;\\n--------&lt;\\\/br&gt;\\nwww.pdc-collongebellerive.ch&quot;,&quot;premium_gallery_img_category&quot;:&quot;Web&quot;,&quot;_id&quot;:&quot;0c7fd0d&quot;,&quot;premium_gallery_image_cell&quot;:{&quot;unit&quot;:&quot;px&quot;,&quot;size&quot;:4,&quot;sizes&quot;:[]},&quot;premium_gallery_image_cell_tablet&quot;:{&quot;unit&quot;:&quot;px&quot;,&quot;size&quot;:&quot;&quot;,&quot;sizes&quot;:[]},&quot;premium_gallery_image_cell_mobile&quot;:{&quot;unit&quot;:&quot;px&quot;,&quot;size&quot;:&quot;&quot;,&quot;sizes&quot;:[]},&quot;premium_gallery_image_vcell&quot;:{&quot;unit&quot;:&quot;px&quot;,&quot;size&quot;:4,&quot;sizes&quot;:[]},&quot;premium_gallery_image_vcell_tablet&quot;:{&quot;unit&quot;:&quot;px&quot;,&quot;size&quot;:&quot;&quot;,&quot;sizes&quot;:[]},&quot;premium_gallery_image_vcell_mobile&quot;:{&quot;unit&quot;:&quot;px&quot;,&quot;size&quot;:&quot;&quot;,&quot;sizes&quot;:[]},&quot;premium_gallery_video&quot;:&quot;&quot;,&quot;premium_gallery_video_type&quot;:null,&quot;premium_gallery_video_url&quot;:null,&quot;premium_gallery_video_self&quot;:null,&quot;premium_gallery_video_self_url&quot;:null,&quot;premium_gallery_video_controls&quot;:null,&quot;premium_gallery_video_mute&quot;:null,&quot;premium_gallery_video_loop&quot;:null,&quot;download_button&quot;:null,&quot;privacy_mode&quot;:null,&quot;premmium_gallery_img_info&quot;:&quot;&quot;,&quot;premium_gallery_img_link_type&quot;:&quot;url&quot;,&quot;premium_gallery_img_existing&quot;:null,&quot;premium_gallery_link_whole&quot;:&quot;&quot;,&quot;premium_gallery_lightbox_whole&quot;:&quot;&quot;},{&quot;premium_gallery_img&quot;:{&quot;url&quot;:&quot;https:\\\/\\\/ideasdesign.ch\\\/wp-content\\\/uploads\\\/2020\\\/11\\\/site_cs.jpg&quot;,&quot;id&quot;:649,&quot;size&quot;:&quot;&quot;},&quot;premium_gallery_img_name&quot;:&quot;Caddie Service&quot;,&quot;premium_gallery_img_link_switch&quot;:&quot;yes&quot;,&quot;premium_gallery_img_link&quot;:{&quot;url&quot;:&quot;http:\\\/\\\/www.caddie-service.ch&quot;,&quot;is_external&quot;:&quot;on&quot;,&quot;nofollow&quot;:&quot;&quot;,&quot;custom_attributes&quot;:&quot;&quot;},&quot;premium_gallery_img_alt&quot;:&quot;&quot;,&quot;premium_gallery_image_width&quot;:&quot;50%&quot;,&quot;premium_gallery_image_width_tablet&quot;:&quot;100%&quot;,&quot;premium_gallery_image_width_mobile&quot;:&quot;100%&quot;,&quot;premium_gallery_img_desc&quot;:&quot;--------&lt;\\\/br&gt;\\nMandate for the association Caddie Service in 2019 to completely change their graphic identity : logo, order form, website and campaign TPG (Geneva Public Transport). Caddy Serivce is a non-profit organization that offers a delivery service at home or office, by electric bike.\\n&lt;\\\/br&gt;\\n--------&lt;\\\/br&gt;\\nwww.caddie-service.ch&quot;,&quot;premium_gallery_img_category&quot;:&quot;Web&quot;,&quot;_id&quot;:&quot;1e59b0a&quot;,&quot;premium_gallery_image_cell&quot;:{&quot;unit&quot;:&quot;px&quot;,&quot;size&quot;:4,&quot;sizes&quot;:[]},&quot;premium_gallery_image_cell_tablet&quot;:{&quot;unit&quot;:&quot;px&quot;,&quot;size&quot;:&quot;&quot;,&quot;sizes&quot;:[]},&quot;premium_gallery_image_cell_mobile&quot;:{&quot;unit&quot;:&quot;px&quot;,&quot;size&quot;:&quot;&quot;,&quot;sizes&quot;:[]},&quot;premium_gallery_image_vcell&quot;:{&quot;unit&quot;:&quot;px&quot;,&quot;size&quot;:4,&quot;sizes&quot;:[]},&quot;premium_gallery_image_vcell_tablet&quot;:{&quot;unit&quot;:&quot;px&quot;,&quot;size&quot;:&quot;&quot;,&quot;sizes&quot;:[]},&quot;premium_gallery_image_vcell_mobile&quot;:{&quot;unit&quot;:&quot;px&quot;,&quot;size&quot;:&quot;&quot;,&quot;sizes&quot;:[]},&quot;premium_gallery_video&quot;:&quot;&quot;,&quot;premium_gallery_video_type&quot;:null,&quot;premium_gallery_video_url&quot;:null,&quot;premium_gallery_video_self&quot;:null,&quot;premium_gallery_video_self_url&quot;:null,&quot;premium_gallery_video_controls&quot;:null,&quot;premium_gallery_video_mute&quot;:null,&quot;premium_gallery_video_loop&quot;:null,&quot;download_button&quot;:null,&quot;privacy_mode&quot;:null,&quot;premmium_gallery_img_info&quot;:&quot;&quot;,&quot;premium_gallery_img_link_type&quot;:&quot;url&quot;,&quot;premium_gallery_img_existing&quot;:null,&quot;premium_gallery_link_whole&quot;:&quot;&quot;,&quot;premium_gallery_lightbox_whole&quot;:&quot;&quot;},{&quot;premium_gallery_img&quot;:{&quot;url&quot;:&quot;https:\\\/\\\/ideasdesign.ch\\\/wp-content\\\/uploads\\\/2020\\\/11\\\/Supercross.jpg&quot;,&quot;id&quot;:1306,&quot;size&quot;:&quot;&quot;},&quot;premium_gallery_img_name&quot;:&quot;Monster Energy Supercross Geneva&quot;,&quot;premium_gallery_img_link_switch&quot;:&quot;yes&quot;,&quot;premium_gallery_img_link&quot;:{&quot;url&quot;:&quot;https:\\\/\\\/supercross-geneve.com&quot;,&quot;is_external&quot;:&quot;on&quot;,&quot;nofollow&quot;:&quot;&quot;,&quot;custom_attributes&quot;:&quot;&quot;},&quot;premium_gallery_img_alt&quot;:&quot;&quot;,&quot;premium_gallery_image_width&quot;:&quot;50%&quot;,&quot;premium_gallery_image_width_tablet&quot;:&quot;100%&quot;,&quot;premium_gallery_image_width_mobile&quot;:&quot;100%&quot;,&quot;premium_gallery_img_desc&quot;:&quot;--------&lt;\\\/br&gt;\\nCreation in 2019 of the new site for the Monster Energy Supercross Geneva, which is one of the major sporting events in Switzerland and annually attracts nearly 25,000 spectators to Palexpo.\\n&lt;\\\/br&gt;\\n--------&lt;\\\/br&gt;\\nwww.supercross-geneve.com&quot;,&quot;premium_gallery_img_category&quot;:&quot;Web&quot;,&quot;_id&quot;:&quot;cf7e1ad&quot;,&quot;premium_gallery_image_cell&quot;:{&quot;unit&quot;:&quot;px&quot;,&quot;size&quot;:4,&quot;sizes&quot;:[]},&quot;premium_gallery_image_cell_tablet&quot;:{&quot;unit&quot;:&quot;px&quot;,&quot;size&quot;:&quot;&quot;,&quot;sizes&quot;:[]},&quot;premium_gallery_image_cell_mobile&quot;:{&quot;unit&quot;:&quot;px&quot;,&quot;size&quot;:&quot;&quot;,&quot;sizes&quot;:[]},&quot;premium_gallery_image_vcell&quot;:{&quot;unit&quot;:&quot;px&quot;,&quot;size&quot;:4,&quot;sizes&quot;:[]},&quot;premium_gallery_image_vcell_tablet&quot;:{&quot;unit&quot;:&quot;px&quot;,&quot;size&quot;:&quot;&quot;,&quot;sizes&quot;:[]},&quot;premium_gallery_image_vcell_mobile&quot;:{&quot;unit&quot;:&quot;px&quot;,&quot;size&quot;:&quot;&quot;,&quot;sizes&quot;:[]},&quot;premium_gallery_video&quot;:&quot;&quot;,&quot;premium_gallery_video_type&quot;:null,&quot;premium_gallery_video_url&quot;:null,&quot;premium_gallery_video_self&quot;:null,&quot;premium_gallery_video_self_url&quot;:null,&quot;premium_gallery_video_controls&quot;:null,&quot;premium_gallery_video_mute&quot;:null,&quot;premium_gallery_video_loop&quot;:null,&quot;download_button&quot;:null,&quot;privacy_mode&quot;:null,&quot;premmium_gallery_img_info&quot;:&quot;&quot;,&quot;premium_gallery_img_link_type&quot;:&quot;url&quot;,&quot;premium_gallery_img_existing&quot;:null,&quot;premium_gallery_link_whole&quot;:&quot;&quot;,&quot;premium_gallery_lightbox_whole&quot;:&quot;&quot;},{&quot;premium_gallery_img&quot;:{&quot;url&quot;:&quot;https:\\\/\\\/ideasdesign.ch\\\/wp-content\\\/uploads\\\/2020\\\/11\\\/dansuer.jpg&quot;,&quot;id&quot;:665,&quot;size&quot;:&quot;&quot;},&quot;premium_gallery_img_name&quot;:&quot;Danuser Paysagiste&quot;,&quot;premium_gallery_img_link_switch&quot;:&quot;yes&quot;,&quot;premium_gallery_img_link&quot;:{&quot;url&quot;:&quot;https:\\\/\\\/danuser-paysagiste.ch\\\/&quot;,&quot;is_external&quot;:&quot;on&quot;,&quot;nofollow&quot;:&quot;&quot;,&quot;custom_attributes&quot;:&quot;&quot;},&quot;premium_gallery_img_alt&quot;:&quot;&quot;,&quot;premium_gallery_image_width&quot;:&quot;50%&quot;,&quot;premium_gallery_image_width_tablet&quot;:&quot;100%&quot;,&quot;premium_gallery_image_width_mobile&quot;:&quot;100%&quot;,&quot;premium_gallery_img_desc&quot;:&quot;--------&lt;\\\/br&gt;\\nI was mandated in 2018 by Mr. Michael Danuser for the creation of the responsive website of his company. Danuser Paysagiste is a young company specializing in the creation and maintenance of gardens.\\n&lt;\\\/br&gt;\\n--------&lt;\\\/br&gt;\\nwww.danuser-paysagiste.ch&quot;,&quot;premium_gallery_img_category&quot;:&quot;Web&quot;,&quot;_id&quot;:&quot;51d83ff&quot;,&quot;premium_gallery_image_cell&quot;:{&quot;unit&quot;:&quot;px&quot;,&quot;size&quot;:4,&quot;sizes&quot;:[]},&quot;premium_gallery_image_cell_tablet&quot;:{&quot;unit&quot;:&quot;px&quot;,&quot;size&quot;:&quot;&quot;,&quot;sizes&quot;:[]},&quot;premium_gallery_image_cell_mobile&quot;:{&quot;unit&quot;:&quot;px&quot;,&quot;size&quot;:&quot;&quot;,&quot;sizes&quot;:[]},&quot;premium_gallery_image_vcell&quot;:{&quot;unit&quot;:&quot;px&quot;,&quot;size&quot;:4,&quot;sizes&quot;:[]},&quot;premium_gallery_image_vcell_tablet&quot;:{&quot;unit&quot;:&quot;px&quot;,&quot;size&quot;:&quot;&quot;,&quot;sizes&quot;:[]},&quot;premium_gallery_image_vcell_mobile&quot;:{&quot;unit&quot;:&quot;px&quot;,&quot;size&quot;:&quot;&quot;,&quot;sizes&quot;:[]},&quot;premium_gallery_video&quot;:&quot;&quot;,&quot;premium_gallery_video_type&quot;:null,&quot;premium_gallery_video_url&quot;:null,&quot;premium_gallery_video_self&quot;:null,&quot;premium_gallery_video_self_url&quot;:null,&quot;premium_gallery_video_controls&quot;:null,&quot;premium_gallery_video_mute&quot;:null,&quot;premium_gallery_video_loop&quot;:null,&quot;download_button&quot;:null,&quot;privacy_mode&quot;:null,&quot;premmium_gallery_img_info&quot;:&quot;&quot;,&quot;premium_gallery_img_link_type&quot;:&quot;url&quot;,&quot;premium_gallery_img_existing&quot;:null,&quot;premium_gallery_link_whole&quot;:&quot;&quot;,&quot;premium_gallery_lightbox_whole&quot;:&quot;&quot;},{&quot;premium_gallery_img&quot;:{&quot;url&quot;:&quot;https:\\\/\\\/ideasdesign.ch\\\/wp-content\\\/uploads\\\/2020\\\/11\\\/CW-Consulting.jpg&quot;,&quot;id&quot;:673,&quot;size&quot;:&quot;&quot;},&quot;premium_gallery_img_name&quot;:&quot;Coaching &amp; Wellness Consulting&quot;,&quot;premium_gallery_img_link_switch&quot;:&quot;yes&quot;,&quot;premium_gallery_img_link&quot;:{&quot;url&quot;:&quot;https:\\\/\\\/cw-consulting.ch\\\/&quot;,&quot;is_external&quot;:&quot;on&quot;,&quot;nofollow&quot;:&quot;&quot;,&quot;custom_attributes&quot;:&quot;&quot;},&quot;premium_gallery_img_alt&quot;:&quot;&quot;,&quot;premium_gallery_image_width&quot;:&quot;50%&quot;,&quot;premium_gallery_image_width_tablet&quot;:&quot;100%&quot;,&quot;premium_gallery_image_width_mobile&quot;:&quot;100%&quot;,&quot;premium_gallery_img_desc&quot;:&quot;--------&lt;\\\/br&gt;\\nMandated in 2018 by Fran\\u00e7oise Broquet, specialist in professional integration and development of emotional intelligence (QE), I realized for her its graphic identity, including its logo and its new responsive website.\\n&lt;\\\/br&gt;\\n--------&lt;\\\/br&gt;\\nwww.cw-consulting.ch&quot;,&quot;premium_gallery_img_category&quot;:&quot;Web&quot;,&quot;_id&quot;:&quot;feb827a&quot;,&quot;premium_gallery_image_cell&quot;:{&quot;unit&quot;:&quot;px&quot;,&quot;size&quot;:4,&quot;sizes&quot;:[]},&quot;premium_gallery_image_cell_tablet&quot;:{&quot;unit&quot;:&quot;px&quot;,&quot;size&quot;:&quot;&quot;,&quot;sizes&quot;:[]},&quot;premium_gallery_image_cell_mobile&quot;:{&quot;unit&quot;:&quot;px&quot;,&quot;size&quot;:&quot;&quot;,&quot;sizes&quot;:[]},&quot;premium_gallery_image_vcell&quot;:{&quot;unit&quot;:&quot;px&quot;,&quot;size&quot;:4,&quot;sizes&quot;:[]},&quot;premium_gallery_image_vcell_tablet&quot;:{&quot;unit&quot;:&quot;px&quot;,&quot;size&quot;:&quot;&quot;,&quot;sizes&quot;:[]},&quot;premium_gallery_image_vcell_mobile&quot;:{&quot;unit&quot;:&quot;px&quot;,&quot;size&quot;:&quot;&quot;,&quot;sizes&quot;:[]},&quot;premium_gallery_video&quot;:&quot;&quot;,&quot;premium_gallery_video_type&quot;:null,&quot;premium_gallery_video_url&quot;:null,&quot;premium_gallery_video_self&quot;:null,&quot;premium_gallery_video_self_url&quot;:null,&quot;premium_gallery_video_controls&quot;:null,&quot;premium_gallery_video_mute&quot;:null,&quot;premium_gallery_video_loop&quot;:null,&quot;download_button&quot;:null,&quot;privacy_mode&quot;:null,&quot;premmium_gallery_img_info&quot;:&quot;&quot;,&quot;premium_gallery_img_link_type&quot;:&quot;url&quot;,&quot;premium_gallery_img_existing&quot;:null,&quot;premium_gallery_link_whole&quot;:&quot;&quot;,&quot;premium_gallery_lightbox_whole&quot;:&quot;&quot;},{&quot;premium_gallery_img&quot;:{&quot;url&quot;:&quot;https:\\\/\\\/ideasdesign.ch\\\/wp-content\\\/uploads\\\/2020\\\/11\\\/Girls-Challenge.jpg&quot;,&quot;id&quot;:819,&quot;size&quot;:&quot;&quot;},&quot;premium_gallery_img_name&quot;:&quot;Girls Challenge&quot;,&quot;premium_gallery_img_link_switch&quot;:&quot;yes&quot;,&quot;premium_gallery_img_link&quot;:{&quot;url&quot;:&quot;https:\\\/\\\/girlschallenge.ch\\\/&quot;,&quot;is_external&quot;:&quot;on&quot;,&quot;nofollow&quot;:&quot;&quot;,&quot;custom_attributes&quot;:&quot;&quot;},&quot;premium_gallery_img_alt&quot;:&quot;&quot;,&quot;premium_gallery_image_width&quot;:&quot;50%&quot;,&quot;premium_gallery_image_width_tablet&quot;:&quot;100%&quot;,&quot;premium_gallery_image_width_mobile&quot;:&quot;100%&quot;,&quot;premium_gallery_img_desc&quot;:&quot;--------&lt;\\\/br&gt;\\nThe Girls Challenge is a private club reserved for women who wish to meet new people and have new experiences during a team challenge. The site has been online since 2020.\\n&lt;\\\/br&gt;\\n--------&lt;\\\/br&gt;\\nwww.girlschallenge.ch&quot;,&quot;premium_gallery_img_category&quot;:&quot;Web&quot;,&quot;_id&quot;:&quot;5bfbe94&quot;,&quot;premium_gallery_image_cell&quot;:{&quot;unit&quot;:&quot;px&quot;,&quot;size&quot;:4,&quot;sizes&quot;:[]},&quot;premium_gallery_image_cell_tablet&quot;:{&quot;unit&quot;:&quot;px&quot;,&quot;size&quot;:&quot;&quot;,&quot;sizes&quot;:[]},&quot;premium_gallery_image_cell_mobile&quot;:{&quot;unit&quot;:&quot;px&quot;,&quot;size&quot;:&quot;&quot;,&quot;sizes&quot;:[]},&quot;premium_gallery_image_vcell&quot;:{&quot;unit&quot;:&quot;px&quot;,&quot;size&quot;:4,&quot;sizes&quot;:[]},&quot;premium_gallery_image_vcell_tablet&quot;:{&quot;unit&quot;:&quot;px&quot;,&quot;size&quot;:&quot;&quot;,&quot;sizes&quot;:[]},&quot;premium_gallery_image_vcell_mobile&quot;:{&quot;unit&quot;:&quot;px&quot;,&quot;size&quot;:&quot;&quot;,&quot;sizes&quot;:[]},&quot;premium_gallery_video&quot;:&quot;&quot;,&quot;premium_gallery_video_type&quot;:null,&quot;premium_gallery_video_url&quot;:null,&quot;premium_gallery_video_self&quot;:null,&quot;premium_gallery_video_self_url&quot;:null,&quot;premium_gallery_video_controls&quot;:null,&quot;premium_gallery_video_mute&quot;:null,&quot;premium_gallery_video_loop&quot;:null,&quot;download_button&quot;:null,&quot;privacy_mode&quot;:null,&quot;premmium_gallery_img_info&quot;:&quot;&quot;,&quot;premium_gallery_img_link_type&quot;:&quot;url&quot;,&quot;premium_gallery_img_existing&quot;:null,&quot;premium_gallery_link_whole&quot;:&quot;&quot;,&quot;premium_gallery_lightbox_whole&quot;:&quot;&quot;},{&quot;premium_gallery_img&quot;:{&quot;url&quot;:&quot;https:\\\/\\\/ideasdesign.ch\\\/wp-content\\\/uploads\\\/2020\\\/11\\\/Mariage-de-Celeste-et-Philippe.jpg&quot;,&quot;id&quot;:820,&quot;size&quot;:&quot;&quot;},&quot;premium_gallery_img_name&quot;:&quot;Mariage C\\u00e9leste et Philippe&quot;,&quot;premium_gallery_img_link_switch&quot;:&quot;yes&quot;,&quot;premium_gallery_img_link&quot;:{&quot;url&quot;:&quot;https:\\\/\\\/mariage.ideasdesign.ch\\\/&quot;,&quot;is_external&quot;:&quot;on&quot;,&quot;nofollow&quot;:&quot;&quot;,&quot;custom_attributes&quot;:&quot;&quot;},&quot;premium_gallery_img_alt&quot;:&quot;&quot;,&quot;premium_gallery_image_width&quot;:&quot;50%&quot;,&quot;premium_gallery_image_width_tablet&quot;:&quot;100%&quot;,&quot;premium_gallery_image_width_mobile&quot;:&quot;100%&quot;,&quot;premium_gallery_img_desc&quot;:&quot;--------&lt;\\\/br&gt;\\nResponsive website created in 2020, in memory of their wedding on September 10, 2020. All the photos on the site have been retouched and checked by me.\\n&lt;\\\/br&gt;\\n--------&lt;\\\/br&gt;\\nwww.mariage.ideasdesign.ch&quot;,&quot;premium_gallery_img_category&quot;:&quot;Web&quot;,&quot;_id&quot;:&quot;d8e3eb1&quot;,&quot;premium_gallery_image_cell&quot;:{&quot;unit&quot;:&quot;px&quot;,&quot;size&quot;:4,&quot;sizes&quot;:[]},&quot;premium_gallery_image_cell_tablet&quot;:{&quot;unit&quot;:&quot;px&quot;,&quot;size&quot;:&quot;&quot;,&quot;sizes&quot;:[]},&quot;premium_gallery_image_cell_mobile&quot;:{&quot;unit&quot;:&quot;px&quot;,&quot;size&quot;:&quot;&quot;,&quot;sizes&quot;:[]},&quot;premium_gallery_image_vcell&quot;:{&quot;unit&quot;:&quot;px&quot;,&quot;size&quot;:4,&quot;sizes&quot;:[]},&quot;premium_gallery_image_vcell_tablet&quot;:{&quot;unit&quot;:&quot;px&quot;,&quot;size&quot;:&quot;&quot;,&quot;sizes&quot;:[]},&quot;premium_gallery_image_vcell_mobile&quot;:{&quot;unit&quot;:&quot;px&quot;,&quot;size&quot;:&quot;&quot;,&quot;sizes&quot;:[]},&quot;premium_gallery_video&quot;:&quot;&quot;,&quot;premium_gallery_video_type&quot;:null,&quot;premium_gallery_video_url&quot;:null,&quot;premium_gallery_video_self&quot;:null,&quot;premium_gallery_video_self_url&quot;:null,&quot;premium_gallery_video_controls&quot;:null,&quot;premium_gallery_video_mute&quot;:null,&quot;premium_gallery_video_loop&quot;:null,&quot;download_button&quot;:null,&quot;privacy_mode&quot;:null,&quot;premmium_gallery_img_info&quot;:&quot;&quot;,&quot;premium_gallery_img_link_type&quot;:&quot;url&quot;,&quot;premium_gallery_img_existing&quot;:null,&quot;premium_gallery_link_whole&quot;:&quot;&quot;,&quot;premium_gallery_lightbox_whole&quot;:&quot;&quot;},{&quot;premium_gallery_img&quot;:{&quot;url&quot;:&quot;https:\\\/\\\/ideasdesign.ch\\\/wp-content\\\/uploads\\\/2020\\\/11\\\/pompiers.jpg&quot;,&quot;id&quot;:812,&quot;size&quot;:&quot;&quot;},&quot;premium_gallery_img_name&quot;:&quot;Calendrier des Sapeur-Pompiers&quot;,&quot;premium_gallery_img_link_switch&quot;:&quot;yes&quot;,&quot;premium_gallery_img_link&quot;:{&quot;url&quot;:&quot;https:\\\/\\\/calendrierpompier-gva.ch\\\/&quot;,&quot;is_external&quot;:&quot;on&quot;,&quot;nofollow&quot;:&quot;&quot;,&quot;custom_attributes&quot;:&quot;&quot;},&quot;premium_gallery_img_alt&quot;:&quot;&quot;,&quot;premium_gallery_image_width&quot;:&quot;50%&quot;,&quot;premium_gallery_image_width_tablet&quot;:&quot;100%&quot;,&quot;premium_gallery_image_width_mobile&quot;:&quot;100%&quot;,&quot;premium_gallery_img_desc&quot;:&quot;--------&lt;\\\/br&gt;\\nMandated in 2019, I created a site for the Sport Group of the Fire and Rescue Service of the city of Geneva, so that firefighters can sell their famous calendar online.\\n&lt;\\\/br&gt;\\n--------&lt;\\\/br&gt;\\ncalendrierpompier-gva.ch&quot;,&quot;premium_gallery_img_category&quot;:&quot;Web&quot;,&quot;_id&quot;:&quot;844785c&quot;,&quot;premium_gallery_image_cell&quot;:{&quot;unit&quot;:&quot;px&quot;,&quot;size&quot;:4,&quot;sizes&quot;:[]},&quot;premium_gallery_image_cell_tablet&quot;:{&quot;unit&quot;:&quot;px&quot;,&quot;size&quot;:&quot;&quot;,&quot;sizes&quot;:[]},&quot;premium_gallery_image_cell_mobile&quot;:{&quot;unit&quot;:&quot;px&quot;,&quot;size&quot;:&quot;&quot;,&quot;sizes&quot;:[]},&quot;premium_gallery_image_vcell&quot;:{&quot;unit&quot;:&quot;px&quot;,&quot;size&quot;:4,&quot;sizes&quot;:[]},&quot;premium_gallery_image_vcell_tablet&quot;:{&quot;unit&quot;:&quot;px&quot;,&quot;size&quot;:&quot;&quot;,&quot;sizes&quot;:[]},&quot;premium_gallery_image_vcell_mobile&quot;:{&quot;unit&quot;:&quot;px&quot;,&quot;size&quot;:&quot;&quot;,&quot;sizes&quot;:[]},&quot;premium_gallery_video&quot;:&quot;&quot;,&quot;premium_gallery_video_type&quot;:null,&quot;premium_gallery_video_url&quot;:null,&quot;premium_gallery_video_self&quot;:null,&quot;premium_gallery_video_self_url&quot;:null,&quot;premium_gallery_video_controls&quot;:null,&quot;premium_gallery_video_mute&quot;:null,&quot;premium_gallery_video_loop&quot;:null,&quot;download_button&quot;:null,&quot;privacy_mode&quot;:null,&quot;premmium_gallery_img_info&quot;:&quot;&quot;,&quot;premium_gallery_img_link_type&quot;:&quot;url&quot;,&quot;premium_gallery_img_existing&quot;:null,&quot;premium_gallery_link_whole&quot;:&quot;&quot;,&quot;premium_gallery_lightbox_whole&quot;:&quot;&quot;},{&quot;premium_gallery_img&quot;:{&quot;url&quot;:&quot;https:\\\/\\\/ideasdesign.ch\\\/wp-content\\\/uploads\\\/2020\\\/11\\\/hernandez-peinture-web.jpg&quot;,&quot;id&quot;:646,&quot;size&quot;:&quot;&quot;},&quot;premium_gallery_img_name&quot;:&quot;Hernandez Peinture&quot;,&quot;premium_gallery_img_link_switch&quot;:&quot;yes&quot;,&quot;premium_gallery_img_link&quot;:{&quot;url&quot;:&quot;https:\\\/\\\/hernandezpeinture.ch\\\/&quot;,&quot;is_external&quot;:&quot;on&quot;,&quot;nofollow&quot;:&quot;&quot;,&quot;custom_attributes&quot;:&quot;&quot;},&quot;premium_gallery_img_alt&quot;:&quot;&quot;,&quot;premium_gallery_image_width&quot;:&quot;50%&quot;,&quot;premium_gallery_image_width_tablet&quot;:&quot;100%&quot;,&quot;premium_gallery_image_width_mobile&quot;:&quot;100%&quot;,&quot;premium_gallery_img_desc&quot;:&quot;--------&lt;\\\/br&gt;\\nI was mandated by Mr Hernandez to create his new reponsive website, in 2018. Hernandez Peinture is a renovation company in Geneva.\\n&lt;\\\/br&gt;\\n--------&lt;\\\/br&gt;\\nwww.hernandezpeinture.ch&quot;,&quot;premium_gallery_img_category&quot;:&quot;Web&quot;,&quot;_id&quot;:&quot;d3b3413&quot;,&quot;premium_gallery_image_cell&quot;:{&quot;unit&quot;:&quot;px&quot;,&quot;size&quot;:4,&quot;sizes&quot;:[]},&quot;premium_gallery_image_cell_tablet&quot;:{&quot;unit&quot;:&quot;px&quot;,&quot;size&quot;:&quot;&quot;,&quot;sizes&quot;:[]},&quot;premium_gallery_image_cell_mobile&quot;:{&quot;unit&quot;:&quot;px&quot;,&quot;size&quot;:&quot;&quot;,&quot;sizes&quot;:[]},&quot;premium_gallery_image_vcell&quot;:{&quot;unit&quot;:&quot;px&quot;,&quot;size&quot;:4,&quot;sizes&quot;:[]},&quot;premium_gallery_image_vcell_tablet&quot;:{&quot;unit&quot;:&quot;px&quot;,&quot;size&quot;:&quot;&quot;,&quot;sizes&quot;:[]},&quot;premium_gallery_image_vcell_mobile&quot;:{&quot;unit&quot;:&quot;px&quot;,&quot;size&quot;:&quot;&quot;,&quot;sizes&quot;:[]},&quot;premium_gallery_video&quot;:&quot;&quot;,&quot;premium_gallery_video_type&quot;:null,&quot;premium_gallery_video_url&quot;:null,&quot;premium_gallery_video_self&quot;:null,&quot;premium_gallery_video_self_url&quot;:null,&quot;premium_gallery_video_controls&quot;:null,&quot;premium_gallery_video_mute&quot;:null,&quot;premium_gallery_video_loop&quot;:null,&quot;download_button&quot;:null,&quot;privacy_mode&quot;:null,&quot;premmium_gallery_img_info&quot;:&quot;&quot;,&quot;premium_gallery_img_link_type&quot;:&quot;url&quot;,&quot;premium_gallery_img_existing&quot;:null,&quot;premium_gallery_link_whole&quot;:&quot;&quot;,&quot;premium_gallery_lightbox_whole&quot;:&quot;&quot;},{&quot;premium_gallery_img&quot;:{&quot;url&quot;:&quot;https:\\\/\\\/ideasdesign.ch\\\/wp-content\\\/uploads\\\/2020\\\/11\\\/device_iframes.jpg&quot;,&quot;id&quot;:639,&quot;size&quot;:&quot;&quot;},&quot;premium_gallery_img_name&quot;:&quot;Iframe banners tool&quot;,&quot;premium_gallery_img_link_switch&quot;:&quot;yes&quot;,&quot;premium_gallery_img_link&quot;:{&quot;url&quot;:&quot;http:\\\/\\\/www.camspower.com&quot;,&quot;is_external&quot;:&quot;on&quot;,&quot;nofollow&quot;:&quot;&quot;,&quot;custom_attributes&quot;:&quot;&quot;},&quot;premium_gallery_img_alt&quot;:&quot;&quot;,&quot;premium_gallery_image_width&quot;:&quot;50%&quot;,&quot;premium_gallery_image_width_tablet&quot;:&quot;100%&quot;,&quot;premium_gallery_image_width_mobile&quot;:&quot;100%&quot;,&quot;premium_gallery_img_desc&quot;:&quot;--------&lt;\\\/br&gt;\\nThis is an emailing kit presentation of a new tool to promote Iframe banners that can be used to improve the click rate on the sites of affiliates of the Camspower site.\\n&lt;\\\/br&gt;\\n--------&lt;\\\/br&gt;\\nwww.camspower.com&quot;,&quot;premium_gallery_img_category&quot;:&quot;Web&quot;,&quot;_id&quot;:&quot;436a14e&quot;,&quot;premium_gallery_image_cell&quot;:{&quot;unit&quot;:&quot;px&quot;,&quot;size&quot;:4,&quot;sizes&quot;:[]},&quot;premium_gallery_image_cell_tablet&quot;:{&quot;unit&quot;:&quot;px&quot;,&quot;size&quot;:&quot;&quot;,&quot;sizes&quot;:[]},&quot;premium_gallery_image_cell_mobile&quot;:{&quot;unit&quot;:&quot;px&quot;,&quot;size&quot;:&quot;&quot;,&quot;sizes&quot;:[]},&quot;premium_gallery_image_vcell&quot;:{&quot;unit&quot;:&quot;px&quot;,&quot;size&quot;:4,&quot;sizes&quot;:[]},&quot;premium_gallery_image_vcell_tablet&quot;:{&quot;unit&quot;:&quot;px&quot;,&quot;size&quot;:&quot;&quot;,&quot;sizes&quot;:[]},&quot;premium_gallery_image_vcell_mobile&quot;:{&quot;unit&quot;:&quot;px&quot;,&quot;size&quot;:&quot;&quot;,&quot;sizes&quot;:[]},&quot;premium_gallery_video&quot;:&quot;&quot;,&quot;premium_gallery_video_type&quot;:null,&quot;premium_gallery_video_url&quot;:null,&quot;premium_gallery_video_self&quot;:null,&quot;premium_gallery_video_self_url&quot;:null,&quot;premium_gallery_video_controls&quot;:null,&quot;premium_gallery_video_mute&quot;:null,&quot;premium_gallery_video_loop&quot;:null,&quot;download_button&quot;:null,&quot;privacy_mode&quot;:null,&quot;premmium_gallery_img_info&quot;:&quot;&quot;,&quot;premium_gallery_img_link_type&quot;:&quot;url&quot;,&quot;premium_gallery_img_existing&quot;:null,&quot;premium_gallery_link_whole&quot;:&quot;&quot;,&quot;premium_gallery_lightbox_whole&quot;:&quot;&quot;},{&quot;premium_gallery_img&quot;:{&quot;url&quot;:&quot;https:\\\/\\\/ideasdesign.ch\\\/wp-content\\\/uploads\\\/2020\\\/11\\\/3D_colonne.jpg&quot;,&quot;id&quot;:637,&quot;size&quot;:&quot;&quot;},&quot;premium_gallery_img_name&quot;:&quot;The Throne Room&quot;,&quot;premium_gallery_img_link_switch&quot;:&quot;yes&quot;,&quot;premium_gallery_img_link&quot;:{&quot;url&quot;:&quot;&quot;,&quot;is_external&quot;:&quot;on&quot;,&quot;nofollow&quot;:&quot;&quot;,&quot;custom_attributes&quot;:&quot;&quot;},&quot;premium_gallery_img_alt&quot;:&quot;&quot;,&quot;premium_gallery_image_width&quot;:&quot;50%&quot;,&quot;premium_gallery_image_width_tablet&quot;:&quot;100%&quot;,&quot;premium_gallery_image_width_mobile&quot;:&quot;100%&quot;,&quot;premium_gallery_img_desc&quot;:&quot;--------&lt;\\\/br&gt;\\nThis is my first 3D realization using the software MAYA, in 2010 during my apprenticeship at the school of applied arts of Geneva.&quot;,&quot;premium_gallery_img_category&quot;:&quot;Web&quot;,&quot;_id&quot;:&quot;e4e29e2&quot;,&quot;premium_gallery_image_cell&quot;:{&quot;unit&quot;:&quot;px&quot;,&quot;size&quot;:4,&quot;sizes&quot;:[]},&quot;premium_gallery_image_cell_tablet&quot;:{&quot;unit&quot;:&quot;px&quot;,&quot;size&quot;:&quot;&quot;,&quot;sizes&quot;:[]},&quot;premium_gallery_image_cell_mobile&quot;:{&quot;unit&quot;:&quot;px&quot;,&quot;size&quot;:&quot;&quot;,&quot;sizes&quot;:[]},&quot;premium_gallery_image_vcell&quot;:{&quot;unit&quot;:&quot;px&quot;,&quot;size&quot;:4,&quot;sizes&quot;:[]},&quot;premium_gallery_image_vcell_tablet&quot;:{&quot;unit&quot;:&quot;px&quot;,&quot;size&quot;:&quot;&quot;,&quot;sizes&quot;:[]},&quot;premium_gallery_image_vcell_mobile&quot;:{&quot;unit&quot;:&quot;px&quot;,&quot;size&quot;:&quot;&quot;,&quot;sizes&quot;:[]},&quot;premium_gallery_video&quot;:&quot;&quot;,&quot;premium_gallery_video_type&quot;:null,&quot;premium_gallery_video_url&quot;:null,&quot;premium_gallery_video_self&quot;:null,&quot;premium_gallery_video_self_url&quot;:null,&quot;premium_gallery_video_controls&quot;:null,&quot;premium_gallery_video_mute&quot;:null,&quot;premium_gallery_video_loop&quot;:null,&quot;download_button&quot;:null,&quot;privacy_mode&quot;:null,&quot;premmium_gallery_img_info&quot;:&quot;&quot;,&quot;premium_gallery_img_link_type&quot;:&quot;url&quot;,&quot;premium_gallery_img_existing&quot;:null,&quot;premium_gallery_link_whole&quot;:&quot;&quot;,&quot;premium_gallery_lightbox_whole&quot;:&quot;&quot;},{&quot;premium_gallery_img&quot;:{&quot;url&quot;:&quot;https:\\\/\\\/ideasdesign.ch\\\/wp-content\\\/uploads\\\/2020\\\/11\\\/thomias_concept.jpg&quot;,&quot;id&quot;:701,&quot;size&quot;:&quot;&quot;},&quot;premium_gallery_img_name&quot;:&quot;Thomias Concept Communication&quot;,&quot;premium_gallery_img_link_switch&quot;:&quot;yes&quot;,&quot;premium_gallery_img_link&quot;:{&quot;url&quot;:&quot;https:\\\/\\\/www.thomiasconcept.com\\\/&quot;,&quot;is_external&quot;:&quot;on&quot;,&quot;nofollow&quot;:&quot;&quot;,&quot;custom_attributes&quot;:&quot;&quot;},&quot;premium_gallery_img_alt&quot;:&quot;&quot;,&quot;premium_gallery_image_width&quot;:&quot;50%&quot;,&quot;premium_gallery_image_width_tablet&quot;:&quot;100%&quot;,&quot;premium_gallery_image_width_mobile&quot;:&quot;100%&quot;,&quot;premium_gallery_img_desc&quot;:&quot;--------&lt;\\\/br&gt;\\nI was mandated in 2017 by Mrs. Diana Thomias Leduc for the creation of her new responsive and multilingual website. ThomiasConcept Communication is a Geneva-based company specializing in communication.\\n&lt;\\\/br&gt;\\n--------&lt;\\\/br&gt;\\nwww.thomiasconcept.com&quot;,&quot;premium_gallery_img_category&quot;:&quot;Web&quot;,&quot;_id&quot;:&quot;13fa5c1&quot;,&quot;premium_gallery_image_cell&quot;:{&quot;unit&quot;:&quot;px&quot;,&quot;size&quot;:4,&quot;sizes&quot;:[]},&quot;premium_gallery_image_cell_tablet&quot;:{&quot;unit&quot;:&quot;px&quot;,&quot;size&quot;:&quot;&quot;,&quot;sizes&quot;:[]},&quot;premium_gallery_image_cell_mobile&quot;:{&quot;unit&quot;:&quot;px&quot;,&quot;size&quot;:&quot;&quot;,&quot;sizes&quot;:[]},&quot;premium_gallery_image_vcell&quot;:{&quot;unit&quot;:&quot;px&quot;,&quot;size&quot;:4,&quot;sizes&quot;:[]},&quot;premium_gallery_image_vcell_tablet&quot;:{&quot;unit&quot;:&quot;px&quot;,&quot;size&quot;:&quot;&quot;,&quot;sizes&quot;:[]},&quot;premium_gallery_image_vcell_mobile&quot;:{&quot;unit&quot;:&quot;px&quot;,&quot;size&quot;:&quot;&quot;,&quot;sizes&quot;:[]},&quot;premium_gallery_video&quot;:&quot;&quot;,&quot;premium_gallery_video_type&quot;:null,&quot;premium_gallery_video_url&quot;:null,&quot;premium_gallery_video_self&quot;:null,&quot;premium_gallery_video_self_url&quot;:null,&quot;premium_gallery_video_controls&quot;:null,&quot;premium_gallery_video_mute&quot;:null,&quot;premium_gallery_video_loop&quot;:null,&quot;download_button&quot;:null,&quot;privacy_mode&quot;:null,&quot;premmium_gallery_img_info&quot;:&quot;&quot;,&quot;premium_gallery_img_link_type&quot;:&quot;url&quot;,&quot;premium_gallery_img_existing&quot;:null,&quot;premium_gallery_link_whole&quot;:&quot;&quot;,&quot;premium_gallery_lightbox_whole&quot;:&quot;&quot;},{&quot;premium_gallery_img&quot;:{&quot;url&quot;:&quot;https:\\\/\\\/ideasdesign.ch\\\/wp-content\\\/uploads\\\/2020\\\/11\\\/devices_weflirt-scaled.jpg&quot;,&quot;id&quot;:641,&quot;size&quot;:&quot;&quot;},&quot;premium_gallery_img_name&quot;:&quot;Weflirt&quot;,&quot;premium_gallery_img_link_switch&quot;:&quot;yes&quot;,&quot;premium_gallery_img_link&quot;:{&quot;url&quot;:&quot;&quot;,&quot;is_external&quot;:&quot;on&quot;,&quot;nofollow&quot;:&quot;&quot;,&quot;custom_attributes&quot;:&quot;&quot;},&quot;premium_gallery_img_alt&quot;:&quot;&quot;,&quot;premium_gallery_image_width&quot;:&quot;50%&quot;,&quot;premium_gallery_image_width_tablet&quot;:&quot;100%&quot;,&quot;premium_gallery_image_width_mobile&quot;:&quot;100%&quot;,&quot;premium_gallery_img_desc&quot;:&quot;--------&lt;\\\/br&gt;\\nWeflirt is a French dating responsive website inspired by the concept of Tinder, and created in 2016. Men and women meet by geolocation their position, and can talk with a chat. The Weflirt application is a project in progress.\\n&lt;\\\/br&gt;\\n--------&lt;\\\/br&gt;\\nThe site is currently no longer online&quot;,&quot;premium_gallery_img_category&quot;:&quot;Web&quot;,&quot;_id&quot;:&quot;cba593a&quot;,&quot;premium_gallery_image_cell&quot;:{&quot;unit&quot;:&quot;px&quot;,&quot;size&quot;:4,&quot;sizes&quot;:[]},&quot;premium_gallery_image_cell_tablet&quot;:{&quot;unit&quot;:&quot;px&quot;,&quot;size&quot;:&quot;&quot;,&quot;sizes&quot;:[]},&quot;premium_gallery_image_cell_mobile&quot;:{&quot;unit&quot;:&quot;px&quot;,&quot;size&quot;:&quot;&quot;,&quot;sizes&quot;:[]},&quot;premium_gallery_image_vcell&quot;:{&quot;unit&quot;:&quot;px&quot;,&quot;size&quot;:4,&quot;sizes&quot;:[]},&quot;premium_gallery_image_vcell_tablet&quot;:{&quot;unit&quot;:&quot;px&quot;,&quot;size&quot;:&quot;&quot;,&quot;sizes&quot;:[]},&quot;premium_gallery_image_vcell_mobile&quot;:{&quot;unit&quot;:&quot;px&quot;,&quot;size&quot;:&quot;&quot;,&quot;sizes&quot;:[]},&quot;premium_gallery_video&quot;:&quot;&quot;,&quot;premium_gallery_video_type&quot;:null,&quot;premium_gallery_video_url&quot;:null,&quot;premium_gallery_video_self&quot;:null,&quot;premium_gallery_video_self_url&quot;:null,&quot;premium_gallery_video_controls&quot;:null,&quot;premium_gallery_video_mute&quot;:null,&quot;premium_gallery_video_loop&quot;:null,&quot;download_button&quot;:null,&quot;privacy_mode&quot;:null,&quot;premmium_gallery_img_info&quot;:&quot;&quot;,&quot;premium_gallery_img_link_type&quot;:&quot;url&quot;,&quot;premium_gallery_img_existing&quot;:null,&quot;premium_gallery_link_whole&quot;:&quot;&quot;,&quot;premium_gallery_lightbox_whole&quot;:&quot;&quot;},{&quot;premium_gallery_img&quot;:{&quot;url&quot;:&quot;https:\\\/\\\/ideasdesign.ch\\\/wp-content\\\/uploads\\\/2020\\\/11\\\/devices_recovery-1024x1024-1.jpg&quot;,&quot;id&quot;:644,&quot;size&quot;:&quot;&quot;},&quot;premium_gallery_img_name&quot;:&quot;Recovery Band&quot;,&quot;premium_gallery_img_link_switch&quot;:&quot;yes&quot;,&quot;premium_gallery_img_link&quot;:{&quot;url&quot;:&quot;https:\\\/\\\/recovery-band.ch\\\/&quot;,&quot;is_external&quot;:&quot;on&quot;,&quot;nofollow&quot;:&quot;&quot;,&quot;custom_attributes&quot;:&quot;&quot;},&quot;premium_gallery_img_alt&quot;:&quot;&quot;,&quot;premium_gallery_image_width&quot;:&quot;50%&quot;,&quot;premium_gallery_image_width_tablet&quot;:&quot;100%&quot;,&quot;premium_gallery_image_width_mobile&quot;:&quot;100%&quot;,&quot;premium_gallery_img_desc&quot;:&quot;--------&lt;\\\/br&gt;\\nI was mandated in 2017 by Mr. Philippe Zuffery, member of the Swiss Band Recovery for the creation of his new responsive and multilanguage website. Recovery consists of four musicians from complementary musical universes and form a group of pop-rock covers based in Geneva who will be happy to enrich your future events.\\n&lt;\\\/br&gt;\\n--------&lt;\\\/br&gt;\\nwww.recovery-band.ch&quot;,&quot;premium_gallery_img_category&quot;:&quot;Web&quot;,&quot;_id&quot;:&quot;8586c34&quot;,&quot;premium_gallery_image_cell&quot;:{&quot;unit&quot;:&quot;px&quot;,&quot;size&quot;:4,&quot;sizes&quot;:[]},&quot;premium_gallery_image_cell_tablet&quot;:{&quot;unit&quot;:&quot;px&quot;,&quot;size&quot;:&quot;&quot;,&quot;sizes&quot;:[]},&quot;premium_gallery_image_cell_mobile&quot;:{&quot;unit&quot;:&quot;px&quot;,&quot;size&quot;:&quot;&quot;,&quot;sizes&quot;:[]},&quot;premium_gallery_image_vcell&quot;:{&quot;unit&quot;:&quot;px&quot;,&quot;size&quot;:4,&quot;sizes&quot;:[]},&quot;premium_gallery_image_vcell_tablet&quot;:{&quot;unit&quot;:&quot;px&quot;,&quot;size&quot;:&quot;&quot;,&quot;sizes&quot;:[]},&quot;premium_gallery_image_vcell_mobile&quot;:{&quot;unit&quot;:&quot;px&quot;,&quot;size&quot;:&quot;&quot;,&quot;sizes&quot;:[]},&quot;premium_gallery_video&quot;:&quot;&quot;,&quot;premium_gallery_video_type&quot;:null,&quot;premium_gallery_video_url&quot;:null,&quot;premium_gallery_video_self&quot;:null,&quot;premium_gallery_video_self_url&quot;:null,&quot;premium_gallery_video_controls&quot;:null,&quot;premium_gallery_video_mute&quot;:null,&quot;premium_gallery_video_loop&quot;:null,&quot;download_button&quot;:null,&quot;privacy_mode&quot;:null,&quot;premmium_gallery_img_info&quot;:&quot;&quot;,&quot;premium_gallery_img_link_type&quot;:&quot;url&quot;,&quot;premium_gallery_img_existing&quot;:null,&quot;premium_gallery_link_whole&quot;:&quot;&quot;,&quot;premium_gallery_lightbox_whole&quot;:&quot;&quot;},{&quot;premium_gallery_img&quot;:{&quot;url&quot;:&quot;https:\\\/\\\/ideasdesign.ch\\\/wp-content\\\/uploads\\\/2020\\\/11\\\/pdv1-1-1024x1024-1.png&quot;,&quot;id&quot;:647,&quot;size&quot;:&quot;&quot;},&quot;premium_gallery_img_name&quot;:&quot;Party Project&quot;,&quot;premium_gallery_img_link_switch&quot;:&quot;yes&quot;,&quot;premium_gallery_img_link&quot;:{&quot;url&quot;:&quot;&quot;,&quot;is_external&quot;:&quot;on&quot;,&quot;nofollow&quot;:&quot;&quot;,&quot;custom_attributes&quot;:&quot;&quot;},&quot;premium_gallery_img_alt&quot;:&quot;&quot;,&quot;premium_gallery_image_width&quot;:&quot;50%&quot;,&quot;premium_gallery_image_width_tablet&quot;:&quot;100%&quot;,&quot;premium_gallery_image_width_mobile&quot;:&quot;100%&quot;,&quot;premium_gallery_img_desc&quot;:&quot;--------&lt;\\\/br&gt;\\nMandated by the association Party Project of Geneva, in 2016, I realized their site, their logo, their flyer and posters, as well as various campaigns on the social networks. Party Project is a non-profit organization offering a full service organization of events for private or company. Party Project is collaborating with many music bands, DJ&#039;s and artists available to its customers.\\n&lt;\\\/br&gt;\\n--------&lt;\\\/br&gt;\\nThe site is currently no longer online&quot;,&quot;premium_gallery_img_category&quot;:&quot;Web&quot;,&quot;_id&quot;:&quot;5e9541c&quot;,&quot;premium_gallery_image_cell&quot;:{&quot;unit&quot;:&quot;px&quot;,&quot;size&quot;:4,&quot;sizes&quot;:[]},&quot;premium_gallery_image_cell_tablet&quot;:{&quot;unit&quot;:&quot;px&quot;,&quot;size&quot;:&quot;&quot;,&quot;sizes&quot;:[]},&quot;premium_gallery_image_cell_mobile&quot;:{&quot;unit&quot;:&quot;px&quot;,&quot;size&quot;:&quot;&quot;,&quot;sizes&quot;:[]},&quot;premium_gallery_image_vcell&quot;:{&quot;unit&quot;:&quot;px&quot;,&quot;size&quot;:4,&quot;sizes&quot;:[]},&quot;premium_gallery_image_vcell_tablet&quot;:{&quot;unit&quot;:&quot;px&quot;,&quot;size&quot;:&quot;&quot;,&quot;sizes&quot;:[]},&quot;premium_gallery_image_vcell_mobile&quot;:{&quot;unit&quot;:&quot;px&quot;,&quot;size&quot;:&quot;&quot;,&quot;sizes&quot;:[]},&quot;premium_gallery_video&quot;:&quot;&quot;,&quot;premium_gallery_video_type&quot;:null,&quot;premium_gallery_video_url&quot;:null,&quot;premium_gallery_video_self&quot;:null,&quot;premium_gallery_video_self_url&quot;:null,&quot;premium_gallery_video_controls&quot;:null,&quot;premium_gallery_video_mute&quot;:null,&quot;premium_gallery_video_loop&quot;:null,&quot;download_button&quot;:null,&quot;privacy_mode&quot;:null,&quot;premmium_gallery_img_info&quot;:&quot;&quot;,&quot;premium_gallery_img_link_type&quot;:&quot;url&quot;,&quot;premium_gallery_img_existing&quot;:null,&quot;premium_gallery_link_whole&quot;:&quot;&quot;,&quot;premium_gallery_lightbox_whole&quot;:&quot;&quot;},{&quot;premium_gallery_img&quot;:{&quot;url&quot;:&quot;https:\\\/\\\/ideasdesign.ch\\\/wp-content\\\/uploads\\\/2020\\\/11\\\/pp_fb-1024x1024-1.png&quot;,&quot;id&quot;:763,&quot;size&quot;:&quot;&quot;},&quot;premium_gallery_img_name&quot;:&quot;Banner Party Project&quot;,&quot;premium_gallery_img_link_switch&quot;:&quot;yes&quot;,&quot;premium_gallery_img_link&quot;:{&quot;url&quot;:&quot;&quot;,&quot;is_external&quot;:&quot;on&quot;,&quot;nofollow&quot;:&quot;&quot;,&quot;custom_attributes&quot;:&quot;&quot;},&quot;premium_gallery_img_alt&quot;:&quot;&quot;,&quot;premium_gallery_image_width&quot;:&quot;50%&quot;,&quot;premium_gallery_image_width_tablet&quot;:&quot;100%&quot;,&quot;premium_gallery_image_width_mobile&quot;:&quot;100%&quot;,&quot;premium_gallery_img_desc&quot;:&quot;--------&lt;\\\/br&gt;\\nMandated by the association Party Project of Geneva, I realized their site, their logo, their flyer and posters, as well as various campaigns on the social networks. Party Project is a non-profit organization offering a full service organization of events for private or company. Party Project is collaborating with a large number of music bands, DJ&#039;s, graphic artists and artists available to its customers.&quot;,&quot;premium_gallery_img_category&quot;:&quot;Web&quot;,&quot;_id&quot;:&quot;f9fe462&quot;,&quot;premium_gallery_image_cell&quot;:{&quot;unit&quot;:&quot;px&quot;,&quot;size&quot;:4,&quot;sizes&quot;:[]},&quot;premium_gallery_image_cell_tablet&quot;:{&quot;unit&quot;:&quot;px&quot;,&quot;size&quot;:&quot;&quot;,&quot;sizes&quot;:[]},&quot;premium_gallery_image_cell_mobile&quot;:{&quot;unit&quot;:&quot;px&quot;,&quot;size&quot;:&quot;&quot;,&quot;sizes&quot;:[]},&quot;premium_gallery_image_vcell&quot;:{&quot;unit&quot;:&quot;px&quot;,&quot;size&quot;:4,&quot;sizes&quot;:[]},&quot;premium_gallery_image_vcell_tablet&quot;:{&quot;unit&quot;:&quot;px&quot;,&quot;size&quot;:&quot;&quot;,&quot;sizes&quot;:[]},&quot;premium_gallery_image_vcell_mobile&quot;:{&quot;unit&quot;:&quot;px&quot;,&quot;size&quot;:&quot;&quot;,&quot;sizes&quot;:[]},&quot;premium_gallery_video&quot;:&quot;&quot;,&quot;premium_gallery_video_type&quot;:null,&quot;premium_gallery_video_url&quot;:null,&quot;premium_gallery_video_self&quot;:null,&quot;premium_gallery_video_self_url&quot;:null,&quot;premium_gallery_video_controls&quot;:null,&quot;premium_gallery_video_mute&quot;:null,&quot;premium_gallery_video_loop&quot;:null,&quot;download_button&quot;:null,&quot;privacy_mode&quot;:null,&quot;premmium_gallery_img_info&quot;:&quot;&quot;,&quot;premium_gallery_img_link_type&quot;:&quot;url&quot;,&quot;premium_gallery_img_existing&quot;:null,&quot;premium_gallery_link_whole&quot;:&quot;&quot;,&quot;premium_gallery_lightbox_whole&quot;:&quot;&quot;},{&quot;premium_gallery_img&quot;:{&quot;url&quot;:&quot;https:\\\/\\\/ideasdesign.ch\\\/wp-content\\\/uploads\\\/2020\\\/11\\\/pdv2-1024x1024-1.png&quot;,&quot;id&quot;:648,&quot;size&quot;:&quot;&quot;},&quot;premium_gallery_img_name&quot;:&quot;Infid\\u00e8les Sexy&quot;,&quot;premium_gallery_img_link_switch&quot;:&quot;yes&quot;,&quot;premium_gallery_img_link&quot;:{&quot;url&quot;:&quot;http:\\\/\\\/www.x-flirt.co\\\/pdv\\\/340&quot;,&quot;is_external&quot;:&quot;on&quot;,&quot;nofollow&quot;:&quot;&quot;,&quot;custom_attributes&quot;:&quot;&quot;},&quot;premium_gallery_img_alt&quot;:&quot;&quot;,&quot;premium_gallery_image_width&quot;:&quot;50%&quot;,&quot;premium_gallery_image_width_tablet&quot;:&quot;100%&quot;,&quot;premium_gallery_image_width_mobile&quot;:&quot;100%&quot;,&quot;premium_gallery_img_desc&quot;:&quot;--------&lt;\\\/br&gt;\\nThe responsive Infid\\u00e8lesSexy website is a dating PDV (sales page) from the dating site xflirt.com, online on 2016. The Internet user married or in couple can register to make discreet encounters between infidels.\\n&lt;\\\/br&gt;\\n--------&lt;\\\/br&gt;\\nwww.x-flirt.co\\\/pdv\\\/340&quot;,&quot;premium_gallery_img_category&quot;:&quot;Web&quot;,&quot;_id&quot;:&quot;2d3d3da&quot;,&quot;premium_gallery_image_cell&quot;:{&quot;unit&quot;:&quot;px&quot;,&quot;size&quot;:4,&quot;sizes&quot;:[]},&quot;premium_gallery_image_cell_tablet&quot;:{&quot;unit&quot;:&quot;px&quot;,&quot;size&quot;:&quot;&quot;,&quot;sizes&quot;:[]},&quot;premium_gallery_image_cell_mobile&quot;:{&quot;unit&quot;:&quot;px&quot;,&quot;size&quot;:&quot;&quot;,&quot;sizes&quot;:[]},&quot;premium_gallery_image_vcell&quot;:{&quot;unit&quot;:&quot;px&quot;,&quot;size&quot;:4,&quot;sizes&quot;:[]},&quot;premium_gallery_image_vcell_tablet&quot;:{&quot;unit&quot;:&quot;px&quot;,&quot;size&quot;:&quot;&quot;,&quot;sizes&quot;:[]},&quot;premium_gallery_image_vcell_mobile&quot;:{&quot;unit&quot;:&quot;px&quot;,&quot;size&quot;:&quot;&quot;,&quot;sizes&quot;:[]},&quot;premium_gallery_video&quot;:&quot;&quot;,&quot;premium_gallery_video_type&quot;:null,&quot;premium_gallery_video_url&quot;:null,&quot;premium_gallery_video_self&quot;:null,&quot;premium_gallery_video_self_url&quot;:null,&quot;premium_gallery_video_controls&quot;:null,&quot;premium_gallery_video_mute&quot;:null,&quot;premium_gallery_video_loop&quot;:null,&quot;download_button&quot;:null,&quot;privacy_mode&quot;:null,&quot;premmium_gallery_img_info&quot;:&quot;&quot;,&quot;premium_gallery_img_link_type&quot;:&quot;url&quot;,&quot;premium_gallery_img_existing&quot;:null,&quot;premium_gallery_link_whole&quot;:&quot;&quot;,&quot;premium_gallery_lightbox_whole&quot;:&quot;&quot;},{&quot;premium_gallery_img&quot;:{&quot;url&quot;:&quot;https:\\\/\\\/ideasdesign.ch\\\/wp-content\\\/uploads\\\/2020\\\/11\\\/devices_poke.jpg&quot;,&quot;id&quot;:640,&quot;size&quot;:&quot;&quot;},&quot;premium_gallery_img_name&quot;:&quot;Pok\\u00e9Girls&quot;,&quot;premium_gallery_img_link_switch&quot;:&quot;yes&quot;,&quot;premium_gallery_img_link&quot;:{&quot;url&quot;:&quot;http:\\\/\\\/www.x-flirt.co\\\/pdv\\\/414&quot;,&quot;is_external&quot;:&quot;on&quot;,&quot;nofollow&quot;:&quot;&quot;,&quot;custom_attributes&quot;:&quot;&quot;},&quot;premium_gallery_img_alt&quot;:&quot;&quot;,&quot;premium_gallery_image_width&quot;:&quot;50%&quot;,&quot;premium_gallery_image_width_tablet&quot;:&quot;100%&quot;,&quot;premium_gallery_image_width_mobile&quot;:&quot;100%&quot;,&quot;premium_gallery_img_desc&quot;:&quot;--------&lt;\\\/br&gt;\\nThe responsive Pok\\u00e9Girls site is a PDV (sales page) from the dating site xflirt.com, online since 2017. Pok\\u00e9Girls can be adapted to all types of media, even if it has been designed davatange for the mobile version. The surfer chosen according to his geolocation a girl and must catch him using a pok\\u00e9ball. When he has captured her, he may have her number to contact her.\\n&lt;\\\/br&gt;\\n--------&lt;\\\/br&gt;\\nwww.x-flirt.co\\\/pdv\\\/414&quot;,&quot;premium_gallery_img_category&quot;:&quot;Web&quot;,&quot;_id&quot;:&quot;4bfe24c&quot;,&quot;premium_gallery_image_cell&quot;:{&quot;unit&quot;:&quot;px&quot;,&quot;size&quot;:4,&quot;sizes&quot;:[]},&quot;premium_gallery_image_cell_tablet&quot;:{&quot;unit&quot;:&quot;px&quot;,&quot;size&quot;:&quot;&quot;,&quot;sizes&quot;:[]},&quot;premium_gallery_image_cell_mobile&quot;:{&quot;unit&quot;:&quot;px&quot;,&quot;size&quot;:&quot;&quot;,&quot;sizes&quot;:[]},&quot;premium_gallery_image_vcell&quot;:{&quot;unit&quot;:&quot;px&quot;,&quot;size&quot;:4,&quot;sizes&quot;:[]},&quot;premium_gallery_image_vcell_tablet&quot;:{&quot;unit&quot;:&quot;px&quot;,&quot;size&quot;:&quot;&quot;,&quot;sizes&quot;:[]},&quot;premium_gallery_image_vcell_mobile&quot;:{&quot;unit&quot;:&quot;px&quot;,&quot;size&quot;:&quot;&quot;,&quot;sizes&quot;:[]},&quot;premium_gallery_video&quot;:&quot;&quot;,&quot;premium_gallery_video_type&quot;:null,&quot;premium_gallery_video_url&quot;:null,&quot;premium_gallery_video_self&quot;:null,&quot;premium_gallery_video_self_url&quot;:null,&quot;premium_gallery_video_controls&quot;:null,&quot;premium_gallery_video_mute&quot;:null,&quot;premium_gallery_video_loop&quot;:null,&quot;download_button&quot;:null,&quot;privacy_mode&quot;:null,&quot;premmium_gallery_img_info&quot;:&quot;&quot;,&quot;premium_gallery_img_link_type&quot;:&quot;url&quot;,&quot;premium_gallery_img_existing&quot;:null,&quot;premium_gallery_link_whole&quot;:&quot;&quot;,&quot;premium_gallery_lightbox_whole&quot;:&quot;&quot;},{&quot;premium_gallery_img&quot;:{&quot;url&quot;:&quot;https:\\\/\\\/ideasdesign.ch\\\/wp-content\\\/uploads\\\/2020\\\/11\\\/tshirt-scaled.jpg&quot;,&quot;id&quot;:800,&quot;size&quot;:&quot;&quot;},&quot;premium_gallery_img_name&quot;:&quot;Cartoon T-shirt &quot;,&quot;premium_gallery_img_link_switch&quot;:&quot;yes&quot;,&quot;premium_gallery_img_link&quot;:{&quot;url&quot;:&quot;http:\\\/\\\/www.dagency.ch&quot;,&quot;is_external&quot;:&quot;on&quot;,&quot;nofollow&quot;:&quot;&quot;,&quot;custom_attributes&quot;:&quot;&quot;},&quot;premium_gallery_img_alt&quot;:&quot;&quot;,&quot;premium_gallery_image_width&quot;:&quot;50%&quot;,&quot;premium_gallery_image_width_tablet&quot;:&quot;100%&quot;,&quot;premium_gallery_image_width_mobile&quot;:&quot;100%&quot;,&quot;premium_gallery_img_desc&quot;:&quot;--------&lt;\\\/br&gt;\\nCreation of a t-shirt with a cartoon design for the departure gift of the general manager of the Swiss company DAgency SA. All the Director General&#039;s favorite phrases were summarized in a humorous comic strip.\\n&lt;\\\/br&gt;\\n--------&lt;\\\/br&gt;\\nwww.dagency.ch&quot;,&quot;premium_gallery_img_category&quot;:&quot;Print&quot;,&quot;_id&quot;:&quot;f7e61d6&quot;,&quot;premium_gallery_image_cell&quot;:{&quot;unit&quot;:&quot;px&quot;,&quot;size&quot;:4,&quot;sizes&quot;:[]},&quot;premium_gallery_image_cell_tablet&quot;:{&quot;unit&quot;:&quot;px&quot;,&quot;size&quot;:&quot;&quot;,&quot;sizes&quot;:[]},&quot;premium_gallery_image_cell_mobile&quot;:{&quot;unit&quot;:&quot;px&quot;,&quot;size&quot;:&quot;&quot;,&quot;sizes&quot;:[]},&quot;premium_gallery_image_vcell&quot;:{&quot;unit&quot;:&quot;px&quot;,&quot;size&quot;:4,&quot;sizes&quot;:[]},&quot;premium_gallery_image_vcell_tablet&quot;:{&quot;unit&quot;:&quot;px&quot;,&quot;size&quot;:&quot;&quot;,&quot;sizes&quot;:[]},&quot;premium_gallery_image_vcell_mobile&quot;:{&quot;unit&quot;:&quot;px&quot;,&quot;size&quot;:&quot;&quot;,&quot;sizes&quot;:[]},&quot;premium_gallery_video&quot;:&quot;&quot;,&quot;premium_gallery_video_type&quot;:null,&quot;premium_gallery_video_url&quot;:null,&quot;premium_gallery_video_self&quot;:null,&quot;premium_gallery_video_self_url&quot;:null,&quot;premium_gallery_video_controls&quot;:null,&quot;premium_gallery_video_mute&quot;:null,&quot;premium_gallery_video_loop&quot;:null,&quot;download_button&quot;:null,&quot;privacy_mode&quot;:null,&quot;premmium_gallery_img_info&quot;:&quot;&quot;,&quot;premium_gallery_img_link_type&quot;:&quot;url&quot;,&quot;premium_gallery_img_existing&quot;:null,&quot;premium_gallery_link_whole&quot;:&quot;&quot;,&quot;premium_gallery_lightbox_whole&quot;:&quot;&quot;},{&quot;premium_gallery_img&quot;:{&quot;url&quot;:&quot;https:\\\/\\\/ideasdesign.ch\\\/wp-content\\\/uploads\\\/2020\\\/11\\\/affichejournee_caritas.jpg&quot;,&quot;id&quot;:785,&quot;size&quot;:&quot;&quot;},&quot;premium_gallery_img_name&quot;:&quot;Caritas Day 2012&quot;,&quot;premium_gallery_img_link_switch&quot;:&quot;yes&quot;,&quot;premium_gallery_img_link&quot;:{&quot;url&quot;:&quot;http:\\\/\\\/www.caritasge.ch&quot;,&quot;is_external&quot;:&quot;on&quot;,&quot;nofollow&quot;:&quot;&quot;,&quot;custom_attributes&quot;:&quot;&quot;},&quot;premium_gallery_img_alt&quot;:&quot;&quot;,&quot;premium_gallery_image_width&quot;:&quot;50%&quot;,&quot;premium_gallery_image_width_tablet&quot;:&quot;100%&quot;,&quot;premium_gallery_image_width_mobile&quot;:&quot;100%&quot;,&quot;premium_gallery_img_desc&quot;:&quot;--------&lt;\\\/br&gt;\\nMandate for Caritas Geneva in 2012.\\nCaritas Geneva is a non-profit organization whose objective is to fight poverty and exclusion by providing concrete assistance to people in difficulty in the canton of Geneva.\\n&lt;\\\/br&gt;\\n--------&lt;\\\/br&gt;\\nwww.caritasge.ch&quot;,&quot;premium_gallery_img_category&quot;:&quot;Print&quot;,&quot;_id&quot;:&quot;60af497&quot;,&quot;premium_gallery_image_cell&quot;:{&quot;unit&quot;:&quot;px&quot;,&quot;size&quot;:4,&quot;sizes&quot;:[]},&quot;premium_gallery_image_cell_tablet&quot;:{&quot;unit&quot;:&quot;px&quot;,&quot;size&quot;:&quot;&quot;,&quot;sizes&quot;:[]},&quot;premium_gallery_image_cell_mobile&quot;:{&quot;unit&quot;:&quot;px&quot;,&quot;size&quot;:&quot;&quot;,&quot;sizes&quot;:[]},&quot;premium_gallery_image_vcell&quot;:{&quot;unit&quot;:&quot;px&quot;,&quot;size&quot;:4,&quot;sizes&quot;:[]},&quot;premium_gallery_image_vcell_tablet&quot;:{&quot;unit&quot;:&quot;px&quot;,&quot;size&quot;:&quot;&quot;,&quot;sizes&quot;:[]},&quot;premium_gallery_image_vcell_mobile&quot;:{&quot;unit&quot;:&quot;px&quot;,&quot;size&quot;:&quot;&quot;,&quot;sizes&quot;:[]},&quot;premium_gallery_video&quot;:&quot;&quot;,&quot;premium_gallery_video_type&quot;:null,&quot;premium_gallery_video_url&quot;:null,&quot;premium_gallery_video_self&quot;:null,&quot;premium_gallery_video_self_url&quot;:null,&quot;premium_gallery_video_controls&quot;:null,&quot;premium_gallery_video_mute&quot;:null,&quot;premium_gallery_video_loop&quot;:null,&quot;download_button&quot;:null,&quot;privacy_mode&quot;:null,&quot;premmium_gallery_img_info&quot;:&quot;&quot;,&quot;premium_gallery_img_link_type&quot;:&quot;url&quot;,&quot;premium_gallery_img_existing&quot;:null,&quot;premium_gallery_link_whole&quot;:&quot;&quot;,&quot;premium_gallery_lightbox_whole&quot;:&quot;&quot;},{&quot;premium_gallery_img&quot;:{&quot;url&quot;:&quot;https:\\\/\\\/ideasdesign.ch\\\/wp-content\\\/uploads\\\/2020\\\/11\\\/bon.png&quot;,&quot;id&quot;:809,&quot;size&quot;:&quot;&quot;},&quot;premium_gallery_img_name&quot;:&quot;Order form for Caddie Service&quot;,&quot;premium_gallery_img_link_switch&quot;:&quot;yes&quot;,&quot;premium_gallery_img_link&quot;:{&quot;url&quot;:&quot;https:\\\/\\\/www.caddie-service.ch\\\/&quot;,&quot;is_external&quot;:&quot;on&quot;,&quot;nofollow&quot;:&quot;&quot;,&quot;custom_attributes&quot;:&quot;&quot;},&quot;premium_gallery_img_alt&quot;:&quot;&quot;,&quot;premium_gallery_image_width&quot;:&quot;50%&quot;,&quot;premium_gallery_image_width_tablet&quot;:&quot;100%&quot;,&quot;premium_gallery_image_width_mobile&quot;:&quot;100%&quot;,&quot;premium_gallery_img_desc&quot;:&quot;--------&lt;\\\/br&gt;\\nMandate for the association Caddie Service in 2017 to completely change their graphic identity : logo, order form, website and campaign TPG (Geneva Public Transport). Caddy Serivce is a non-profit organization that offers a delivery service at home or office, by electric bike.\\n&lt;\\\/br&gt;\\n--------&lt;\\\/br&gt;\\nwww.caddie-service.ch&quot;,&quot;premium_gallery_img_category&quot;:&quot;Print&quot;,&quot;_id&quot;:&quot;b5bda98&quot;,&quot;premium_gallery_image_cell&quot;:{&quot;unit&quot;:&quot;px&quot;,&quot;size&quot;:4,&quot;sizes&quot;:[]},&quot;premium_gallery_image_cell_tablet&quot;:{&quot;unit&quot;:&quot;px&quot;,&quot;size&quot;:&quot;&quot;,&quot;sizes&quot;:[]},&quot;premium_gallery_image_cell_mobile&quot;:{&quot;unit&quot;:&quot;px&quot;,&quot;size&quot;:&quot;&quot;,&quot;sizes&quot;:[]},&quot;premium_gallery_image_vcell&quot;:{&quot;unit&quot;:&quot;px&quot;,&quot;size&quot;:4,&quot;sizes&quot;:[]},&quot;premium_gallery_image_vcell_tablet&quot;:{&quot;unit&quot;:&quot;px&quot;,&quot;size&quot;:&quot;&quot;,&quot;sizes&quot;:[]},&quot;premium_gallery_image_vcell_mobile&quot;:{&quot;unit&quot;:&quot;px&quot;,&quot;size&quot;:&quot;&quot;,&quot;sizes&quot;:[]},&quot;premium_gallery_video&quot;:&quot;&quot;,&quot;premium_gallery_video_type&quot;:null,&quot;premium_gallery_video_url&quot;:null,&quot;premium_gallery_video_self&quot;:null,&quot;premium_gallery_video_self_url&quot;:null,&quot;premium_gallery_video_controls&quot;:null,&quot;premium_gallery_video_mute&quot;:null,&quot;premium_gallery_video_loop&quot;:null,&quot;download_button&quot;:null,&quot;privacy_mode&quot;:null,&quot;premmium_gallery_img_info&quot;:&quot;&quot;,&quot;premium_gallery_img_link_type&quot;:&quot;url&quot;,&quot;premium_gallery_img_existing&quot;:null,&quot;premium_gallery_link_whole&quot;:&quot;&quot;,&quot;premium_gallery_lightbox_whole&quot;:&quot;&quot;},{&quot;premium_gallery_img&quot;:{&quot;url&quot;:&quot;https:\\\/\\\/ideasdesign.ch\\\/wp-content\\\/uploads\\\/2020\\\/11\\\/depliantCS-1024x1024-1.jpg&quot;,&quot;id&quot;:808,&quot;size&quot;:&quot;&quot;},&quot;premium_gallery_img_name&quot;:&quot;Caddie Service Brochure&quot;,&quot;premium_gallery_img_link_switch&quot;:&quot;yes&quot;,&quot;premium_gallery_img_link&quot;:{&quot;url&quot;:&quot;https:\\\/\\\/www.caddie-service.ch\\\/&quot;,&quot;is_external&quot;:&quot;on&quot;,&quot;nofollow&quot;:&quot;&quot;,&quot;custom_attributes&quot;:&quot;&quot;},&quot;premium_gallery_img_alt&quot;:&quot;&quot;,&quot;premium_gallery_image_width&quot;:&quot;50%&quot;,&quot;premium_gallery_image_width_tablet&quot;:&quot;100%&quot;,&quot;premium_gallery_image_width_mobile&quot;:&quot;100%&quot;,&quot;premium_gallery_img_desc&quot;:&quot;--------&lt;\\\/br&gt;\\nMandate for the association Caddie Service in 2017 to completely change their graphic identity : logo, order form, website and campaign TPG (Geneva Public Transport). Caddy Serivce is a non-profit organization that offers a delivery service at home or office, by electric bike.\\n&lt;\\\/br&gt;\\n--------&lt;\\\/br&gt;\\nwww.caddie-service.ch&quot;,&quot;premium_gallery_img_category&quot;:&quot;Print&quot;,&quot;_id&quot;:&quot;f55f29f&quot;,&quot;premium_gallery_image_cell&quot;:{&quot;unit&quot;:&quot;px&quot;,&quot;size&quot;:4,&quot;sizes&quot;:[]},&quot;premium_gallery_image_cell_tablet&quot;:{&quot;unit&quot;:&quot;px&quot;,&quot;size&quot;:&quot;&quot;,&quot;sizes&quot;:[]},&quot;premium_gallery_image_cell_mobile&quot;:{&quot;unit&quot;:&quot;px&quot;,&quot;size&quot;:&quot;&quot;,&quot;sizes&quot;:[]},&quot;premium_gallery_image_vcell&quot;:{&quot;unit&quot;:&quot;px&quot;,&quot;size&quot;:4,&quot;sizes&quot;:[]},&quot;premium_gallery_image_vcell_tablet&quot;:{&quot;unit&quot;:&quot;px&quot;,&quot;size&quot;:&quot;&quot;,&quot;sizes&quot;:[]},&quot;premium_gallery_image_vcell_mobile&quot;:{&quot;unit&quot;:&quot;px&quot;,&quot;size&quot;:&quot;&quot;,&quot;sizes&quot;:[]},&quot;premium_gallery_video&quot;:&quot;&quot;,&quot;premium_gallery_video_type&quot;:null,&quot;premium_gallery_video_url&quot;:null,&quot;premium_gallery_video_self&quot;:null,&quot;premium_gallery_video_self_url&quot;:null,&quot;premium_gallery_video_controls&quot;:null,&quot;premium_gallery_video_mute&quot;:null,&quot;premium_gallery_video_loop&quot;:null,&quot;download_button&quot;:null,&quot;privacy_mode&quot;:null,&quot;premmium_gallery_img_info&quot;:&quot;&quot;,&quot;premium_gallery_img_link_type&quot;:&quot;url&quot;,&quot;premium_gallery_img_existing&quot;:null,&quot;premium_gallery_link_whole&quot;:&quot;&quot;,&quot;premium_gallery_lightbox_whole&quot;:&quot;&quot;},{&quot;premium_gallery_img&quot;:{&quot;url&quot;:&quot;https:\\\/\\\/ideasdesign.ch\\\/wp-content\\\/uploads\\\/2020\\\/11\\\/stand_praille_enseigne-scaled.jpg&quot;,&quot;id&quot;:855,&quot;size&quot;:&quot;&quot;},&quot;premium_gallery_img_name&quot;:&quot;Caddie Service sign - Praille&quot;,&quot;premium_gallery_img_link_switch&quot;:&quot;yes&quot;,&quot;premium_gallery_img_link&quot;:{&quot;url&quot;:&quot;https:\\\/\\\/www.caddie-service.ch\\\/&quot;,&quot;is_external&quot;:&quot;on&quot;,&quot;nofollow&quot;:&quot;&quot;,&quot;custom_attributes&quot;:&quot;&quot;},&quot;premium_gallery_img_alt&quot;:&quot;&quot;,&quot;premium_gallery_image_width&quot;:&quot;50%&quot;,&quot;premium_gallery_image_width_tablet&quot;:&quot;100%&quot;,&quot;premium_gallery_image_width_mobile&quot;:&quot;100%&quot;,&quot;premium_gallery_img_desc&quot;:&quot;--------&lt;\\\/br&gt;\\nIn 2019, I was mandated to create a complete skin for one of the Caddie Service services. Caddy Serivce is a non-profit organization that offers a delivery service at home or office, by electric bike.\\n&lt;\\\/br&gt;\\n--------&lt;\\\/br&gt;\\nwww.caddie-service.ch&quot;,&quot;premium_gallery_img_category&quot;:&quot;Print&quot;,&quot;_id&quot;:&quot;4f47c9e&quot;,&quot;premium_gallery_image_cell&quot;:{&quot;unit&quot;:&quot;px&quot;,&quot;size&quot;:4,&quot;sizes&quot;:[]},&quot;premium_gallery_image_cell_tablet&quot;:{&quot;unit&quot;:&quot;px&quot;,&quot;size&quot;:&quot;&quot;,&quot;sizes&quot;:[]},&quot;premium_gallery_image_cell_mobile&quot;:{&quot;unit&quot;:&quot;px&quot;,&quot;size&quot;:&quot;&quot;,&quot;sizes&quot;:[]},&quot;premium_gallery_image_vcell&quot;:{&quot;unit&quot;:&quot;px&quot;,&quot;size&quot;:4,&quot;sizes&quot;:[]},&quot;premium_gallery_image_vcell_tablet&quot;:{&quot;unit&quot;:&quot;px&quot;,&quot;size&quot;:&quot;&quot;,&quot;sizes&quot;:[]},&quot;premium_gallery_image_vcell_mobile&quot;:{&quot;unit&quot;:&quot;px&quot;,&quot;size&quot;:&quot;&quot;,&quot;sizes&quot;:[]},&quot;premium_gallery_video&quot;:&quot;&quot;,&quot;premium_gallery_video_type&quot;:null,&quot;premium_gallery_video_url&quot;:null,&quot;premium_gallery_video_self&quot;:null,&quot;premium_gallery_video_self_url&quot;:null,&quot;premium_gallery_video_controls&quot;:null,&quot;premium_gallery_video_mute&quot;:null,&quot;premium_gallery_video_loop&quot;:null,&quot;download_button&quot;:null,&quot;privacy_mode&quot;:null,&quot;premmium_gallery_img_info&quot;:&quot;&quot;,&quot;premium_gallery_img_link_type&quot;:&quot;url&quot;,&quot;premium_gallery_img_existing&quot;:null,&quot;premium_gallery_link_whole&quot;:&quot;&quot;,&quot;premium_gallery_lightbox_whole&quot;:&quot;&quot;},{&quot;premium_gallery_img&quot;:{&quot;url&quot;:&quot;https:\\\/\\\/ideasdesign.ch\\\/wp-content\\\/uploads\\\/2020\\\/11\\\/flyer.png&quot;,&quot;id&quot;:806,&quot;size&quot;:&quot;&quot;},&quot;premium_gallery_img_name&quot;:&quot;Flyer - PDC Collonge-Bellerive&quot;,&quot;premium_gallery_img_link_switch&quot;:&quot;yes&quot;,&quot;premium_gallery_img_link&quot;:{&quot;url&quot;:&quot;https:\\\/\\\/www.pdc-collongebellerive.ch&quot;,&quot;is_external&quot;:&quot;on&quot;,&quot;nofollow&quot;:&quot;&quot;,&quot;custom_attributes&quot;:&quot;&quot;},&quot;premium_gallery_img_alt&quot;:&quot;&quot;,&quot;premium_gallery_image_width&quot;:&quot;50%&quot;,&quot;premium_gallery_image_width_tablet&quot;:&quot;100%&quot;,&quot;premium_gallery_image_width_mobile&quot;:&quot;100%&quot;,&quot;premium_gallery_img_desc&quot;:&quot;--------&lt;\\\/br&gt;\\nI was mandated by the PDC (Christian Democrat Party) of Collonge-Bellerive, in Geneva, to create their flyer and borchure for several meeting with the candidates of the region.\\n&lt;\\\/br&gt;\\n--------&lt;\\\/br&gt;\\nwww.pdc-collongebellerive.ch&quot;,&quot;premium_gallery_img_category&quot;:&quot;Print&quot;,&quot;_id&quot;:&quot;080f8c2&quot;,&quot;premium_gallery_image_cell&quot;:{&quot;unit&quot;:&quot;px&quot;,&quot;size&quot;:4,&quot;sizes&quot;:[]},&quot;premium_gallery_image_cell_tablet&quot;:{&quot;unit&quot;:&quot;px&quot;,&quot;size&quot;:&quot;&quot;,&quot;sizes&quot;:[]},&quot;premium_gallery_image_cell_mobile&quot;:{&quot;unit&quot;:&quot;px&quot;,&quot;size&quot;:&quot;&quot;,&quot;sizes&quot;:[]},&quot;premium_gallery_image_vcell&quot;:{&quot;unit&quot;:&quot;px&quot;,&quot;size&quot;:4,&quot;sizes&quot;:[]},&quot;premium_gallery_image_vcell_tablet&quot;:{&quot;unit&quot;:&quot;px&quot;,&quot;size&quot;:&quot;&quot;,&quot;sizes&quot;:[]},&quot;premium_gallery_image_vcell_mobile&quot;:{&quot;unit&quot;:&quot;px&quot;,&quot;size&quot;:&quot;&quot;,&quot;sizes&quot;:[]},&quot;premium_gallery_video&quot;:&quot;&quot;,&quot;premium_gallery_video_type&quot;:null,&quot;premium_gallery_video_url&quot;:null,&quot;premium_gallery_video_self&quot;:null,&quot;premium_gallery_video_self_url&quot;:null,&quot;premium_gallery_video_controls&quot;:null,&quot;premium_gallery_video_mute&quot;:null,&quot;premium_gallery_video_loop&quot;:null,&quot;download_button&quot;:null,&quot;privacy_mode&quot;:null,&quot;premmium_gallery_img_info&quot;:&quot;&quot;,&quot;premium_gallery_img_link_type&quot;:&quot;url&quot;,&quot;premium_gallery_img_existing&quot;:null,&quot;premium_gallery_link_whole&quot;:&quot;&quot;,&quot;premium_gallery_lightbox_whole&quot;:&quot;&quot;},{&quot;premium_gallery_img&quot;:{&quot;url&quot;:&quot;https:\\\/\\\/ideasdesign.ch\\\/wp-content\\\/uploads\\\/2020\\\/11\\\/20180316_193524-1024x905-1.png&quot;,&quot;id&quot;:879,&quot;size&quot;:&quot;&quot;},&quot;premium_gallery_img_name&quot;:&quot;Brochure - PDC Collonge-Bellerive&quot;,&quot;premium_gallery_img_link_switch&quot;:&quot;yes&quot;,&quot;premium_gallery_img_link&quot;:{&quot;url&quot;:&quot;https:\\\/\\\/www.pdc-collongebellerive.ch&quot;,&quot;is_external&quot;:&quot;on&quot;,&quot;nofollow&quot;:&quot;&quot;,&quot;custom_attributes&quot;:&quot;&quot;},&quot;premium_gallery_img_alt&quot;:&quot;&quot;,&quot;premium_gallery_image_width&quot;:&quot;50%&quot;,&quot;premium_gallery_image_width_tablet&quot;:&quot;100%&quot;,&quot;premium_gallery_image_width_mobile&quot;:&quot;100%&quot;,&quot;premium_gallery_img_desc&quot;:&quot;--------&lt;\\\/br&gt;\\nI was mandated by the PDC (Christian Democrat Party) of Collonge-Bellerive, in Geneva, to create their flyer and borchure for several meeting with the candidates of the region.\\n&lt;\\\/br&gt;\\n--------&lt;\\\/br&gt;\\nwww.pdc-collongebellerive.ch&quot;,&quot;premium_gallery_img_category&quot;:&quot;Print&quot;,&quot;_id&quot;:&quot;b3c34b2&quot;,&quot;premium_gallery_image_cell&quot;:{&quot;unit&quot;:&quot;px&quot;,&quot;size&quot;:4,&quot;sizes&quot;:[]},&quot;premium_gallery_image_cell_tablet&quot;:{&quot;unit&quot;:&quot;px&quot;,&quot;size&quot;:&quot;&quot;,&quot;sizes&quot;:[]},&quot;premium_gallery_image_cell_mobile&quot;:{&quot;unit&quot;:&quot;px&quot;,&quot;size&quot;:&quot;&quot;,&quot;sizes&quot;:[]},&quot;premium_gallery_image_vcell&quot;:{&quot;unit&quot;:&quot;px&quot;,&quot;size&quot;:4,&quot;sizes&quot;:[]},&quot;premium_gallery_image_vcell_tablet&quot;:{&quot;unit&quot;:&quot;px&quot;,&quot;size&quot;:&quot;&quot;,&quot;sizes&quot;:[]},&quot;premium_gallery_image_vcell_mobile&quot;:{&quot;unit&quot;:&quot;px&quot;,&quot;size&quot;:&quot;&quot;,&quot;sizes&quot;:[]},&quot;premium_gallery_video&quot;:&quot;&quot;,&quot;premium_gallery_video_type&quot;:null,&quot;premium_gallery_video_url&quot;:null,&quot;premium_gallery_video_self&quot;:null,&quot;premium_gallery_video_self_url&quot;:null,&quot;premium_gallery_video_controls&quot;:null,&quot;premium_gallery_video_mute&quot;:null,&quot;premium_gallery_video_loop&quot;:null,&quot;download_button&quot;:null,&quot;privacy_mode&quot;:null,&quot;premmium_gallery_img_info&quot;:&quot;&quot;,&quot;premium_gallery_img_link_type&quot;:&quot;url&quot;,&quot;premium_gallery_img_existing&quot;:null,&quot;premium_gallery_link_whole&quot;:&quot;&quot;,&quot;premium_gallery_lightbox_whole&quot;:&quot;&quot;},{&quot;premium_gallery_img&quot;:{&quot;url&quot;:&quot;https:\\\/\\\/ideasdesign.ch\\\/wp-content\\\/uploads\\\/2020\\\/11\\\/cd_curadeau.jpg&quot;,&quot;id&quot;:789,&quot;size&quot;:&quot;&quot;},&quot;premium_gallery_img_name&quot;:&quot;D&#039;une bulle \\u00e0 l&#039;autre&quot;,&quot;premium_gallery_img_link_switch&quot;:&quot;yes&quot;,&quot;premium_gallery_img_link&quot;:{&quot;url&quot;:&quot;http:\\\/\\\/www.soundcloud.com\\\/christian-curadeau&quot;,&quot;is_external&quot;:&quot;on&quot;,&quot;nofollow&quot;:&quot;&quot;,&quot;custom_attributes&quot;:&quot;&quot;},&quot;premium_gallery_img_alt&quot;:&quot;&quot;,&quot;premium_gallery_image_width&quot;:&quot;50%&quot;,&quot;premium_gallery_image_width_tablet&quot;:&quot;100%&quot;,&quot;premium_gallery_image_width_mobile&quot;:&quot;100%&quot;,&quot;premium_gallery_img_desc&quot;:&quot;--------&lt;\\\/br&gt;\\nPackaging of Christian Curadeau Music CD. Creation of a packaging of a CD For the Quebec singer Christian Curadeau. In collaboration with a photographer, we produced several posters and the mock-up of his CD, in 2013.\\n&lt;\\\/br&gt;\\n--------&lt;\\\/br&gt;\\nwww.soundcloud.com\\\/christian-curadeau&quot;,&quot;premium_gallery_img_category&quot;:&quot;Print&quot;,&quot;_id&quot;:&quot;3243cd9&quot;,&quot;premium_gallery_image_cell&quot;:{&quot;unit&quot;:&quot;px&quot;,&quot;size&quot;:4,&quot;sizes&quot;:[]},&quot;premium_gallery_image_cell_tablet&quot;:{&quot;unit&quot;:&quot;px&quot;,&quot;size&quot;:&quot;&quot;,&quot;sizes&quot;:[]},&quot;premium_gallery_image_cell_mobile&quot;:{&quot;unit&quot;:&quot;px&quot;,&quot;size&quot;:&quot;&quot;,&quot;sizes&quot;:[]},&quot;premium_gallery_image_vcell&quot;:{&quot;unit&quot;:&quot;px&quot;,&quot;size&quot;:4,&quot;sizes&quot;:[]},&quot;premium_gallery_image_vcell_tablet&quot;:{&quot;unit&quot;:&quot;px&quot;,&quot;size&quot;:&quot;&quot;,&quot;sizes&quot;:[]},&quot;premium_gallery_image_vcell_mobile&quot;:{&quot;unit&quot;:&quot;px&quot;,&quot;size&quot;:&quot;&quot;,&quot;sizes&quot;:[]},&quot;premium_gallery_video&quot;:&quot;&quot;,&quot;premium_gallery_video_type&quot;:null,&quot;premium_gallery_video_url&quot;:null,&quot;premium_gallery_video_self&quot;:null,&quot;premium_gallery_video_self_url&quot;:null,&quot;premium_gallery_video_controls&quot;:null,&quot;premium_gallery_video_mute&quot;:null,&quot;premium_gallery_video_loop&quot;:null,&quot;download_button&quot;:null,&quot;privacy_mode&quot;:null,&quot;premmium_gallery_img_info&quot;:&quot;&quot;,&quot;premium_gallery_img_link_type&quot;:&quot;url&quot;,&quot;premium_gallery_img_existing&quot;:null,&quot;premium_gallery_link_whole&quot;:&quot;&quot;,&quot;premium_gallery_lightbox_whole&quot;:&quot;&quot;},{&quot;premium_gallery_img&quot;:{&quot;url&quot;:&quot;https:\\\/\\\/ideasdesign.ch\\\/wp-content\\\/uploads\\\/2020\\\/11\\\/flyer_portfolio.jpg&quot;,&quot;id&quot;:805,&quot;size&quot;:&quot;&quot;},&quot;premium_gallery_img_name&quot;:&quot;Flyer - PLR Pregny-Chamb\\u00e9sy&quot;,&quot;premium_gallery_img_link_switch&quot;:&quot;yes&quot;,&quot;premium_gallery_img_link&quot;:{&quot;url&quot;:&quot;https:\\\/\\\/pregny-chambesy.plr-ge.ch\\\/parti\\\/associations&quot;,&quot;is_external&quot;:&quot;on&quot;,&quot;nofollow&quot;:&quot;&quot;,&quot;custom_attributes&quot;:&quot;&quot;},&quot;premium_gallery_img_alt&quot;:&quot;&quot;,&quot;premium_gallery_image_width&quot;:&quot;50%&quot;,&quot;premium_gallery_image_width_tablet&quot;:&quot;100%&quot;,&quot;premium_gallery_image_width_mobile&quot;:&quot;100%&quot;,&quot;premium_gallery_img_desc&quot;:&quot;--------&lt;\\\/br&gt;\\nRealization of a flyer, a banderole, plastic glasses and a Facebook cover for the PLR Pregny-Chamb\\u00e9sy, on the occasion of the start of the school year. The Liberal-Radical Parti, also called PLR The Liberal-Radicals, is a Swiss political party that advocates a liberal economy, a liberal societal policy.\\n&lt;\\\/br&gt;\\n--------&lt;\\\/br&gt;\\nwww.pregny-chambesy.plr-ge.ch&quot;,&quot;premium_gallery_img_category&quot;:&quot;Print&quot;,&quot;_id&quot;:&quot;ad855f8&quot;,&quot;premium_gallery_image_cell&quot;:{&quot;unit&quot;:&quot;px&quot;,&quot;size&quot;:4,&quot;sizes&quot;:[]},&quot;premium_gallery_image_cell_tablet&quot;:{&quot;unit&quot;:&quot;px&quot;,&quot;size&quot;:&quot;&quot;,&quot;sizes&quot;:[]},&quot;premium_gallery_image_cell_mobile&quot;:{&quot;unit&quot;:&quot;px&quot;,&quot;size&quot;:&quot;&quot;,&quot;sizes&quot;:[]},&quot;premium_gallery_image_vcell&quot;:{&quot;unit&quot;:&quot;px&quot;,&quot;size&quot;:4,&quot;sizes&quot;:[]},&quot;premium_gallery_image_vcell_tablet&quot;:{&quot;unit&quot;:&quot;px&quot;,&quot;size&quot;:&quot;&quot;,&quot;sizes&quot;:[]},&quot;premium_gallery_image_vcell_mobile&quot;:{&quot;unit&quot;:&quot;px&quot;,&quot;size&quot;:&quot;&quot;,&quot;sizes&quot;:[]},&quot;premium_gallery_video&quot;:&quot;&quot;,&quot;premium_gallery_video_type&quot;:null,&quot;premium_gallery_video_url&quot;:null,&quot;premium_gallery_video_self&quot;:null,&quot;premium_gallery_video_self_url&quot;:null,&quot;premium_gallery_video_controls&quot;:null,&quot;premium_gallery_video_mute&quot;:null,&quot;premium_gallery_video_loop&quot;:null,&quot;download_button&quot;:null,&quot;privacy_mode&quot;:null,&quot;premmium_gallery_img_info&quot;:&quot;&quot;,&quot;premium_gallery_img_link_type&quot;:&quot;url&quot;,&quot;premium_gallery_img_existing&quot;:null,&quot;premium_gallery_link_whole&quot;:&quot;&quot;,&quot;premium_gallery_lightbox_whole&quot;:&quot;&quot;},{&quot;premium_gallery_img&quot;:{&quot;url&quot;:&quot;https:\\\/\\\/ideasdesign.ch\\\/wp-content\\\/uploads\\\/2020\\\/11\\\/mady.jpg&quot;,&quot;id&quot;:794,&quot;size&quot;:&quot;&quot;},&quot;premium_gallery_img_name&quot;:&quot;Special Anniversary Poster&quot;,&quot;premium_gallery_img_link_switch&quot;:&quot;yes&quot;,&quot;premium_gallery_img_link&quot;:{&quot;url&quot;:&quot;&quot;,&quot;is_external&quot;:&quot;on&quot;,&quot;nofollow&quot;:&quot;&quot;,&quot;custom_attributes&quot;:&quot;&quot;},&quot;premium_gallery_img_alt&quot;:&quot;&quot;,&quot;premium_gallery_image_width&quot;:&quot;50%&quot;,&quot;premium_gallery_image_width_tablet&quot;:&quot;100%&quot;,&quot;premium_gallery_image_width_mobile&quot;:&quot;100%&quot;,&quot;premium_gallery_img_desc&quot;:&quot;--------&lt;\\\/br&gt;\\nRealization of a poster with a typography game for a birthday in Montreal, in 2013.&quot;,&quot;premium_gallery_img_category&quot;:&quot;Print&quot;,&quot;_id&quot;:&quot;3d07b4f&quot;,&quot;premium_gallery_image_cell&quot;:{&quot;unit&quot;:&quot;px&quot;,&quot;size&quot;:4,&quot;sizes&quot;:[]},&quot;premium_gallery_image_cell_tablet&quot;:{&quot;unit&quot;:&quot;px&quot;,&quot;size&quot;:&quot;&quot;,&quot;sizes&quot;:[]},&quot;premium_gallery_image_cell_mobile&quot;:{&quot;unit&quot;:&quot;px&quot;,&quot;size&quot;:&quot;&quot;,&quot;sizes&quot;:[]},&quot;premium_gallery_image_vcell&quot;:{&quot;unit&quot;:&quot;px&quot;,&quot;size&quot;:4,&quot;sizes&quot;:[]},&quot;premium_gallery_image_vcell_tablet&quot;:{&quot;unit&quot;:&quot;px&quot;,&quot;size&quot;:&quot;&quot;,&quot;sizes&quot;:[]},&quot;premium_gallery_image_vcell_mobile&quot;:{&quot;unit&quot;:&quot;px&quot;,&quot;size&quot;:&quot;&quot;,&quot;sizes&quot;:[]},&quot;premium_gallery_video&quot;:&quot;&quot;,&quot;premium_gallery_video_type&quot;:null,&quot;premium_gallery_video_url&quot;:null,&quot;premium_gallery_video_self&quot;:null,&quot;premium_gallery_video_self_url&quot;:null,&quot;premium_gallery_video_controls&quot;:null,&quot;premium_gallery_video_mute&quot;:null,&quot;premium_gallery_video_loop&quot;:null,&quot;download_button&quot;:null,&quot;privacy_mode&quot;:null,&quot;premmium_gallery_img_info&quot;:&quot;&quot;,&quot;premium_gallery_img_link_type&quot;:&quot;url&quot;,&quot;premium_gallery_img_existing&quot;:null,&quot;premium_gallery_link_whole&quot;:&quot;&quot;,&quot;premium_gallery_lightbox_whole&quot;:&quot;&quot;},{&quot;premium_gallery_img&quot;:{&quot;url&quot;:&quot;https:\\\/\\\/ideasdesign.ch\\\/wp-content\\\/uploads\\\/2020\\\/11\\\/Magazine-bavitech.jpg&quot;,&quot;id&quot;:795,&quot;size&quot;:&quot;&quot;},&quot;premium_gallery_img_name&quot;:&quot;Bavitech magazine advertisement&quot;,&quot;premium_gallery_img_link_switch&quot;:&quot;yes&quot;,&quot;premium_gallery_img_link&quot;:{&quot;url&quot;:&quot;http:\\\/\\\/www.bavitech.ch&quot;,&quot;is_external&quot;:&quot;on&quot;,&quot;nofollow&quot;:&quot;&quot;,&quot;custom_attributes&quot;:&quot;&quot;},&quot;premium_gallery_img_alt&quot;:&quot;&quot;,&quot;premium_gallery_image_width&quot;:&quot;50%&quot;,&quot;premium_gallery_image_width_tablet&quot;:&quot;100%&quot;,&quot;premium_gallery_image_width_mobile&quot;:&quot;100%&quot;,&quot;premium_gallery_img_desc&quot;:&quot;--------&lt;\\\/br&gt;\\nAs a new technology integrator based in Geneva, the Bavitch company deals with the fields of telecommunications, security of possesion, people and networks. I created for them an advertisement for a professional safety magazine.\\n&lt;\\\/br&gt;\\n--------&lt;\\\/br&gt;\\nwww.bavitech.ch&quot;,&quot;premium_gallery_img_category&quot;:&quot;Print&quot;,&quot;_id&quot;:&quot;3e95022&quot;,&quot;premium_gallery_image_cell&quot;:{&quot;unit&quot;:&quot;px&quot;,&quot;size&quot;:4,&quot;sizes&quot;:[]},&quot;premium_gallery_image_cell_tablet&quot;:{&quot;unit&quot;:&quot;px&quot;,&quot;size&quot;:&quot;&quot;,&quot;sizes&quot;:[]},&quot;premium_gallery_image_cell_mobile&quot;:{&quot;unit&quot;:&quot;px&quot;,&quot;size&quot;:&quot;&quot;,&quot;sizes&quot;:[]},&quot;premium_gallery_image_vcell&quot;:{&quot;unit&quot;:&quot;px&quot;,&quot;size&quot;:4,&quot;sizes&quot;:[]},&quot;premium_gallery_image_vcell_tablet&quot;:{&quot;unit&quot;:&quot;px&quot;,&quot;size&quot;:&quot;&quot;,&quot;sizes&quot;:[]},&quot;premium_gallery_image_vcell_mobile&quot;:{&quot;unit&quot;:&quot;px&quot;,&quot;size&quot;:&quot;&quot;,&quot;sizes&quot;:[]},&quot;premium_gallery_video&quot;:&quot;&quot;,&quot;premium_gallery_video_type&quot;:null,&quot;premium_gallery_video_url&quot;:null,&quot;premium_gallery_video_self&quot;:null,&quot;premium_gallery_video_self_url&quot;:null,&quot;premium_gallery_video_controls&quot;:null,&quot;premium_gallery_video_mute&quot;:null,&quot;premium_gallery_video_loop&quot;:null,&quot;download_button&quot;:null,&quot;privacy_mode&quot;:null,&quot;premmium_gallery_img_info&quot;:&quot;&quot;,&quot;premium_gallery_img_link_type&quot;:&quot;url&quot;,&quot;premium_gallery_img_existing&quot;:null,&quot;premium_gallery_link_whole&quot;:&quot;&quot;,&quot;premium_gallery_lightbox_whole&quot;:&quot;&quot;},{&quot;premium_gallery_img&quot;:{&quot;url&quot;:&quot;https:\\\/\\\/ideasdesign.ch\\\/wp-content\\\/uploads\\\/2020\\\/11\\\/cvisite_simba_portfolio.jpg&quot;,&quot;id&quot;:811,&quot;size&quot;:&quot;&quot;},&quot;premium_gallery_img_name&quot;:&quot;Business card of Simba S\\u00e0rl&quot;,&quot;premium_gallery_img_link_switch&quot;:&quot;yes&quot;,&quot;premium_gallery_img_link&quot;:{&quot;url&quot;:&quot;https:\\\/\\\/simba-digital.ch\\\/&quot;,&quot;is_external&quot;:&quot;on&quot;,&quot;nofollow&quot;:&quot;&quot;,&quot;custom_attributes&quot;:&quot;&quot;},&quot;premium_gallery_img_alt&quot;:&quot;&quot;,&quot;premium_gallery_image_width&quot;:&quot;50%&quot;,&quot;premium_gallery_image_width_tablet&quot;:&quot;100%&quot;,&quot;premium_gallery_image_width_mobile&quot;:&quot;100%&quot;,&quot;premium_gallery_img_desc&quot;:&quot;--------&lt;\\\/br&gt;\\nThe new digital company Simba S\\u00e0rl, specialist in SEO and business optimization, based in Geneva since 2018, has asked me to create their new logo and business card.\\n&lt;\\\/br&gt;\\n--------&lt;\\\/br&gt;\\nwww.simba-digital.ch&quot;,&quot;premium_gallery_img_category&quot;:&quot;Print&quot;,&quot;_id&quot;:&quot;f615297&quot;,&quot;premium_gallery_image_cell&quot;:{&quot;unit&quot;:&quot;px&quot;,&quot;size&quot;:4,&quot;sizes&quot;:[]},&quot;premium_gallery_image_cell_tablet&quot;:{&quot;unit&quot;:&quot;px&quot;,&quot;size&quot;:&quot;&quot;,&quot;sizes&quot;:[]},&quot;premium_gallery_image_cell_mobile&quot;:{&quot;unit&quot;:&quot;px&quot;,&quot;size&quot;:&quot;&quot;,&quot;sizes&quot;:[]},&quot;premium_gallery_image_vcell&quot;:{&quot;unit&quot;:&quot;px&quot;,&quot;size&quot;:4,&quot;sizes&quot;:[]},&quot;premium_gallery_image_vcell_tablet&quot;:{&quot;unit&quot;:&quot;px&quot;,&quot;size&quot;:&quot;&quot;,&quot;sizes&quot;:[]},&quot;premium_gallery_image_vcell_mobile&quot;:{&quot;unit&quot;:&quot;px&quot;,&quot;size&quot;:&quot;&quot;,&quot;sizes&quot;:[]},&quot;premium_gallery_video&quot;:&quot;&quot;,&quot;premium_gallery_video_type&quot;:null,&quot;premium_gallery_video_url&quot;:null,&quot;premium_gallery_video_self&quot;:null,&quot;premium_gallery_video_self_url&quot;:null,&quot;premium_gallery_video_controls&quot;:null,&quot;premium_gallery_video_mute&quot;:null,&quot;premium_gallery_video_loop&quot;:null,&quot;download_button&quot;:null,&quot;privacy_mode&quot;:null,&quot;premmium_gallery_img_info&quot;:&quot;&quot;,&quot;premium_gallery_img_link_type&quot;:&quot;url&quot;,&quot;premium_gallery_img_existing&quot;:null,&quot;premium_gallery_link_whole&quot;:&quot;&quot;,&quot;premium_gallery_lightbox_whole&quot;:&quot;&quot;},{&quot;premium_gallery_img&quot;:{&quot;url&quot;:&quot;https:\\\/\\\/ideasdesign.ch\\\/wp-content\\\/uploads\\\/2020\\\/11\\\/banderole_portfolio-1024x1024-1.jpg&quot;,&quot;id&quot;:802,&quot;size&quot;:&quot;&quot;},&quot;premium_gallery_img_name&quot;:&quot;Banderole - PLR Pregny-Chamb\\u00e9sy&quot;,&quot;premium_gallery_img_link_switch&quot;:&quot;yes&quot;,&quot;premium_gallery_img_link&quot;:{&quot;url&quot;:&quot;https:\\\/\\\/pregny-chambesy.plr-ge.ch\\\/parti\\\/associations&quot;,&quot;is_external&quot;:&quot;on&quot;,&quot;nofollow&quot;:&quot;&quot;,&quot;custom_attributes&quot;:&quot;&quot;},&quot;premium_gallery_img_alt&quot;:&quot;&quot;,&quot;premium_gallery_image_width&quot;:&quot;50%&quot;,&quot;premium_gallery_image_width_tablet&quot;:&quot;100%&quot;,&quot;premium_gallery_image_width_mobile&quot;:&quot;100%&quot;,&quot;premium_gallery_img_desc&quot;:&quot;--------&lt;\\\/br&gt;\\nRealization of a banderole for the PLR Pregny-Chamb\\u00e9sy, on the occasion of the start of the school year. The Liberal-Radical Parti, also called PLR The Liberal-Radicals, is a Swiss political party that advocates a liberal economy, a liberal societal policy.\\n&lt;\\\/br&gt;\\n--------&lt;\\\/br&gt;\\nwww.pregny-chambesy.plr-ge.ch&quot;,&quot;premium_gallery_img_category&quot;:&quot;Print&quot;,&quot;_id&quot;:&quot;e5855c0&quot;,&quot;premium_gallery_image_cell&quot;:{&quot;unit&quot;:&quot;px&quot;,&quot;size&quot;:4,&quot;sizes&quot;:[]},&quot;premium_gallery_image_cell_tablet&quot;:{&quot;unit&quot;:&quot;px&quot;,&quot;size&quot;:&quot;&quot;,&quot;sizes&quot;:[]},&quot;premium_gallery_image_cell_mobile&quot;:{&quot;unit&quot;:&quot;px&quot;,&quot;size&quot;:&quot;&quot;,&quot;sizes&quot;:[]},&quot;premium_gallery_image_vcell&quot;:{&quot;unit&quot;:&quot;px&quot;,&quot;size&quot;:4,&quot;sizes&quot;:[]},&quot;premium_gallery_image_vcell_tablet&quot;:{&quot;unit&quot;:&quot;px&quot;,&quot;size&quot;:&quot;&quot;,&quot;sizes&quot;:[]},&quot;premium_gallery_image_vcell_mobile&quot;:{&quot;unit&quot;:&quot;px&quot;,&quot;size&quot;:&quot;&quot;,&quot;sizes&quot;:[]},&quot;premium_gallery_video&quot;:&quot;&quot;,&quot;premium_gallery_video_type&quot;:null,&quot;premium_gallery_video_url&quot;:null,&quot;premium_gallery_video_self&quot;:null,&quot;premium_gallery_video_self_url&quot;:null,&quot;premium_gallery_video_controls&quot;:null,&quot;premium_gallery_video_mute&quot;:null,&quot;premium_gallery_video_loop&quot;:null,&quot;download_button&quot;:null,&quot;privacy_mode&quot;:null,&quot;premmium_gallery_img_info&quot;:&quot;&quot;,&quot;premium_gallery_img_link_type&quot;:&quot;url&quot;,&quot;premium_gallery_img_existing&quot;:null,&quot;premium_gallery_link_whole&quot;:&quot;&quot;,&quot;premium_gallery_lightbox_whole&quot;:&quot;&quot;},{&quot;premium_gallery_img&quot;:{&quot;url&quot;:&quot;https:\\\/\\\/ideasdesign.ch\\\/wp-content\\\/uploads\\\/2020\\\/11\\\/cd1.jpg&quot;,&quot;id&quot;:790,&quot;size&quot;:&quot;&quot;},&quot;premium_gallery_img_name&quot;:&quot;Fragments d&#039;air&quot;,&quot;premium_gallery_img_link_switch&quot;:&quot;yes&quot;,&quot;premium_gallery_img_link&quot;:{&quot;url&quot;:&quot;https:\\\/\\\/music.apple.com\\\/us\\\/album\\\/l-homme-univers\\\/id1399477011&quot;,&quot;is_external&quot;:&quot;on&quot;,&quot;nofollow&quot;:&quot;&quot;,&quot;custom_attributes&quot;:&quot;&quot;},&quot;premium_gallery_img_alt&quot;:&quot;&quot;,&quot;premium_gallery_image_width&quot;:&quot;50%&quot;,&quot;premium_gallery_image_width_tablet&quot;:&quot;100%&quot;,&quot;premium_gallery_image_width_mobile&quot;:&quot;100%&quot;,&quot;premium_gallery_img_desc&quot;:&quot;--------&lt;\\\/br&gt;\\nPackaging from the Sam&#039;Jazz Band Music CD. Creation of a packaging of a CD for the band of Sam&#039;Jazz Band, realized in 2013 in Montreal.\\n&lt;\\\/br&gt;\\n--------&lt;\\\/br&gt;\\nwww.music.apple.com\\\/album\\\/homme-univers&quot;,&quot;premium_gallery_img_category&quot;:&quot;Print&quot;,&quot;_id&quot;:&quot;bf74fc7&quot;,&quot;premium_gallery_image_cell&quot;:{&quot;unit&quot;:&quot;px&quot;,&quot;size&quot;:4,&quot;sizes&quot;:[]},&quot;premium_gallery_image_cell_tablet&quot;:{&quot;unit&quot;:&quot;px&quot;,&quot;size&quot;:&quot;&quot;,&quot;sizes&quot;:[]},&quot;premium_gallery_image_cell_mobile&quot;:{&quot;unit&quot;:&quot;px&quot;,&quot;size&quot;:&quot;&quot;,&quot;sizes&quot;:[]},&quot;premium_gallery_image_vcell&quot;:{&quot;unit&quot;:&quot;px&quot;,&quot;size&quot;:4,&quot;sizes&quot;:[]},&quot;premium_gallery_image_vcell_tablet&quot;:{&quot;unit&quot;:&quot;px&quot;,&quot;size&quot;:&quot;&quot;,&quot;sizes&quot;:[]},&quot;premium_gallery_image_vcell_mobile&quot;:{&quot;unit&quot;:&quot;px&quot;,&quot;size&quot;:&quot;&quot;,&quot;sizes&quot;:[]},&quot;premium_gallery_video&quot;:&quot;&quot;,&quot;premium_gallery_video_type&quot;:null,&quot;premium_gallery_video_url&quot;:null,&quot;premium_gallery_video_self&quot;:null,&quot;premium_gallery_video_self_url&quot;:null,&quot;premium_gallery_video_controls&quot;:null,&quot;premium_gallery_video_mute&quot;:null,&quot;premium_gallery_video_loop&quot;:null,&quot;download_button&quot;:null,&quot;privacy_mode&quot;:null,&quot;premmium_gallery_img_info&quot;:&quot;&quot;,&quot;premium_gallery_img_link_type&quot;:&quot;url&quot;,&quot;premium_gallery_img_existing&quot;:null,&quot;premium_gallery_link_whole&quot;:&quot;&quot;,&quot;premium_gallery_lightbox_whole&quot;:&quot;&quot;},{&quot;premium_gallery_img&quot;:{&quot;url&quot;:&quot;https:\\\/\\\/ideasdesign.ch\\\/wp-content\\\/uploads\\\/2020\\\/11\\\/afficheVSR.jpg&quot;,&quot;id&quot;:786,&quot;size&quot;:&quot;&quot;},&quot;premium_gallery_img_name&quot;:&quot;Vernier sur Rock festival&quot;,&quot;premium_gallery_img_link_switch&quot;:&quot;yes&quot;,&quot;premium_gallery_img_link&quot;:{&quot;url&quot;:&quot;http:\\\/\\\/www.verniersurrock.ch&quot;,&quot;is_external&quot;:&quot;on&quot;,&quot;nofollow&quot;:&quot;&quot;,&quot;custom_attributes&quot;:&quot;&quot;},&quot;premium_gallery_img_alt&quot;:&quot;&quot;,&quot;premium_gallery_image_width&quot;:&quot;50%&quot;,&quot;premium_gallery_image_width_tablet&quot;:&quot;100%&quot;,&quot;premium_gallery_image_width_mobile&quot;:&quot;100%&quot;,&quot;premium_gallery_img_desc&quot;:&quot;--------&lt;\\\/br&gt;\\nAs part of the 27th edition of the Vernier sur Rock festival, my school has been mandated to propose a series of posters that will serve as an identity for the festival.\\n&lt;\\\/br&gt;\\n--------&lt;\\\/br&gt;\\nwww.verniersurrock.ch&quot;,&quot;premium_gallery_img_category&quot;:&quot;Print&quot;,&quot;_id&quot;:&quot;351282a&quot;,&quot;premium_gallery_image_cell&quot;:{&quot;unit&quot;:&quot;px&quot;,&quot;size&quot;:4,&quot;sizes&quot;:[]},&quot;premium_gallery_image_cell_tablet&quot;:{&quot;unit&quot;:&quot;px&quot;,&quot;size&quot;:&quot;&quot;,&quot;sizes&quot;:[]},&quot;premium_gallery_image_cell_mobile&quot;:{&quot;unit&quot;:&quot;px&quot;,&quot;size&quot;:&quot;&quot;,&quot;sizes&quot;:[]},&quot;premium_gallery_image_vcell&quot;:{&quot;unit&quot;:&quot;px&quot;,&quot;size&quot;:4,&quot;sizes&quot;:[]},&quot;premium_gallery_image_vcell_tablet&quot;:{&quot;unit&quot;:&quot;px&quot;,&quot;size&quot;:&quot;&quot;,&quot;sizes&quot;:[]},&quot;premium_gallery_image_vcell_mobile&quot;:{&quot;unit&quot;:&quot;px&quot;,&quot;size&quot;:&quot;&quot;,&quot;sizes&quot;:[]},&quot;premium_gallery_video&quot;:&quot;&quot;,&quot;premium_gallery_video_type&quot;:null,&quot;premium_gallery_video_url&quot;:null,&quot;premium_gallery_video_self&quot;:null,&quot;premium_gallery_video_self_url&quot;:null,&quot;premium_gallery_video_controls&quot;:null,&quot;premium_gallery_video_mute&quot;:null,&quot;premium_gallery_video_loop&quot;:null,&quot;download_button&quot;:null,&quot;privacy_mode&quot;:null,&quot;premmium_gallery_img_info&quot;:&quot;&quot;,&quot;premium_gallery_img_link_type&quot;:&quot;url&quot;,&quot;premium_gallery_img_existing&quot;:null,&quot;premium_gallery_link_whole&quot;:&quot;&quot;,&quot;premium_gallery_lightbox_whole&quot;:&quot;&quot;},{&quot;premium_gallery_img&quot;:{&quot;url&quot;:&quot;https:\\\/\\\/ideasdesign.ch\\\/wp-content\\\/uploads\\\/2020\\\/11\\\/rollup1-scaled.jpg&quot;,&quot;id&quot;:799,&quot;size&quot;:&quot;&quot;},&quot;premium_gallery_img_name&quot;:&quot;Presentation rollup for Camspower&quot;,&quot;premium_gallery_img_link_switch&quot;:&quot;yes&quot;,&quot;premium_gallery_img_link&quot;:{&quot;url&quot;:&quot;http:\\\/\\\/www.camspower.com&quot;,&quot;is_external&quot;:&quot;on&quot;,&quot;nofollow&quot;:&quot;&quot;,&quot;custom_attributes&quot;:&quot;&quot;},&quot;premium_gallery_img_alt&quot;:&quot;&quot;,&quot;premium_gallery_image_width&quot;:&quot;50%&quot;,&quot;premium_gallery_image_width_tablet&quot;:&quot;100%&quot;,&quot;premium_gallery_image_width_mobile&quot;:&quot;100%&quot;,&quot;premium_gallery_img_desc&quot;:&quot;--------&lt;\\\/br&gt;\\nRollups B2B made during a convention in Barcelona, in 2015, for the Camspower website.\\n&lt;\\\/br&gt;\\n--------&lt;\\\/br&gt;\\nwww.camspower.com&quot;,&quot;premium_gallery_img_category&quot;:&quot;Print&quot;,&quot;_id&quot;:&quot;a61a4d5&quot;,&quot;premium_gallery_image_cell&quot;:{&quot;unit&quot;:&quot;px&quot;,&quot;size&quot;:4,&quot;sizes&quot;:[]},&quot;premium_gallery_image_cell_tablet&quot;:{&quot;unit&quot;:&quot;px&quot;,&quot;size&quot;:&quot;&quot;,&quot;sizes&quot;:[]},&quot;premium_gallery_image_cell_mobile&quot;:{&quot;unit&quot;:&quot;px&quot;,&quot;size&quot;:&quot;&quot;,&quot;sizes&quot;:[]},&quot;premium_gallery_image_vcell&quot;:{&quot;unit&quot;:&quot;px&quot;,&quot;size&quot;:4,&quot;sizes&quot;:[]},&quot;premium_gallery_image_vcell_tablet&quot;:{&quot;unit&quot;:&quot;px&quot;,&quot;size&quot;:&quot;&quot;,&quot;sizes&quot;:[]},&quot;premium_gallery_image_vcell_mobile&quot;:{&quot;unit&quot;:&quot;px&quot;,&quot;size&quot;:&quot;&quot;,&quot;sizes&quot;:[]},&quot;premium_gallery_video&quot;:&quot;&quot;,&quot;premium_gallery_video_type&quot;:null,&quot;premium_gallery_video_url&quot;:null,&quot;premium_gallery_video_self&quot;:null,&quot;premium_gallery_video_self_url&quot;:null,&quot;premium_gallery_video_controls&quot;:null,&quot;premium_gallery_video_mute&quot;:null,&quot;premium_gallery_video_loop&quot;:null,&quot;download_button&quot;:null,&quot;privacy_mode&quot;:null,&quot;premmium_gallery_img_info&quot;:&quot;&quot;,&quot;premium_gallery_img_link_type&quot;:&quot;url&quot;,&quot;premium_gallery_img_existing&quot;:null,&quot;premium_gallery_link_whole&quot;:&quot;&quot;,&quot;premium_gallery_lightbox_whole&quot;:&quot;&quot;},{&quot;premium_gallery_img&quot;:{&quot;url&quot;:&quot;https:\\\/\\\/ideasdesign.ch\\\/wp-content\\\/uploads\\\/2020\\\/11\\\/affiche4.jpg&quot;,&quot;id&quot;:784,&quot;size&quot;:&quot;&quot;},&quot;premium_gallery_img_name&quot;:&quot;Poster - Inclusion of young people in the world of work&quot;,&quot;premium_gallery_img_link_switch&quot;:&quot;yes&quot;,&quot;premium_gallery_img_link&quot;:{&quot;url&quot;:&quot;http:\\\/\\\/www.anieres.ch&quot;,&quot;is_external&quot;:&quot;on&quot;,&quot;nofollow&quot;:&quot;&quot;,&quot;custom_attributes&quot;:&quot;&quot;},&quot;premium_gallery_img_alt&quot;:&quot;&quot;,&quot;premium_gallery_image_width&quot;:&quot;50%&quot;,&quot;premium_gallery_image_width_tablet&quot;:&quot;100%&quot;,&quot;premium_gallery_image_width_mobile&quot;:&quot;100%&quot;,&quot;premium_gallery_img_desc&quot;:&quot;--------&lt;\\\/br&gt;\\nCreation of a poster and flyers for the municipality of Ani\\u00e8res, Switzerland, as part of an integration project for young people in the world of work, in 2011.\\n&lt;\\\/br&gt;\\n--------&lt;\\\/br&gt;\\nwww.anieres.ch&quot;,&quot;premium_gallery_img_category&quot;:&quot;Print&quot;,&quot;_id&quot;:&quot;cf3abfa&quot;,&quot;premium_gallery_image_cell&quot;:{&quot;unit&quot;:&quot;px&quot;,&quot;size&quot;:4,&quot;sizes&quot;:[]},&quot;premium_gallery_image_cell_tablet&quot;:{&quot;unit&quot;:&quot;px&quot;,&quot;size&quot;:&quot;&quot;,&quot;sizes&quot;:[]},&quot;premium_gallery_image_cell_mobile&quot;:{&quot;unit&quot;:&quot;px&quot;,&quot;size&quot;:&quot;&quot;,&quot;sizes&quot;:[]},&quot;premium_gallery_image_vcell&quot;:{&quot;unit&quot;:&quot;px&quot;,&quot;size&quot;:4,&quot;sizes&quot;:[]},&quot;premium_gallery_image_vcell_tablet&quot;:{&quot;unit&quot;:&quot;px&quot;,&quot;size&quot;:&quot;&quot;,&quot;sizes&quot;:[]},&quot;premium_gallery_image_vcell_mobile&quot;:{&quot;unit&quot;:&quot;px&quot;,&quot;size&quot;:&quot;&quot;,&quot;sizes&quot;:[]},&quot;premium_gallery_video&quot;:&quot;&quot;,&quot;premium_gallery_video_type&quot;:null,&quot;premium_gallery_video_url&quot;:null,&quot;premium_gallery_video_self&quot;:null,&quot;premium_gallery_video_self_url&quot;:null,&quot;premium_gallery_video_controls&quot;:null,&quot;premium_gallery_video_mute&quot;:null,&quot;premium_gallery_video_loop&quot;:null,&quot;download_button&quot;:null,&quot;privacy_mode&quot;:null,&quot;premmium_gallery_img_info&quot;:&quot;&quot;,&quot;premium_gallery_img_link_type&quot;:&quot;url&quot;,&quot;premium_gallery_img_existing&quot;:null,&quot;premium_gallery_link_whole&quot;:&quot;&quot;,&quot;premium_gallery_lightbox_whole&quot;:&quot;&quot;},{&quot;premium_gallery_img&quot;:{&quot;url&quot;:&quot;https:\\\/\\\/ideasdesign.ch\\\/wp-content\\\/uploads\\\/2020\\\/11\\\/archi.jpg&quot;,&quot;id&quot;:787,&quot;size&quot;:&quot;&quot;},&quot;premium_gallery_img_name&quot;:&quot;Pierre Ambrosetti&quot;,&quot;premium_gallery_img_link_switch&quot;:&quot;yes&quot;,&quot;premium_gallery_img_link&quot;:{&quot;url&quot;:&quot;http:\\\/\\\/www.pierreambrosetti.ch&quot;,&quot;is_external&quot;:&quot;on&quot;,&quot;nofollow&quot;:&quot;&quot;,&quot;custom_attributes&quot;:&quot;&quot;},&quot;premium_gallery_img_alt&quot;:&quot;&quot;,&quot;premium_gallery_image_width&quot;:&quot;50%&quot;,&quot;premium_gallery_image_width_tablet&quot;:&quot;100%&quot;,&quot;premium_gallery_image_width_mobile&quot;:&quot;100%&quot;,&quot;premium_gallery_img_desc&quot;:&quot;--------&lt;\\\/br&gt;\\nDuring my first internship in the communication office Oxyg\\u00e8ne SA, based in Geneva, I had the opportunity to realize flyers of presentation of an architect&#039;s office, in 2012.\\n&lt;\\\/br&gt;\\n--------&lt;\\\/br&gt;\\nwww.pierreambrosetti.ch&quot;,&quot;premium_gallery_img_category&quot;:&quot;Print&quot;,&quot;_id&quot;:&quot;849322e&quot;,&quot;premium_gallery_image_cell&quot;:{&quot;unit&quot;:&quot;px&quot;,&quot;size&quot;:4,&quot;sizes&quot;:[]},&quot;premium_gallery_image_cell_tablet&quot;:{&quot;unit&quot;:&quot;px&quot;,&quot;size&quot;:&quot;&quot;,&quot;sizes&quot;:[]},&quot;premium_gallery_image_cell_mobile&quot;:{&quot;unit&quot;:&quot;px&quot;,&quot;size&quot;:&quot;&quot;,&quot;sizes&quot;:[]},&quot;premium_gallery_image_vcell&quot;:{&quot;unit&quot;:&quot;px&quot;,&quot;size&quot;:4,&quot;sizes&quot;:[]},&quot;premium_gallery_image_vcell_tablet&quot;:{&quot;unit&quot;:&quot;px&quot;,&quot;size&quot;:&quot;&quot;,&quot;sizes&quot;:[]},&quot;premium_gallery_image_vcell_mobile&quot;:{&quot;unit&quot;:&quot;px&quot;,&quot;size&quot;:&quot;&quot;,&quot;sizes&quot;:[]},&quot;premium_gallery_video&quot;:&quot;&quot;,&quot;premium_gallery_video_type&quot;:null,&quot;premium_gallery_video_url&quot;:null,&quot;premium_gallery_video_self&quot;:null,&quot;premium_gallery_video_self_url&quot;:null,&quot;premium_gallery_video_controls&quot;:null,&quot;premium_gallery_video_mute&quot;:null,&quot;premium_gallery_video_loop&quot;:null,&quot;download_button&quot;:null,&quot;privacy_mode&quot;:null,&quot;premmium_gallery_img_info&quot;:&quot;&quot;,&quot;premium_gallery_img_link_type&quot;:&quot;url&quot;,&quot;premium_gallery_img_existing&quot;:null,&quot;premium_gallery_link_whole&quot;:&quot;&quot;,&quot;premium_gallery_lightbox_whole&quot;:&quot;&quot;},{&quot;premium_gallery_img&quot;:{&quot;url&quot;:&quot;https:\\\/\\\/ideasdesign.ch\\\/wp-content\\\/uploads\\\/2020\\\/11\\\/cvisite_recovery-1024x1011-1.png&quot;,&quot;id&quot;:810,&quot;size&quot;:&quot;&quot;},&quot;premium_gallery_img_name&quot;:&quot;Business card of Recovery&quot;,&quot;premium_gallery_img_link_switch&quot;:&quot;yes&quot;,&quot;premium_gallery_img_link&quot;:{&quot;url&quot;:&quot;https:\\\/\\\/www.facebook.com\\\/Recovery-958927594245298\\\/&quot;,&quot;is_external&quot;:&quot;on&quot;,&quot;nofollow&quot;:&quot;&quot;,&quot;custom_attributes&quot;:&quot;&quot;},&quot;premium_gallery_img_alt&quot;:&quot;&quot;,&quot;premium_gallery_image_width&quot;:&quot;50%&quot;,&quot;premium_gallery_image_width_tablet&quot;:&quot;100%&quot;,&quot;premium_gallery_image_width_mobile&quot;:&quot;100%&quot;,&quot;premium_gallery_img_desc&quot;:&quot;--------&lt;\\\/br&gt;\\nCreating Business Cards for the Rock Recovery Group. I take care of their Facebook page, their business cards and their videos.&quot;,&quot;premium_gallery_img_category&quot;:&quot;Print&quot;,&quot;_id&quot;:&quot;aa65096&quot;,&quot;premium_gallery_image_cell&quot;:{&quot;unit&quot;:&quot;px&quot;,&quot;size&quot;:4,&quot;sizes&quot;:[]},&quot;premium_gallery_image_cell_tablet&quot;:{&quot;unit&quot;:&quot;px&quot;,&quot;size&quot;:&quot;&quot;,&quot;sizes&quot;:[]},&quot;premium_gallery_image_cell_mobile&quot;:{&quot;unit&quot;:&quot;px&quot;,&quot;size&quot;:&quot;&quot;,&quot;sizes&quot;:[]},&quot;premium_gallery_image_vcell&quot;:{&quot;unit&quot;:&quot;px&quot;,&quot;size&quot;:4,&quot;sizes&quot;:[]},&quot;premium_gallery_image_vcell_tablet&quot;:{&quot;unit&quot;:&quot;px&quot;,&quot;size&quot;:&quot;&quot;,&quot;sizes&quot;:[]},&quot;premium_gallery_image_vcell_mobile&quot;:{&quot;unit&quot;:&quot;px&quot;,&quot;size&quot;:&quot;&quot;,&quot;sizes&quot;:[]},&quot;premium_gallery_video&quot;:&quot;&quot;,&quot;premium_gallery_video_type&quot;:null,&quot;premium_gallery_video_url&quot;:null,&quot;premium_gallery_video_self&quot;:null,&quot;premium_gallery_video_self_url&quot;:null,&quot;premium_gallery_video_controls&quot;:null,&quot;premium_gallery_video_mute&quot;:null,&quot;premium_gallery_video_loop&quot;:null,&quot;download_button&quot;:null,&quot;privacy_mode&quot;:null,&quot;premmium_gallery_img_info&quot;:&quot;&quot;,&quot;premium_gallery_img_link_type&quot;:&quot;url&quot;,&quot;premium_gallery_img_existing&quot;:null,&quot;premium_gallery_link_whole&quot;:&quot;&quot;,&quot;premium_gallery_lightbox_whole&quot;:&quot;&quot;},{&quot;premium_gallery_img&quot;:{&quot;url&quot;:&quot;https:\\\/\\\/ideasdesign.ch\\\/wp-content\\\/uploads\\\/2020\\\/11\\\/masque_anne.jpg&quot;,&quot;id&quot;:796,&quot;size&quot;:&quot;&quot;},&quot;premium_gallery_img_name&quot;:&quot;Influenza Virus Masks for Children n\\u00b02&quot;,&quot;premium_gallery_img_link_switch&quot;:&quot;yes&quot;,&quot;premium_gallery_img_link&quot;:{&quot;url&quot;:&quot;&quot;,&quot;is_external&quot;:&quot;on&quot;,&quot;nofollow&quot;:&quot;&quot;,&quot;custom_attributes&quot;:&quot;&quot;},&quot;premium_gallery_img_alt&quot;:&quot;&quot;,&quot;premium_gallery_image_width&quot;:&quot;50%&quot;,&quot;premium_gallery_image_width_tablet&quot;:&quot;100%&quot;,&quot;premium_gallery_image_width_mobile&quot;:&quot;100%&quot;,&quot;premium_gallery_img_desc&quot;:&quot;--------&lt;\\\/br&gt;\\nAs part of a school mandate, we had to make masks for children to protect them against the flu epidemic, in Geneva.&quot;,&quot;premium_gallery_img_category&quot;:&quot;Print&quot;,&quot;_id&quot;:&quot;1944ee2&quot;,&quot;premium_gallery_image_cell&quot;:{&quot;unit&quot;:&quot;px&quot;,&quot;size&quot;:4,&quot;sizes&quot;:[]},&quot;premium_gallery_image_cell_tablet&quot;:{&quot;unit&quot;:&quot;px&quot;,&quot;size&quot;:&quot;&quot;,&quot;sizes&quot;:[]},&quot;premium_gallery_image_cell_mobile&quot;:{&quot;unit&quot;:&quot;px&quot;,&quot;size&quot;:&quot;&quot;,&quot;sizes&quot;:[]},&quot;premium_gallery_image_vcell&quot;:{&quot;unit&quot;:&quot;px&quot;,&quot;size&quot;:4,&quot;sizes&quot;:[]},&quot;premium_gallery_image_vcell_tablet&quot;:{&quot;unit&quot;:&quot;px&quot;,&quot;size&quot;:&quot;&quot;,&quot;sizes&quot;:[]},&quot;premium_gallery_image_vcell_mobile&quot;:{&quot;unit&quot;:&quot;px&quot;,&quot;size&quot;:&quot;&quot;,&quot;sizes&quot;:[]},&quot;premium_gallery_video&quot;:&quot;&quot;,&quot;premium_gallery_video_type&quot;:null,&quot;premium_gallery_video_url&quot;:null,&quot;premium_gallery_video_self&quot;:null,&quot;premium_gallery_video_self_url&quot;:null,&quot;premium_gallery_video_controls&quot;:null,&quot;premium_gallery_video_mute&quot;:null,&quot;premium_gallery_video_loop&quot;:null,&quot;download_button&quot;:null,&quot;privacy_mode&quot;:null,&quot;premmium_gallery_img_info&quot;:&quot;&quot;,&quot;premium_gallery_img_link_type&quot;:&quot;url&quot;,&quot;premium_gallery_img_existing&quot;:null,&quot;premium_gallery_link_whole&quot;:&quot;&quot;,&quot;premium_gallery_lightbox_whole&quot;:&quot;&quot;},{&quot;premium_gallery_img&quot;:{&quot;url&quot;:&quot;https:\\\/\\\/ideasdesign.ch\\\/wp-content\\\/uploads\\\/2020\\\/11\\\/masque_deb-1-1024x1024-1.jpg&quot;,&quot;id&quot;:913,&quot;size&quot;:&quot;&quot;},&quot;premium_gallery_img_name&quot;:&quot;Influenza Virus Masks for Children n\\u00b01&quot;,&quot;premium_gallery_img_link_switch&quot;:&quot;yes&quot;,&quot;premium_gallery_img_link&quot;:{&quot;url&quot;:&quot;&quot;,&quot;is_external&quot;:&quot;on&quot;,&quot;nofollow&quot;:&quot;&quot;,&quot;custom_attributes&quot;:&quot;&quot;},&quot;premium_gallery_img_alt&quot;:&quot;&quot;,&quot;premium_gallery_image_width&quot;:&quot;50%&quot;,&quot;premium_gallery_image_width_tablet&quot;:&quot;100%&quot;,&quot;premium_gallery_image_width_mobile&quot;:&quot;100%&quot;,&quot;premium_gallery_img_desc&quot;:&quot;--------&lt;\\\/br&gt;\\nAs part of a school mandate, we had to make masks for children to protect them against the flu epidemic, in Geneva.&quot;,&quot;premium_gallery_img_category&quot;:&quot;Print&quot;,&quot;_id&quot;:&quot;ea9e46d&quot;,&quot;premium_gallery_image_cell&quot;:{&quot;unit&quot;:&quot;px&quot;,&quot;size&quot;:4,&quot;sizes&quot;:[]},&quot;premium_gallery_image_cell_tablet&quot;:{&quot;unit&quot;:&quot;px&quot;,&quot;size&quot;:&quot;&quot;,&quot;sizes&quot;:[]},&quot;premium_gallery_image_cell_mobile&quot;:{&quot;unit&quot;:&quot;px&quot;,&quot;size&quot;:&quot;&quot;,&quot;sizes&quot;:[]},&quot;premium_gallery_image_vcell&quot;:{&quot;unit&quot;:&quot;px&quot;,&quot;size&quot;:4,&quot;sizes&quot;:[]},&quot;premium_gallery_image_vcell_tablet&quot;:{&quot;unit&quot;:&quot;px&quot;,&quot;size&quot;:&quot;&quot;,&quot;sizes&quot;:[]},&quot;premium_gallery_image_vcell_mobile&quot;:{&quot;unit&quot;:&quot;px&quot;,&quot;size&quot;:&quot;&quot;,&quot;sizes&quot;:[]},&quot;premium_gallery_video&quot;:&quot;&quot;,&quot;premium_gallery_video_type&quot;:null,&quot;premium_gallery_video_url&quot;:null,&quot;premium_gallery_video_self&quot;:null,&quot;premium_gallery_video_self_url&quot;:null,&quot;premium_gallery_video_controls&quot;:null,&quot;premium_gallery_video_mute&quot;:null,&quot;premium_gallery_video_loop&quot;:null,&quot;download_button&quot;:null,&quot;privacy_mode&quot;:null,&quot;premmium_gallery_img_info&quot;:&quot;&quot;,&quot;premium_gallery_img_link_type&quot;:&quot;url&quot;,&quot;premium_gallery_img_existing&quot;:null,&quot;premium_gallery_link_whole&quot;:&quot;&quot;,&quot;premium_gallery_lightbox_whole&quot;:&quot;&quot;},{&quot;premium_gallery_img&quot;:{&quot;url&quot;:&quot;https:\\\/\\\/ideasdesign.ch\\\/wp-content\\\/uploads\\\/2020\\\/11\\\/cvisite-1024x1024-1.png&quot;,&quot;id&quot;:801,&quot;size&quot;:&quot;&quot;},&quot;premium_gallery_img_name&quot;:&quot;Business card of ElectroHome&quot;,&quot;premium_gallery_img_link_switch&quot;:&quot;yes&quot;,&quot;premium_gallery_img_link&quot;:{&quot;url&quot;:&quot;http:\\\/\\\/www.cjelectrohome.ch&quot;,&quot;is_external&quot;:&quot;on&quot;,&quot;nofollow&quot;:&quot;&quot;,&quot;custom_attributes&quot;:&quot;&quot;},&quot;premium_gallery_img_alt&quot;:&quot;&quot;,&quot;premium_gallery_image_width&quot;:&quot;50%&quot;,&quot;premium_gallery_image_width_tablet&quot;:&quot;100%&quot;,&quot;premium_gallery_image_width_mobile&quot;:&quot;100%&quot;,&quot;premium_gallery_img_desc&quot;:&quot;--------&lt;\\\/br&gt;\\nElectroHome SA is a general electricity company based in Geneva. I was mandated by her in the creation of their new logo, as well as their business card.\\n&lt;\\\/br&gt;\\n--------&lt;\\\/br&gt;\\nwww.cjelectrohome.ch&quot;,&quot;premium_gallery_img_category&quot;:&quot;Print&quot;,&quot;_id&quot;:&quot;d4e04c2&quot;,&quot;premium_gallery_image_cell&quot;:{&quot;unit&quot;:&quot;px&quot;,&quot;size&quot;:4,&quot;sizes&quot;:[]},&quot;premium_gallery_image_cell_tablet&quot;:{&quot;unit&quot;:&quot;px&quot;,&quot;size&quot;:&quot;&quot;,&quot;sizes&quot;:[]},&quot;premium_gallery_image_cell_mobile&quot;:{&quot;unit&quot;:&quot;px&quot;,&quot;size&quot;:&quot;&quot;,&quot;sizes&quot;:[]},&quot;premium_gallery_image_vcell&quot;:{&quot;unit&quot;:&quot;px&quot;,&quot;size&quot;:4,&quot;sizes&quot;:[]},&quot;premium_gallery_image_vcell_tablet&quot;:{&quot;unit&quot;:&quot;px&quot;,&quot;size&quot;:&quot;&quot;,&quot;sizes&quot;:[]},&quot;premium_gallery_image_vcell_mobile&quot;:{&quot;unit&quot;:&quot;px&quot;,&quot;size&quot;:&quot;&quot;,&quot;sizes&quot;:[]},&quot;premium_gallery_video&quot;:&quot;&quot;,&quot;premium_gallery_video_type&quot;:null,&quot;premium_gallery_video_url&quot;:null,&quot;premium_gallery_video_self&quot;:null,&quot;premium_gallery_video_self_url&quot;:null,&quot;premium_gallery_video_controls&quot;:null,&quot;premium_gallery_video_mute&quot;:null,&quot;premium_gallery_video_loop&quot;:null,&quot;download_button&quot;:null,&quot;privacy_mode&quot;:null,&quot;premmium_gallery_img_info&quot;:&quot;&quot;,&quot;premium_gallery_img_link_type&quot;:&quot;url&quot;,&quot;premium_gallery_img_existing&quot;:null,&quot;premium_gallery_link_whole&quot;:&quot;&quot;,&quot;premium_gallery_lightbox_whole&quot;:&quot;&quot;},{&quot;premium_gallery_img&quot;:{&quot;url&quot;:&quot;https:\\\/\\\/ideasdesign.ch\\\/wp-content\\\/uploads\\\/2020\\\/11\\\/rollup3-1024x1024-1.png&quot;,&quot;id&quot;:804,&quot;size&quot;:&quot;&quot;},&quot;premium_gallery_img_name&quot;:&quot;Presentation rollup for Camspower&quot;,&quot;premium_gallery_img_link_switch&quot;:&quot;yes&quot;,&quot;premium_gallery_img_link&quot;:{&quot;url&quot;:&quot;http:\\\/\\\/www.camspower.com&quot;,&quot;is_external&quot;:&quot;on&quot;,&quot;nofollow&quot;:&quot;&quot;,&quot;custom_attributes&quot;:&quot;&quot;},&quot;premium_gallery_img_alt&quot;:&quot;&quot;,&quot;premium_gallery_image_width&quot;:&quot;50%&quot;,&quot;premium_gallery_image_width_tablet&quot;:&quot;100%&quot;,&quot;premium_gallery_image_width_mobile&quot;:&quot;100%&quot;,&quot;premium_gallery_img_desc&quot;:&quot;--------&lt;\\\/br&gt;\\nRollups B2B made during a convention in Barcelona, in 2015, for the Camspower website.\\n&lt;\\\/br&gt;\\n--------&lt;\\\/br&gt;\\nwww.camspower.com&quot;,&quot;premium_gallery_img_category&quot;:&quot;Print&quot;,&quot;_id&quot;:&quot;27301de&quot;,&quot;premium_gallery_image_cell&quot;:{&quot;unit&quot;:&quot;px&quot;,&quot;size&quot;:4,&quot;sizes&quot;:[]},&quot;premium_gallery_image_cell_tablet&quot;:{&quot;unit&quot;:&quot;px&quot;,&quot;size&quot;:&quot;&quot;,&quot;sizes&quot;:[]},&quot;premium_gallery_image_cell_mobile&quot;:{&quot;unit&quot;:&quot;px&quot;,&quot;size&quot;:&quot;&quot;,&quot;sizes&quot;:[]},&quot;premium_gallery_image_vcell&quot;:{&quot;unit&quot;:&quot;px&quot;,&quot;size&quot;:4,&quot;sizes&quot;:[]},&quot;premium_gallery_image_vcell_tablet&quot;:{&quot;unit&quot;:&quot;px&quot;,&quot;size&quot;:&quot;&quot;,&quot;sizes&quot;:[]},&quot;premium_gallery_image_vcell_mobile&quot;:{&quot;unit&quot;:&quot;px&quot;,&quot;size&quot;:&quot;&quot;,&quot;sizes&quot;:[]},&quot;premium_gallery_video&quot;:&quot;&quot;,&quot;premium_gallery_video_type&quot;:null,&quot;premium_gallery_video_url&quot;:null,&quot;premium_gallery_video_self&quot;:null,&quot;premium_gallery_video_self_url&quot;:null,&quot;premium_gallery_video_controls&quot;:null,&quot;premium_gallery_video_mute&quot;:null,&quot;premium_gallery_video_loop&quot;:null,&quot;download_button&quot;:null,&quot;privacy_mode&quot;:null,&quot;premmium_gallery_img_info&quot;:&quot;&quot;,&quot;premium_gallery_img_link_type&quot;:&quot;url&quot;,&quot;premium_gallery_img_existing&quot;:null,&quot;premium_gallery_link_whole&quot;:&quot;&quot;,&quot;premium_gallery_lightbox_whole&quot;:&quot;&quot;},{&quot;premium_gallery_img&quot;:{&quot;url&quot;:&quot;https:\\\/\\\/ideasdesign.ch\\\/wp-content\\\/uploads\\\/2020\\\/11\\\/flyer.jpg&quot;,&quot;id&quot;:793,&quot;size&quot;:&quot;&quot;},&quot;premium_gallery_img_name&quot;:&quot;Presentation flyers for Camspower&quot;,&quot;premium_gallery_img_link_switch&quot;:&quot;yes&quot;,&quot;premium_gallery_img_link&quot;:{&quot;url&quot;:&quot;http:\\\/\\\/www.camspower.com&quot;,&quot;is_external&quot;:&quot;on&quot;,&quot;nofollow&quot;:&quot;&quot;,&quot;custom_attributes&quot;:&quot;&quot;},&quot;premium_gallery_img_alt&quot;:&quot;&quot;,&quot;premium_gallery_image_width&quot;:&quot;50%&quot;,&quot;premium_gallery_image_width_tablet&quot;:&quot;100%&quot;,&quot;premium_gallery_image_width_mobile&quot;:&quot;100%&quot;,&quot;premium_gallery_img_desc&quot;:&quot;--------&lt;\\\/br&gt;\\nFlyers B2B made during a convention in Barcelona, in 2015, for the Camspower website.\\n&lt;\\\/br&gt;\\n--------&lt;\\\/br&gt;\\nhttp:\\\/\\\/www.camspower.com&quot;,&quot;premium_gallery_img_category&quot;:&quot;Print&quot;,&quot;_id&quot;:&quot;28fcfdc&quot;,&quot;premium_gallery_image_cell&quot;:{&quot;unit&quot;:&quot;px&quot;,&quot;size&quot;:4,&quot;sizes&quot;:[]},&quot;premium_gallery_image_cell_tablet&quot;:{&quot;unit&quot;:&quot;px&quot;,&quot;size&quot;:&quot;&quot;,&quot;sizes&quot;:[]},&quot;premium_gallery_image_cell_mobile&quot;:{&quot;unit&quot;:&quot;px&quot;,&quot;size&quot;:&quot;&quot;,&quot;sizes&quot;:[]},&quot;premium_gallery_image_vcell&quot;:{&quot;unit&quot;:&quot;px&quot;,&quot;size&quot;:4,&quot;sizes&quot;:[]},&quot;premium_gallery_image_vcell_tablet&quot;:{&quot;unit&quot;:&quot;px&quot;,&quot;size&quot;:&quot;&quot;,&quot;sizes&quot;:[]},&quot;premium_gallery_image_vcell_mobile&quot;:{&quot;unit&quot;:&quot;px&quot;,&quot;size&quot;:&quot;&quot;,&quot;sizes&quot;:[]},&quot;premium_gallery_video&quot;:&quot;&quot;,&quot;premium_gallery_video_type&quot;:null,&quot;premium_gallery_video_url&quot;:null,&quot;premium_gallery_video_self&quot;:null,&quot;premium_gallery_video_self_url&quot;:null,&quot;premium_gallery_video_controls&quot;:null,&quot;premium_gallery_video_mute&quot;:null,&quot;premium_gallery_video_loop&quot;:null,&quot;download_button&quot;:null,&quot;privacy_mode&quot;:null,&quot;premmium_gallery_img_info&quot;:&quot;&quot;,&quot;premium_gallery_img_link_type&quot;:&quot;url&quot;,&quot;premium_gallery_img_existing&quot;:null,&quot;premium_gallery_link_whole&quot;:&quot;&quot;,&quot;premium_gallery_lightbox_whole&quot;:&quot;&quot;},{&quot;premium_gallery_img&quot;:{&quot;url&quot;:&quot;https:\\\/\\\/ideasdesign.ch\\\/wp-content\\\/uploads\\\/2020\\\/11\\\/affiche_caritas.jpg&quot;,&quot;id&quot;:783,&quot;size&quot;:&quot;&quot;},&quot;premium_gallery_img_name&quot;:&quot;World Volunteer Day&quot;,&quot;premium_gallery_img_link_switch&quot;:&quot;yes&quot;,&quot;premium_gallery_img_link&quot;:{&quot;url&quot;:&quot;http:\\\/\\\/www.caritasge.ch&quot;,&quot;is_external&quot;:&quot;on&quot;,&quot;nofollow&quot;:&quot;&quot;,&quot;custom_attributes&quot;:&quot;&quot;},&quot;premium_gallery_img_alt&quot;:&quot;&quot;,&quot;premium_gallery_image_width&quot;:&quot;50%&quot;,&quot;premium_gallery_image_width_tablet&quot;:&quot;100%&quot;,&quot;premium_gallery_image_width_mobile&quot;:&quot;100%&quot;,&quot;premium_gallery_img_desc&quot;:&quot;--------&lt;\\\/br&gt;\\nMandate for Caritas Geneva, in 2012.\\nThis is one of the posters presented at the World Volunteer Day organized by Caritas Geneva. Each silhouette in blue represents the volunteer that is in us and that everyone can become.\\n&lt;\\\/br&gt;\\n--------&lt;\\\/br&gt;\\nwww.caritasge.ch&quot;,&quot;premium_gallery_img_category&quot;:&quot;Print&quot;,&quot;_id&quot;:&quot;bab32e8&quot;,&quot;premium_gallery_image_cell&quot;:{&quot;unit&quot;:&quot;px&quot;,&quot;size&quot;:4,&quot;sizes&quot;:[]},&quot;premium_gallery_image_cell_tablet&quot;:{&quot;unit&quot;:&quot;px&quot;,&quot;size&quot;:&quot;&quot;,&quot;sizes&quot;:[]},&quot;premium_gallery_image_cell_mobile&quot;:{&quot;unit&quot;:&quot;px&quot;,&quot;size&quot;:&quot;&quot;,&quot;sizes&quot;:[]},&quot;premium_gallery_image_vcell&quot;:{&quot;unit&quot;:&quot;px&quot;,&quot;size&quot;:4,&quot;sizes&quot;:[]},&quot;premium_gallery_image_vcell_tablet&quot;:{&quot;unit&quot;:&quot;px&quot;,&quot;size&quot;:&quot;&quot;,&quot;sizes&quot;:[]},&quot;premium_gallery_image_vcell_mobile&quot;:{&quot;unit&quot;:&quot;px&quot;,&quot;size&quot;:&quot;&quot;,&quot;sizes&quot;:[]},&quot;premium_gallery_video&quot;:&quot;&quot;,&quot;premium_gallery_video_type&quot;:null,&quot;premium_gallery_video_url&quot;:null,&quot;premium_gallery_video_self&quot;:null,&quot;premium_gallery_video_self_url&quot;:null,&quot;premium_gallery_video_controls&quot;:null,&quot;premium_gallery_video_mute&quot;:null,&quot;premium_gallery_video_loop&quot;:null,&quot;download_button&quot;:null,&quot;privacy_mode&quot;:null,&quot;premmium_gallery_img_info&quot;:&quot;&quot;,&quot;premium_gallery_img_link_type&quot;:&quot;url&quot;,&quot;premium_gallery_img_existing&quot;:null,&quot;premium_gallery_link_whole&quot;:&quot;&quot;,&quot;premium_gallery_lightbox_whole&quot;:&quot;&quot;},{&quot;premium_gallery_img&quot;:{&quot;url&quot;:&quot;https:\\\/\\\/ideasdesign.ch\\\/wp-content\\\/uploads\\\/2020\\\/11\\\/cartes.jpg&quot;,&quot;id&quot;:788,&quot;size&quot;:&quot;&quot;},&quot;premium_gallery_img_name&quot;:&quot;Business card of AES&quot;,&quot;premium_gallery_img_link_switch&quot;:&quot;yes&quot;,&quot;premium_gallery_img_link&quot;:{&quot;url&quot;:&quot;&quot;,&quot;is_external&quot;:&quot;on&quot;,&quot;nofollow&quot;:&quot;&quot;,&quot;custom_attributes&quot;:&quot;&quot;},&quot;premium_gallery_img_alt&quot;:&quot;&quot;,&quot;premium_gallery_image_width&quot;:&quot;50%&quot;,&quot;premium_gallery_image_width_tablet&quot;:&quot;100%&quot;,&quot;premium_gallery_image_width_mobile&quot;:&quot;100%&quot;,&quot;premium_gallery_img_desc&quot;:&quot;AES - Auto-\\u00c9cole Servette\\n--------&lt;\\\/br&gt;\\nCreation of a new graphic identity with logo, page header and business card of the driving school of Servette in Geneva, in 2012.&quot;,&quot;premium_gallery_img_category&quot;:&quot;Print&quot;,&quot;_id&quot;:&quot;220ea3a&quot;,&quot;premium_gallery_image_cell&quot;:{&quot;unit&quot;:&quot;px&quot;,&quot;size&quot;:4,&quot;sizes&quot;:[]},&quot;premium_gallery_image_cell_tablet&quot;:{&quot;unit&quot;:&quot;px&quot;,&quot;size&quot;:&quot;&quot;,&quot;sizes&quot;:[]},&quot;premium_gallery_image_cell_mobile&quot;:{&quot;unit&quot;:&quot;px&quot;,&quot;size&quot;:&quot;&quot;,&quot;sizes&quot;:[]},&quot;premium_gallery_image_vcell&quot;:{&quot;unit&quot;:&quot;px&quot;,&quot;size&quot;:4,&quot;sizes&quot;:[]},&quot;premium_gallery_image_vcell_tablet&quot;:{&quot;unit&quot;:&quot;px&quot;,&quot;size&quot;:&quot;&quot;,&quot;sizes&quot;:[]},&quot;premium_gallery_image_vcell_mobile&quot;:{&quot;unit&quot;:&quot;px&quot;,&quot;size&quot;:&quot;&quot;,&quot;sizes&quot;:[]},&quot;premium_gallery_video&quot;:&quot;&quot;,&quot;premium_gallery_video_type&quot;:null,&quot;premium_gallery_video_url&quot;:null,&quot;premium_gallery_video_self&quot;:null,&quot;premium_gallery_video_self_url&quot;:null,&quot;premium_gallery_video_controls&quot;:null,&quot;premium_gallery_video_mute&quot;:null,&quot;premium_gallery_video_loop&quot;:null,&quot;download_button&quot;:null,&quot;privacy_mode&quot;:null,&quot;premmium_gallery_img_info&quot;:&quot;&quot;,&quot;premium_gallery_img_link_type&quot;:&quot;url&quot;,&quot;premium_gallery_img_existing&quot;:null,&quot;premium_gallery_link_whole&quot;:&quot;&quot;,&quot;premium_gallery_lightbox_whole&quot;:&quot;&quot;},{&quot;premium_gallery_img&quot;:{&quot;url&quot;:&quot;https:\\\/\\\/ideasdesign.ch\\\/wp-content\\\/uploads\\\/2020\\\/11\\\/cd2.jpg&quot;,&quot;id&quot;:791,&quot;size&quot;:&quot;&quot;},&quot;premium_gallery_img_name&quot;:&quot;Vision of Jazz&quot;,&quot;premium_gallery_img_link_switch&quot;:&quot;yes&quot;,&quot;premium_gallery_img_link&quot;:{&quot;url&quot;:&quot;https:\\\/\\\/music.apple.com\\\/us\\\/album\\\/l-homme-univers\\\/id1399477011&quot;,&quot;is_external&quot;:&quot;on&quot;,&quot;nofollow&quot;:&quot;&quot;,&quot;custom_attributes&quot;:&quot;&quot;},&quot;premium_gallery_img_alt&quot;:&quot;&quot;,&quot;premium_gallery_image_width&quot;:&quot;50%&quot;,&quot;premium_gallery_image_width_tablet&quot;:&quot;100%&quot;,&quot;premium_gallery_image_width_mobile&quot;:&quot;100%&quot;,&quot;premium_gallery_img_desc&quot;:&quot;--------&lt;\\\/br&gt;\\nFirst packaging from the Sam&#039;Jazz Band Music CD. Creation of a packaging of a CD for the band of Sam&#039;Jazz Band, realized in 2013 in Montreal.\\n&lt;\\\/br&gt;\\n--------&lt;\\\/br&gt;\\nwww.music.apple.com\\\/album\\\/homme-univers&quot;,&quot;premium_gallery_img_category&quot;:&quot;Print&quot;,&quot;_id&quot;:&quot;add968e&quot;,&quot;premium_gallery_image_cell&quot;:{&quot;unit&quot;:&quot;px&quot;,&quot;size&quot;:4,&quot;sizes&quot;:[]},&quot;premium_gallery_image_cell_tablet&quot;:{&quot;unit&quot;:&quot;px&quot;,&quot;size&quot;:&quot;&quot;,&quot;sizes&quot;:[]},&quot;premium_gallery_image_cell_mobile&quot;:{&quot;unit&quot;:&quot;px&quot;,&quot;size&quot;:&quot;&quot;,&quot;sizes&quot;:[]},&quot;premium_gallery_image_vcell&quot;:{&quot;unit&quot;:&quot;px&quot;,&quot;size&quot;:4,&quot;sizes&quot;:[]},&quot;premium_gallery_image_vcell_tablet&quot;:{&quot;unit&quot;:&quot;px&quot;,&quot;size&quot;:&quot;&quot;,&quot;sizes&quot;:[]},&quot;premium_gallery_image_vcell_mobile&quot;:{&quot;unit&quot;:&quot;px&quot;,&quot;size&quot;:&quot;&quot;,&quot;sizes&quot;:[]},&quot;premium_gallery_video&quot;:&quot;&quot;,&quot;premium_gallery_video_type&quot;:null,&quot;premium_gallery_video_url&quot;:null,&quot;premium_gallery_video_self&quot;:null,&quot;premium_gallery_video_self_url&quot;:null,&quot;premium_gallery_video_controls&quot;:null,&quot;premium_gallery_video_mute&quot;:null,&quot;premium_gallery_video_loop&quot;:null,&quot;download_button&quot;:null,&quot;privacy_mode&quot;:null,&quot;premmium_gallery_img_info&quot;:&quot;&quot;,&quot;premium_gallery_img_link_type&quot;:&quot;url&quot;,&quot;premium_gallery_img_existing&quot;:null,&quot;premium_gallery_link_whole&quot;:&quot;&quot;,&quot;premium_gallery_lightbox_whole&quot;:&quot;&quot;},{&quot;premium_gallery_img&quot;:{&quot;url&quot;:&quot;https:\\\/\\\/ideasdesign.ch\\\/wp-content\\\/uploads\\\/2020\\\/11\\\/cvisite_californian.jpg&quot;,&quot;id&quot;:958,&quot;size&quot;:&quot;&quot;},&quot;premium_gallery_img_name&quot;:&quot;Business card of Californian Living&quot;,&quot;premium_gallery_img_link_switch&quot;:&quot;yes&quot;,&quot;premium_gallery_img_link&quot;:{&quot;url&quot;:&quot;https:\\\/\\\/californian-living.com\\\/&quot;,&quot;is_external&quot;:&quot;on&quot;,&quot;nofollow&quot;:&quot;&quot;,&quot;custom_attributes&quot;:&quot;&quot;},&quot;premium_gallery_img_alt&quot;:&quot;&quot;,&quot;premium_gallery_image_width&quot;:&quot;50%&quot;,&quot;premium_gallery_image_width_tablet&quot;:&quot;100%&quot;,&quot;premium_gallery_image_width_mobile&quot;:&quot;100%&quot;,&quot;premium_gallery_img_desc&quot;:&quot;--------&lt;\\\/br&gt;\\nI was mandated in 2018 to create the graphic identity of a new company specializing in the sale of luxury rugs. I created its logo and identity card, as well as the carpet labels.\\n&lt;\\\/br&gt;\\n--------&lt;\\\/br&gt;\\nwww.californian-living.com&quot;,&quot;premium_gallery_img_category&quot;:&quot;Print&quot;,&quot;_id&quot;:&quot;b4a15ae&quot;,&quot;premium_gallery_image_cell&quot;:{&quot;unit&quot;:&quot;px&quot;,&quot;size&quot;:4,&quot;sizes&quot;:[]},&quot;premium_gallery_image_cell_tablet&quot;:{&quot;unit&quot;:&quot;px&quot;,&quot;size&quot;:&quot;&quot;,&quot;sizes&quot;:[]},&quot;premium_gallery_image_cell_mobile&quot;:{&quot;unit&quot;:&quot;px&quot;,&quot;size&quot;:&quot;&quot;,&quot;sizes&quot;:[]},&quot;premium_gallery_image_vcell&quot;:{&quot;unit&quot;:&quot;px&quot;,&quot;size&quot;:4,&quot;sizes&quot;:[]},&quot;premium_gallery_image_vcell_tablet&quot;:{&quot;unit&quot;:&quot;px&quot;,&quot;size&quot;:&quot;&quot;,&quot;sizes&quot;:[]},&quot;premium_gallery_image_vcell_mobile&quot;:{&quot;unit&quot;:&quot;px&quot;,&quot;size&quot;:&quot;&quot;,&quot;sizes&quot;:[]},&quot;premium_gallery_video&quot;:&quot;&quot;,&quot;premium_gallery_video_type&quot;:null,&quot;premium_gallery_video_url&quot;:null,&quot;premium_gallery_video_self&quot;:null,&quot;premium_gallery_video_self_url&quot;:null,&quot;premium_gallery_video_controls&quot;:null,&quot;premium_gallery_video_mute&quot;:null,&quot;premium_gallery_video_loop&quot;:null,&quot;download_button&quot;:null,&quot;privacy_mode&quot;:null,&quot;premmium_gallery_img_info&quot;:&quot;&quot;,&quot;premium_gallery_img_link_type&quot;:&quot;url&quot;,&quot;premium_gallery_img_existing&quot;:null,&quot;premium_gallery_link_whole&quot;:&quot;&quot;,&quot;premium_gallery_lightbox_whole&quot;:&quot;&quot;},{&quot;premium_gallery_img&quot;:{&quot;url&quot;:&quot;https:\\\/\\\/ideasdesign.ch\\\/wp-content\\\/uploads\\\/2020\\\/11\\\/logo-marcbaud-scaled.jpg&quot;,&quot;id&quot;:975,&quot;size&quot;:&quot;&quot;},&quot;premium_gallery_img_name&quot;:&quot;Marc Baud&quot;,&quot;premium_gallery_img_link_switch&quot;:&quot;yes&quot;,&quot;premium_gallery_img_link&quot;:{&quot;url&quot;:&quot;http:\\\/\\\/www.marcbaud.ch\\\/&quot;,&quot;is_external&quot;:&quot;on&quot;,&quot;nofollow&quot;:&quot;&quot;,&quot;custom_attributes&quot;:&quot;&quot;},&quot;premium_gallery_img_alt&quot;:&quot;&quot;,&quot;premium_gallery_image_width&quot;:&quot;50%&quot;,&quot;premium_gallery_image_width_tablet&quot;:&quot;100%&quot;,&quot;premium_gallery_image_width_mobile&quot;:&quot;100%&quot;,&quot;premium_gallery_img_desc&quot;:&quot;--------&lt;\\\/br&gt;\\nCreation of a logo for the public company Marc Baud, specialist in strong and weak currents since 1971.\\n&lt;\\\/br&gt;\\n--------&lt;\\\/br&gt;\\nwww.marcbaud.ch&quot;,&quot;premium_gallery_img_category&quot;:&quot;Logo&quot;,&quot;_id&quot;:&quot;ef29119&quot;,&quot;premium_gallery_image_cell&quot;:{&quot;unit&quot;:&quot;px&quot;,&quot;size&quot;:4,&quot;sizes&quot;:[]},&quot;premium_gallery_image_cell_tablet&quot;:{&quot;unit&quot;:&quot;px&quot;,&quot;size&quot;:&quot;&quot;,&quot;sizes&quot;:[]},&quot;premium_gallery_image_cell_mobile&quot;:{&quot;unit&quot;:&quot;px&quot;,&quot;size&quot;:&quot;&quot;,&quot;sizes&quot;:[]},&quot;premium_gallery_image_vcell&quot;:{&quot;unit&quot;:&quot;px&quot;,&quot;size&quot;:4,&quot;sizes&quot;:[]},&quot;premium_gallery_image_vcell_tablet&quot;:{&quot;unit&quot;:&quot;px&quot;,&quot;size&quot;:&quot;&quot;,&quot;sizes&quot;:[]},&quot;premium_gallery_image_vcell_mobile&quot;:{&quot;unit&quot;:&quot;px&quot;,&quot;size&quot;:&quot;&quot;,&quot;sizes&quot;:[]},&quot;premium_gallery_video&quot;:&quot;&quot;,&quot;premium_gallery_video_type&quot;:null,&quot;premium_gallery_video_url&quot;:null,&quot;premium_gallery_video_self&quot;:null,&quot;premium_gallery_video_self_url&quot;:null,&quot;premium_gallery_video_controls&quot;:null,&quot;premium_gallery_video_mute&quot;:null,&quot;premium_gallery_video_loop&quot;:null,&quot;download_button&quot;:null,&quot;privacy_mode&quot;:null,&quot;premmium_gallery_img_info&quot;:&quot;&quot;,&quot;premium_gallery_img_link_type&quot;:&quot;url&quot;,&quot;premium_gallery_img_existing&quot;:null,&quot;premium_gallery_link_whole&quot;:&quot;&quot;,&quot;premium_gallery_lightbox_whole&quot;:&quot;&quot;},{&quot;premium_gallery_img&quot;:{&quot;url&quot;:&quot;https:\\\/\\\/ideasdesign.ch\\\/wp-content\\\/uploads\\\/2020\\\/11\\\/logo_cs.png&quot;,&quot;id&quot;:1001,&quot;size&quot;:&quot;&quot;},&quot;premium_gallery_img_name&quot;:&quot;Caddie Service&quot;,&quot;premium_gallery_img_link_switch&quot;:&quot;yes&quot;,&quot;premium_gallery_img_link&quot;:{&quot;url&quot;:&quot;https:\\\/\\\/www.caddie-service.ch&quot;,&quot;is_external&quot;:&quot;on&quot;,&quot;nofollow&quot;:&quot;&quot;,&quot;custom_attributes&quot;:&quot;&quot;},&quot;premium_gallery_img_alt&quot;:&quot;&quot;,&quot;premium_gallery_image_width&quot;:&quot;50%&quot;,&quot;premium_gallery_image_width_tablet&quot;:&quot;100%&quot;,&quot;premium_gallery_image_width_mobile&quot;:&quot;100%&quot;,&quot;premium_gallery_img_desc&quot;:&quot;--------&lt;\\\/br&gt;\\nMandate for the association Caddie Service in 2017 to completely change their graphic identity : logo, order form, website and campaign TPG (Geneva Public Transport). Caddy Serivce is a non-profit organization that offers a delivery service at home or office, by electric bike.\\n&lt;\\\/br&gt;\\n--------&lt;\\\/br&gt;\\nwww.caddie-service.ch&quot;,&quot;premium_gallery_img_category&quot;:&quot;Logo&quot;,&quot;_id&quot;:&quot;bed6d04&quot;,&quot;premium_gallery_image_cell&quot;:{&quot;unit&quot;:&quot;px&quot;,&quot;size&quot;:4,&quot;sizes&quot;:[]},&quot;premium_gallery_image_cell_tablet&quot;:{&quot;unit&quot;:&quot;px&quot;,&quot;size&quot;:&quot;&quot;,&quot;sizes&quot;:[]},&quot;premium_gallery_image_cell_mobile&quot;:{&quot;unit&quot;:&quot;px&quot;,&quot;size&quot;:&quot;&quot;,&quot;sizes&quot;:[]},&quot;premium_gallery_image_vcell&quot;:{&quot;unit&quot;:&quot;px&quot;,&quot;size&quot;:4,&quot;sizes&quot;:[]},&quot;premium_gallery_image_vcell_tablet&quot;:{&quot;unit&quot;:&quot;px&quot;,&quot;size&quot;:&quot;&quot;,&quot;sizes&quot;:[]},&quot;premium_gallery_image_vcell_mobile&quot;:{&quot;unit&quot;:&quot;px&quot;,&quot;size&quot;:&quot;&quot;,&quot;sizes&quot;:[]},&quot;premium_gallery_video&quot;:&quot;&quot;,&quot;premium_gallery_video_type&quot;:null,&quot;premium_gallery_video_url&quot;:null,&quot;premium_gallery_video_self&quot;:null,&quot;premium_gallery_video_self_url&quot;:null,&quot;premium_gallery_video_controls&quot;:null,&quot;premium_gallery_video_mute&quot;:null,&quot;premium_gallery_video_loop&quot;:null,&quot;download_button&quot;:null,&quot;privacy_mode&quot;:null,&quot;premmium_gallery_img_info&quot;:&quot;&quot;,&quot;premium_gallery_img_link_type&quot;:&quot;url&quot;,&quot;premium_gallery_img_existing&quot;:null,&quot;premium_gallery_link_whole&quot;:&quot;&quot;,&quot;premium_gallery_lightbox_whole&quot;:&quot;&quot;},{&quot;premium_gallery_img&quot;:{&quot;url&quot;:&quot;https:\\\/\\\/ideasdesign.ch\\\/wp-content\\\/uploads\\\/2020\\\/11\\\/bavitech.png&quot;,&quot;id&quot;:990,&quot;size&quot;:&quot;&quot;},&quot;premium_gallery_img_name&quot;:&quot;Bavitech SA&quot;,&quot;premium_gallery_img_link_switch&quot;:&quot;yes&quot;,&quot;premium_gallery_img_link&quot;:{&quot;url&quot;:&quot;http:\\\/\\\/www.bavitech.ch&quot;,&quot;is_external&quot;:&quot;on&quot;,&quot;nofollow&quot;:&quot;&quot;,&quot;custom_attributes&quot;:&quot;&quot;},&quot;premium_gallery_img_alt&quot;:&quot;&quot;,&quot;premium_gallery_image_width&quot;:&quot;50%&quot;,&quot;premium_gallery_image_width_tablet&quot;:&quot;100%&quot;,&quot;premium_gallery_image_width_mobile&quot;:&quot;100%&quot;,&quot;premium_gallery_img_desc&quot;:&quot;--------&lt;\\\/br&gt;\\nAs a new technology integrator based in Geneva, the Bavitch company deals with the fields of telecommunications, security of possesion, people and networks. I made alterations of their logo and different stickers for their company.\\n&lt;\\\/br&gt;\\n--------&lt;\\\/br&gt;\\nwww.bavitech.ch&quot;,&quot;premium_gallery_img_category&quot;:&quot;Logo&quot;,&quot;_id&quot;:&quot;ec3ba9b&quot;,&quot;premium_gallery_image_cell&quot;:{&quot;unit&quot;:&quot;px&quot;,&quot;size&quot;:4,&quot;sizes&quot;:[]},&quot;premium_gallery_image_cell_tablet&quot;:{&quot;unit&quot;:&quot;px&quot;,&quot;size&quot;:&quot;&quot;,&quot;sizes&quot;:[]},&quot;premium_gallery_image_cell_mobile&quot;:{&quot;unit&quot;:&quot;px&quot;,&quot;size&quot;:&quot;&quot;,&quot;sizes&quot;:[]},&quot;premium_gallery_image_vcell&quot;:{&quot;unit&quot;:&quot;px&quot;,&quot;size&quot;:4,&quot;sizes&quot;:[]},&quot;premium_gallery_image_vcell_tablet&quot;:{&quot;unit&quot;:&quot;px&quot;,&quot;size&quot;:&quot;&quot;,&quot;sizes&quot;:[]},&quot;premium_gallery_image_vcell_mobile&quot;:{&quot;unit&quot;:&quot;px&quot;,&quot;size&quot;:&quot;&quot;,&quot;sizes&quot;:[]},&quot;premium_gallery_video&quot;:&quot;&quot;,&quot;premium_gallery_video_type&quot;:null,&quot;premium_gallery_video_url&quot;:null,&quot;premium_gallery_video_self&quot;:null,&quot;premium_gallery_video_self_url&quot;:null,&quot;premium_gallery_video_controls&quot;:null,&quot;premium_gallery_video_mute&quot;:null,&quot;premium_gallery_video_loop&quot;:null,&quot;download_button&quot;:null,&quot;privacy_mode&quot;:null,&quot;premmium_gallery_img_info&quot;:&quot;&quot;,&quot;premium_gallery_img_link_type&quot;:&quot;url&quot;,&quot;premium_gallery_img_existing&quot;:null,&quot;premium_gallery_link_whole&quot;:&quot;&quot;,&quot;premium_gallery_lightbox_whole&quot;:&quot;&quot;},{&quot;premium_gallery_img&quot;:{&quot;url&quot;:&quot;https:\\\/\\\/ideasdesign.ch\\\/wp-content\\\/uploads\\\/2020\\\/11\\\/baviloc.png&quot;,&quot;id&quot;:989,&quot;size&quot;:&quot;&quot;},&quot;premium_gallery_img_name&quot;:&quot;Baviloc SA&quot;,&quot;premium_gallery_img_link_switch&quot;:&quot;yes&quot;,&quot;premium_gallery_img_link&quot;:{&quot;url&quot;:&quot;https:\\\/\\\/bavitech.ch\\\/protection-des-personnes-pti\\\/&quot;,&quot;is_external&quot;:&quot;on&quot;,&quot;nofollow&quot;:&quot;&quot;,&quot;custom_attributes&quot;:&quot;&quot;},&quot;premium_gallery_img_alt&quot;:&quot;&quot;,&quot;premium_gallery_image_width&quot;:&quot;50%&quot;,&quot;premium_gallery_image_width_tablet&quot;:&quot;100%&quot;,&quot;premium_gallery_image_width_mobile&quot;:&quot;100%&quot;,&quot;premium_gallery_img_desc&quot;:&quot;--------&lt;\\\/br&gt;\\nBavilock is a trademark of Bavitech SA , a new technology integrator based in Geneva. The Bavitch company deals with the fields of telecommunications, security of possesion, people and networks. I made alterations of their logo and different stickers for their company.\\n&lt;\\\/br&gt;\\n--------&lt;\\\/br&gt;\\nwww.bavitech.ch\\\/protection-des-personnes-pti\\\/&quot;,&quot;premium_gallery_img_category&quot;:&quot;Logo&quot;,&quot;_id&quot;:&quot;12423bf&quot;,&quot;premium_gallery_image_cell&quot;:{&quot;unit&quot;:&quot;px&quot;,&quot;size&quot;:4,&quot;sizes&quot;:[]},&quot;premium_gallery_image_cell_tablet&quot;:{&quot;unit&quot;:&quot;px&quot;,&quot;size&quot;:&quot;&quot;,&quot;sizes&quot;:[]},&quot;premium_gallery_image_cell_mobile&quot;:{&quot;unit&quot;:&quot;px&quot;,&quot;size&quot;:&quot;&quot;,&quot;sizes&quot;:[]},&quot;premium_gallery_image_vcell&quot;:{&quot;unit&quot;:&quot;px&quot;,&quot;size&quot;:4,&quot;sizes&quot;:[]},&quot;premium_gallery_image_vcell_tablet&quot;:{&quot;unit&quot;:&quot;px&quot;,&quot;size&quot;:&quot;&quot;,&quot;sizes&quot;:[]},&quot;premium_gallery_image_vcell_mobile&quot;:{&quot;unit&quot;:&quot;px&quot;,&quot;size&quot;:&quot;&quot;,&quot;sizes&quot;:[]},&quot;premium_gallery_video&quot;:&quot;&quot;,&quot;premium_gallery_video_type&quot;:null,&quot;premium_gallery_video_url&quot;:null,&quot;premium_gallery_video_self&quot;:null,&quot;premium_gallery_video_self_url&quot;:null,&quot;premium_gallery_video_controls&quot;:null,&quot;premium_gallery_video_mute&quot;:null,&quot;premium_gallery_video_loop&quot;:null,&quot;download_button&quot;:null,&quot;privacy_mode&quot;:null,&quot;premmium_gallery_img_info&quot;:&quot;&quot;,&quot;premium_gallery_img_link_type&quot;:&quot;url&quot;,&quot;premium_gallery_img_existing&quot;:null,&quot;premium_gallery_link_whole&quot;:&quot;&quot;,&quot;premium_gallery_lightbox_whole&quot;:&quot;&quot;},{&quot;premium_gallery_img&quot;:{&quot;url&quot;:&quot;https:\\\/\\\/ideasdesign.ch\\\/wp-content\\\/uploads\\\/2020\\\/11\\\/logo_californian-scaled.jpg&quot;,&quot;id&quot;:1009,&quot;size&quot;:&quot;&quot;},&quot;premium_gallery_img_name&quot;:&quot;Californian Living&quot;,&quot;premium_gallery_img_link_switch&quot;:&quot;yes&quot;,&quot;premium_gallery_img_link&quot;:{&quot;url&quot;:&quot;https:\\\/\\\/californian-living.com\\\/&quot;,&quot;is_external&quot;:&quot;on&quot;,&quot;nofollow&quot;:&quot;&quot;,&quot;custom_attributes&quot;:&quot;&quot;},&quot;premium_gallery_img_alt&quot;:&quot;&quot;,&quot;premium_gallery_image_width&quot;:&quot;50%&quot;,&quot;premium_gallery_image_width_tablet&quot;:&quot;100%&quot;,&quot;premium_gallery_image_width_mobile&quot;:&quot;100%&quot;,&quot;premium_gallery_img_desc&quot;:&quot;--------&lt;\\\/br&gt;\\nI was mandated in 2018 to create the graphic identity of a new company specializing in the sale of luxury rugs. I created its logo and identity card, as well as the carpet labels.\\n&lt;\\\/br&gt;\\n--------&lt;\\\/br&gt;\\nwww.californian-living.com&quot;,&quot;premium_gallery_img_category&quot;:&quot;Logo&quot;,&quot;_id&quot;:&quot;a406e7d&quot;,&quot;premium_gallery_image_cell&quot;:{&quot;unit&quot;:&quot;px&quot;,&quot;size&quot;:4,&quot;sizes&quot;:[]},&quot;premium_gallery_image_cell_tablet&quot;:{&quot;unit&quot;:&quot;px&quot;,&quot;size&quot;:&quot;&quot;,&quot;sizes&quot;:[]},&quot;premium_gallery_image_cell_mobile&quot;:{&quot;unit&quot;:&quot;px&quot;,&quot;size&quot;:&quot;&quot;,&quot;sizes&quot;:[]},&quot;premium_gallery_image_vcell&quot;:{&quot;unit&quot;:&quot;px&quot;,&quot;size&quot;:4,&quot;sizes&quot;:[]},&quot;premium_gallery_image_vcell_tablet&quot;:{&quot;unit&quot;:&quot;px&quot;,&quot;size&quot;:&quot;&quot;,&quot;sizes&quot;:[]},&quot;premium_gallery_image_vcell_mobile&quot;:{&quot;unit&quot;:&quot;px&quot;,&quot;size&quot;:&quot;&quot;,&quot;sizes&quot;:[]},&quot;premium_gallery_video&quot;:&quot;&quot;,&quot;premium_gallery_video_type&quot;:null,&quot;premium_gallery_video_url&quot;:null,&quot;premium_gallery_video_self&quot;:null,&quot;premium_gallery_video_self_url&quot;:null,&quot;premium_gallery_video_controls&quot;:null,&quot;premium_gallery_video_mute&quot;:null,&quot;premium_gallery_video_loop&quot;:null,&quot;download_button&quot;:null,&quot;privacy_mode&quot;:null,&quot;premmium_gallery_img_info&quot;:&quot;&quot;,&quot;premium_gallery_img_link_type&quot;:&quot;url&quot;,&quot;premium_gallery_img_existing&quot;:null,&quot;premium_gallery_link_whole&quot;:&quot;&quot;,&quot;premium_gallery_lightbox_whole&quot;:&quot;&quot;},{&quot;premium_gallery_img&quot;:{&quot;url&quot;:&quot;https:\\\/\\\/ideasdesign.ch\\\/wp-content\\\/uploads\\\/2020\\\/11\\\/eclipse1_grand.png&quot;,&quot;id&quot;:982,&quot;size&quot;:&quot;&quot;},&quot;premium_gallery_img_name&quot;:&quot;Eclipse bar&quot;,&quot;premium_gallery_img_link_switch&quot;:&quot;yes&quot;,&quot;premium_gallery_img_link&quot;:{&quot;url&quot;:&quot;&quot;,&quot;is_external&quot;:&quot;on&quot;,&quot;nofollow&quot;:&quot;&quot;,&quot;custom_attributes&quot;:&quot;&quot;},&quot;premium_gallery_img_alt&quot;:&quot;&quot;,&quot;premium_gallery_image_width&quot;:&quot;50%&quot;,&quot;premium_gallery_image_width_tablet&quot;:&quot;100%&quot;,&quot;premium_gallery_image_width_mobile&quot;:&quot;100%&quot;,&quot;premium_gallery_img_desc&quot;:&quot;--------&lt;\\\/br&gt;\\nThe Eclipse bar in Geneva create a competition to change their graphic identity. This logo was the winner. The bar is located at rue du Fort-Barreau 21, above the Geneva train station.&quot;,&quot;premium_gallery_img_category&quot;:&quot;Logo&quot;,&quot;_id&quot;:&quot;ad4bcc0&quot;,&quot;premium_gallery_image_cell&quot;:{&quot;unit&quot;:&quot;px&quot;,&quot;size&quot;:4,&quot;sizes&quot;:[]},&quot;premium_gallery_image_cell_tablet&quot;:{&quot;unit&quot;:&quot;px&quot;,&quot;size&quot;:&quot;&quot;,&quot;sizes&quot;:[]},&quot;premium_gallery_image_cell_mobile&quot;:{&quot;unit&quot;:&quot;px&quot;,&quot;size&quot;:&quot;&quot;,&quot;sizes&quot;:[]},&quot;premium_gallery_image_vcell&quot;:{&quot;unit&quot;:&quot;px&quot;,&quot;size&quot;:4,&quot;sizes&quot;:[]},&quot;premium_gallery_image_vcell_tablet&quot;:{&quot;unit&quot;:&quot;px&quot;,&quot;size&quot;:&quot;&quot;,&quot;sizes&quot;:[]},&quot;premium_gallery_image_vcell_mobile&quot;:{&quot;unit&quot;:&quot;px&quot;,&quot;size&quot;:&quot;&quot;,&quot;sizes&quot;:[]},&quot;premium_gallery_video&quot;:&quot;&quot;,&quot;premium_gallery_video_type&quot;:null,&quot;premium_gallery_video_url&quot;:null,&quot;premium_gallery_video_self&quot;:null,&quot;premium_gallery_video_self_url&quot;:null,&quot;premium_gallery_video_controls&quot;:null,&quot;premium_gallery_video_mute&quot;:null,&quot;premium_gallery_video_loop&quot;:null,&quot;download_button&quot;:null,&quot;privacy_mode&quot;:null,&quot;premmium_gallery_img_info&quot;:&quot;&quot;,&quot;premium_gallery_img_link_type&quot;:&quot;url&quot;,&quot;premium_gallery_img_existing&quot;:null,&quot;premium_gallery_link_whole&quot;:&quot;&quot;,&quot;premium_gallery_lightbox_whole&quot;:&quot;&quot;},{&quot;premium_gallery_img&quot;:{&quot;url&quot;:&quot;https:\\\/\\\/ideasdesign.ch\\\/wp-content\\\/uploads\\\/2020\\\/11\\\/foule_2-1024x1024-1.jpg&quot;,&quot;id&quot;:1000,&quot;size&quot;:&quot;&quot;},&quot;premium_gallery_img_name&quot;:&quot;Party Project&quot;,&quot;premium_gallery_img_link_switch&quot;:&quot;yes&quot;,&quot;premium_gallery_img_link&quot;:{&quot;url&quot;:&quot;&quot;,&quot;is_external&quot;:&quot;on&quot;,&quot;nofollow&quot;:&quot;&quot;,&quot;custom_attributes&quot;:&quot;&quot;},&quot;premium_gallery_img_alt&quot;:&quot;&quot;,&quot;premium_gallery_image_width&quot;:&quot;50%&quot;,&quot;premium_gallery_image_width_tablet&quot;:&quot;100%&quot;,&quot;premium_gallery_image_width_mobile&quot;:&quot;100%&quot;,&quot;premium_gallery_img_desc&quot;:&quot;--------&lt;\\\/br&gt;\\nMandated by the association Party Project of Geneva, I realized their site, their logo, their flyer and posters, as well as various campaigns on the social networks. Party Project is a non-profit organization offering a full service organization of events for private or company. Party Project is collaborating with a large number of music bands, DJ&#039;s, graphic artists and artists available to its customers.&quot;,&quot;premium_gallery_img_category&quot;:&quot;Logo&quot;,&quot;_id&quot;:&quot;6d0ea65&quot;,&quot;premium_gallery_image_cell&quot;:{&quot;unit&quot;:&quot;px&quot;,&quot;size&quot;:4,&quot;sizes&quot;:[]},&quot;premium_gallery_image_cell_tablet&quot;:{&quot;unit&quot;:&quot;px&quot;,&quot;size&quot;:&quot;&quot;,&quot;sizes&quot;:[]},&quot;premium_gallery_image_cell_mobile&quot;:{&quot;unit&quot;:&quot;px&quot;,&quot;size&quot;:&quot;&quot;,&quot;sizes&quot;:[]},&quot;premium_gallery_image_vcell&quot;:{&quot;unit&quot;:&quot;px&quot;,&quot;size&quot;:4,&quot;sizes&quot;:[]},&quot;premium_gallery_image_vcell_tablet&quot;:{&quot;unit&quot;:&quot;px&quot;,&quot;size&quot;:&quot;&quot;,&quot;sizes&quot;:[]},&quot;premium_gallery_image_vcell_mobile&quot;:{&quot;unit&quot;:&quot;px&quot;,&quot;size&quot;:&quot;&quot;,&quot;sizes&quot;:[]},&quot;premium_gallery_video&quot;:&quot;&quot;,&quot;premium_gallery_video_type&quot;:null,&quot;premium_gallery_video_url&quot;:null,&quot;premium_gallery_video_self&quot;:null,&quot;premium_gallery_video_self_url&quot;:null,&quot;premium_gallery_video_controls&quot;:null,&quot;premium_gallery_video_mute&quot;:null,&quot;premium_gallery_video_loop&quot;:null,&quot;download_button&quot;:null,&quot;privacy_mode&quot;:null,&quot;premmium_gallery_img_info&quot;:&quot;&quot;,&quot;premium_gallery_img_link_type&quot;:&quot;url&quot;,&quot;premium_gallery_img_existing&quot;:null,&quot;premium_gallery_link_whole&quot;:&quot;&quot;,&quot;premium_gallery_lightbox_whole&quot;:&quot;&quot;},{&quot;premium_gallery_img&quot;:{&quot;url&quot;:&quot;https:\\\/\\\/ideasdesign.ch\\\/wp-content\\\/uploads\\\/2020\\\/11\\\/logo-1.png&quot;,&quot;id&quot;:992,&quot;size&quot;:&quot;&quot;},&quot;premium_gallery_img_name&quot;:&quot;2Girls1Game&quot;,&quot;premium_gallery_img_link_switch&quot;:&quot;yes&quot;,&quot;premium_gallery_img_link&quot;:{&quot;url&quot;:&quot;http:\\\/\\\/www.geordie-vial.fr\\\/&quot;,&quot;is_external&quot;:&quot;on&quot;,&quot;nofollow&quot;:&quot;&quot;,&quot;custom_attributes&quot;:&quot;&quot;},&quot;premium_gallery_img_alt&quot;:&quot;&quot;,&quot;premium_gallery_image_width&quot;:&quot;50%&quot;,&quot;premium_gallery_image_width_tablet&quot;:&quot;100%&quot;,&quot;premium_gallery_image_width_mobile&quot;:&quot;100%&quot;,&quot;premium_gallery_img_desc&quot;:&quot;--------&lt;\\\/br&gt;\\nRealization of a logo as part of a competition for the RTS with as theme a web series. This series would talk about the friendship between two very different girls playing video games together. I have the role of director, producer and editor of this project.&lt;\\\/br&gt;\\nThe competition has not been won, but the project is still relevant.&quot;,&quot;premium_gallery_img_category&quot;:&quot;Logo&quot;,&quot;_id&quot;:&quot;f02f394&quot;,&quot;premium_gallery_image_cell&quot;:{&quot;unit&quot;:&quot;px&quot;,&quot;size&quot;:4,&quot;sizes&quot;:[]},&quot;premium_gallery_image_cell_tablet&quot;:{&quot;unit&quot;:&quot;px&quot;,&quot;size&quot;:&quot;&quot;,&quot;sizes&quot;:[]},&quot;premium_gallery_image_cell_mobile&quot;:{&quot;unit&quot;:&quot;px&quot;,&quot;size&quot;:&quot;&quot;,&quot;sizes&quot;:[]},&quot;premium_gallery_image_vcell&quot;:{&quot;unit&quot;:&quot;px&quot;,&quot;size&quot;:4,&quot;sizes&quot;:[]},&quot;premium_gallery_image_vcell_tablet&quot;:{&quot;unit&quot;:&quot;px&quot;,&quot;size&quot;:&quot;&quot;,&quot;sizes&quot;:[]},&quot;premium_gallery_image_vcell_mobile&quot;:{&quot;unit&quot;:&quot;px&quot;,&quot;size&quot;:&quot;&quot;,&quot;sizes&quot;:[]},&quot;premium_gallery_video&quot;:&quot;&quot;,&quot;premium_gallery_video_type&quot;:null,&quot;premium_gallery_video_url&quot;:null,&quot;premium_gallery_video_self&quot;:null,&quot;premium_gallery_video_self_url&quot;:null,&quot;premium_gallery_video_controls&quot;:null,&quot;premium_gallery_video_mute&quot;:null,&quot;premium_gallery_video_loop&quot;:null,&quot;download_button&quot;:null,&quot;privacy_mode&quot;:null,&quot;premmium_gallery_img_info&quot;:&quot;&quot;,&quot;premium_gallery_img_link_type&quot;:&quot;url&quot;,&quot;premium_gallery_img_existing&quot;:null,&quot;premium_gallery_link_whole&quot;:&quot;&quot;,&quot;premium_gallery_lightbox_whole&quot;:&quot;&quot;},{&quot;premium_gallery_img&quot;:{&quot;url&quot;:&quot;https:\\\/\\\/ideasdesign.ch\\\/wp-content\\\/uploads\\\/2020\\\/11\\\/logo_eveflirt.jpg&quot;,&quot;id&quot;:985,&quot;size&quot;:&quot;&quot;},&quot;premium_gallery_img_name&quot;:&quot;Eveflirt &quot;,&quot;premium_gallery_img_link_switch&quot;:&quot;yes&quot;,&quot;premium_gallery_img_link&quot;:{&quot;url&quot;:&quot;http:\\\/\\\/www.eveflirt.com&quot;,&quot;is_external&quot;:&quot;on&quot;,&quot;nofollow&quot;:&quot;&quot;,&quot;custom_attributes&quot;:&quot;&quot;},&quot;premium_gallery_img_alt&quot;:&quot;&quot;,&quot;premium_gallery_image_width&quot;:&quot;50%&quot;,&quot;premium_gallery_image_width_tablet&quot;:&quot;100%&quot;,&quot;premium_gallery_image_width_mobile&quot;:&quot;100%&quot;,&quot;premium_gallery_img_desc&quot;:&quot;--------&lt;\\\/br&gt;\\nCreating of a soft logo for the dating website Eveflirt, based in France, in 2017.\\n&lt;\\\/br&gt;\\n--------&lt;\\\/br&gt;\\nwww.eveflirt.com&quot;,&quot;premium_gallery_img_category&quot;:&quot;Logo&quot;,&quot;_id&quot;:&quot;b6a1980&quot;,&quot;premium_gallery_image_cell&quot;:{&quot;unit&quot;:&quot;px&quot;,&quot;size&quot;:4,&quot;sizes&quot;:[]},&quot;premium_gallery_image_cell_tablet&quot;:{&quot;unit&quot;:&quot;px&quot;,&quot;size&quot;:&quot;&quot;,&quot;sizes&quot;:[]},&quot;premium_gallery_image_cell_mobile&quot;:{&quot;unit&quot;:&quot;px&quot;,&quot;size&quot;:&quot;&quot;,&quot;sizes&quot;:[]},&quot;premium_gallery_image_vcell&quot;:{&quot;unit&quot;:&quot;px&quot;,&quot;size&quot;:4,&quot;sizes&quot;:[]},&quot;premium_gallery_image_vcell_tablet&quot;:{&quot;unit&quot;:&quot;px&quot;,&quot;size&quot;:&quot;&quot;,&quot;sizes&quot;:[]},&quot;premium_gallery_image_vcell_mobile&quot;:{&quot;unit&quot;:&quot;px&quot;,&quot;size&quot;:&quot;&quot;,&quot;sizes&quot;:[]},&quot;premium_gallery_video&quot;:&quot;&quot;,&quot;premium_gallery_video_type&quot;:null,&quot;premium_gallery_video_url&quot;:null,&quot;premium_gallery_video_self&quot;:null,&quot;premium_gallery_video_self_url&quot;:null,&quot;premium_gallery_video_controls&quot;:null,&quot;premium_gallery_video_mute&quot;:null,&quot;premium_gallery_video_loop&quot;:null,&quot;download_button&quot;:null,&quot;privacy_mode&quot;:null,&quot;premmium_gallery_img_info&quot;:&quot;&quot;,&quot;premium_gallery_img_link_type&quot;:&quot;url&quot;,&quot;premium_gallery_img_existing&quot;:null,&quot;premium_gallery_link_whole&quot;:&quot;&quot;,&quot;premium_gallery_lightbox_whole&quot;:&quot;&quot;},{&quot;premium_gallery_img&quot;:{&quot;url&quot;:&quot;https:\\\/\\\/ideasdesign.ch\\\/wp-content\\\/uploads\\\/2020\\\/11\\\/simba_logo_image-1024x1024-1.jpg&quot;,&quot;id&quot;:803,&quot;size&quot;:&quot;&quot;},&quot;premium_gallery_img_name&quot;:&quot;Simba Digital S\\u00e0rl&quot;,&quot;premium_gallery_img_link_switch&quot;:&quot;yes&quot;,&quot;premium_gallery_img_link&quot;:{&quot;url&quot;:&quot;https:\\\/\\\/simba-digital.ch\\\/&quot;,&quot;is_external&quot;:&quot;on&quot;,&quot;nofollow&quot;:&quot;&quot;,&quot;custom_attributes&quot;:&quot;&quot;},&quot;premium_gallery_img_alt&quot;:&quot;&quot;,&quot;premium_gallery_image_width&quot;:&quot;50%&quot;,&quot;premium_gallery_image_width_tablet&quot;:&quot;100%&quot;,&quot;premium_gallery_image_width_mobile&quot;:&quot;100%&quot;,&quot;premium_gallery_img_desc&quot;:&quot;--------&lt;\\\/br&gt;\\nCreation of a logo for the new digital company Simba S\\u00e0rl, expert in SEO and business optimization.\\n&lt;\\\/br&gt;\\n--------&lt;\\\/br&gt;\\nwww.simba-digital.ch&quot;,&quot;premium_gallery_img_category&quot;:&quot;Logo&quot;,&quot;_id&quot;:&quot;cd20882&quot;,&quot;premium_gallery_image_cell&quot;:{&quot;unit&quot;:&quot;px&quot;,&quot;size&quot;:4,&quot;sizes&quot;:[]},&quot;premium_gallery_image_cell_tablet&quot;:{&quot;unit&quot;:&quot;px&quot;,&quot;size&quot;:&quot;&quot;,&quot;sizes&quot;:[]},&quot;premium_gallery_image_cell_mobile&quot;:{&quot;unit&quot;:&quot;px&quot;,&quot;size&quot;:&quot;&quot;,&quot;sizes&quot;:[]},&quot;premium_gallery_image_vcell&quot;:{&quot;unit&quot;:&quot;px&quot;,&quot;size&quot;:4,&quot;sizes&quot;:[]},&quot;premium_gallery_image_vcell_tablet&quot;:{&quot;unit&quot;:&quot;px&quot;,&quot;size&quot;:&quot;&quot;,&quot;sizes&quot;:[]},&quot;premium_gallery_image_vcell_mobile&quot;:{&quot;unit&quot;:&quot;px&quot;,&quot;size&quot;:&quot;&quot;,&quot;sizes&quot;:[]},&quot;premium_gallery_video&quot;:&quot;&quot;,&quot;premium_gallery_video_type&quot;:null,&quot;premium_gallery_video_url&quot;:null,&quot;premium_gallery_video_self&quot;:null,&quot;premium_gallery_video_self_url&quot;:null,&quot;premium_gallery_video_controls&quot;:null,&quot;premium_gallery_video_mute&quot;:null,&quot;premium_gallery_video_loop&quot;:null,&quot;download_button&quot;:null,&quot;privacy_mode&quot;:null,&quot;premmium_gallery_img_info&quot;:&quot;&quot;,&quot;premium_gallery_img_link_type&quot;:&quot;url&quot;,&quot;premium_gallery_img_existing&quot;:null,&quot;premium_gallery_link_whole&quot;:&quot;&quot;,&quot;premium_gallery_lightbox_whole&quot;:&quot;&quot;},{&quot;premium_gallery_img&quot;:{&quot;url&quot;:&quot;https:\\\/\\\/ideasdesign.ch\\\/wp-content\\\/uploads\\\/2020\\\/11\\\/taccess-1024x1024-1.jpg&quot;,&quot;id&quot;:997,&quot;size&quot;:&quot;&quot;},&quot;premium_gallery_img_name&quot;:&quot;TAccess Programm&quot;,&quot;premium_gallery_img_link_switch&quot;:&quot;yes&quot;,&quot;premium_gallery_img_link&quot;:{&quot;url&quot;:&quot;&quot;,&quot;is_external&quot;:&quot;on&quot;,&quot;nofollow&quot;:&quot;&quot;,&quot;custom_attributes&quot;:&quot;&quot;},&quot;premium_gallery_img_alt&quot;:&quot;&quot;,&quot;premium_gallery_image_width&quot;:&quot;50%&quot;,&quot;premium_gallery_image_width_tablet&quot;:&quot;100%&quot;,&quot;premium_gallery_image_width_mobile&quot;:&quot;100%&quot;,&quot;premium_gallery_img_desc&quot;:&quot;--------&lt;\\\/br&gt;\\nCreation of a logo for a new program. TAccess is a software for sale that allows you to run software on any desktop (Smartphone, Mac, Windows) on a computer in a datacenter, invented by Edouard Campos.&quot;,&quot;premium_gallery_img_category&quot;:&quot;Logo&quot;,&quot;_id&quot;:&quot;80362dc&quot;,&quot;premium_gallery_image_cell&quot;:{&quot;unit&quot;:&quot;px&quot;,&quot;size&quot;:4,&quot;sizes&quot;:[]},&quot;premium_gallery_image_cell_tablet&quot;:{&quot;unit&quot;:&quot;px&quot;,&quot;size&quot;:&quot;&quot;,&quot;sizes&quot;:[]},&quot;premium_gallery_image_cell_mobile&quot;:{&quot;unit&quot;:&quot;px&quot;,&quot;size&quot;:&quot;&quot;,&quot;sizes&quot;:[]},&quot;premium_gallery_image_vcell&quot;:{&quot;unit&quot;:&quot;px&quot;,&quot;size&quot;:4,&quot;sizes&quot;:[]},&quot;premium_gallery_image_vcell_tablet&quot;:{&quot;unit&quot;:&quot;px&quot;,&quot;size&quot;:&quot;&quot;,&quot;sizes&quot;:[]},&quot;premium_gallery_image_vcell_mobile&quot;:{&quot;unit&quot;:&quot;px&quot;,&quot;size&quot;:&quot;&quot;,&quot;sizes&quot;:[]},&quot;premium_gallery_video&quot;:&quot;&quot;,&quot;premium_gallery_video_type&quot;:null,&quot;premium_gallery_video_url&quot;:null,&quot;premium_gallery_video_self&quot;:null,&quot;premium_gallery_video_self_url&quot;:null,&quot;premium_gallery_video_controls&quot;:null,&quot;premium_gallery_video_mute&quot;:null,&quot;premium_gallery_video_loop&quot;:null,&quot;download_button&quot;:null,&quot;privacy_mode&quot;:null,&quot;premmium_gallery_img_info&quot;:&quot;&quot;,&quot;premium_gallery_img_link_type&quot;:&quot;url&quot;,&quot;premium_gallery_img_existing&quot;:null,&quot;premium_gallery_link_whole&quot;:&quot;&quot;,&quot;premium_gallery_lightbox_whole&quot;:&quot;&quot;},{&quot;premium_gallery_img&quot;:{&quot;url&quot;:&quot;https:\\\/\\\/ideasdesign.ch\\\/wp-content\\\/uploads\\\/2020\\\/11\\\/logo-2.png&quot;,&quot;id&quot;:993,&quot;size&quot;:&quot;&quot;},&quot;premium_gallery_img_name&quot;:&quot;Geordie VIAL&quot;,&quot;premium_gallery_img_link_switch&quot;:&quot;yes&quot;,&quot;premium_gallery_img_link&quot;:{&quot;url&quot;:&quot;http:\\\/\\\/www.geordie-vial.fr\\\/&quot;,&quot;is_external&quot;:&quot;on&quot;,&quot;nofollow&quot;:&quot;&quot;,&quot;custom_attributes&quot;:&quot;&quot;},&quot;premium_gallery_img_alt&quot;:&quot;&quot;,&quot;premium_gallery_image_width&quot;:&quot;50%&quot;,&quot;premium_gallery_image_width_tablet&quot;:&quot;100%&quot;,&quot;premium_gallery_image_width_mobile&quot;:&quot;100%&quot;,&quot;premium_gallery_img_desc&quot;:&quot;--------&lt;\\\/br&gt;\\nCreation of a logo for the website of the expert developer Geordie Vial. The logo is inspired by the symbols of the code.\\n&lt;\\\/br&gt;\\n--------&lt;\\\/br&gt;\\nwww.geordie-vial.fr&quot;,&quot;premium_gallery_img_category&quot;:&quot;Logo&quot;,&quot;_id&quot;:&quot;0e7d9d0&quot;,&quot;premium_gallery_image_cell&quot;:{&quot;unit&quot;:&quot;px&quot;,&quot;size&quot;:4,&quot;sizes&quot;:[]},&quot;premium_gallery_image_cell_tablet&quot;:{&quot;unit&quot;:&quot;px&quot;,&quot;size&quot;:&quot;&quot;,&quot;sizes&quot;:[]},&quot;premium_gallery_image_cell_mobile&quot;:{&quot;unit&quot;:&quot;px&quot;,&quot;size&quot;:&quot;&quot;,&quot;sizes&quot;:[]},&quot;premium_gallery_image_vcell&quot;:{&quot;unit&quot;:&quot;px&quot;,&quot;size&quot;:4,&quot;sizes&quot;:[]},&quot;premium_gallery_image_vcell_tablet&quot;:{&quot;unit&quot;:&quot;px&quot;,&quot;size&quot;:&quot;&quot;,&quot;sizes&quot;:[]},&quot;premium_gallery_image_vcell_mobile&quot;:{&quot;unit&quot;:&quot;px&quot;,&quot;size&quot;:&quot;&quot;,&quot;sizes&quot;:[]},&quot;premium_gallery_video&quot;:&quot;&quot;,&quot;premium_gallery_video_type&quot;:null,&quot;premium_gallery_video_url&quot;:null,&quot;premium_gallery_video_self&quot;:null,&quot;premium_gallery_video_self_url&quot;:null,&quot;premium_gallery_video_controls&quot;:null,&quot;premium_gallery_video_mute&quot;:null,&quot;premium_gallery_video_loop&quot;:null,&quot;download_button&quot;:null,&quot;privacy_mode&quot;:null,&quot;premmium_gallery_img_info&quot;:&quot;&quot;,&quot;premium_gallery_img_link_type&quot;:&quot;url&quot;,&quot;premium_gallery_img_existing&quot;:null,&quot;premium_gallery_link_whole&quot;:&quot;&quot;,&quot;premium_gallery_lightbox_whole&quot;:&quot;&quot;},{&quot;premium_gallery_img&quot;:{&quot;url&quot;:&quot;https:\\\/\\\/ideasdesign.ch\\\/wp-content\\\/uploads\\\/2020\\\/11\\\/recovery.jpg&quot;,&quot;id&quot;:991,&quot;size&quot;:&quot;&quot;},&quot;premium_gallery_img_name&quot;:&quot;Recovery Band&quot;,&quot;premium_gallery_img_link_switch&quot;:&quot;yes&quot;,&quot;premium_gallery_img_link&quot;:{&quot;url&quot;:&quot;https:\\\/\\\/www.facebook.com\\\/Recovery-958927594245298\\\/&quot;,&quot;is_external&quot;:&quot;on&quot;,&quot;nofollow&quot;:&quot;&quot;,&quot;custom_attributes&quot;:&quot;&quot;},&quot;premium_gallery_img_alt&quot;:&quot;&quot;,&quot;premium_gallery_image_width&quot;:&quot;50%&quot;,&quot;premium_gallery_image_width_tablet&quot;:&quot;100%&quot;,&quot;premium_gallery_image_width_mobile&quot;:&quot;100%&quot;,&quot;premium_gallery_img_desc&quot;:&quot;--------&lt;\\\/br&gt;\\nRecovery is a rock band from Geneva, specializing in song cover. Numerous concerts are planned from the end of 2017. I take care of their Facebook page, their business cards and their videos.\\n&lt;\\\/br&gt;\\n--------&lt;\\\/br&gt;\\nwww.facebook.com\\\/Recovery&quot;,&quot;premium_gallery_img_category&quot;:&quot;Logo&quot;,&quot;_id&quot;:&quot;22b7dd1&quot;,&quot;premium_gallery_image_cell&quot;:{&quot;unit&quot;:&quot;px&quot;,&quot;size&quot;:4,&quot;sizes&quot;:[]},&quot;premium_gallery_image_cell_tablet&quot;:{&quot;unit&quot;:&quot;px&quot;,&quot;size&quot;:&quot;&quot;,&quot;sizes&quot;:[]},&quot;premium_gallery_image_cell_mobile&quot;:{&quot;unit&quot;:&quot;px&quot;,&quot;size&quot;:&quot;&quot;,&quot;sizes&quot;:[]},&quot;premium_gallery_image_vcell&quot;:{&quot;unit&quot;:&quot;px&quot;,&quot;size&quot;:4,&quot;sizes&quot;:[]},&quot;premium_gallery_image_vcell_tablet&quot;:{&quot;unit&quot;:&quot;px&quot;,&quot;size&quot;:&quot;&quot;,&quot;sizes&quot;:[]},&quot;premium_gallery_image_vcell_mobile&quot;:{&quot;unit&quot;:&quot;px&quot;,&quot;size&quot;:&quot;&quot;,&quot;sizes&quot;:[]},&quot;premium_gallery_video&quot;:&quot;&quot;,&quot;premium_gallery_video_type&quot;:null,&quot;premium_gallery_video_url&quot;:null,&quot;premium_gallery_video_self&quot;:null,&quot;premium_gallery_video_self_url&quot;:null,&quot;premium_gallery_video_controls&quot;:null,&quot;premium_gallery_video_mute&quot;:null,&quot;premium_gallery_video_loop&quot;:null,&quot;download_button&quot;:null,&quot;privacy_mode&quot;:null,&quot;premmium_gallery_img_info&quot;:&quot;&quot;,&quot;premium_gallery_img_link_type&quot;:&quot;url&quot;,&quot;premium_gallery_img_existing&quot;:null,&quot;premium_gallery_link_whole&quot;:&quot;&quot;,&quot;premium_gallery_lightbox_whole&quot;:&quot;&quot;},{&quot;premium_gallery_img&quot;:{&quot;url&quot;:&quot;https:\\\/\\\/ideasdesign.ch\\\/wp-content\\\/uploads\\\/2020\\\/11\\\/electrohome-1.png&quot;,&quot;id&quot;:999,&quot;size&quot;:&quot;&quot;},&quot;premium_gallery_img_name&quot;:&quot;ElectroHome SA&quot;,&quot;premium_gallery_img_link_switch&quot;:&quot;yes&quot;,&quot;premium_gallery_img_link&quot;:{&quot;url&quot;:&quot;http:\\\/\\\/www.cjelectrohome.ch\\\/&quot;,&quot;is_external&quot;:&quot;on&quot;,&quot;nofollow&quot;:&quot;&quot;,&quot;custom_attributes&quot;:&quot;&quot;},&quot;premium_gallery_img_alt&quot;:&quot;&quot;,&quot;premium_gallery_image_width&quot;:&quot;50%&quot;,&quot;premium_gallery_image_width_tablet&quot;:&quot;100%&quot;,&quot;premium_gallery_image_width_mobile&quot;:&quot;100%&quot;,&quot;premium_gallery_img_desc&quot;:&quot;--------&lt;\\\/br&gt;\\nElectroHome is a general electricity company based in Geneva. I was mandated by her in the creation of their new logo, as well as their business card.\\n&lt;\\\/br&gt;\\n--------&lt;\\\/br&gt;\\nwww.cjelectrohome.ch&quot;,&quot;premium_gallery_img_category&quot;:&quot;Logo&quot;,&quot;_id&quot;:&quot;00131a4&quot;,&quot;premium_gallery_image_cell&quot;:{&quot;unit&quot;:&quot;px&quot;,&quot;size&quot;:4,&quot;sizes&quot;:[]},&quot;premium_gallery_image_cell_tablet&quot;:{&quot;unit&quot;:&quot;px&quot;,&quot;size&quot;:&quot;&quot;,&quot;sizes&quot;:[]},&quot;premium_gallery_image_cell_mobile&quot;:{&quot;unit&quot;:&quot;px&quot;,&quot;size&quot;:&quot;&quot;,&quot;sizes&quot;:[]},&quot;premium_gallery_image_vcell&quot;:{&quot;unit&quot;:&quot;px&quot;,&quot;size&quot;:4,&quot;sizes&quot;:[]},&quot;premium_gallery_image_vcell_tablet&quot;:{&quot;unit&quot;:&quot;px&quot;,&quot;size&quot;:&quot;&quot;,&quot;sizes&quot;:[]},&quot;premium_gallery_image_vcell_mobile&quot;:{&quot;unit&quot;:&quot;px&quot;,&quot;size&quot;:&quot;&quot;,&quot;sizes&quot;:[]},&quot;premium_gallery_video&quot;:&quot;&quot;,&quot;premium_gallery_video_type&quot;:null,&quot;premium_gallery_video_url&quot;:null,&quot;premium_gallery_video_self&quot;:null,&quot;premium_gallery_video_self_url&quot;:null,&quot;premium_gallery_video_controls&quot;:null,&quot;premium_gallery_video_mute&quot;:null,&quot;premium_gallery_video_loop&quot;:null,&quot;download_button&quot;:null,&quot;privacy_mode&quot;:null,&quot;premmium_gallery_img_info&quot;:&quot;&quot;,&quot;premium_gallery_img_link_type&quot;:&quot;url&quot;,&quot;premium_gallery_img_existing&quot;:null,&quot;premium_gallery_link_whole&quot;:&quot;&quot;,&quot;premium_gallery_lightbox_whole&quot;:&quot;&quot;},{&quot;premium_gallery_img&quot;:{&quot;url&quot;:&quot;https:\\\/\\\/ideasdesign.ch\\\/wp-content\\\/uploads\\\/2020\\\/11\\\/EEKO-1024x1024-1.jpg&quot;,&quot;id&quot;:995,&quot;size&quot;:&quot;&quot;},&quot;premium_gallery_img_name&quot;:&quot;Eeko&quot;,&quot;premium_gallery_img_link_switch&quot;:&quot;yes&quot;,&quot;premium_gallery_img_link&quot;:{&quot;url&quot;:&quot;https:\\\/\\\/eekobottle.com\\\/&quot;,&quot;is_external&quot;:&quot;on&quot;,&quot;nofollow&quot;:&quot;&quot;,&quot;custom_attributes&quot;:&quot;&quot;},&quot;premium_gallery_img_alt&quot;:&quot;&quot;,&quot;premium_gallery_image_width&quot;:&quot;50%&quot;,&quot;premium_gallery_image_width_tablet&quot;:&quot;100%&quot;,&quot;premium_gallery_image_width_mobile&quot;:&quot;100%&quot;,&quot;premium_gallery_img_desc&quot;:&quot;--------&lt;\\\/br&gt;\\nI was commissioned by Eeko to create their logo. The EEKO bottle is a reusable bottle to knock out the consumption of PET. Very practical design, our bottle retracts in a hand to adapt to any environment.\\n--------&lt;\\\/br&gt;\\neekobottle.com&quot;,&quot;premium_gallery_img_category&quot;:&quot;Logo&quot;,&quot;_id&quot;:&quot;9a42158&quot;,&quot;premium_gallery_image_cell&quot;:{&quot;unit&quot;:&quot;px&quot;,&quot;size&quot;:4,&quot;sizes&quot;:[]},&quot;premium_gallery_image_cell_tablet&quot;:{&quot;unit&quot;:&quot;px&quot;,&quot;size&quot;:&quot;&quot;,&quot;sizes&quot;:[]},&quot;premium_gallery_image_cell_mobile&quot;:{&quot;unit&quot;:&quot;px&quot;,&quot;size&quot;:&quot;&quot;,&quot;sizes&quot;:[]},&quot;premium_gallery_image_vcell&quot;:{&quot;unit&quot;:&quot;px&quot;,&quot;size&quot;:4,&quot;sizes&quot;:[]},&quot;premium_gallery_image_vcell_tablet&quot;:{&quot;unit&quot;:&quot;px&quot;,&quot;size&quot;:&quot;&quot;,&quot;sizes&quot;:[]},&quot;premium_gallery_image_vcell_mobile&quot;:{&quot;unit&quot;:&quot;px&quot;,&quot;size&quot;:&quot;&quot;,&quot;sizes&quot;:[]},&quot;premium_gallery_video&quot;:&quot;&quot;,&quot;premium_gallery_video_type&quot;:null,&quot;premium_gallery_video_url&quot;:null,&quot;premium_gallery_video_self&quot;:null,&quot;premium_gallery_video_self_url&quot;:null,&quot;premium_gallery_video_controls&quot;:null,&quot;premium_gallery_video_mute&quot;:null,&quot;premium_gallery_video_loop&quot;:null,&quot;download_button&quot;:null,&quot;privacy_mode&quot;:null,&quot;premmium_gallery_img_info&quot;:&quot;&quot;,&quot;premium_gallery_img_link_type&quot;:&quot;url&quot;,&quot;premium_gallery_img_existing&quot;:null,&quot;premium_gallery_link_whole&quot;:&quot;&quot;,&quot;premium_gallery_lightbox_whole&quot;:&quot;&quot;},{&quot;premium_gallery_img&quot;:{&quot;url&quot;:&quot;https:\\\/\\\/ideasdesign.ch\\\/wp-content\\\/uploads\\\/2020\\\/11\\\/logo_edoor-1024x1024-1.jpg&quot;,&quot;id&quot;:994,&quot;size&quot;:&quot;&quot;},&quot;premium_gallery_img_name&quot;:&quot;E-Door S\\u00e0rl&quot;,&quot;premium_gallery_img_link_switch&quot;:&quot;yes&quot;,&quot;premium_gallery_img_link&quot;:{&quot;url&quot;:&quot;https:\\\/\\\/e-door.ch&quot;,&quot;is_external&quot;:&quot;on&quot;,&quot;nofollow&quot;:&quot;&quot;,&quot;custom_attributes&quot;:&quot;&quot;},&quot;premium_gallery_img_alt&quot;:&quot;&quot;,&quot;premium_gallery_image_width&quot;:&quot;50%&quot;,&quot;premium_gallery_image_width_tablet&quot;:&quot;100%&quot;,&quot;premium_gallery_image_width_mobile&quot;:&quot;100%&quot;,&quot;premium_gallery_img_desc&quot;:&quot;--------&lt;\\\/br&gt;\\nCreation of the logo for a new society in Geneva, which will open in 2018. E-Door S\\u00e0rl is a Swiss Consulting Company mainly active in Alarming &amp; Information Security.\\n&lt;\\\/br&gt;\\n--------&lt;\\\/br&gt;\\nwww.e-door.ch&quot;,&quot;premium_gallery_img_category&quot;:&quot;Logo&quot;,&quot;_id&quot;:&quot;a183202&quot;,&quot;premium_gallery_image_cell&quot;:{&quot;unit&quot;:&quot;px&quot;,&quot;size&quot;:4,&quot;sizes&quot;:[]},&quot;premium_gallery_image_cell_tablet&quot;:{&quot;unit&quot;:&quot;px&quot;,&quot;size&quot;:&quot;&quot;,&quot;sizes&quot;:[]},&quot;premium_gallery_image_cell_mobile&quot;:{&quot;unit&quot;:&quot;px&quot;,&quot;size&quot;:&quot;&quot;,&quot;sizes&quot;:[]},&quot;premium_gallery_image_vcell&quot;:{&quot;unit&quot;:&quot;px&quot;,&quot;size&quot;:4,&quot;sizes&quot;:[]},&quot;premium_gallery_image_vcell_tablet&quot;:{&quot;unit&quot;:&quot;px&quot;,&quot;size&quot;:&quot;&quot;,&quot;sizes&quot;:[]},&quot;premium_gallery_image_vcell_mobile&quot;:{&quot;unit&quot;:&quot;px&quot;,&quot;size&quot;:&quot;&quot;,&quot;sizes&quot;:[]},&quot;premium_gallery_video&quot;:&quot;&quot;,&quot;premium_gallery_video_type&quot;:null,&quot;premium_gallery_video_url&quot;:null,&quot;premium_gallery_video_self&quot;:null,&quot;premium_gallery_video_self_url&quot;:null,&quot;premium_gallery_video_controls&quot;:null,&quot;premium_gallery_video_mute&quot;:null,&quot;premium_gallery_video_loop&quot;:null,&quot;download_button&quot;:null,&quot;privacy_mode&quot;:null,&quot;premmium_gallery_img_info&quot;:&quot;&quot;,&quot;premium_gallery_img_link_type&quot;:&quot;url&quot;,&quot;premium_gallery_img_existing&quot;:null,&quot;premium_gallery_link_whole&quot;:&quot;&quot;,&quot;premium_gallery_lightbox_whole&quot;:&quot;&quot;},{&quot;premium_gallery_img&quot;:{&quot;url&quot;:&quot;https:\\\/\\\/ideasdesign.ch\\\/wp-content\\\/uploads\\\/2020\\\/11\\\/weflirt_logo.jpg&quot;,&quot;id&quot;:988,&quot;size&quot;:&quot;&quot;},&quot;premium_gallery_img_name&quot;:&quot;Weflirt&quot;,&quot;premium_gallery_img_link_switch&quot;:&quot;yes&quot;,&quot;premium_gallery_img_link&quot;:{&quot;url&quot;:&quot;http:\\\/\\\/www.weflirt.com&quot;,&quot;is_external&quot;:&quot;on&quot;,&quot;nofollow&quot;:&quot;&quot;,&quot;custom_attributes&quot;:&quot;&quot;},&quot;premium_gallery_img_alt&quot;:&quot;&quot;,&quot;premium_gallery_image_width&quot;:&quot;50%&quot;,&quot;premium_gallery_image_width_tablet&quot;:&quot;100%&quot;,&quot;premium_gallery_image_width_mobile&quot;:&quot;100%&quot;,&quot;premium_gallery_img_desc&quot;:&quot;--------&lt;\\\/br&gt;\\nCreating of a soft logo for the dating website Eveflirt, based in France, in 2017.\\n&lt;\\\/br&gt;\\n--------&lt;\\\/br&gt;\\nwww.weflirt.com&quot;,&quot;premium_gallery_img_category&quot;:&quot;Logo&quot;,&quot;_id&quot;:&quot;d47cba8&quot;,&quot;premium_gallery_image_cell&quot;:{&quot;unit&quot;:&quot;px&quot;,&quot;size&quot;:4,&quot;sizes&quot;:[]},&quot;premium_gallery_image_cell_tablet&quot;:{&quot;unit&quot;:&quot;px&quot;,&quot;size&quot;:&quot;&quot;,&quot;sizes&quot;:[]},&quot;premium_gallery_image_cell_mobile&quot;:{&quot;unit&quot;:&quot;px&quot;,&quot;size&quot;:&quot;&quot;,&quot;sizes&quot;:[]},&quot;premium_gallery_image_vcell&quot;:{&quot;unit&quot;:&quot;px&quot;,&quot;size&quot;:4,&quot;sizes&quot;:[]},&quot;premium_gallery_image_vcell_tablet&quot;:{&quot;unit&quot;:&quot;px&quot;,&quot;size&quot;:&quot;&quot;,&quot;sizes&quot;:[]},&quot;premium_gallery_image_vcell_mobile&quot;:{&quot;unit&quot;:&quot;px&quot;,&quot;size&quot;:&quot;&quot;,&quot;sizes&quot;:[]},&quot;premium_gallery_video&quot;:&quot;&quot;,&quot;premium_gallery_video_type&quot;:null,&quot;premium_gallery_video_url&quot;:null,&quot;premium_gallery_video_self&quot;:null,&quot;premium_gallery_video_self_url&quot;:null,&quot;premium_gallery_video_controls&quot;:null,&quot;premium_gallery_video_mute&quot;:null,&quot;premium_gallery_video_loop&quot;:null,&quot;download_button&quot;:null,&quot;privacy_mode&quot;:null,&quot;premmium_gallery_img_info&quot;:&quot;&quot;,&quot;premium_gallery_img_link_type&quot;:&quot;url&quot;,&quot;premium_gallery_img_existing&quot;:null,&quot;premium_gallery_link_whole&quot;:&quot;&quot;,&quot;premium_gallery_lightbox_whole&quot;:&quot;&quot;},{&quot;premium_gallery_img&quot;:{&quot;url&quot;:&quot;https:\\\/\\\/ideasdesign.ch\\\/wp-content\\\/uploads\\\/2020\\\/11\\\/cougardiva.png&quot;,&quot;id&quot;:981,&quot;size&quot;:&quot;&quot;},&quot;premium_gallery_img_name&quot;:&quot;CougarDiva&quot;,&quot;premium_gallery_img_link_switch&quot;:&quot;yes&quot;,&quot;premium_gallery_img_link&quot;:{&quot;url&quot;:&quot;http:\\\/\\\/www.cougardiva.com&quot;,&quot;is_external&quot;:&quot;on&quot;,&quot;nofollow&quot;:&quot;&quot;,&quot;custom_attributes&quot;:&quot;&quot;},&quot;premium_gallery_img_alt&quot;:&quot;&quot;,&quot;premium_gallery_image_width&quot;:&quot;50%&quot;,&quot;premium_gallery_image_width_tablet&quot;:&quot;100%&quot;,&quot;premium_gallery_image_width_mobile&quot;:&quot;100%&quot;,&quot;premium_gallery_img_desc&quot;:&quot;--------&lt;\\\/br&gt;\\nCreation of a logo for the dating site for mature women CougarDiva, based in France, in 2017.\\n&lt;\\\/br&gt;\\n--------&lt;\\\/br&gt;\\nwww.cougardiva.com&quot;,&quot;premium_gallery_img_category&quot;:&quot;Logo&quot;,&quot;_id&quot;:&quot;99a4c73&quot;,&quot;premium_gallery_image_cell&quot;:{&quot;unit&quot;:&quot;px&quot;,&quot;size&quot;:4,&quot;sizes&quot;:[]},&quot;premium_gallery_image_cell_tablet&quot;:{&quot;unit&quot;:&quot;px&quot;,&quot;size&quot;:&quot;&quot;,&quot;sizes&quot;:[]},&quot;premium_gallery_image_cell_mobile&quot;:{&quot;unit&quot;:&quot;px&quot;,&quot;size&quot;:&quot;&quot;,&quot;sizes&quot;:[]},&quot;premium_gallery_image_vcell&quot;:{&quot;unit&quot;:&quot;px&quot;,&quot;size&quot;:4,&quot;sizes&quot;:[]},&quot;premium_gallery_image_vcell_tablet&quot;:{&quot;unit&quot;:&quot;px&quot;,&quot;size&quot;:&quot;&quot;,&quot;sizes&quot;:[]},&quot;premium_gallery_image_vcell_mobile&quot;:{&quot;unit&quot;:&quot;px&quot;,&quot;size&quot;:&quot;&quot;,&quot;sizes&quot;:[]},&quot;premium_gallery_video&quot;:&quot;&quot;,&quot;premium_gallery_video_type&quot;:null,&quot;premium_gallery_video_url&quot;:null,&quot;premium_gallery_video_self&quot;:null,&quot;premium_gallery_video_self_url&quot;:null,&quot;premium_gallery_video_controls&quot;:null,&quot;premium_gallery_video_mute&quot;:null,&quot;premium_gallery_video_loop&quot;:null,&quot;download_button&quot;:null,&quot;privacy_mode&quot;:null,&quot;premmium_gallery_img_info&quot;:&quot;&quot;,&quot;premium_gallery_img_link_type&quot;:&quot;url&quot;,&quot;premium_gallery_img_existing&quot;:null,&quot;premium_gallery_link_whole&quot;:&quot;&quot;,&quot;premium_gallery_lightbox_whole&quot;:&quot;&quot;},{&quot;premium_gallery_img&quot;:{&quot;url&quot;:&quot;https:\\\/\\\/ideasdesign.ch\\\/wp-content\\\/uploads\\\/2020\\\/11\\\/logo-marqi-1024x1024-1.jpg&quot;,&quot;id&quot;:996,&quot;size&quot;:&quot;&quot;},&quot;premium_gallery_img_name&quot;:&quot;Marqi&quot;,&quot;premium_gallery_img_link_switch&quot;:&quot;yes&quot;,&quot;premium_gallery_img_link&quot;:{&quot;url&quot;:&quot;https:\\\/\\\/www.facebook.com\\\/marqitoothbrush\\\/&quot;,&quot;is_external&quot;:&quot;on&quot;,&quot;nofollow&quot;:&quot;&quot;,&quot;custom_attributes&quot;:&quot;&quot;},&quot;premium_gallery_img_alt&quot;:&quot;&quot;,&quot;premium_gallery_image_width&quot;:&quot;50%&quot;,&quot;premium_gallery_image_width_tablet&quot;:&quot;100%&quot;,&quot;premium_gallery_image_width_mobile&quot;:&quot;100%&quot;,&quot;premium_gallery_img_desc&quot;:&quot;--------&lt;\\\/br&gt;\\nCreation of the logo for a new society in Geneva, which will open in 2018. E-Door S\\u00e0rl is a Swiss Consulting Company mainly active in Alarming &amp; Information Security.\\n&lt;\\\/br&gt;\\n--------&lt;\\\/br&gt;\\nwww.facebook.com\\\/marqitoothbrush&quot;,&quot;premium_gallery_img_category&quot;:&quot;Logo&quot;,&quot;_id&quot;:&quot;ff0d6d5&quot;,&quot;premium_gallery_image_cell&quot;:{&quot;unit&quot;:&quot;px&quot;,&quot;size&quot;:4,&quot;sizes&quot;:[]},&quot;premium_gallery_image_cell_tablet&quot;:{&quot;unit&quot;:&quot;px&quot;,&quot;size&quot;:&quot;&quot;,&quot;sizes&quot;:[]},&quot;premium_gallery_image_cell_mobile&quot;:{&quot;unit&quot;:&quot;px&quot;,&quot;size&quot;:&quot;&quot;,&quot;sizes&quot;:[]},&quot;premium_gallery_image_vcell&quot;:{&quot;unit&quot;:&quot;px&quot;,&quot;size&quot;:4,&quot;sizes&quot;:[]},&quot;premium_gallery_image_vcell_tablet&quot;:{&quot;unit&quot;:&quot;px&quot;,&quot;size&quot;:&quot;&quot;,&quot;sizes&quot;:[]},&quot;premium_gallery_image_vcell_mobile&quot;:{&quot;unit&quot;:&quot;px&quot;,&quot;size&quot;:&quot;&quot;,&quot;sizes&quot;:[]},&quot;premium_gallery_video&quot;:&quot;&quot;,&quot;premium_gallery_video_type&quot;:null,&quot;premium_gallery_video_url&quot;:null,&quot;premium_gallery_video_self&quot;:null,&quot;premium_gallery_video_self_url&quot;:null,&quot;premium_gallery_video_controls&quot;:null,&quot;premium_gallery_video_mute&quot;:null,&quot;premium_gallery_video_loop&quot;:null,&quot;download_button&quot;:null,&quot;privacy_mode&quot;:null,&quot;premmium_gallery_img_info&quot;:&quot;&quot;,&quot;premium_gallery_img_link_type&quot;:&quot;url&quot;,&quot;premium_gallery_img_existing&quot;:null,&quot;premium_gallery_link_whole&quot;:&quot;&quot;,&quot;premium_gallery_lightbox_whole&quot;:&quot;&quot;},{&quot;premium_gallery_img&quot;:{&quot;url&quot;:&quot;https:\\\/\\\/ideasdesign.ch\\\/wp-content\\\/uploads\\\/2020\\\/11\\\/girls-challenge-logo.jpg&quot;,&quot;id&quot;:1061,&quot;size&quot;:&quot;&quot;},&quot;premium_gallery_img_name&quot;:&quot;Girls Challenge&quot;,&quot;premium_gallery_img_link_switch&quot;:&quot;yes&quot;,&quot;premium_gallery_img_link&quot;:{&quot;url&quot;:&quot;http:\\\/\\\/www.girlschallenge.ch&quot;,&quot;is_external&quot;:&quot;on&quot;,&quot;nofollow&quot;:&quot;&quot;,&quot;custom_attributes&quot;:&quot;&quot;},&quot;premium_gallery_img_alt&quot;:&quot;&quot;,&quot;premium_gallery_image_width&quot;:&quot;50%&quot;,&quot;premium_gallery_image_width_tablet&quot;:&quot;100%&quot;,&quot;premium_gallery_image_width_mobile&quot;:&quot;100%&quot;,&quot;premium_gallery_img_desc&quot;:&quot;--------&lt;\\\/br&gt;\\nThe Girls Challenge is a private club reserved for women who wish to meet new people and have new experiences during a team challenge. The site has been online since 2020.\\n&lt;\\\/br&gt;\\n--------&lt;\\\/br&gt;\\nwww.girlschallenge.ch&quot;,&quot;premium_gallery_img_category&quot;:&quot;Logo&quot;,&quot;_id&quot;:&quot;a598cae&quot;,&quot;premium_gallery_image_cell&quot;:{&quot;unit&quot;:&quot;px&quot;,&quot;size&quot;:4,&quot;sizes&quot;:[]},&quot;premium_gallery_image_cell_tablet&quot;:{&quot;unit&quot;:&quot;px&quot;,&quot;size&quot;:&quot;&quot;,&quot;sizes&quot;:[]},&quot;premium_gallery_image_cell_mobile&quot;:{&quot;unit&quot;:&quot;px&quot;,&quot;size&quot;:&quot;&quot;,&quot;sizes&quot;:[]},&quot;premium_gallery_image_vcell&quot;:{&quot;unit&quot;:&quot;px&quot;,&quot;size&quot;:4,&quot;sizes&quot;:[]},&quot;premium_gallery_image_vcell_tablet&quot;:{&quot;unit&quot;:&quot;px&quot;,&quot;size&quot;:&quot;&quot;,&quot;sizes&quot;:[]},&quot;premium_gallery_image_vcell_mobile&quot;:{&quot;unit&quot;:&quot;px&quot;,&quot;size&quot;:&quot;&quot;,&quot;sizes&quot;:[]},&quot;premium_gallery_video&quot;:&quot;&quot;,&quot;premium_gallery_video_type&quot;:null,&quot;premium_gallery_video_url&quot;:null,&quot;premium_gallery_video_self&quot;:null,&quot;premium_gallery_video_self_url&quot;:null,&quot;premium_gallery_video_controls&quot;:null,&quot;premium_gallery_video_mute&quot;:null,&quot;premium_gallery_video_loop&quot;:null,&quot;download_button&quot;:null,&quot;privacy_mode&quot;:null,&quot;premmium_gallery_img_info&quot;:&quot;&quot;,&quot;premium_gallery_img_link_type&quot;:&quot;url&quot;,&quot;premium_gallery_img_existing&quot;:null,&quot;premium_gallery_link_whole&quot;:&quot;&quot;,&quot;premium_gallery_lightbox_whole&quot;:&quot;&quot;},{&quot;premium_gallery_img&quot;:{&quot;url&quot;:&quot;https:\\\/\\\/ideasdesign.ch\\\/wp-content\\\/uploads\\\/2020\\\/11\\\/logo_renovacion-scaled.jpg&quot;,&quot;id&quot;:1008,&quot;size&quot;:&quot;&quot;},&quot;premium_gallery_img_name&quot;:&quot;Renovacion&quot;,&quot;premium_gallery_img_link_switch&quot;:&quot;yes&quot;,&quot;premium_gallery_img_link&quot;:{&quot;url&quot;:&quot;&quot;,&quot;is_external&quot;:&quot;on&quot;,&quot;nofollow&quot;:&quot;&quot;,&quot;custom_attributes&quot;:&quot;&quot;},&quot;premium_gallery_img_alt&quot;:&quot;&quot;,&quot;premium_gallery_image_width&quot;:&quot;50%&quot;,&quot;premium_gallery_image_width_tablet&quot;:&quot;100%&quot;,&quot;premium_gallery_image_width_mobile&quot;:&quot;100%&quot;,&quot;premium_gallery_img_desc&quot;:&quot;--------&lt;\\\/br&gt;\\nIn 2019, I created the logo for a private company renovating apartments and individual villas in France and Geneva.&quot;,&quot;premium_gallery_img_category&quot;:&quot;Logo&quot;,&quot;_id&quot;:&quot;3511994&quot;,&quot;premium_gallery_image_cell&quot;:{&quot;unit&quot;:&quot;px&quot;,&quot;size&quot;:4,&quot;sizes&quot;:[]},&quot;premium_gallery_image_cell_tablet&quot;:{&quot;unit&quot;:&quot;px&quot;,&quot;size&quot;:&quot;&quot;,&quot;sizes&quot;:[]},&quot;premium_gallery_image_cell_mobile&quot;:{&quot;unit&quot;:&quot;px&quot;,&quot;size&quot;:&quot;&quot;,&quot;sizes&quot;:[]},&quot;premium_gallery_image_vcell&quot;:{&quot;unit&quot;:&quot;px&quot;,&quot;size&quot;:4,&quot;sizes&quot;:[]},&quot;premium_gallery_image_vcell_tablet&quot;:{&quot;unit&quot;:&quot;px&quot;,&quot;size&quot;:&quot;&quot;,&quot;sizes&quot;:[]},&quot;premium_gallery_image_vcell_mobile&quot;:{&quot;unit&quot;:&quot;px&quot;,&quot;size&quot;:&quot;&quot;,&quot;sizes&quot;:[]},&quot;premium_gallery_video&quot;:&quot;&quot;,&quot;premium_gallery_video_type&quot;:null,&quot;premium_gallery_video_url&quot;:null,&quot;premium_gallery_video_self&quot;:null,&quot;premium_gallery_video_self_url&quot;:null,&quot;premium_gallery_video_controls&quot;:null,&quot;premium_gallery_video_mute&quot;:null,&quot;premium_gallery_video_loop&quot;:null,&quot;download_button&quot;:null,&quot;privacy_mode&quot;:null,&quot;premmium_gallery_img_info&quot;:&quot;&quot;,&quot;premium_gallery_img_link_type&quot;:&quot;url&quot;,&quot;premium_gallery_img_existing&quot;:null,&quot;premium_gallery_link_whole&quot;:&quot;&quot;,&quot;premium_gallery_lightbox_whole&quot;:&quot;&quot;},{&quot;premium_gallery_img&quot;:{&quot;url&quot;:&quot;https:\\\/\\\/ideasdesign.ch\\\/wp-content\\\/uploads\\\/2020\\\/11\\\/logo_nm.png&quot;,&quot;id&quot;:998,&quot;size&quot;:&quot;&quot;},&quot;premium_gallery_img_name&quot;:&quot;Nicolas Maucourt&quot;,&quot;premium_gallery_img_link_switch&quot;:&quot;yes&quot;,&quot;premium_gallery_img_link&quot;:{&quot;url&quot;:&quot;http:\\\/\\\/www.nicolas-maucourt.ch&quot;,&quot;is_external&quot;:&quot;on&quot;,&quot;nofollow&quot;:&quot;&quot;,&quot;custom_attributes&quot;:&quot;&quot;},&quot;premium_gallery_img_alt&quot;:&quot;&quot;,&quot;premium_gallery_image_width&quot;:&quot;50%&quot;,&quot;premium_gallery_image_width_tablet&quot;:&quot;100%&quot;,&quot;premium_gallery_image_width_mobile&quot;:&quot;100%&quot;,&quot;premium_gallery_img_desc&quot;:&quot;--------&lt;\\\/br&gt;\\nMandate for the creation of a logo for a communication agency specializing in the support, development of digital advertising campaigns (Adwords &amp; Bings) and directed by AdWords specialist Nicolas Maucourt.\\n&lt;\\\/br&gt;\\n--------&lt;\\\/br&gt;\\nwww.nicolas-maucourt.ch&quot;,&quot;premium_gallery_img_category&quot;:&quot;Logo&quot;,&quot;_id&quot;:&quot;02b9c7c&quot;,&quot;premium_gallery_image_cell&quot;:{&quot;unit&quot;:&quot;px&quot;,&quot;size&quot;:4,&quot;sizes&quot;:[]},&quot;premium_gallery_image_cell_tablet&quot;:{&quot;unit&quot;:&quot;px&quot;,&quot;size&quot;:&quot;&quot;,&quot;sizes&quot;:[]},&quot;premium_gallery_image_cell_mobile&quot;:{&quot;unit&quot;:&quot;px&quot;,&quot;size&quot;:&quot;&quot;,&quot;sizes&quot;:[]},&quot;premium_gallery_image_vcell&quot;:{&quot;unit&quot;:&quot;px&quot;,&quot;size&quot;:4,&quot;sizes&quot;:[]},&quot;premium_gallery_image_vcell_tablet&quot;:{&quot;unit&quot;:&quot;px&quot;,&quot;size&quot;:&quot;&quot;,&quot;sizes&quot;:[]},&quot;premium_gallery_image_vcell_mobile&quot;:{&quot;unit&quot;:&quot;px&quot;,&quot;size&quot;:&quot;&quot;,&quot;sizes&quot;:[]},&quot;premium_gallery_video&quot;:&quot;&quot;,&quot;premium_gallery_video_type&quot;:null,&quot;premium_gallery_video_url&quot;:null,&quot;premium_gallery_video_self&quot;:null,&quot;premium_gallery_video_self_url&quot;:null,&quot;premium_gallery_video_controls&quot;:null,&quot;premium_gallery_video_mute&quot;:null,&quot;premium_gallery_video_loop&quot;:null,&quot;download_button&quot;:null,&quot;privacy_mode&quot;:null,&quot;premmium_gallery_img_info&quot;:&quot;&quot;,&quot;premium_gallery_img_link_type&quot;:&quot;url&quot;,&quot;premium_gallery_img_existing&quot;:null,&quot;premium_gallery_link_whole&quot;:&quot;&quot;,&quot;premium_gallery_lightbox_whole&quot;:&quot;&quot;},{&quot;premium_gallery_img&quot;:{&quot;url&quot;:&quot;https:\\\/\\\/ideasdesign.ch\\\/wp-content\\\/uploads\\\/2020\\\/11\\\/tableau_tim.jpg&quot;,&quot;id&quot;:559,&quot;size&quot;:&quot;&quot;},&quot;premium_gallery_img_name&quot;:&quot;Ghost Ship n\\u00b02&quot;,&quot;premium_gallery_img_link_switch&quot;:&quot;yes&quot;,&quot;premium_gallery_img_alt&quot;:&quot;&quot;,&quot;premium_gallery_image_width&quot;:&quot;50%&quot;,&quot;premium_gallery_image_width_tablet&quot;:&quot;100%&quot;,&quot;premium_gallery_image_width_mobile&quot;:&quot;100%&quot;,&quot;premium_gallery_img_desc&quot;:&quot;Acrylic painting and pencils on canvas, 95x110mm, in 2015&lt;\\\/br&gt;\\n--------&lt;\\\/br&gt;\\nThis is a painting commissioned for a birthday in January 2015 in Geneva.&quot;,&quot;premium_gallery_img_category&quot;:&quot;Painting&quot;,&quot;_id&quot;:&quot;3781a84&quot;,&quot;premium_gallery_image_cell&quot;:{&quot;unit&quot;:&quot;px&quot;,&quot;size&quot;:4,&quot;sizes&quot;:[]},&quot;premium_gallery_image_cell_tablet&quot;:{&quot;unit&quot;:&quot;px&quot;,&quot;size&quot;:&quot;&quot;,&quot;sizes&quot;:[]},&quot;premium_gallery_image_cell_mobile&quot;:{&quot;unit&quot;:&quot;px&quot;,&quot;size&quot;:&quot;&quot;,&quot;sizes&quot;:[]},&quot;premium_gallery_image_vcell&quot;:{&quot;unit&quot;:&quot;px&quot;,&quot;size&quot;:4,&quot;sizes&quot;:[]},&quot;premium_gallery_image_vcell_tablet&quot;:{&quot;unit&quot;:&quot;px&quot;,&quot;size&quot;:&quot;&quot;,&quot;sizes&quot;:[]},&quot;premium_gallery_image_vcell_mobile&quot;:{&quot;unit&quot;:&quot;px&quot;,&quot;size&quot;:&quot;&quot;,&quot;sizes&quot;:[]},&quot;premium_gallery_video&quot;:&quot;&quot;,&quot;premium_gallery_video_type&quot;:null,&quot;premium_gallery_video_url&quot;:null,&quot;premium_gallery_video_self&quot;:null,&quot;premium_gallery_video_self_url&quot;:null,&quot;premium_gallery_video_controls&quot;:null,&quot;premium_gallery_video_mute&quot;:null,&quot;premium_gallery_video_loop&quot;:null,&quot;download_button&quot;:null,&quot;privacy_mode&quot;:null,&quot;premmium_gallery_img_info&quot;:&quot;&quot;,&quot;premium_gallery_img_link_type&quot;:&quot;url&quot;,&quot;premium_gallery_img_link&quot;:{&quot;url&quot;:&quot;&quot;,&quot;is_external&quot;:&quot;&quot;,&quot;nofollow&quot;:&quot;&quot;,&quot;custom_attributes&quot;:&quot;&quot;},&quot;premium_gallery_img_existing&quot;:null,&quot;premium_gallery_link_whole&quot;:&quot;&quot;,&quot;premium_gallery_lightbox_whole&quot;:&quot;&quot;},{&quot;premium_gallery_img&quot;:{&quot;url&quot;:&quot;https:\\\/\\\/ideasdesign.ch\\\/wp-content\\\/uploads\\\/2020\\\/11\\\/lamentoire.jpg&quot;,&quot;id&quot;:556,&quot;size&quot;:&quot;&quot;},&quot;premium_gallery_img_name&quot;:&quot;Lamentations&quot;,&quot;premium_gallery_img_link_switch&quot;:&quot;yes&quot;,&quot;premium_gallery_img_alt&quot;:&quot;&quot;,&quot;premium_gallery_image_width&quot;:&quot;50%&quot;,&quot;premium_gallery_image_width_tablet&quot;:&quot;100%&quot;,&quot;premium_gallery_image_width_mobile&quot;:&quot;100%&quot;,&quot;premium_gallery_img_desc&quot;:&quot;EXHIBITION - SIX QUEENS&lt;\\\/br&gt;\\nAcrylic painting on canvas, 80x100mm, in 2014 - Donation&lt;\\\/br&gt;\\n--------&lt;\\\/br&gt;\\nOne of the paintings shown during my first official exhibition at Rue des Bains in Geneva, in 2014. It is a work on the theme of the ocean and the marine world. The name of the exhibition Six Reines (Six Queens), recalls the Sir\\u00e8nes (Mermaids) in french.&quot;,&quot;premium_gallery_img_category&quot;:&quot;Painting&quot;,&quot;_id&quot;:&quot;9001faa&quot;,&quot;premium_gallery_image_cell&quot;:{&quot;unit&quot;:&quot;px&quot;,&quot;size&quot;:4,&quot;sizes&quot;:[]},&quot;premium_gallery_image_cell_tablet&quot;:{&quot;unit&quot;:&quot;px&quot;,&quot;size&quot;:&quot;&quot;,&quot;sizes&quot;:[]},&quot;premium_gallery_image_cell_mobile&quot;:{&quot;unit&quot;:&quot;px&quot;,&quot;size&quot;:&quot;&quot;,&quot;sizes&quot;:[]},&quot;premium_gallery_image_vcell&quot;:{&quot;unit&quot;:&quot;px&quot;,&quot;size&quot;:4,&quot;sizes&quot;:[]},&quot;premium_gallery_image_vcell_tablet&quot;:{&quot;unit&quot;:&quot;px&quot;,&quot;size&quot;:&quot;&quot;,&quot;sizes&quot;:[]},&quot;premium_gallery_image_vcell_mobile&quot;:{&quot;unit&quot;:&quot;px&quot;,&quot;size&quot;:&quot;&quot;,&quot;sizes&quot;:[]},&quot;premium_gallery_video&quot;:&quot;&quot;,&quot;premium_gallery_video_type&quot;:null,&quot;premium_gallery_video_url&quot;:null,&quot;premium_gallery_video_self&quot;:null,&quot;premium_gallery_video_self_url&quot;:null,&quot;premium_gallery_video_controls&quot;:null,&quot;premium_gallery_video_mute&quot;:null,&quot;premium_gallery_video_loop&quot;:null,&quot;download_button&quot;:null,&quot;privacy_mode&quot;:null,&quot;premmium_gallery_img_info&quot;:&quot;&quot;,&quot;premium_gallery_img_link_type&quot;:&quot;url&quot;,&quot;premium_gallery_img_link&quot;:{&quot;url&quot;:&quot;&quot;,&quot;is_external&quot;:&quot;&quot;,&quot;nofollow&quot;:&quot;&quot;,&quot;custom_attributes&quot;:&quot;&quot;},&quot;premium_gallery_img_existing&quot;:null,&quot;premium_gallery_link_whole&quot;:&quot;&quot;,&quot;premium_gallery_lightbox_whole&quot;:&quot;&quot;},{&quot;premium_gallery_img&quot;:{&quot;url&quot;:&quot;https:\\\/\\\/ideasdesign.ch\\\/wp-content\\\/uploads\\\/2020\\\/11\\\/vaisseau.jpg&quot;,&quot;id&quot;:560,&quot;size&quot;:&quot;&quot;},&quot;premium_gallery_img_name&quot;:&quot;Zoom on the Ghost Ship&quot;,&quot;premium_gallery_img_link_switch&quot;:&quot;yes&quot;,&quot;premium_gallery_img_alt&quot;:&quot;&quot;,&quot;premium_gallery_image_width&quot;:&quot;50%&quot;,&quot;premium_gallery_image_width_tablet&quot;:&quot;100%&quot;,&quot;premium_gallery_image_width_mobile&quot;:&quot;100%&quot;,&quot;premium_gallery_img_desc&quot;:&quot;EXHIBITION - SIX QUEENS&lt;\\\/br&gt;\\nAcrylic painting and pens on canvas, 100x120mm, in 2012 - Sold&lt;\\\/br&gt;\\n--------&lt;\\\/br&gt;\\nOne of the paintings shown during my first official exhibition at Rue des Bains in Geneva, in 2015. It is a work on the theme of the ocean and the marine world. The name of the exhibition Six Reines (Six Queens), recalls the Sir\\u00e8nes (Mermaids) in french.&quot;,&quot;premium_gallery_img_category&quot;:&quot;Painting&quot;,&quot;_id&quot;:&quot;828a2a8&quot;,&quot;premium_gallery_image_cell&quot;:{&quot;unit&quot;:&quot;px&quot;,&quot;size&quot;:4,&quot;sizes&quot;:[]},&quot;premium_gallery_image_cell_tablet&quot;:{&quot;unit&quot;:&quot;px&quot;,&quot;size&quot;:&quot;&quot;,&quot;sizes&quot;:[]},&quot;premium_gallery_image_cell_mobile&quot;:{&quot;unit&quot;:&quot;px&quot;,&quot;size&quot;:&quot;&quot;,&quot;sizes&quot;:[]},&quot;premium_gallery_image_vcell&quot;:{&quot;unit&quot;:&quot;px&quot;,&quot;size&quot;:4,&quot;sizes&quot;:[]},&quot;premium_gallery_image_vcell_tablet&quot;:{&quot;unit&quot;:&quot;px&quot;,&quot;size&quot;:&quot;&quot;,&quot;sizes&quot;:[]},&quot;premium_gallery_image_vcell_mobile&quot;:{&quot;unit&quot;:&quot;px&quot;,&quot;size&quot;:&quot;&quot;,&quot;sizes&quot;:[]},&quot;premium_gallery_video&quot;:&quot;&quot;,&quot;premium_gallery_video_type&quot;:null,&quot;premium_gallery_video_url&quot;:null,&quot;premium_gallery_video_self&quot;:null,&quot;premium_gallery_video_self_url&quot;:null,&quot;premium_gallery_video_controls&quot;:null,&quot;premium_gallery_video_mute&quot;:null,&quot;premium_gallery_video_loop&quot;:null,&quot;download_button&quot;:null,&quot;privacy_mode&quot;:null,&quot;premmium_gallery_img_info&quot;:&quot;&quot;,&quot;premium_gallery_img_link_type&quot;:&quot;url&quot;,&quot;premium_gallery_img_link&quot;:{&quot;url&quot;:&quot;&quot;,&quot;is_external&quot;:&quot;&quot;,&quot;nofollow&quot;:&quot;&quot;,&quot;custom_attributes&quot;:&quot;&quot;},&quot;premium_gallery_img_existing&quot;:null,&quot;premium_gallery_link_whole&quot;:&quot;&quot;,&quot;premium_gallery_lightbox_whole&quot;:&quot;&quot;},{&quot;premium_gallery_img&quot;:{&quot;url&quot;:&quot;https:\\\/\\\/ideasdesign.ch\\\/wp-content\\\/uploads\\\/2020\\\/11\\\/alien-painting-scaled.jpg&quot;,&quot;id&quot;:610,&quot;size&quot;:&quot;&quot;},&quot;premium_gallery_img_name&quot;:&quot;Invasion&quot;,&quot;premium_gallery_img_link_switch&quot;:&quot;yes&quot;,&quot;premium_gallery_img_alt&quot;:&quot;&quot;,&quot;premium_gallery_image_width&quot;:&quot;50%&quot;,&quot;premium_gallery_image_width_tablet&quot;:&quot;100%&quot;,&quot;premium_gallery_image_width_mobile&quot;:&quot;100%&quot;,&quot;premium_gallery_img_desc&quot;:&quot;Acrylic painting on canvas with charcoal, 220x160mm, in 2020&lt;\\\/br&gt;\\n--------&lt;\\\/br&gt;\\nLarge painting representing the planetary system of the Alien film universe. The planet in the lower left is a giant alien egg in a fetal position.&quot;,&quot;premium_gallery_img_category&quot;:&quot;Painting&quot;,&quot;_id&quot;:&quot;79d95ff&quot;,&quot;premium_gallery_image_cell&quot;:{&quot;unit&quot;:&quot;px&quot;,&quot;size&quot;:4,&quot;sizes&quot;:[]},&quot;premium_gallery_image_cell_tablet&quot;:{&quot;unit&quot;:&quot;px&quot;,&quot;size&quot;:&quot;&quot;,&quot;sizes&quot;:[]},&quot;premium_gallery_image_cell_mobile&quot;:{&quot;unit&quot;:&quot;px&quot;,&quot;size&quot;:&quot;&quot;,&quot;sizes&quot;:[]},&quot;premium_gallery_image_vcell&quot;:{&quot;unit&quot;:&quot;px&quot;,&quot;size&quot;:4,&quot;sizes&quot;:[]},&quot;premium_gallery_image_vcell_tablet&quot;:{&quot;unit&quot;:&quot;px&quot;,&quot;size&quot;:&quot;&quot;,&quot;sizes&quot;:[]},&quot;premium_gallery_image_vcell_mobile&quot;:{&quot;unit&quot;:&quot;px&quot;,&quot;size&quot;:&quot;&quot;,&quot;sizes&quot;:[]},&quot;premium_gallery_video&quot;:&quot;&quot;,&quot;premium_gallery_video_type&quot;:null,&quot;premium_gallery_video_url&quot;:null,&quot;premium_gallery_video_self&quot;:null,&quot;premium_gallery_video_self_url&quot;:null,&quot;premium_gallery_video_controls&quot;:null,&quot;premium_gallery_video_mute&quot;:null,&quot;premium_gallery_video_loop&quot;:null,&quot;download_button&quot;:null,&quot;privacy_mode&quot;:null,&quot;premmium_gallery_img_info&quot;:&quot;&quot;,&quot;premium_gallery_img_link_type&quot;:&quot;url&quot;,&quot;premium_gallery_img_link&quot;:{&quot;url&quot;:&quot;&quot;,&quot;is_external&quot;:&quot;&quot;,&quot;nofollow&quot;:&quot;&quot;,&quot;custom_attributes&quot;:&quot;&quot;},&quot;premium_gallery_img_existing&quot;:null,&quot;premium_gallery_link_whole&quot;:&quot;&quot;,&quot;premium_gallery_lightbox_whole&quot;:&quot;&quot;},{&quot;premium_gallery_img&quot;:{&quot;url&quot;:&quot;https:\\\/\\\/ideasdesign.ch\\\/wp-content\\\/uploads\\\/2020\\\/11\\\/declin.jpg&quot;,&quot;id&quot;:555,&quot;size&quot;:&quot;&quot;},&quot;premium_gallery_img_name&quot;:&quot;The decline&quot;,&quot;premium_gallery_img_link_switch&quot;:&quot;yes&quot;,&quot;premium_gallery_img_alt&quot;:&quot;&quot;,&quot;premium_gallery_image_width&quot;:&quot;50%&quot;,&quot;premium_gallery_image_width_tablet&quot;:&quot;100%&quot;,&quot;premium_gallery_image_width_mobile&quot;:&quot;100%&quot;,&quot;premium_gallery_img_desc&quot;:&quot;EXHIBITION - SIX QUEENS&lt;\\\/br&gt;Acrylic on canvas painting, 110x70mm, in 2013&lt;\\\/br&gt;\\n--------&lt;\\\/br&gt;\\nOne of the paintings shown during my first official exhibition at Rue des Bains in Geneva, in 2014. It is a work on the theme of the ocean and the marine world. The name of the exhibition Six Reines (Six Queens), recalls the Sir\\u00e8nes (Mermaids) in french.&quot;,&quot;premium_gallery_img_category&quot;:&quot;Painting&quot;,&quot;_id&quot;:&quot;9acabfd&quot;,&quot;premium_gallery_image_cell&quot;:{&quot;unit&quot;:&quot;px&quot;,&quot;size&quot;:4,&quot;sizes&quot;:[]},&quot;premium_gallery_image_cell_tablet&quot;:{&quot;unit&quot;:&quot;px&quot;,&quot;size&quot;:&quot;&quot;,&quot;sizes&quot;:[]},&quot;premium_gallery_image_cell_mobile&quot;:{&quot;unit&quot;:&quot;px&quot;,&quot;size&quot;:&quot;&quot;,&quot;sizes&quot;:[]},&quot;premium_gallery_image_vcell&quot;:{&quot;unit&quot;:&quot;px&quot;,&quot;size&quot;:4,&quot;sizes&quot;:[]},&quot;premium_gallery_image_vcell_tablet&quot;:{&quot;unit&quot;:&quot;px&quot;,&quot;size&quot;:&quot;&quot;,&quot;sizes&quot;:[]},&quot;premium_gallery_image_vcell_mobile&quot;:{&quot;unit&quot;:&quot;px&quot;,&quot;size&quot;:&quot;&quot;,&quot;sizes&quot;:[]},&quot;premium_gallery_video&quot;:&quot;&quot;,&quot;premium_gallery_video_type&quot;:null,&quot;premium_gallery_video_url&quot;:null,&quot;premium_gallery_video_self&quot;:null,&quot;premium_gallery_video_self_url&quot;:null,&quot;premium_gallery_video_controls&quot;:null,&quot;premium_gallery_video_mute&quot;:null,&quot;premium_gallery_video_loop&quot;:null,&quot;download_button&quot;:null,&quot;privacy_mode&quot;:null,&quot;premmium_gallery_img_info&quot;:&quot;&quot;,&quot;premium_gallery_img_link_type&quot;:&quot;url&quot;,&quot;premium_gallery_img_link&quot;:{&quot;url&quot;:&quot;&quot;,&quot;is_external&quot;:&quot;&quot;,&quot;nofollow&quot;:&quot;&quot;,&quot;custom_attributes&quot;:&quot;&quot;},&quot;premium_gallery_img_existing&quot;:null,&quot;premium_gallery_link_whole&quot;:&quot;&quot;,&quot;premium_gallery_lightbox_whole&quot;:&quot;&quot;},{&quot;premium_gallery_img&quot;:{&quot;url&quot;:&quot;https:\\\/\\\/ideasdesign.ch\\\/wp-content\\\/uploads\\\/2020\\\/11\\\/anatheme.jpg&quot;,&quot;id&quot;:550,&quot;size&quot;:&quot;&quot;},&quot;premium_gallery_img_name&quot;:&quot;Anathema&quot;,&quot;premium_gallery_img_link_switch&quot;:&quot;yes&quot;,&quot;premium_gallery_img_alt&quot;:&quot;&quot;,&quot;premium_gallery_image_width&quot;:&quot;50%&quot;,&quot;premium_gallery_image_width_tablet&quot;:&quot;100%&quot;,&quot;premium_gallery_image_width_mobile&quot;:&quot;100%&quot;,&quot;premium_gallery_img_desc&quot;:&quot;Acrylic painting and pens on canvas, worked with sponge, 100x80mm, in 2016&lt;\\\/br&gt;\\n--------&lt;\\\/br&gt;\\nThis painting is the first of a new esoteric series on the world of the heavens, whose next exhibition will soon take place.&quot;,&quot;premium_gallery_img_category&quot;:&quot;Painting&quot;,&quot;_id&quot;:&quot;3eca1f2&quot;,&quot;premium_gallery_image_cell&quot;:{&quot;unit&quot;:&quot;px&quot;,&quot;size&quot;:4,&quot;sizes&quot;:[]},&quot;premium_gallery_image_cell_tablet&quot;:{&quot;unit&quot;:&quot;px&quot;,&quot;size&quot;:&quot;&quot;,&quot;sizes&quot;:[]},&quot;premium_gallery_image_cell_mobile&quot;:{&quot;unit&quot;:&quot;px&quot;,&quot;size&quot;:&quot;&quot;,&quot;sizes&quot;:[]},&quot;premium_gallery_image_vcell&quot;:{&quot;unit&quot;:&quot;px&quot;,&quot;size&quot;:4,&quot;sizes&quot;:[]},&quot;premium_gallery_image_vcell_tablet&quot;:{&quot;unit&quot;:&quot;px&quot;,&quot;size&quot;:&quot;&quot;,&quot;sizes&quot;:[]},&quot;premium_gallery_image_vcell_mobile&quot;:{&quot;unit&quot;:&quot;px&quot;,&quot;size&quot;:&quot;&quot;,&quot;sizes&quot;:[]},&quot;premium_gallery_video&quot;:&quot;&quot;,&quot;premium_gallery_video_type&quot;:null,&quot;premium_gallery_video_url&quot;:null,&quot;premium_gallery_video_self&quot;:null,&quot;premium_gallery_video_self_url&quot;:null,&quot;premium_gallery_video_controls&quot;:null,&quot;premium_gallery_video_mute&quot;:null,&quot;premium_gallery_video_loop&quot;:null,&quot;download_button&quot;:null,&quot;privacy_mode&quot;:null,&quot;premmium_gallery_img_info&quot;:&quot;&quot;,&quot;premium_gallery_img_link_type&quot;:&quot;url&quot;,&quot;premium_gallery_img_link&quot;:{&quot;url&quot;:&quot;&quot;,&quot;is_external&quot;:&quot;&quot;,&quot;nofollow&quot;:&quot;&quot;,&quot;custom_attributes&quot;:&quot;&quot;},&quot;premium_gallery_img_existing&quot;:null,&quot;premium_gallery_link_whole&quot;:&quot;&quot;,&quot;premium_gallery_lightbox_whole&quot;:&quot;&quot;},{&quot;premium_gallery_img&quot;:{&quot;url&quot;:&quot;https:\\\/\\\/ideasdesign.ch\\\/wp-content\\\/uploads\\\/2020\\\/11\\\/lyrisme.jpg&quot;,&quot;id&quot;:557,&quot;size&quot;:&quot;&quot;},&quot;premium_gallery_img_name&quot;:&quot;20&#039;000 fires under the sea&quot;,&quot;premium_gallery_img_link_switch&quot;:&quot;yes&quot;,&quot;premium_gallery_img_alt&quot;:&quot;&quot;,&quot;premium_gallery_image_width&quot;:&quot;50%&quot;,&quot;premium_gallery_image_width_tablet&quot;:&quot;100%&quot;,&quot;premium_gallery_image_width_mobile&quot;:&quot;100%&quot;,&quot;premium_gallery_img_desc&quot;:&quot;EXHIBITION - SIX QUEENS&lt;\\\/br&gt;Acrylic painting on canvas, 80x100mm, in 2013&lt;\\\/br&gt;\\n--------&lt;\\\/br&gt;\\nOne of the paintings shown during my first official exhibition at Rue des Bains in Geneva, in 2014.\\nIt is a work on the theme of the ocean and the marine world. The name of the exhibition Six Reines (Six Queens), recalls the Sir\\u00e8nes (Mermaids) in french.&quot;,&quot;premium_gallery_img_category&quot;:&quot;Painting&quot;,&quot;_id&quot;:&quot;c51b25d&quot;,&quot;premium_gallery_image_cell&quot;:{&quot;unit&quot;:&quot;px&quot;,&quot;size&quot;:4,&quot;sizes&quot;:[]},&quot;premium_gallery_image_cell_tablet&quot;:{&quot;unit&quot;:&quot;px&quot;,&quot;size&quot;:&quot;&quot;,&quot;sizes&quot;:[]},&quot;premium_gallery_image_cell_mobile&quot;:{&quot;unit&quot;:&quot;px&quot;,&quot;size&quot;:&quot;&quot;,&quot;sizes&quot;:[]},&quot;premium_gallery_image_vcell&quot;:{&quot;unit&quot;:&quot;px&quot;,&quot;size&quot;:4,&quot;sizes&quot;:[]},&quot;premium_gallery_image_vcell_tablet&quot;:{&quot;unit&quot;:&quot;px&quot;,&quot;size&quot;:&quot;&quot;,&quot;sizes&quot;:[]},&quot;premium_gallery_image_vcell_mobile&quot;:{&quot;unit&quot;:&quot;px&quot;,&quot;size&quot;:&quot;&quot;,&quot;sizes&quot;:[]},&quot;premium_gallery_video&quot;:&quot;&quot;,&quot;premium_gallery_video_type&quot;:null,&quot;premium_gallery_video_url&quot;:null,&quot;premium_gallery_video_self&quot;:null,&quot;premium_gallery_video_self_url&quot;:null,&quot;premium_gallery_video_controls&quot;:null,&quot;premium_gallery_video_mute&quot;:null,&quot;premium_gallery_video_loop&quot;:null,&quot;download_button&quot;:null,&quot;privacy_mode&quot;:null,&quot;premmium_gallery_img_info&quot;:&quot;&quot;,&quot;premium_gallery_img_link_type&quot;:&quot;url&quot;,&quot;premium_gallery_img_link&quot;:{&quot;url&quot;:&quot;&quot;,&quot;is_external&quot;:&quot;&quot;,&quot;nofollow&quot;:&quot;&quot;,&quot;custom_attributes&quot;:&quot;&quot;},&quot;premium_gallery_img_existing&quot;:null,&quot;premium_gallery_link_whole&quot;:&quot;&quot;,&quot;premium_gallery_lightbox_whole&quot;:&quot;&quot;},{&quot;premium_gallery_img&quot;:{&quot;url&quot;:&quot;https:\\\/\\\/ideasdesign.ch\\\/wp-content\\\/uploads\\\/2020\\\/11\\\/cabinets-and-wall-for-tv-in-living-room-Recupere.jpg&quot;,&quot;id&quot;:713,&quot;size&quot;:&quot;&quot;},&quot;premium_gallery_img_name&quot;:&quot;Dragon Ball Painting&quot;,&quot;premium_gallery_img_link_switch&quot;:&quot;yes&quot;,&quot;premium_gallery_img_alt&quot;:&quot;&quot;,&quot;premium_gallery_image_width&quot;:&quot;50%&quot;,&quot;premium_gallery_image_width_tablet&quot;:&quot;100%&quot;,&quot;premium_gallery_image_width_mobile&quot;:&quot;100%&quot;,&quot;premium_gallery_img_desc&quot;:&quot;Acrylic painting and charcoal on canvas, 100x100mm, in 2019&lt;\\\/br&gt;\\n--------&lt;\\\/br&gt;\\nPainting commissioned for a video and manga games room.&quot;,&quot;premium_gallery_img_category&quot;:&quot;Painting&quot;,&quot;_id&quot;:&quot;1534d13&quot;,&quot;premium_gallery_image_cell&quot;:{&quot;unit&quot;:&quot;px&quot;,&quot;size&quot;:4,&quot;sizes&quot;:[]},&quot;premium_gallery_image_cell_tablet&quot;:{&quot;unit&quot;:&quot;px&quot;,&quot;size&quot;:&quot;&quot;,&quot;sizes&quot;:[]},&quot;premium_gallery_image_cell_mobile&quot;:{&quot;unit&quot;:&quot;px&quot;,&quot;size&quot;:&quot;&quot;,&quot;sizes&quot;:[]},&quot;premium_gallery_image_vcell&quot;:{&quot;unit&quot;:&quot;px&quot;,&quot;size&quot;:4,&quot;sizes&quot;:[]},&quot;premium_gallery_image_vcell_tablet&quot;:{&quot;unit&quot;:&quot;px&quot;,&quot;size&quot;:&quot;&quot;,&quot;sizes&quot;:[]},&quot;premium_gallery_image_vcell_mobile&quot;:{&quot;unit&quot;:&quot;px&quot;,&quot;size&quot;:&quot;&quot;,&quot;sizes&quot;:[]},&quot;premium_gallery_video&quot;:&quot;&quot;,&quot;premium_gallery_video_type&quot;:null,&quot;premium_gallery_video_url&quot;:null,&quot;premium_gallery_video_self&quot;:null,&quot;premium_gallery_video_self_url&quot;:null,&quot;premium_gallery_video_controls&quot;:null,&quot;premium_gallery_video_mute&quot;:null,&quot;premium_gallery_video_loop&quot;:null,&quot;download_button&quot;:null,&quot;privacy_mode&quot;:null,&quot;premmium_gallery_img_info&quot;:&quot;&quot;,&quot;premium_gallery_img_link_type&quot;:&quot;url&quot;,&quot;premium_gallery_img_link&quot;:{&quot;url&quot;:&quot;&quot;,&quot;is_external&quot;:&quot;&quot;,&quot;nofollow&quot;:&quot;&quot;,&quot;custom_attributes&quot;:&quot;&quot;},&quot;premium_gallery_img_existing&quot;:null,&quot;premium_gallery_link_whole&quot;:&quot;&quot;,&quot;premium_gallery_lightbox_whole&quot;:&quot;&quot;},{&quot;premium_gallery_img&quot;:{&quot;url&quot;:&quot;https:\\\/\\\/ideasdesign.ch\\\/wp-content\\\/uploads\\\/2020\\\/11\\\/candy.jpg&quot;,&quot;id&quot;:554,&quot;size&quot;:&quot;&quot;},&quot;premium_gallery_img_name&quot;:&quot;Wet Candy&quot;,&quot;premium_gallery_img_link_switch&quot;:&quot;yes&quot;,&quot;premium_gallery_img_alt&quot;:&quot;&quot;,&quot;premium_gallery_image_width&quot;:&quot;50%&quot;,&quot;premium_gallery_image_width_tablet&quot;:&quot;100%&quot;,&quot;premium_gallery_image_width_mobile&quot;:&quot;100%&quot;,&quot;premium_gallery_img_desc&quot;:&quot;EXHIBITION - SIX QUEENS&lt;\\\/br&gt;\\nAcrylic painting on canvas, 80x100mm, in 2013 - donation&lt;\\\/br&gt;\\n--------&lt;\\\/br&gt;\\nOne of the paintings shown during my first official exhibition at Rue des Bains in Geneva, in 2014. It is a work on the theme of the ocean and the marine world. The name of the exhibition Six Reines (Six Queens), recalls the Sir\\u00e8nes (Mermaids) in french.&quot;,&quot;premium_gallery_img_category&quot;:&quot;Painting&quot;,&quot;_id&quot;:&quot;d13f7e9&quot;,&quot;premium_gallery_image_cell&quot;:{&quot;unit&quot;:&quot;px&quot;,&quot;size&quot;:4,&quot;sizes&quot;:[]},&quot;premium_gallery_image_cell_tablet&quot;:{&quot;unit&quot;:&quot;px&quot;,&quot;size&quot;:&quot;&quot;,&quot;sizes&quot;:[]},&quot;premium_gallery_image_cell_mobile&quot;:{&quot;unit&quot;:&quot;px&quot;,&quot;size&quot;:&quot;&quot;,&quot;sizes&quot;:[]},&quot;premium_gallery_image_vcell&quot;:{&quot;unit&quot;:&quot;px&quot;,&quot;size&quot;:4,&quot;sizes&quot;:[]},&quot;premium_gallery_image_vcell_tablet&quot;:{&quot;unit&quot;:&quot;px&quot;,&quot;size&quot;:&quot;&quot;,&quot;sizes&quot;:[]},&quot;premium_gallery_image_vcell_mobile&quot;:{&quot;unit&quot;:&quot;px&quot;,&quot;size&quot;:&quot;&quot;,&quot;sizes&quot;:[]},&quot;premium_gallery_video&quot;:&quot;&quot;,&quot;premium_gallery_video_type&quot;:null,&quot;premium_gallery_video_url&quot;:null,&quot;premium_gallery_video_self&quot;:null,&quot;premium_gallery_video_self_url&quot;:null,&quot;premium_gallery_video_controls&quot;:null,&quot;premium_gallery_video_mute&quot;:null,&quot;premium_gallery_video_loop&quot;:null,&quot;download_button&quot;:null,&quot;privacy_mode&quot;:null,&quot;premmium_gallery_img_info&quot;:&quot;&quot;,&quot;premium_gallery_img_link_type&quot;:&quot;url&quot;,&quot;premium_gallery_img_link&quot;:{&quot;url&quot;:&quot;&quot;,&quot;is_external&quot;:&quot;&quot;,&quot;nofollow&quot;:&quot;&quot;,&quot;custom_attributes&quot;:&quot;&quot;},&quot;premium_gallery_img_existing&quot;:null,&quot;premium_gallery_link_whole&quot;:&quot;&quot;,&quot;premium_gallery_lightbox_whole&quot;:&quot;&quot;},{&quot;premium_gallery_img&quot;:{&quot;url&quot;:&quot;https:\\\/\\\/ideasdesign.ch\\\/wp-content\\\/uploads\\\/2020\\\/11\\\/bateau.jpg&quot;,&quot;id&quot;:553,&quot;size&quot;:&quot;&quot;},&quot;premium_gallery_img_name&quot;:&quot;Ghost Ship n\\u00b01&quot;,&quot;premium_gallery_img_link_switch&quot;:&quot;yes&quot;,&quot;premium_gallery_img_alt&quot;:&quot;&quot;,&quot;premium_gallery_image_width&quot;:&quot;50%&quot;,&quot;premium_gallery_image_width_tablet&quot;:&quot;100%&quot;,&quot;premium_gallery_image_width_mobile&quot;:&quot;100%&quot;,&quot;premium_gallery_img_desc&quot;:&quot;EXHIBITION - SIX QUEENS&lt;\\\/br&gt;Acrylic painting and pencils on canvas on canvas, 95x110mm, in 2013 - Sold&lt;\\\/br&gt;\\n--------&lt;\\\/br&gt;\\nOne of the paintings shown during my first official exhibition at Rue des Bains in Geneva, in 2014. It is a work on the theme of the ocean and the marine world. The name of the exhibition Six Reines (Six Queens), recalls the Sir\\u00e8nes (Mermaids) in french.&quot;,&quot;premium_gallery_img_category&quot;:&quot;Painting&quot;,&quot;_id&quot;:&quot;dbbba7b&quot;,&quot;premium_gallery_image_cell&quot;:{&quot;unit&quot;:&quot;px&quot;,&quot;size&quot;:4,&quot;sizes&quot;:[]},&quot;premium_gallery_image_cell_tablet&quot;:{&quot;unit&quot;:&quot;px&quot;,&quot;size&quot;:&quot;&quot;,&quot;sizes&quot;:[]},&quot;premium_gallery_image_cell_mobile&quot;:{&quot;unit&quot;:&quot;px&quot;,&quot;size&quot;:&quot;&quot;,&quot;sizes&quot;:[]},&quot;premium_gallery_image_vcell&quot;:{&quot;unit&quot;:&quot;px&quot;,&quot;size&quot;:4,&quot;sizes&quot;:[]},&quot;premium_gallery_image_vcell_tablet&quot;:{&quot;unit&quot;:&quot;px&quot;,&quot;size&quot;:&quot;&quot;,&quot;sizes&quot;:[]},&quot;premium_gallery_image_vcell_mobile&quot;:{&quot;unit&quot;:&quot;px&quot;,&quot;size&quot;:&quot;&quot;,&quot;sizes&quot;:[]},&quot;premium_gallery_video&quot;:&quot;&quot;,&quot;premium_gallery_video_type&quot;:null,&quot;premium_gallery_video_url&quot;:null,&quot;premium_gallery_video_self&quot;:null,&quot;premium_gallery_video_self_url&quot;:null,&quot;premium_gallery_video_controls&quot;:null,&quot;premium_gallery_video_mute&quot;:null,&quot;premium_gallery_video_loop&quot;:null,&quot;download_button&quot;:null,&quot;privacy_mode&quot;:null,&quot;premmium_gallery_img_info&quot;:&quot;&quot;,&quot;premium_gallery_img_link_type&quot;:&quot;url&quot;,&quot;premium_gallery_img_link&quot;:{&quot;url&quot;:&quot;&quot;,&quot;is_external&quot;:&quot;&quot;,&quot;nofollow&quot;:&quot;&quot;,&quot;custom_attributes&quot;:&quot;&quot;},&quot;premium_gallery_img_existing&quot;:null,&quot;premium_gallery_link_whole&quot;:&quot;&quot;,&quot;premium_gallery_lightbox_whole&quot;:&quot;&quot;},{&quot;premium_gallery_img&quot;:{&quot;url&quot;:&quot;https:\\\/\\\/ideasdesign.ch\\\/wp-content\\\/uploads\\\/2020\\\/11\\\/aphrodite.jpg&quot;,&quot;id&quot;:551,&quot;size&quot;:&quot;&quot;},&quot;premium_gallery_img_name&quot;:&quot;Aphrodite&quot;,&quot;premium_gallery_img_link_switch&quot;:&quot;yes&quot;,&quot;premium_gallery_img_alt&quot;:&quot;&quot;,&quot;premium_gallery_image_width&quot;:&quot;50%&quot;,&quot;premium_gallery_image_width_tablet&quot;:&quot;100%&quot;,&quot;premium_gallery_image_width_mobile&quot;:&quot;100%&quot;,&quot;premium_gallery_img_desc&quot;:&quot;Acrylic painting on canvas with gilded powder and charcoal, 70x100mm, in 2014&lt;\\\/br&gt;\\n--------&lt;\\\/br&gt;\\nThis is a painting commissioned for a birthday in February 2014, in Geneva.&quot;,&quot;premium_gallery_img_category&quot;:&quot;Painting&quot;,&quot;_id&quot;:&quot;0ca7b09&quot;,&quot;premium_gallery_image_cell&quot;:{&quot;unit&quot;:&quot;px&quot;,&quot;size&quot;:4,&quot;sizes&quot;:[]},&quot;premium_gallery_image_cell_tablet&quot;:{&quot;unit&quot;:&quot;px&quot;,&quot;size&quot;:&quot;&quot;,&quot;sizes&quot;:[]},&quot;premium_gallery_image_cell_mobile&quot;:{&quot;unit&quot;:&quot;px&quot;,&quot;size&quot;:&quot;&quot;,&quot;sizes&quot;:[]},&quot;premium_gallery_image_vcell&quot;:{&quot;unit&quot;:&quot;px&quot;,&quot;size&quot;:4,&quot;sizes&quot;:[]},&quot;premium_gallery_image_vcell_tablet&quot;:{&quot;unit&quot;:&quot;px&quot;,&quot;size&quot;:&quot;&quot;,&quot;sizes&quot;:[]},&quot;premium_gallery_image_vcell_mobile&quot;:{&quot;unit&quot;:&quot;px&quot;,&quot;size&quot;:&quot;&quot;,&quot;sizes&quot;:[]},&quot;premium_gallery_video&quot;:&quot;&quot;,&quot;premium_gallery_video_type&quot;:null,&quot;premium_gallery_video_url&quot;:null,&quot;premium_gallery_video_self&quot;:null,&quot;premium_gallery_video_self_url&quot;:null,&quot;premium_gallery_video_controls&quot;:null,&quot;premium_gallery_video_mute&quot;:null,&quot;premium_gallery_video_loop&quot;:null,&quot;download_button&quot;:null,&quot;privacy_mode&quot;:null,&quot;premmium_gallery_img_info&quot;:&quot;&quot;,&quot;premium_gallery_img_link_type&quot;:&quot;url&quot;,&quot;premium_gallery_img_link&quot;:{&quot;url&quot;:&quot;&quot;,&quot;is_external&quot;:&quot;&quot;,&quot;nofollow&quot;:&quot;&quot;,&quot;custom_attributes&quot;:&quot;&quot;},&quot;premium_gallery_img_existing&quot;:null,&quot;premium_gallery_link_whole&quot;:&quot;&quot;,&quot;premium_gallery_lightbox_whole&quot;:&quot;&quot;},{&quot;premium_gallery_img&quot;:{&quot;url&quot;:&quot;https:\\\/\\\/ideasdesign.ch\\\/wp-content\\\/uploads\\\/2020\\\/11\\\/abyss.jpg&quot;,&quot;id&quot;:549,&quot;size&quot;:&quot;&quot;},&quot;premium_gallery_img_name&quot;:&quot;Depths of abyss&quot;,&quot;premium_gallery_img_link_switch&quot;:&quot;yes&quot;,&quot;_id&quot;:&quot;6712230&quot;,&quot;premium_gallery_img_alt&quot;:&quot;&quot;,&quot;premium_gallery_image_width&quot;:&quot;50%&quot;,&quot;premium_gallery_image_width_tablet&quot;:&quot;100%&quot;,&quot;premium_gallery_image_width_mobile&quot;:&quot;100%&quot;,&quot;premium_gallery_img_desc&quot;:&quot;EXHIBITION - SIX QUEENS&lt;\\\/br&gt;\\nAcrylic painting on canvas, 80x100mm, in 2013&lt;\\\/br&gt;\\n--------&lt;\\\/br&gt;\\nOne of the paintings shown during my first official exhibition at Rue des Bains in Geneva, in 2014. It is a work on the theme of the ocean and the marine world. The name of the exhibition Six Reines (Six Queens), recalls the Sir\\u00e8nes (Mermaids) in french.&quot;,&quot;premium_gallery_img_category&quot;:&quot;Painting&quot;,&quot;premium_gallery_image_cell&quot;:{&quot;unit&quot;:&quot;px&quot;,&quot;size&quot;:4,&quot;sizes&quot;:[]},&quot;premium_gallery_image_cell_tablet&quot;:{&quot;unit&quot;:&quot;px&quot;,&quot;size&quot;:&quot;&quot;,&quot;sizes&quot;:[]},&quot;premium_gallery_image_cell_mobile&quot;:{&quot;unit&quot;:&quot;px&quot;,&quot;size&quot;:&quot;&quot;,&quot;sizes&quot;:[]},&quot;premium_gallery_image_vcell&quot;:{&quot;unit&quot;:&quot;px&quot;,&quot;size&quot;:4,&quot;sizes&quot;:[]},&quot;premium_gallery_image_vcell_tablet&quot;:{&quot;unit&quot;:&quot;px&quot;,&quot;size&quot;:&quot;&quot;,&quot;sizes&quot;:[]},&quot;premium_gallery_image_vcell_mobile&quot;:{&quot;unit&quot;:&quot;px&quot;,&quot;size&quot;:&quot;&quot;,&quot;sizes&quot;:[]},&quot;premium_gallery_video&quot;:&quot;&quot;,&quot;premium_gallery_video_type&quot;:null,&quot;premium_gallery_video_url&quot;:null,&quot;premium_gallery_video_self&quot;:null,&quot;premium_gallery_video_self_url&quot;:null,&quot;premium_gallery_video_controls&quot;:null,&quot;premium_gallery_video_mute&quot;:null,&quot;premium_gallery_video_loop&quot;:null,&quot;download_button&quot;:null,&quot;privacy_mode&quot;:null,&quot;premmium_gallery_img_info&quot;:&quot;&quot;,&quot;premium_gallery_img_link_type&quot;:&quot;url&quot;,&quot;premium_gallery_img_link&quot;:{&quot;url&quot;:&quot;&quot;,&quot;is_external&quot;:&quot;&quot;,&quot;nofollow&quot;:&quot;&quot;,&quot;custom_attributes&quot;:&quot;&quot;},&quot;premium_gallery_img_existing&quot;:null,&quot;premium_gallery_link_whole&quot;:&quot;&quot;,&quot;premium_gallery_lightbox_whole&quot;:&quot;&quot;},{&quot;premium_gallery_img&quot;:{&quot;url&quot;:&quot;https:\\\/\\\/ideasdesign.ch\\\/wp-content\\\/uploads\\\/2020\\\/11\\\/malefique.jpg&quot;,&quot;id&quot;:558,&quot;size&quot;:&quot;&quot;},&quot;premium_gallery_img_name&quot;:&quot;Maleficent&quot;,&quot;premium_gallery_img_link_switch&quot;:&quot;yes&quot;,&quot;premium_gallery_img_alt&quot;:&quot;&quot;,&quot;premium_gallery_image_width&quot;:&quot;50%&quot;,&quot;premium_gallery_image_width_tablet&quot;:&quot;100%&quot;,&quot;premium_gallery_image_width_mobile&quot;:&quot;100%&quot;,&quot;premium_gallery_img_desc&quot;:&quot;Acrylic painting on canvas, 60x80mm, in 2017\\n&lt;\\\/br&gt;--------&lt;\\\/br&gt;\\nPainting for a birthday present with the theme Walt Disney villains.&quot;,&quot;premium_gallery_img_category&quot;:&quot;Painting&quot;,&quot;_id&quot;:&quot;f999b6a&quot;,&quot;premium_gallery_image_cell&quot;:{&quot;unit&quot;:&quot;px&quot;,&quot;size&quot;:4,&quot;sizes&quot;:[]},&quot;premium_gallery_image_cell_tablet&quot;:{&quot;unit&quot;:&quot;px&quot;,&quot;size&quot;:&quot;&quot;,&quot;sizes&quot;:[]},&quot;premium_gallery_image_cell_mobile&quot;:{&quot;unit&quot;:&quot;px&quot;,&quot;size&quot;:&quot;&quot;,&quot;sizes&quot;:[]},&quot;premium_gallery_image_vcell&quot;:{&quot;unit&quot;:&quot;px&quot;,&quot;size&quot;:4,&quot;sizes&quot;:[]},&quot;premium_gallery_image_vcell_tablet&quot;:{&quot;unit&quot;:&quot;px&quot;,&quot;size&quot;:&quot;&quot;,&quot;sizes&quot;:[]},&quot;premium_gallery_image_vcell_mobile&quot;:{&quot;unit&quot;:&quot;px&quot;,&quot;size&quot;:&quot;&quot;,&quot;sizes&quot;:[]},&quot;premium_gallery_video&quot;:&quot;&quot;,&quot;premium_gallery_video_type&quot;:null,&quot;premium_gallery_video_url&quot;:null,&quot;premium_gallery_video_self&quot;:null,&quot;premium_gallery_video_self_url&quot;:null,&quot;premium_gallery_video_controls&quot;:null,&quot;premium_gallery_video_mute&quot;:null,&quot;premium_gallery_video_loop&quot;:null,&quot;download_button&quot;:null,&quot;privacy_mode&quot;:null,&quot;premmium_gallery_img_info&quot;:&quot;&quot;,&quot;premium_gallery_img_link_type&quot;:&quot;url&quot;,&quot;premium_gallery_img_link&quot;:{&quot;url&quot;:&quot;&quot;,&quot;is_external&quot;:&quot;&quot;,&quot;nofollow&quot;:&quot;&quot;,&quot;custom_attributes&quot;:&quot;&quot;},&quot;premium_gallery_img_existing&quot;:null,&quot;premium_gallery_link_whole&quot;:&quot;&quot;,&quot;premium_gallery_lightbox_whole&quot;:&quot;&quot;},{&quot;premium_gallery_img&quot;:{&quot;url&quot;:&quot;https:\\\/\\\/ideasdesign.ch\\\/wp-content\\\/uploads\\\/2020\\\/11\\\/Emerald.jpg&quot;,&quot;id&quot;:1342,&quot;size&quot;:&quot;&quot;},&quot;premium_gallery_img_name&quot;:&quot;Emerald&quot;,&quot;premium_gallery_img_link_switch&quot;:&quot;yes&quot;,&quot;premium_gallery_img_alt&quot;:&quot;&quot;,&quot;premium_gallery_image_width&quot;:&quot;50%&quot;,&quot;premium_gallery_image_width_tablet&quot;:&quot;100%&quot;,&quot;premium_gallery_image_width_mobile&quot;:&quot;100%&quot;,&quot;premium_gallery_img_desc&quot;:&quot;EXHIBITION - SIX QUEENS&lt;\\\/br&gt;\\nAcrylic painting on canvas, 80x100mm, in 2013&lt;\\\/br&gt;\\n--------&lt;\\\/br&gt;\\nOne of the paintings shown during my first official exhibition at Rue des Bains in Geneva, in 2014. It is a work on the theme of the ocean and the marine world. The name of the exhibition Six Reines (Six Queens), recalls the Sir\\u00e8nes (Mermaids) in french.&quot;,&quot;premium_gallery_img_category&quot;:&quot;Painting&quot;,&quot;_id&quot;:&quot;a0276cf&quot;,&quot;premium_gallery_image_cell&quot;:{&quot;unit&quot;:&quot;px&quot;,&quot;size&quot;:4,&quot;sizes&quot;:[]},&quot;premium_gallery_image_cell_tablet&quot;:{&quot;unit&quot;:&quot;px&quot;,&quot;size&quot;:&quot;&quot;,&quot;sizes&quot;:[]},&quot;premium_gallery_image_cell_mobile&quot;:{&quot;unit&quot;:&quot;px&quot;,&quot;size&quot;:&quot;&quot;,&quot;sizes&quot;:[]},&quot;premium_gallery_image_vcell&quot;:{&quot;unit&quot;:&quot;px&quot;,&quot;size&quot;:4,&quot;sizes&quot;:[]},&quot;premium_gallery_image_vcell_tablet&quot;:{&quot;unit&quot;:&quot;px&quot;,&quot;size&quot;:&quot;&quot;,&quot;sizes&quot;:[]},&quot;premium_gallery_image_vcell_mobile&quot;:{&quot;unit&quot;:&quot;px&quot;,&quot;size&quot;:&quot;&quot;,&quot;sizes&quot;:[]},&quot;premium_gallery_video&quot;:&quot;&quot;,&quot;premium_gallery_video_type&quot;:null,&quot;premium_gallery_video_url&quot;:null,&quot;premium_gallery_video_self&quot;:null,&quot;premium_gallery_video_self_url&quot;:null,&quot;premium_gallery_video_controls&quot;:null,&quot;premium_gallery_video_mute&quot;:null,&quot;premium_gallery_video_loop&quot;:null,&quot;download_button&quot;:null,&quot;privacy_mode&quot;:null,&quot;premmium_gallery_img_info&quot;:&quot;&quot;,&quot;premium_gallery_img_link_type&quot;:&quot;url&quot;,&quot;premium_gallery_img_link&quot;:{&quot;url&quot;:&quot;&quot;,&quot;is_external&quot;:&quot;&quot;,&quot;nofollow&quot;:&quot;&quot;,&quot;custom_attributes&quot;:&quot;&quot;},&quot;premium_gallery_img_existing&quot;:null,&quot;premium_gallery_link_whole&quot;:&quot;&quot;,&quot;premium_gallery_lightbox_whole&quot;:&quot;&quot;},{&quot;premium_gallery_img&quot;:{&quot;url&quot;:&quot;https:\\\/\\\/ideasdesign.ch\\\/wp-content\\\/uploads\\\/2020\\\/11\\\/arbre.jpg&quot;,&quot;id&quot;:552,&quot;size&quot;:&quot;&quot;},&quot;premium_gallery_img_name&quot;:&quot;Tree of the married&quot;,&quot;premium_gallery_img_link_switch&quot;:&quot;yes&quot;,&quot;premium_gallery_img_alt&quot;:&quot;&quot;,&quot;premium_gallery_image_width&quot;:&quot;50%&quot;,&quot;premium_gallery_image_width_tablet&quot;:&quot;100%&quot;,&quot;premium_gallery_image_width_mobile&quot;:&quot;100%&quot;,&quot;premium_gallery_img_desc&quot;:&quot;Painting in Chinese ink and charcoals on canvas, 120x120mm, ordered for a wedding in 2014.\\n&lt;\\\/br&gt;--------&lt;\\\/br&gt;\\nThe guests had to dip their fingers in different pots of paint and color the paintings with their borrowings to make leaves.&quot;,&quot;premium_gallery_img_category&quot;:&quot;Painting&quot;,&quot;_id&quot;:&quot;579468b&quot;,&quot;premium_gallery_image_cell&quot;:{&quot;unit&quot;:&quot;px&quot;,&quot;size&quot;:4,&quot;sizes&quot;:[]},&quot;premium_gallery_image_cell_tablet&quot;:{&quot;unit&quot;:&quot;px&quot;,&quot;size&quot;:&quot;&quot;,&quot;sizes&quot;:[]},&quot;premium_gallery_image_cell_mobile&quot;:{&quot;unit&quot;:&quot;px&quot;,&quot;size&quot;:&quot;&quot;,&quot;sizes&quot;:[]},&quot;premium_gallery_image_vcell&quot;:{&quot;unit&quot;:&quot;px&quot;,&quot;size&quot;:4,&quot;sizes&quot;:[]},&quot;premium_gallery_image_vcell_tablet&quot;:{&quot;unit&quot;:&quot;px&quot;,&quot;size&quot;:&quot;&quot;,&quot;sizes&quot;:[]},&quot;premium_gallery_image_vcell_mobile&quot;:{&quot;unit&quot;:&quot;px&quot;,&quot;size&quot;:&quot;&quot;,&quot;sizes&quot;:[]},&quot;premium_gallery_video&quot;:&quot;&quot;,&quot;premium_gallery_video_type&quot;:null,&quot;premium_gallery_video_url&quot;:null,&quot;premium_gallery_video_self&quot;:null,&quot;premium_gallery_video_self_url&quot;:null,&quot;premium_gallery_video_controls&quot;:null,&quot;premium_gallery_video_mute&quot;:null,&quot;premium_gallery_video_loop&quot;:null,&quot;download_button&quot;:null,&quot;privacy_mode&quot;:null,&quot;premmium_gallery_img_info&quot;:&quot;&quot;,&quot;premium_gallery_img_link_type&quot;:&quot;url&quot;,&quot;premium_gallery_img_link&quot;:{&quot;url&quot;:&quot;&quot;,&quot;is_external&quot;:&quot;&quot;,&quot;nofollow&quot;:&quot;&quot;,&quot;custom_attributes&quot;:&quot;&quot;},&quot;premium_gallery_img_existing&quot;:null,&quot;premium_gallery_link_whole&quot;:&quot;&quot;,&quot;premium_gallery_lightbox_whole&quot;:&quot;&quot;},{&quot;premium_gallery_img&quot;:{&quot;url&quot;:&quot;https:\\\/\\\/ideasdesign.ch\\\/wp-content\\\/uploads\\\/2020\\\/11\\\/croquis1.jpg&quot;,&quot;id&quot;:594,&quot;size&quot;:&quot;&quot;},&quot;premium_gallery_img_name&quot;:&quot;Sketch n\\u00b01 of Geneva&quot;,&quot;premium_gallery_img_link_switch&quot;:&quot;yes&quot;,&quot;premium_gallery_img_alt&quot;:&quot;&quot;,&quot;premium_gallery_image_width&quot;:&quot;50%&quot;,&quot;premium_gallery_image_width_tablet&quot;:&quot;100%&quot;,&quot;premium_gallery_image_width_mobile&quot;:&quot;100%&quot;,&quot;premium_gallery_img_desc&quot;:&quot;--------&lt;\\\/br&gt;\\nThis is a sketch in the felt of the city of Geneva, realized in 2009 during my courses of sketches.&quot;,&quot;premium_gallery_img_category&quot;:&quot;Painting&quot;,&quot;_id&quot;:&quot;2d01e28&quot;,&quot;premium_gallery_image_cell&quot;:{&quot;unit&quot;:&quot;px&quot;,&quot;size&quot;:4,&quot;sizes&quot;:[]},&quot;premium_gallery_image_cell_tablet&quot;:{&quot;unit&quot;:&quot;px&quot;,&quot;size&quot;:&quot;&quot;,&quot;sizes&quot;:[]},&quot;premium_gallery_image_cell_mobile&quot;:{&quot;unit&quot;:&quot;px&quot;,&quot;size&quot;:&quot;&quot;,&quot;sizes&quot;:[]},&quot;premium_gallery_image_vcell&quot;:{&quot;unit&quot;:&quot;px&quot;,&quot;size&quot;:4,&quot;sizes&quot;:[]},&quot;premium_gallery_image_vcell_tablet&quot;:{&quot;unit&quot;:&quot;px&quot;,&quot;size&quot;:&quot;&quot;,&quot;sizes&quot;:[]},&quot;premium_gallery_image_vcell_mobile&quot;:{&quot;unit&quot;:&quot;px&quot;,&quot;size&quot;:&quot;&quot;,&quot;sizes&quot;:[]},&quot;premium_gallery_video&quot;:&quot;&quot;,&quot;premium_gallery_video_type&quot;:null,&quot;premium_gallery_video_url&quot;:null,&quot;premium_gallery_video_self&quot;:null,&quot;premium_gallery_video_self_url&quot;:null,&quot;premium_gallery_video_controls&quot;:null,&quot;premium_gallery_video_mute&quot;:null,&quot;premium_gallery_video_loop&quot;:null,&quot;download_button&quot;:null,&quot;privacy_mode&quot;:null,&quot;premmium_gallery_img_info&quot;:&quot;&quot;,&quot;premium_gallery_img_link_type&quot;:&quot;url&quot;,&quot;premium_gallery_img_link&quot;:{&quot;url&quot;:&quot;&quot;,&quot;is_external&quot;:&quot;&quot;,&quot;nofollow&quot;:&quot;&quot;,&quot;custom_attributes&quot;:&quot;&quot;},&quot;premium_gallery_img_existing&quot;:null,&quot;premium_gallery_link_whole&quot;:&quot;&quot;,&quot;premium_gallery_lightbox_whole&quot;:&quot;&quot;}]}\" data-widget_type=\"premium-img-gallery.default\">\n\t\t\t\t<div class=\"elementor-widget-container\">\n\t\t\t\t\t\n\t<div id=\"premium-img-gallery-290f859\" class=\"elementor-invisible premium-img-gallery premium-img-gallery-fitRows zoomin\">\n\t\t\n\t\t<div class=\"premium-img-gallery-filter\">\n\t\t\t<ul class=\"premium-gallery-cats-container\">\n\t\t\t\t\t\t\t\t\t\t<li>\n\t\t\t\t\t\t\t<a href=\"javascript:;\" class=\"active category elementor-repeater-item-b612d8f \" data-filter=\".web\">\n\t\t\t\t\t\t\t\tWeb\t\t\t\t\t\t\t<\/a>\n\t\t\t\t\t\t<\/li>\n\t\t\t\t\t\t\t\t\t\t\t\t<li>\n\t\t\t\t\t\t\t<a href=\"javascript:;\" class=\"category elementor-repeater-item-1e23727 \" data-filter=\".print\">\n\t\t\t\t\t\t\t\tPrint\t\t\t\t\t\t\t<\/a>\n\t\t\t\t\t\t<\/li>\n\t\t\t\t\t\t\t\t\t\t\t\t<li>\n\t\t\t\t\t\t\t<a href=\"javascript:;\" class=\"category elementor-repeater-item-7cc8b90 \" data-filter=\".logo\">\n\t\t\t\t\t\t\t\tLogo\t\t\t\t\t\t\t<\/a>\n\t\t\t\t\t\t<\/li>\n\t\t\t\t\t\t\t\t\t\t\t\t<li>\n\t\t\t\t\t\t\t<a href=\"javascript:;\" class=\"category elementor-repeater-item-4105294 \" data-filter=\".painting\">\n\t\t\t\t\t\t\t\tPainting\t\t\t\t\t\t\t<\/a>\n\t\t\t\t\t\t<\/li>\n\t\t\t\t\t\t\t\t\t<\/ul>\n\t\t<\/div>\n\n\t\t\n\t\t<div class=\"premium-gallery-container\" data-settings=\"{&quot;img_size&quot;:&quot;fitRows&quot;,&quot;filter&quot;:&quot;yes&quot;,&quot;theme&quot;:&quot;pp_default&quot;,&quot;active_cat&quot;:&quot;.web&quot;,&quot;ltr_mode&quot;:true,&quot;shuffle&quot;:false,&quot;sort_by&quot;:&quot;original-order&quot;,&quot;skin&quot;:&quot;style2&quot;,&quot;flag&quot;:&quot;cat&quot;,&quot;load_more&quot;:true,&quot;minimum&quot;:20,&quot;click_images&quot;:20,&quot;light_box&quot;:&quot;yes&quot;,&quot;lightbox_type&quot;:&quot;default&quot;,&quot;overlay&quot;:false}\">\n\n\t\t\t\t\t\t\t<div class=\"premium-gallery-item elementor-repeater-item-9be234c web\">\n\t\t\t\t<div class=\"pa-gallery-img style2\" onclick=\"\">\n\t\t\t\t\t<div class=\"pa-gallery-img-container\">\n\t\t\t\t\t\t\t\t<img loading=\"lazy\" decoding=\"async\" width=\"1000\" height=\"1000\" src=\"https:\/\/ideasdesign.ch\/wp-content\/uploads\/2020\/11\/salon-des-inventions.jpg\" class=\"attachment-full size-full wp-image-1301\" alt=\"salon des inventions\" srcset=\"https:\/\/ideasdesign.ch\/wp-content\/uploads\/2020\/11\/salon-des-inventions.jpg 1000w, https:\/\/ideasdesign.ch\/wp-content\/uploads\/2020\/11\/salon-des-inventions-300x300.jpg 300w, https:\/\/ideasdesign.ch\/wp-content\/uploads\/2020\/11\/salon-des-inventions-150x150.jpg 150w, https:\/\/ideasdesign.ch\/wp-content\/uploads\/2020\/11\/salon-des-inventions-768x768.jpg 768w\" sizes=\"(max-width: 1000px) 100vw, 1000px\" \/>\t\t\t\t\t\t\t<\/div>\n\t\t\t\t\t\t\t\t\t\t\t<div class=\"pa-gallery-icons-caption-container\">\n\t\t\t\t\t\t\t<div class=\"pa-gallery-icons-caption-cell\">\n\t\t\t\t\t\t\t\t\n\t\t\t\t\t<a class=\"pa-gallery-magnific-image\" href=\"https:\/\/ideasdesign.ch\/wp-content\/uploads\/2020\/11\/salon-des-inventions.jpg\" data-rel=\"prettyPhoto[premium-grid-290f859]\">\n\t\t\t\t\t\t<span>\n\t\t\t\t\t\t\t<i aria-hidden=\"true\" class=\"fas fa-search\"><\/i>\t\t\t\t\t\t<\/span>\n\t\t\t\t\t<\/a>\n\t\t\t\t\t\t\t\t\t<a class=\"pa-gallery-img-link\" href=\"https:\/\/inventions-geneva.ch\/\" target=\"_blank\">\n\t\t\t\t\t\t<span>\n\t\t\t\t\t\t\t<i aria-hidden=\"true\" class=\"fas fa-link\"><\/i>\t\t\t\t\t\t<\/span>\n\t\t\t\t\t<\/a>\n\t\t\t\t\t\t\t\t<div class=\"premium-gallery-caption\">\n\n\t\t\t\t\t\t\t\t\t<span class=\"premium-gallery-img-name\">Salon International des Inventions de Gen\u00e8ve<\/span>\n\t\t\t\t\t\t\t\t\t\t<p class=\"premium-gallery-img-desc\">--------<\/br>\nCreation in 2019 of the new responsive website for the Geneva International Exhibition of Inventions, which is the most important annual event in the world devoted exclusively to invention. All the novelties are exhibited for the first time.\n<\/br>\n--------<\/br>\nwww.inventions-geneva.ch<\/p>\n\t\t\t\t\n\t\t\t<\/div>\n\t\t\t\t\t\t\t\t\t\t<\/div>\n\t\t\t\t\t\t<\/div>\n\t\t\t\t\t\t\t\t\t\t<\/div>\n\t\t\t<\/div>\n\t\t\t\t\t\t\t<div class=\"premium-gallery-item elementor-repeater-item-d110a84 web\">\n\t\t\t\t<div class=\"pa-gallery-img style2\" onclick=\"\">\n\t\t\t\t\t<div class=\"pa-gallery-img-container\">\n\t\t\t\t\t\t\t\t<img loading=\"lazy\" decoding=\"async\" width=\"1024\" height=\"1024\" src=\"https:\/\/ideasdesign.ch\/wp-content\/uploads\/2020\/11\/automnales.jpg\" class=\"attachment-full size-full wp-image-1296\" alt=\"automnales\" srcset=\"https:\/\/ideasdesign.ch\/wp-content\/uploads\/2020\/11\/automnales.jpg 1024w, https:\/\/ideasdesign.ch\/wp-content\/uploads\/2020\/11\/automnales-300x300.jpg 300w, https:\/\/ideasdesign.ch\/wp-content\/uploads\/2020\/11\/automnales-150x150.jpg 150w, https:\/\/ideasdesign.ch\/wp-content\/uploads\/2020\/11\/automnales-768x768.jpg 768w\" sizes=\"(max-width: 1024px) 100vw, 1024px\" \/>\t\t\t\t\t\t\t<\/div>\n\t\t\t\t\t\t\t\t\t\t\t<div class=\"pa-gallery-icons-caption-container\">\n\t\t\t\t\t\t\t<div class=\"pa-gallery-icons-caption-cell\">\n\t\t\t\t\t\t\t\t\n\t\t\t\t\t<a class=\"pa-gallery-magnific-image\" href=\"https:\/\/ideasdesign.ch\/wp-content\/uploads\/2020\/11\/automnales.jpg\" data-rel=\"prettyPhoto[premium-grid-290f859]\">\n\t\t\t\t\t\t<span>\n\t\t\t\t\t\t\t<i aria-hidden=\"true\" class=\"fas fa-search\"><\/i>\t\t\t\t\t\t<\/span>\n\t\t\t\t\t<\/a>\n\t\t\t\t\t\t\t\t\t<a class=\"pa-gallery-img-link\" href=\"https:\/\/automnales.ch\/\" target=\"_blank\">\n\t\t\t\t\t\t<span>\n\t\t\t\t\t\t\t<i aria-hidden=\"true\" class=\"fas fa-link\"><\/i>\t\t\t\t\t\t<\/span>\n\t\t\t\t\t<\/a>\n\t\t\t\t\t\t\t\t<div class=\"premium-gallery-caption\">\n\n\t\t\t\t\t\t\t\t\t<span class=\"premium-gallery-img-name\">Automnales<\/span>\n\t\t\t\t\t\t\t\t\t\t<p class=\"premium-gallery-img-desc\">--------<\/br>\nCreation in 2020 of the new website for the \"Automnales\" of Palexpo. Fun, friendly and interactive, this major annual regional meeting brings together more than 400 exhibitors around 15 parallel exhibitions.\n<\/br>\n--------<\/br>\nwww.automnales.ch<\/p>\n\t\t\t\t\n\t\t\t<\/div>\n\t\t\t\t\t\t\t\t\t\t<\/div>\n\t\t\t\t\t\t<\/div>\n\t\t\t\t\t\t\t\t\t\t<\/div>\n\t\t\t<\/div>\n\t\t\t\t\t\t\t<div class=\"premium-gallery-item elementor-repeater-item-68342bc web\">\n\t\t\t\t<div class=\"pa-gallery-img style2\" onclick=\"\">\n\t\t\t\t\t<div class=\"pa-gallery-img-container\">\n\t\t\t\t\t\t\t\t<img loading=\"lazy\" decoding=\"async\" width=\"1024\" height=\"1024\" src=\"https:\/\/ideasdesign.ch\/wp-content\/uploads\/2020\/11\/sdl.jpg\" class=\"attachment-full size-full wp-image-1291\" alt=\"Salon du livre\" srcset=\"https:\/\/ideasdesign.ch\/wp-content\/uploads\/2020\/11\/sdl.jpg 1024w, https:\/\/ideasdesign.ch\/wp-content\/uploads\/2020\/11\/sdl-300x300.jpg 300w, https:\/\/ideasdesign.ch\/wp-content\/uploads\/2020\/11\/sdl-150x150.jpg 150w, https:\/\/ideasdesign.ch\/wp-content\/uploads\/2020\/11\/sdl-768x768.jpg 768w\" sizes=\"(max-width: 1024px) 100vw, 1024px\" \/>\t\t\t\t\t\t\t<\/div>\n\t\t\t\t\t\t\t\t\t\t\t<div class=\"pa-gallery-icons-caption-container\">\n\t\t\t\t\t\t\t<div class=\"pa-gallery-icons-caption-cell\">\n\t\t\t\t\t\t\t\t\n\t\t\t\t\t<a class=\"pa-gallery-magnific-image\" href=\"https:\/\/ideasdesign.ch\/wp-content\/uploads\/2020\/11\/sdl.jpg\" data-rel=\"prettyPhoto[premium-grid-290f859]\">\n\t\t\t\t\t\t<span>\n\t\t\t\t\t\t\t<i aria-hidden=\"true\" class=\"fas fa-search\"><\/i>\t\t\t\t\t\t<\/span>\n\t\t\t\t\t<\/a>\n\t\t\t\t\t\t\t\t\t<a class=\"pa-gallery-img-link\" href=\"https:\/\/salondulivre.ch\/\" target=\"_blank\">\n\t\t\t\t\t\t<span>\n\t\t\t\t\t\t\t<i aria-hidden=\"true\" class=\"fas fa-link\"><\/i>\t\t\t\t\t\t<\/span>\n\t\t\t\t\t<\/a>\n\t\t\t\t\t\t\t\t<div class=\"premium-gallery-caption\">\n\n\t\t\t\t\t\t\t\t\t<span class=\"premium-gallery-img-name\">Salon du livre<\/span>\n\t\t\t\t\t\t\t\t\t\t<p class=\"premium-gallery-img-desc\">--------<\/br>\nCreation in 2020 of the new website for the \"Salon du livre\" of Palexpo. Considered to be one of the unmissable cultural events in Switzerland, the Geneva Book Fair is the only publisher's fair in the country.\n<\/br>\n--------<\/br>\nwww.salondulivre.ch<\/p>\n\t\t\t\t\n\t\t\t<\/div>\n\t\t\t\t\t\t\t\t\t\t<\/div>\n\t\t\t\t\t\t<\/div>\n\t\t\t\t\t\t\t\t\t\t<\/div>\n\t\t\t<\/div>\n\t\t\t\t\t\t\t<div class=\"premium-gallery-item elementor-repeater-item-7002896 web\">\n\t\t\t\t<div class=\"pa-gallery-img style2\" onclick=\"\">\n\t\t\t\t\t<div class=\"pa-gallery-img-container\">\n\t\t\t\t\t\t\t\t<img loading=\"lazy\" decoding=\"async\" width=\"1024\" height=\"1024\" src=\"https:\/\/ideasdesign.ch\/wp-content\/uploads\/2020\/11\/garage-bonelli-1024x1024-1.jpg\" class=\"attachment-full size-full wp-image-645\" alt=\"garage-bonelli\" srcset=\"https:\/\/ideasdesign.ch\/wp-content\/uploads\/2020\/11\/garage-bonelli-1024x1024-1.jpg 1024w, https:\/\/ideasdesign.ch\/wp-content\/uploads\/2020\/11\/garage-bonelli-1024x1024-1-300x300.jpg 300w, https:\/\/ideasdesign.ch\/wp-content\/uploads\/2020\/11\/garage-bonelli-1024x1024-1-150x150.jpg 150w, https:\/\/ideasdesign.ch\/wp-content\/uploads\/2020\/11\/garage-bonelli-1024x1024-1-768x768.jpg 768w\" sizes=\"(max-width: 1024px) 100vw, 1024px\" \/>\t\t\t\t\t\t\t<\/div>\n\t\t\t\t\t\t\t\t\t\t\t<div class=\"pa-gallery-icons-caption-container\">\n\t\t\t\t\t\t\t<div class=\"pa-gallery-icons-caption-cell\">\n\t\t\t\t\t\t\t\t\n\t\t\t\t\t<a class=\"pa-gallery-magnific-image\" href=\"https:\/\/ideasdesign.ch\/wp-content\/uploads\/2020\/11\/garage-bonelli-1024x1024-1.jpg\" data-rel=\"prettyPhoto[premium-grid-290f859]\">\n\t\t\t\t\t\t<span>\n\t\t\t\t\t\t\t<i aria-hidden=\"true\" class=\"fas fa-search\"><\/i>\t\t\t\t\t\t<\/span>\n\t\t\t\t\t<\/a>\n\t\t\t\t\t\t\t\t\t<a class=\"pa-gallery-img-link\" href=\"https:\/\/garage-bonelli.ch\/\" target=\"_blank\">\n\t\t\t\t\t\t<span>\n\t\t\t\t\t\t\t<i aria-hidden=\"true\" class=\"fas fa-link\"><\/i>\t\t\t\t\t\t<\/span>\n\t\t\t\t\t<\/a>\n\t\t\t\t\t\t\t\t<div class=\"premium-gallery-caption\">\n\n\t\t\t\t\t\t\t\t\t<span class=\"premium-gallery-img-name\">Garage Albert Bonelli<\/span>\n\t\t\t\t\t\t\t\t\t\t<p class=\"premium-gallery-img-desc\">--------<\/br>\nMr. Bonelli commissioned me to create his new responsive website, in 2019. The Albert Bonelli garage is a Volkswagen concessionaire located in Geneva.<\/br>\n--------<\/br>\nwww.garage-bonelli.ch<\/p>\n\t\t\t\t\n\t\t\t<\/div>\n\t\t\t\t\t\t\t\t\t\t<\/div>\n\t\t\t\t\t\t<\/div>\n\t\t\t\t\t\t\t\t\t\t<\/div>\n\t\t\t<\/div>\n\t\t\t\t\t\t\t<div class=\"premium-gallery-item elementor-repeater-item-02066c9 web\">\n\t\t\t\t<div class=\"pa-gallery-img style2\" onclick=\"\">\n\t\t\t\t\t<div class=\"pa-gallery-img-container\">\n\t\t\t\t\t\t\t\t<img loading=\"lazy\" decoding=\"async\" width=\"742\" height=\"742\" src=\"https:\/\/ideasdesign.ch\/wp-content\/uploads\/2020\/11\/Royaume-du-Web.jpg\" class=\"attachment-full size-full wp-image-1329\" alt=\"Royaume du Web\" srcset=\"https:\/\/ideasdesign.ch\/wp-content\/uploads\/2020\/11\/Royaume-du-Web.jpg 742w, https:\/\/ideasdesign.ch\/wp-content\/uploads\/2020\/11\/Royaume-du-Web-300x300.jpg 300w, https:\/\/ideasdesign.ch\/wp-content\/uploads\/2020\/11\/Royaume-du-Web-150x150.jpg 150w\" sizes=\"(max-width: 742px) 100vw, 742px\" \/>\t\t\t\t\t\t\t<\/div>\n\t\t\t\t\t\t\t\t\t\t\t<div class=\"pa-gallery-icons-caption-container\">\n\t\t\t\t\t\t\t<div class=\"pa-gallery-icons-caption-cell\">\n\t\t\t\t\t\t\t\t\n\t\t\t\t\t<a class=\"pa-gallery-magnific-image\" href=\"https:\/\/ideasdesign.ch\/wp-content\/uploads\/2020\/11\/Royaume-du-Web.jpg\" data-rel=\"prettyPhoto[premium-grid-290f859]\">\n\t\t\t\t\t\t<span>\n\t\t\t\t\t\t\t<i aria-hidden=\"true\" class=\"fas fa-search\"><\/i>\t\t\t\t\t\t<\/span>\n\t\t\t\t\t<\/a>\n\t\t\t\t\t\t\t\t\t<a class=\"pa-gallery-img-link\" href=\"https:\/\/royaumeduweb.ch\/\" target=\"_blank\">\n\t\t\t\t\t\t<span>\n\t\t\t\t\t\t\t<i aria-hidden=\"true\" class=\"fas fa-link\"><\/i>\t\t\t\t\t\t<\/span>\n\t\t\t\t\t<\/a>\n\t\t\t\t\t\t\t\t<div class=\"premium-gallery-caption\">\n\n\t\t\t\t\t\t\t\t\t<span class=\"premium-gallery-img-name\">Royaume du Web<\/span>\n\t\t\t\t\t\t\t\t\t\t<p class=\"premium-gallery-img-desc\">--------<\/br>\nCreation of the new website for the Web Kingdom of Palexpo. These web stars, who accumulate millions of views on the Internet, land for the third consecutive year in the largest hall of Palexpo, on October 4-5-6, 2019 in Geneva.\n<\/br>\n--------<\/br>\nwww.royaumeduweb.ch<\/p>\n\t\t\t\t\n\t\t\t<\/div>\n\t\t\t\t\t\t\t\t\t\t<\/div>\n\t\t\t\t\t\t<\/div>\n\t\t\t\t\t\t\t\t\t\t<\/div>\n\t\t\t<\/div>\n\t\t\t\t\t\t\t<div class=\"premium-gallery-item elementor-repeater-item-0c7fd0d web\">\n\t\t\t\t<div class=\"pa-gallery-img style2\" onclick=\"\">\n\t\t\t\t\t<div class=\"pa-gallery-img-container\">\n\t\t\t\t\t\t\t\t<img loading=\"lazy\" decoding=\"async\" width=\"928\" height=\"928\" src=\"https:\/\/ideasdesign.ch\/wp-content\/uploads\/2020\/11\/tfc-website.png\" class=\"attachment-full size-full wp-image-650\" alt=\"PDC\" srcset=\"https:\/\/ideasdesign.ch\/wp-content\/uploads\/2020\/11\/tfc-website.png 928w, https:\/\/ideasdesign.ch\/wp-content\/uploads\/2020\/11\/tfc-website-300x300.png 300w, https:\/\/ideasdesign.ch\/wp-content\/uploads\/2020\/11\/tfc-website-150x150.png 150w, https:\/\/ideasdesign.ch\/wp-content\/uploads\/2020\/11\/tfc-website-768x768.png 768w\" sizes=\"(max-width: 928px) 100vw, 928px\" \/>\t\t\t\t\t\t\t<\/div>\n\t\t\t\t\t\t\t\t\t\t\t<div class=\"pa-gallery-icons-caption-container\">\n\t\t\t\t\t\t\t<div class=\"pa-gallery-icons-caption-cell\">\n\t\t\t\t\t\t\t\t\n\t\t\t\t\t<a class=\"pa-gallery-magnific-image\" href=\"https:\/\/ideasdesign.ch\/wp-content\/uploads\/2020\/11\/tfc-website.png\" data-rel=\"prettyPhoto[premium-grid-290f859]\">\n\t\t\t\t\t\t<span>\n\t\t\t\t\t\t\t<i aria-hidden=\"true\" class=\"fas fa-search\"><\/i>\t\t\t\t\t\t<\/span>\n\t\t\t\t\t<\/a>\n\t\t\t\t\t\t\t\t\t<a class=\"pa-gallery-img-link\" href=\"https:\/\/www.pdc-collongebellerive.ch\" target=\"_blank\">\n\t\t\t\t\t\t<span>\n\t\t\t\t\t\t\t<i aria-hidden=\"true\" class=\"fas fa-link\"><\/i>\t\t\t\t\t\t<\/span>\n\t\t\t\t\t<\/a>\n\t\t\t\t\t\t\t\t<div class=\"premium-gallery-caption\">\n\n\t\t\t\t\t\t\t\t\t<span class=\"premium-gallery-img-name\">PDC Collonge-Bellerive<\/span>\n\t\t\t\t\t\t\t\t\t\t<p class=\"premium-gallery-img-desc\">--------<\/br>\nI was mandated by the PDC (Christian Democrat Party) of Collonge-Bellerive, in Geneva, to create their responsive website and create and design their new Facebook page, in 2017. I regularly update their site content and write articles for their social networks.\n<\/br>\n--------<\/br>\nwww.pdc-collongebellerive.ch<\/p>\n\t\t\t\t\n\t\t\t<\/div>\n\t\t\t\t\t\t\t\t\t\t<\/div>\n\t\t\t\t\t\t<\/div>\n\t\t\t\t\t\t\t\t\t\t<\/div>\n\t\t\t<\/div>\n\t\t\t\t\t\t\t<div class=\"premium-gallery-item elementor-repeater-item-1e59b0a web\">\n\t\t\t\t<div class=\"pa-gallery-img style2\" onclick=\"\">\n\t\t\t\t\t<div class=\"pa-gallery-img-container\">\n\t\t\t\t\t\t\t\t<img loading=\"lazy\" decoding=\"async\" width=\"1000\" height=\"1000\" src=\"https:\/\/ideasdesign.ch\/wp-content\/uploads\/2020\/11\/site_cs.jpg\" class=\"attachment-full size-full wp-image-649\" alt=\"Site Caddie Service\" srcset=\"https:\/\/ideasdesign.ch\/wp-content\/uploads\/2020\/11\/site_cs.jpg 1000w, https:\/\/ideasdesign.ch\/wp-content\/uploads\/2020\/11\/site_cs-300x300.jpg 300w, https:\/\/ideasdesign.ch\/wp-content\/uploads\/2020\/11\/site_cs-150x150.jpg 150w, https:\/\/ideasdesign.ch\/wp-content\/uploads\/2020\/11\/site_cs-768x768.jpg 768w\" sizes=\"(max-width: 1000px) 100vw, 1000px\" \/>\t\t\t\t\t\t\t<\/div>\n\t\t\t\t\t\t\t\t\t\t\t<div class=\"pa-gallery-icons-caption-container\">\n\t\t\t\t\t\t\t<div class=\"pa-gallery-icons-caption-cell\">\n\t\t\t\t\t\t\t\t\n\t\t\t\t\t<a class=\"pa-gallery-magnific-image\" href=\"https:\/\/ideasdesign.ch\/wp-content\/uploads\/2020\/11\/site_cs.jpg\" data-rel=\"prettyPhoto[premium-grid-290f859]\">\n\t\t\t\t\t\t<span>\n\t\t\t\t\t\t\t<i aria-hidden=\"true\" class=\"fas fa-search\"><\/i>\t\t\t\t\t\t<\/span>\n\t\t\t\t\t<\/a>\n\t\t\t\t\t\t\t\t\t<a class=\"pa-gallery-img-link\" href=\"http:\/\/www.caddie-service.ch\" target=\"_blank\">\n\t\t\t\t\t\t<span>\n\t\t\t\t\t\t\t<i aria-hidden=\"true\" class=\"fas fa-link\"><\/i>\t\t\t\t\t\t<\/span>\n\t\t\t\t\t<\/a>\n\t\t\t\t\t\t\t\t<div class=\"premium-gallery-caption\">\n\n\t\t\t\t\t\t\t\t\t<span class=\"premium-gallery-img-name\">Caddie Service<\/span>\n\t\t\t\t\t\t\t\t\t\t<p class=\"premium-gallery-img-desc\">--------<\/br>\nMandate for the association Caddie Service in 2019 to completely change their graphic identity : logo, order form, website and campaign TPG (Geneva Public Transport). Caddy Serivce is a non-profit organization that offers a delivery service at home or office, by electric bike.\n<\/br>\n--------<\/br>\nwww.caddie-service.ch<\/p>\n\t\t\t\t\n\t\t\t<\/div>\n\t\t\t\t\t\t\t\t\t\t<\/div>\n\t\t\t\t\t\t<\/div>\n\t\t\t\t\t\t\t\t\t\t<\/div>\n\t\t\t<\/div>\n\t\t\t\t\t\t\t<div class=\"premium-gallery-item elementor-repeater-item-cf7e1ad web\">\n\t\t\t\t<div class=\"pa-gallery-img style2\" onclick=\"\">\n\t\t\t\t\t<div class=\"pa-gallery-img-container\">\n\t\t\t\t\t\t\t\t<img loading=\"lazy\" decoding=\"async\" width=\"1024\" height=\"1024\" src=\"https:\/\/ideasdesign.ch\/wp-content\/uploads\/2020\/11\/Supercross.jpg\" class=\"attachment-full size-full wp-image-1306\" alt=\"Supercross\" srcset=\"https:\/\/ideasdesign.ch\/wp-content\/uploads\/2020\/11\/Supercross.jpg 1024w, https:\/\/ideasdesign.ch\/wp-content\/uploads\/2020\/11\/Supercross-300x300.jpg 300w, https:\/\/ideasdesign.ch\/wp-content\/uploads\/2020\/11\/Supercross-150x150.jpg 150w, https:\/\/ideasdesign.ch\/wp-content\/uploads\/2020\/11\/Supercross-768x768.jpg 768w\" sizes=\"(max-width: 1024px) 100vw, 1024px\" \/>\t\t\t\t\t\t\t<\/div>\n\t\t\t\t\t\t\t\t\t\t\t<div class=\"pa-gallery-icons-caption-container\">\n\t\t\t\t\t\t\t<div class=\"pa-gallery-icons-caption-cell\">\n\t\t\t\t\t\t\t\t\n\t\t\t\t\t<a class=\"pa-gallery-magnific-image\" href=\"https:\/\/ideasdesign.ch\/wp-content\/uploads\/2020\/11\/Supercross.jpg\" data-rel=\"prettyPhoto[premium-grid-290f859]\">\n\t\t\t\t\t\t<span>\n\t\t\t\t\t\t\t<i aria-hidden=\"true\" class=\"fas fa-search\"><\/i>\t\t\t\t\t\t<\/span>\n\t\t\t\t\t<\/a>\n\t\t\t\t\t\t\t\t\t<a class=\"pa-gallery-img-link\" href=\"https:\/\/supercross-geneve.com\" target=\"_blank\">\n\t\t\t\t\t\t<span>\n\t\t\t\t\t\t\t<i aria-hidden=\"true\" class=\"fas fa-link\"><\/i>\t\t\t\t\t\t<\/span>\n\t\t\t\t\t<\/a>\n\t\t\t\t\t\t\t\t<div class=\"premium-gallery-caption\">\n\n\t\t\t\t\t\t\t\t\t<span class=\"premium-gallery-img-name\">Monster Energy Supercross Geneva<\/span>\n\t\t\t\t\t\t\t\t\t\t<p class=\"premium-gallery-img-desc\">--------<\/br>\nCreation in 2019 of the new site for the Monster Energy Supercross Geneva, which is one of the major sporting events in Switzerland and annually attracts nearly 25,000 spectators to Palexpo.\n<\/br>\n--------<\/br>\nwww.supercross-geneve.com<\/p>\n\t\t\t\t\n\t\t\t<\/div>\n\t\t\t\t\t\t\t\t\t\t<\/div>\n\t\t\t\t\t\t<\/div>\n\t\t\t\t\t\t\t\t\t\t<\/div>\n\t\t\t<\/div>\n\t\t\t\t\t\t\t<div class=\"premium-gallery-item elementor-repeater-item-51d83ff web\">\n\t\t\t\t<div class=\"pa-gallery-img style2\" onclick=\"\">\n\t\t\t\t\t<div class=\"pa-gallery-img-container\">\n\t\t\t\t\t\t\t\t<img loading=\"lazy\" decoding=\"async\" width=\"903\" height=\"903\" src=\"https:\/\/ideasdesign.ch\/wp-content\/uploads\/2020\/11\/dansuer.jpg\" class=\"attachment-full size-full wp-image-665\" alt=\"dansuer\" srcset=\"https:\/\/ideasdesign.ch\/wp-content\/uploads\/2020\/11\/dansuer.jpg 903w, https:\/\/ideasdesign.ch\/wp-content\/uploads\/2020\/11\/dansuer-300x300.jpg 300w, https:\/\/ideasdesign.ch\/wp-content\/uploads\/2020\/11\/dansuer-150x150.jpg 150w, https:\/\/ideasdesign.ch\/wp-content\/uploads\/2020\/11\/dansuer-768x768.jpg 768w\" sizes=\"(max-width: 903px) 100vw, 903px\" \/>\t\t\t\t\t\t\t<\/div>\n\t\t\t\t\t\t\t\t\t\t\t<div class=\"pa-gallery-icons-caption-container\">\n\t\t\t\t\t\t\t<div class=\"pa-gallery-icons-caption-cell\">\n\t\t\t\t\t\t\t\t\n\t\t\t\t\t<a class=\"pa-gallery-magnific-image\" href=\"https:\/\/ideasdesign.ch\/wp-content\/uploads\/2020\/11\/dansuer.jpg\" data-rel=\"prettyPhoto[premium-grid-290f859]\">\n\t\t\t\t\t\t<span>\n\t\t\t\t\t\t\t<i aria-hidden=\"true\" class=\"fas fa-search\"><\/i>\t\t\t\t\t\t<\/span>\n\t\t\t\t\t<\/a>\n\t\t\t\t\t\t\t\t\t<a class=\"pa-gallery-img-link\" href=\"https:\/\/danuser-paysagiste.ch\/\" target=\"_blank\">\n\t\t\t\t\t\t<span>\n\t\t\t\t\t\t\t<i aria-hidden=\"true\" class=\"fas fa-link\"><\/i>\t\t\t\t\t\t<\/span>\n\t\t\t\t\t<\/a>\n\t\t\t\t\t\t\t\t<div class=\"premium-gallery-caption\">\n\n\t\t\t\t\t\t\t\t\t<span class=\"premium-gallery-img-name\">Danuser Paysagiste<\/span>\n\t\t\t\t\t\t\t\t\t\t<p class=\"premium-gallery-img-desc\">--------<\/br>\nI was mandated in 2018 by Mr. Michael Danuser for the creation of the responsive website of his company. Danuser Paysagiste is a young company specializing in the creation and maintenance of gardens.\n<\/br>\n--------<\/br>\nwww.danuser-paysagiste.ch<\/p>\n\t\t\t\t\n\t\t\t<\/div>\n\t\t\t\t\t\t\t\t\t\t<\/div>\n\t\t\t\t\t\t<\/div>\n\t\t\t\t\t\t\t\t\t\t<\/div>\n\t\t\t<\/div>\n\t\t\t\t\t\t\t<div class=\"premium-gallery-item elementor-repeater-item-feb827a web\">\n\t\t\t\t<div class=\"pa-gallery-img style2\" onclick=\"\">\n\t\t\t\t\t<div class=\"pa-gallery-img-container\">\n\t\t\t\t\t\t\t\t<img loading=\"lazy\" decoding=\"async\" width=\"997\" height=\"997\" src=\"https:\/\/ideasdesign.ch\/wp-content\/uploads\/2020\/11\/CW-Consulting.jpg\" class=\"attachment-full size-full wp-image-673\" alt=\"C&amp;W Consulting\" srcset=\"https:\/\/ideasdesign.ch\/wp-content\/uploads\/2020\/11\/CW-Consulting.jpg 997w, https:\/\/ideasdesign.ch\/wp-content\/uploads\/2020\/11\/CW-Consulting-300x300.jpg 300w, https:\/\/ideasdesign.ch\/wp-content\/uploads\/2020\/11\/CW-Consulting-150x150.jpg 150w, https:\/\/ideasdesign.ch\/wp-content\/uploads\/2020\/11\/CW-Consulting-768x768.jpg 768w\" sizes=\"(max-width: 997px) 100vw, 997px\" \/>\t\t\t\t\t\t\t<\/div>\n\t\t\t\t\t\t\t\t\t\t\t<div class=\"pa-gallery-icons-caption-container\">\n\t\t\t\t\t\t\t<div class=\"pa-gallery-icons-caption-cell\">\n\t\t\t\t\t\t\t\t\n\t\t\t\t\t<a class=\"pa-gallery-magnific-image\" href=\"https:\/\/ideasdesign.ch\/wp-content\/uploads\/2020\/11\/CW-Consulting.jpg\" data-rel=\"prettyPhoto[premium-grid-290f859]\">\n\t\t\t\t\t\t<span>\n\t\t\t\t\t\t\t<i aria-hidden=\"true\" class=\"fas fa-search\"><\/i>\t\t\t\t\t\t<\/span>\n\t\t\t\t\t<\/a>\n\t\t\t\t\t\t\t\t\t<a class=\"pa-gallery-img-link\" href=\"https:\/\/cw-consulting.ch\/\" target=\"_blank\">\n\t\t\t\t\t\t<span>\n\t\t\t\t\t\t\t<i aria-hidden=\"true\" class=\"fas fa-link\"><\/i>\t\t\t\t\t\t<\/span>\n\t\t\t\t\t<\/a>\n\t\t\t\t\t\t\t\t<div class=\"premium-gallery-caption\">\n\n\t\t\t\t\t\t\t\t\t<span class=\"premium-gallery-img-name\">Coaching &amp; Wellness Consulting<\/span>\n\t\t\t\t\t\t\t\t\t\t<p class=\"premium-gallery-img-desc\">--------<\/br>\nMandated in 2018 by Fran\u00e7oise Broquet, specialist in professional integration and development of emotional intelligence (QE), I realized for her its graphic identity, including its logo and its new responsive website.\n<\/br>\n--------<\/br>\nwww.cw-consulting.ch<\/p>\n\t\t\t\t\n\t\t\t<\/div>\n\t\t\t\t\t\t\t\t\t\t<\/div>\n\t\t\t\t\t\t<\/div>\n\t\t\t\t\t\t\t\t\t\t<\/div>\n\t\t\t<\/div>\n\t\t\t\t\t\t\t<div class=\"premium-gallery-item elementor-repeater-item-5bfbe94 web\">\n\t\t\t\t<div class=\"pa-gallery-img style2\" onclick=\"\">\n\t\t\t\t\t<div class=\"pa-gallery-img-container\">\n\t\t\t\t\t\t\t\t<img loading=\"lazy\" decoding=\"async\" width=\"1024\" height=\"1024\" src=\"https:\/\/ideasdesign.ch\/wp-content\/uploads\/2020\/11\/Girls-Challenge.jpg\" class=\"attachment-full size-full wp-image-819\" alt=\"Girls Challenge\" srcset=\"https:\/\/ideasdesign.ch\/wp-content\/uploads\/2020\/11\/Girls-Challenge.jpg 1024w, https:\/\/ideasdesign.ch\/wp-content\/uploads\/2020\/11\/Girls-Challenge-300x300.jpg 300w, https:\/\/ideasdesign.ch\/wp-content\/uploads\/2020\/11\/Girls-Challenge-150x150.jpg 150w, https:\/\/ideasdesign.ch\/wp-content\/uploads\/2020\/11\/Girls-Challenge-768x768.jpg 768w\" sizes=\"(max-width: 1024px) 100vw, 1024px\" \/>\t\t\t\t\t\t\t<\/div>\n\t\t\t\t\t\t\t\t\t\t\t<div class=\"pa-gallery-icons-caption-container\">\n\t\t\t\t\t\t\t<div class=\"pa-gallery-icons-caption-cell\">\n\t\t\t\t\t\t\t\t\n\t\t\t\t\t<a class=\"pa-gallery-magnific-image\" href=\"https:\/\/ideasdesign.ch\/wp-content\/uploads\/2020\/11\/Girls-Challenge.jpg\" data-rel=\"prettyPhoto[premium-grid-290f859]\">\n\t\t\t\t\t\t<span>\n\t\t\t\t\t\t\t<i aria-hidden=\"true\" class=\"fas fa-search\"><\/i>\t\t\t\t\t\t<\/span>\n\t\t\t\t\t<\/a>\n\t\t\t\t\t\t\t\t\t<a class=\"pa-gallery-img-link\" href=\"https:\/\/girlschallenge.ch\/\" target=\"_blank\">\n\t\t\t\t\t\t<span>\n\t\t\t\t\t\t\t<i aria-hidden=\"true\" class=\"fas fa-link\"><\/i>\t\t\t\t\t\t<\/span>\n\t\t\t\t\t<\/a>\n\t\t\t\t\t\t\t\t<div class=\"premium-gallery-caption\">\n\n\t\t\t\t\t\t\t\t\t<span class=\"premium-gallery-img-name\">Girls Challenge<\/span>\n\t\t\t\t\t\t\t\t\t\t<p class=\"premium-gallery-img-desc\">--------<\/br>\nThe Girls Challenge is a private club reserved for women who wish to meet new people and have new experiences during a team challenge. The site has been online since 2020.\n<\/br>\n--------<\/br>\nwww.girlschallenge.ch<\/p>\n\t\t\t\t\n\t\t\t<\/div>\n\t\t\t\t\t\t\t\t\t\t<\/div>\n\t\t\t\t\t\t<\/div>\n\t\t\t\t\t\t\t\t\t\t<\/div>\n\t\t\t<\/div>\n\t\t\t\t\t\t\t<div class=\"premium-gallery-item elementor-repeater-item-d8e3eb1 web\">\n\t\t\t\t<div class=\"pa-gallery-img style2\" onclick=\"\">\n\t\t\t\t\t<div class=\"pa-gallery-img-container\">\n\t\t\t\t\t\t\t\t<img loading=\"lazy\" decoding=\"async\" width=\"1024\" height=\"1024\" src=\"https:\/\/ideasdesign.ch\/wp-content\/uploads\/2020\/11\/Mariage-de-Celeste-et-Philippe.jpg\" class=\"attachment-full size-full wp-image-820\" alt=\"Mariage de C\u00e9leste et Philippe\" srcset=\"https:\/\/ideasdesign.ch\/wp-content\/uploads\/2020\/11\/Mariage-de-Celeste-et-Philippe.jpg 1024w, https:\/\/ideasdesign.ch\/wp-content\/uploads\/2020\/11\/Mariage-de-Celeste-et-Philippe-300x300.jpg 300w, https:\/\/ideasdesign.ch\/wp-content\/uploads\/2020\/11\/Mariage-de-Celeste-et-Philippe-150x150.jpg 150w, https:\/\/ideasdesign.ch\/wp-content\/uploads\/2020\/11\/Mariage-de-Celeste-et-Philippe-768x768.jpg 768w\" sizes=\"(max-width: 1024px) 100vw, 1024px\" \/>\t\t\t\t\t\t\t<\/div>\n\t\t\t\t\t\t\t\t\t\t\t<div class=\"pa-gallery-icons-caption-container\">\n\t\t\t\t\t\t\t<div class=\"pa-gallery-icons-caption-cell\">\n\t\t\t\t\t\t\t\t\n\t\t\t\t\t<a class=\"pa-gallery-magnific-image\" href=\"https:\/\/ideasdesign.ch\/wp-content\/uploads\/2020\/11\/Mariage-de-Celeste-et-Philippe.jpg\" data-rel=\"prettyPhoto[premium-grid-290f859]\">\n\t\t\t\t\t\t<span>\n\t\t\t\t\t\t\t<i aria-hidden=\"true\" class=\"fas fa-search\"><\/i>\t\t\t\t\t\t<\/span>\n\t\t\t\t\t<\/a>\n\t\t\t\t\t\t\t\t\t<a class=\"pa-gallery-img-link\" href=\"https:\/\/mariage.ideasdesign.ch\/\" target=\"_blank\">\n\t\t\t\t\t\t<span>\n\t\t\t\t\t\t\t<i aria-hidden=\"true\" class=\"fas fa-link\"><\/i>\t\t\t\t\t\t<\/span>\n\t\t\t\t\t<\/a>\n\t\t\t\t\t\t\t\t<div class=\"premium-gallery-caption\">\n\n\t\t\t\t\t\t\t\t\t<span class=\"premium-gallery-img-name\">Mariage C\u00e9leste et Philippe<\/span>\n\t\t\t\t\t\t\t\t\t\t<p class=\"premium-gallery-img-desc\">--------<\/br>\nResponsive website created in 2020, in memory of their wedding on September 10, 2020. All the photos on the site have been retouched and checked by me.\n<\/br>\n--------<\/br>\nwww.mariage.ideasdesign.ch<\/p>\n\t\t\t\t\n\t\t\t<\/div>\n\t\t\t\t\t\t\t\t\t\t<\/div>\n\t\t\t\t\t\t<\/div>\n\t\t\t\t\t\t\t\t\t\t<\/div>\n\t\t\t<\/div>\n\t\t\t\t\t\t\t<div class=\"premium-gallery-item elementor-repeater-item-844785c web\">\n\t\t\t\t<div class=\"pa-gallery-img style2\" onclick=\"\">\n\t\t\t\t\t<div class=\"pa-gallery-img-container\">\n\t\t\t\t\t\t\t\t<img loading=\"lazy\" decoding=\"async\" width=\"1024\" height=\"1024\" src=\"https:\/\/ideasdesign.ch\/wp-content\/uploads\/2020\/11\/pompiers.jpg\" class=\"attachment-full size-full wp-image-812\" alt=\"calendrier pompier-gva\" srcset=\"https:\/\/ideasdesign.ch\/wp-content\/uploads\/2020\/11\/pompiers.jpg 1024w, https:\/\/ideasdesign.ch\/wp-content\/uploads\/2020\/11\/pompiers-300x300.jpg 300w, https:\/\/ideasdesign.ch\/wp-content\/uploads\/2020\/11\/pompiers-150x150.jpg 150w, https:\/\/ideasdesign.ch\/wp-content\/uploads\/2020\/11\/pompiers-768x768.jpg 768w\" sizes=\"(max-width: 1024px) 100vw, 1024px\" \/>\t\t\t\t\t\t\t<\/div>\n\t\t\t\t\t\t\t\t\t\t\t<div class=\"pa-gallery-icons-caption-container\">\n\t\t\t\t\t\t\t<div class=\"pa-gallery-icons-caption-cell\">\n\t\t\t\t\t\t\t\t\n\t\t\t\t\t<a class=\"pa-gallery-magnific-image\" href=\"https:\/\/ideasdesign.ch\/wp-content\/uploads\/2020\/11\/pompiers.jpg\" data-rel=\"prettyPhoto[premium-grid-290f859]\">\n\t\t\t\t\t\t<span>\n\t\t\t\t\t\t\t<i aria-hidden=\"true\" class=\"fas fa-search\"><\/i>\t\t\t\t\t\t<\/span>\n\t\t\t\t\t<\/a>\n\t\t\t\t\t\t\t\t\t<a class=\"pa-gallery-img-link\" href=\"https:\/\/calendrierpompier-gva.ch\/\" target=\"_blank\">\n\t\t\t\t\t\t<span>\n\t\t\t\t\t\t\t<i aria-hidden=\"true\" class=\"fas fa-link\"><\/i>\t\t\t\t\t\t<\/span>\n\t\t\t\t\t<\/a>\n\t\t\t\t\t\t\t\t<div class=\"premium-gallery-caption\">\n\n\t\t\t\t\t\t\t\t\t<span class=\"premium-gallery-img-name\">Calendrier des Sapeur-Pompiers<\/span>\n\t\t\t\t\t\t\t\t\t\t<p class=\"premium-gallery-img-desc\">--------<\/br>\nMandated in 2019, I created a site for the Sport Group of the Fire and Rescue Service of the city of Geneva, so that firefighters can sell their famous calendar online.\n<\/br>\n--------<\/br>\ncalendrierpompier-gva.ch<\/p>\n\t\t\t\t\n\t\t\t<\/div>\n\t\t\t\t\t\t\t\t\t\t<\/div>\n\t\t\t\t\t\t<\/div>\n\t\t\t\t\t\t\t\t\t\t<\/div>\n\t\t\t<\/div>\n\t\t\t\t\t\t\t<div class=\"premium-gallery-item elementor-repeater-item-d3b3413 web\">\n\t\t\t\t<div class=\"pa-gallery-img style2\" onclick=\"\">\n\t\t\t\t\t<div class=\"pa-gallery-img-container\">\n\t\t\t\t\t\t\t\t<img loading=\"lazy\" decoding=\"async\" width=\"928\" height=\"928\" src=\"https:\/\/ideasdesign.ch\/wp-content\/uploads\/2020\/11\/hernandez-peinture-web.jpg\" class=\"attachment-full size-full wp-image-646\" alt=\"hernandez-peinture\" srcset=\"https:\/\/ideasdesign.ch\/wp-content\/uploads\/2020\/11\/hernandez-peinture-web.jpg 928w, https:\/\/ideasdesign.ch\/wp-content\/uploads\/2020\/11\/hernandez-peinture-web-300x300.jpg 300w, https:\/\/ideasdesign.ch\/wp-content\/uploads\/2020\/11\/hernandez-peinture-web-150x150.jpg 150w, https:\/\/ideasdesign.ch\/wp-content\/uploads\/2020\/11\/hernandez-peinture-web-768x768.jpg 768w\" sizes=\"(max-width: 928px) 100vw, 928px\" \/>\t\t\t\t\t\t\t<\/div>\n\t\t\t\t\t\t\t\t\t\t\t<div class=\"pa-gallery-icons-caption-container\">\n\t\t\t\t\t\t\t<div class=\"pa-gallery-icons-caption-cell\">\n\t\t\t\t\t\t\t\t\n\t\t\t\t\t<a class=\"pa-gallery-magnific-image\" href=\"https:\/\/ideasdesign.ch\/wp-content\/uploads\/2020\/11\/hernandez-peinture-web.jpg\" data-rel=\"prettyPhoto[premium-grid-290f859]\">\n\t\t\t\t\t\t<span>\n\t\t\t\t\t\t\t<i aria-hidden=\"true\" class=\"fas fa-search\"><\/i>\t\t\t\t\t\t<\/span>\n\t\t\t\t\t<\/a>\n\t\t\t\t\t\t\t\t\t<a class=\"pa-gallery-img-link\" href=\"https:\/\/hernandezpeinture.ch\/\" target=\"_blank\">\n\t\t\t\t\t\t<span>\n\t\t\t\t\t\t\t<i aria-hidden=\"true\" class=\"fas fa-link\"><\/i>\t\t\t\t\t\t<\/span>\n\t\t\t\t\t<\/a>\n\t\t\t\t\t\t\t\t<div class=\"premium-gallery-caption\">\n\n\t\t\t\t\t\t\t\t\t<span class=\"premium-gallery-img-name\">Hernandez Peinture<\/span>\n\t\t\t\t\t\t\t\t\t\t<p class=\"premium-gallery-img-desc\">--------<\/br>\nI was mandated by Mr Hernandez to create his new reponsive website, in 2018. Hernandez Peinture is a renovation company in Geneva.\n<\/br>\n--------<\/br>\nwww.hernandezpeinture.ch<\/p>\n\t\t\t\t\n\t\t\t<\/div>\n\t\t\t\t\t\t\t\t\t\t<\/div>\n\t\t\t\t\t\t<\/div>\n\t\t\t\t\t\t\t\t\t\t<\/div>\n\t\t\t<\/div>\n\t\t\t\t\t\t\t<div class=\"premium-gallery-item elementor-repeater-item-436a14e web\">\n\t\t\t\t<div class=\"pa-gallery-img style2\" onclick=\"\">\n\t\t\t\t\t<div class=\"pa-gallery-img-container\">\n\t\t\t\t\t\t\t\t<img loading=\"lazy\" decoding=\"async\" width=\"1432\" height=\"1432\" src=\"https:\/\/ideasdesign.ch\/wp-content\/uploads\/2020\/11\/device_iframes.jpg\" class=\"attachment-full size-full wp-image-639\" alt=\"device_iframes\" srcset=\"https:\/\/ideasdesign.ch\/wp-content\/uploads\/2020\/11\/device_iframes.jpg 1432w, https:\/\/ideasdesign.ch\/wp-content\/uploads\/2020\/11\/device_iframes-300x300.jpg 300w, https:\/\/ideasdesign.ch\/wp-content\/uploads\/2020\/11\/device_iframes-1024x1024.jpg 1024w, https:\/\/ideasdesign.ch\/wp-content\/uploads\/2020\/11\/device_iframes-150x150.jpg 150w, https:\/\/ideasdesign.ch\/wp-content\/uploads\/2020\/11\/device_iframes-768x768.jpg 768w\" sizes=\"(max-width: 1432px) 100vw, 1432px\" \/>\t\t\t\t\t\t\t<\/div>\n\t\t\t\t\t\t\t\t\t\t\t<div class=\"pa-gallery-icons-caption-container\">\n\t\t\t\t\t\t\t<div class=\"pa-gallery-icons-caption-cell\">\n\t\t\t\t\t\t\t\t\n\t\t\t\t\t<a class=\"pa-gallery-magnific-image\" href=\"https:\/\/ideasdesign.ch\/wp-content\/uploads\/2020\/11\/device_iframes.jpg\" data-rel=\"prettyPhoto[premium-grid-290f859]\">\n\t\t\t\t\t\t<span>\n\t\t\t\t\t\t\t<i aria-hidden=\"true\" class=\"fas fa-search\"><\/i>\t\t\t\t\t\t<\/span>\n\t\t\t\t\t<\/a>\n\t\t\t\t\t\t\t\t\t<a class=\"pa-gallery-img-link\" href=\"http:\/\/www.camspower.com\" target=\"_blank\">\n\t\t\t\t\t\t<span>\n\t\t\t\t\t\t\t<i aria-hidden=\"true\" class=\"fas fa-link\"><\/i>\t\t\t\t\t\t<\/span>\n\t\t\t\t\t<\/a>\n\t\t\t\t\t\t\t\t<div class=\"premium-gallery-caption\">\n\n\t\t\t\t\t\t\t\t\t<span class=\"premium-gallery-img-name\">Iframe banners tool<\/span>\n\t\t\t\t\t\t\t\t\t\t<p class=\"premium-gallery-img-desc\">--------<\/br>\nThis is an emailing kit presentation of a new tool to promote Iframe banners that can be used to improve the click rate on the sites of affiliates of the Camspower site.\n<\/br>\n--------<\/br>\nwww.camspower.com<\/p>\n\t\t\t\t\n\t\t\t<\/div>\n\t\t\t\t\t\t\t\t\t\t<\/div>\n\t\t\t\t\t\t<\/div>\n\t\t\t\t\t\t\t\t\t\t<\/div>\n\t\t\t<\/div>\n\t\t\t\t\t\t\t<div class=\"premium-gallery-item elementor-repeater-item-e4e29e2 web\">\n\t\t\t\t<div class=\"pa-gallery-img style2\" onclick=\"\">\n\t\t\t\t\t<div class=\"pa-gallery-img-container\">\n\t\t\t\t\t\t\t\t<img loading=\"lazy\" decoding=\"async\" width=\"850\" height=\"850\" src=\"https:\/\/ideasdesign.ch\/wp-content\/uploads\/2020\/11\/3D_colonne.jpg\" class=\"attachment-full size-full wp-image-637\" alt=\"The Throne Room\" srcset=\"https:\/\/ideasdesign.ch\/wp-content\/uploads\/2020\/11\/3D_colonne.jpg 850w, https:\/\/ideasdesign.ch\/wp-content\/uploads\/2020\/11\/3D_colonne-300x300.jpg 300w, https:\/\/ideasdesign.ch\/wp-content\/uploads\/2020\/11\/3D_colonne-150x150.jpg 150w, https:\/\/ideasdesign.ch\/wp-content\/uploads\/2020\/11\/3D_colonne-768x768.jpg 768w\" sizes=\"(max-width: 850px) 100vw, 850px\" \/>\t\t\t\t\t\t\t<\/div>\n\t\t\t\t\t\t\t\t\t\t\t<div class=\"pa-gallery-icons-caption-container\">\n\t\t\t\t\t\t\t<div class=\"pa-gallery-icons-caption-cell\">\n\t\t\t\t\t\t\t\t\n\t\t\t\t\t<a class=\"pa-gallery-magnific-image\" href=\"https:\/\/ideasdesign.ch\/wp-content\/uploads\/2020\/11\/3D_colonne.jpg\" data-rel=\"prettyPhoto[premium-grid-290f859]\">\n\t\t\t\t\t\t<span>\n\t\t\t\t\t\t\t<i aria-hidden=\"true\" class=\"fas fa-search\"><\/i>\t\t\t\t\t\t<\/span>\n\t\t\t\t\t<\/a>\n\t\t\t\t\t\t\t<div class=\"premium-gallery-caption\">\n\n\t\t\t\t\t\t\t\t\t<span class=\"premium-gallery-img-name\">The Throne Room<\/span>\n\t\t\t\t\t\t\t\t\t\t<p class=\"premium-gallery-img-desc\">--------<\/br>\nThis is my first 3D realization using the software MAYA, in 2010 during my apprenticeship at the school of applied arts of Geneva.<\/p>\n\t\t\t\t\n\t\t\t<\/div>\n\t\t\t\t\t\t\t\t\t\t<\/div>\n\t\t\t\t\t\t<\/div>\n\t\t\t\t\t\t\t\t\t\t<\/div>\n\t\t\t<\/div>\n\t\t\t\t\t\t\t<div class=\"premium-gallery-item elementor-repeater-item-13fa5c1 web\">\n\t\t\t\t<div class=\"pa-gallery-img style2\" onclick=\"\">\n\t\t\t\t\t<div class=\"pa-gallery-img-container\">\n\t\t\t\t\t\t\t\t<img loading=\"lazy\" decoding=\"async\" width=\"742\" height=\"742\" src=\"https:\/\/ideasdesign.ch\/wp-content\/uploads\/2020\/11\/thomias_concept.jpg\" class=\"attachment-full size-full wp-image-701\" alt=\"\" srcset=\"https:\/\/ideasdesign.ch\/wp-content\/uploads\/2020\/11\/thomias_concept.jpg 742w, https:\/\/ideasdesign.ch\/wp-content\/uploads\/2020\/11\/thomias_concept-300x300.jpg 300w, https:\/\/ideasdesign.ch\/wp-content\/uploads\/2020\/11\/thomias_concept-150x150.jpg 150w\" sizes=\"(max-width: 742px) 100vw, 742px\" \/>\t\t\t\t\t\t\t<\/div>\n\t\t\t\t\t\t\t\t\t\t\t<div class=\"pa-gallery-icons-caption-container\">\n\t\t\t\t\t\t\t<div class=\"pa-gallery-icons-caption-cell\">\n\t\t\t\t\t\t\t\t\n\t\t\t\t\t<a class=\"pa-gallery-magnific-image\" href=\"https:\/\/ideasdesign.ch\/wp-content\/uploads\/2020\/11\/thomias_concept.jpg\" data-rel=\"prettyPhoto[premium-grid-290f859]\">\n\t\t\t\t\t\t<span>\n\t\t\t\t\t\t\t<i aria-hidden=\"true\" class=\"fas fa-search\"><\/i>\t\t\t\t\t\t<\/span>\n\t\t\t\t\t<\/a>\n\t\t\t\t\t\t\t\t\t<a class=\"pa-gallery-img-link\" href=\"https:\/\/www.thomiasconcept.com\/\" target=\"_blank\">\n\t\t\t\t\t\t<span>\n\t\t\t\t\t\t\t<i aria-hidden=\"true\" class=\"fas fa-link\"><\/i>\t\t\t\t\t\t<\/span>\n\t\t\t\t\t<\/a>\n\t\t\t\t\t\t\t\t<div class=\"premium-gallery-caption\">\n\n\t\t\t\t\t\t\t\t\t<span class=\"premium-gallery-img-name\">Thomias Concept Communication<\/span>\n\t\t\t\t\t\t\t\t\t\t<p class=\"premium-gallery-img-desc\">--------<\/br>\nI was mandated in 2017 by Mrs. Diana Thomias Leduc for the creation of her new responsive and multilingual website. ThomiasConcept Communication is a Geneva-based company specializing in communication.\n<\/br>\n--------<\/br>\nwww.thomiasconcept.com<\/p>\n\t\t\t\t\n\t\t\t<\/div>\n\t\t\t\t\t\t\t\t\t\t<\/div>\n\t\t\t\t\t\t<\/div>\n\t\t\t\t\t\t\t\t\t\t<\/div>\n\t\t\t<\/div>\n\t\t\t\t\t\t\t<div class=\"premium-gallery-item elementor-repeater-item-cba593a web\">\n\t\t\t\t<div class=\"pa-gallery-img style2\" onclick=\"\">\n\t\t\t\t\t<div class=\"pa-gallery-img-container\">\n\t\t\t\t\t\t\t\t<img loading=\"lazy\" decoding=\"async\" width=\"2560\" height=\"2560\" src=\"https:\/\/ideasdesign.ch\/wp-content\/uploads\/2020\/11\/devices_weflirt-scaled.jpg\" class=\"attachment-full size-full wp-image-641\" alt=\"weflirt\" srcset=\"https:\/\/ideasdesign.ch\/wp-content\/uploads\/2020\/11\/devices_weflirt-scaled.jpg 2560w, https:\/\/ideasdesign.ch\/wp-content\/uploads\/2020\/11\/devices_weflirt-300x300.jpg 300w, https:\/\/ideasdesign.ch\/wp-content\/uploads\/2020\/11\/devices_weflirt-1024x1024.jpg 1024w, https:\/\/ideasdesign.ch\/wp-content\/uploads\/2020\/11\/devices_weflirt-150x150.jpg 150w, https:\/\/ideasdesign.ch\/wp-content\/uploads\/2020\/11\/devices_weflirt-768x768.jpg 768w, https:\/\/ideasdesign.ch\/wp-content\/uploads\/2020\/11\/devices_weflirt-1536x1536.jpg 1536w, https:\/\/ideasdesign.ch\/wp-content\/uploads\/2020\/11\/devices_weflirt-2048x2048.jpg 2048w\" sizes=\"(max-width: 2560px) 100vw, 2560px\" \/>\t\t\t\t\t\t\t<\/div>\n\t\t\t\t\t\t\t\t\t\t\t<div class=\"pa-gallery-icons-caption-container\">\n\t\t\t\t\t\t\t<div class=\"pa-gallery-icons-caption-cell\">\n\t\t\t\t\t\t\t\t\n\t\t\t\t\t<a class=\"pa-gallery-magnific-image\" href=\"https:\/\/ideasdesign.ch\/wp-content\/uploads\/2020\/11\/devices_weflirt-scaled.jpg\" data-rel=\"prettyPhoto[premium-grid-290f859]\">\n\t\t\t\t\t\t<span>\n\t\t\t\t\t\t\t<i aria-hidden=\"true\" class=\"fas fa-search\"><\/i>\t\t\t\t\t\t<\/span>\n\t\t\t\t\t<\/a>\n\t\t\t\t\t\t\t<div class=\"premium-gallery-caption\">\n\n\t\t\t\t\t\t\t\t\t<span class=\"premium-gallery-img-name\">Weflirt<\/span>\n\t\t\t\t\t\t\t\t\t\t<p class=\"premium-gallery-img-desc\">--------<\/br>\nWeflirt is a French dating responsive website inspired by the concept of Tinder, and created in 2016. Men and women meet by geolocation their position, and can talk with a chat. The Weflirt application is a project in progress.\n<\/br>\n--------<\/br>\nThe site is currently no longer online<\/p>\n\t\t\t\t\n\t\t\t<\/div>\n\t\t\t\t\t\t\t\t\t\t<\/div>\n\t\t\t\t\t\t<\/div>\n\t\t\t\t\t\t\t\t\t\t<\/div>\n\t\t\t<\/div>\n\t\t\t\t\t\t\t<div class=\"premium-gallery-item elementor-repeater-item-8586c34 web\">\n\t\t\t\t<div class=\"pa-gallery-img style2\" onclick=\"\">\n\t\t\t\t\t<div class=\"pa-gallery-img-container\">\n\t\t\t\t\t\t\t\t<img loading=\"lazy\" decoding=\"async\" width=\"1024\" height=\"1024\" src=\"https:\/\/ideasdesign.ch\/wp-content\/uploads\/2020\/11\/devices_recovery-1024x1024-1.jpg\" class=\"attachment-full size-full wp-image-644\" alt=\"recovery\" srcset=\"https:\/\/ideasdesign.ch\/wp-content\/uploads\/2020\/11\/devices_recovery-1024x1024-1.jpg 1024w, https:\/\/ideasdesign.ch\/wp-content\/uploads\/2020\/11\/devices_recovery-1024x1024-1-300x300.jpg 300w, https:\/\/ideasdesign.ch\/wp-content\/uploads\/2020\/11\/devices_recovery-1024x1024-1-150x150.jpg 150w, https:\/\/ideasdesign.ch\/wp-content\/uploads\/2020\/11\/devices_recovery-1024x1024-1-768x768.jpg 768w\" sizes=\"(max-width: 1024px) 100vw, 1024px\" \/>\t\t\t\t\t\t\t<\/div>\n\t\t\t\t\t\t\t\t\t\t\t<div class=\"pa-gallery-icons-caption-container\">\n\t\t\t\t\t\t\t<div class=\"pa-gallery-icons-caption-cell\">\n\t\t\t\t\t\t\t\t\n\t\t\t\t\t<a class=\"pa-gallery-magnific-image\" href=\"https:\/\/ideasdesign.ch\/wp-content\/uploads\/2020\/11\/devices_recovery-1024x1024-1.jpg\" data-rel=\"prettyPhoto[premium-grid-290f859]\">\n\t\t\t\t\t\t<span>\n\t\t\t\t\t\t\t<i aria-hidden=\"true\" class=\"fas fa-search\"><\/i>\t\t\t\t\t\t<\/span>\n\t\t\t\t\t<\/a>\n\t\t\t\t\t\t\t\t\t<a class=\"pa-gallery-img-link\" href=\"https:\/\/recovery-band.ch\/\" target=\"_blank\">\n\t\t\t\t\t\t<span>\n\t\t\t\t\t\t\t<i aria-hidden=\"true\" class=\"fas fa-link\"><\/i>\t\t\t\t\t\t<\/span>\n\t\t\t\t\t<\/a>\n\t\t\t\t\t\t\t\t<div class=\"premium-gallery-caption\">\n\n\t\t\t\t\t\t\t\t\t<span class=\"premium-gallery-img-name\">Recovery Band<\/span>\n\t\t\t\t\t\t\t\t\t\t<p class=\"premium-gallery-img-desc\">--------<\/br>\nI was mandated in 2017 by Mr. Philippe Zuffery, member of the Swiss Band Recovery for the creation of his new responsive and multilanguage website. Recovery consists of four musicians from complementary musical universes and form a group of pop-rock covers based in Geneva who will be happy to enrich your future events.\n<\/br>\n--------<\/br>\nwww.recovery-band.ch<\/p>\n\t\t\t\t\n\t\t\t<\/div>\n\t\t\t\t\t\t\t\t\t\t<\/div>\n\t\t\t\t\t\t<\/div>\n\t\t\t\t\t\t\t\t\t\t<\/div>\n\t\t\t<\/div>\n\t\t\t\t\t\t\t<div class=\"premium-gallery-item elementor-repeater-item-5e9541c web\">\n\t\t\t\t<div class=\"pa-gallery-img style2\" onclick=\"\">\n\t\t\t\t\t<div class=\"pa-gallery-img-container\">\n\t\t\t\t\t\t\t\t<img loading=\"lazy\" decoding=\"async\" width=\"1024\" height=\"1024\" src=\"https:\/\/ideasdesign.ch\/wp-content\/uploads\/2020\/11\/pdv1-1-1024x1024-1.png\" class=\"attachment-full size-full wp-image-647\" alt=\"Party Project\" srcset=\"https:\/\/ideasdesign.ch\/wp-content\/uploads\/2020\/11\/pdv1-1-1024x1024-1.png 1024w, https:\/\/ideasdesign.ch\/wp-content\/uploads\/2020\/11\/pdv1-1-1024x1024-1-300x300.png 300w, https:\/\/ideasdesign.ch\/wp-content\/uploads\/2020\/11\/pdv1-1-1024x1024-1-150x150.png 150w, https:\/\/ideasdesign.ch\/wp-content\/uploads\/2020\/11\/pdv1-1-1024x1024-1-768x768.png 768w\" sizes=\"(max-width: 1024px) 100vw, 1024px\" \/>\t\t\t\t\t\t\t<\/div>\n\t\t\t\t\t\t\t\t\t\t\t<div class=\"pa-gallery-icons-caption-container\">\n\t\t\t\t\t\t\t<div class=\"pa-gallery-icons-caption-cell\">\n\t\t\t\t\t\t\t\t\n\t\t\t\t\t<a class=\"pa-gallery-magnific-image\" href=\"https:\/\/ideasdesign.ch\/wp-content\/uploads\/2020\/11\/pdv1-1-1024x1024-1.png\" data-rel=\"prettyPhoto[premium-grid-290f859]\">\n\t\t\t\t\t\t<span>\n\t\t\t\t\t\t\t<i aria-hidden=\"true\" class=\"fas fa-search\"><\/i>\t\t\t\t\t\t<\/span>\n\t\t\t\t\t<\/a>\n\t\t\t\t\t\t\t<div class=\"premium-gallery-caption\">\n\n\t\t\t\t\t\t\t\t\t<span class=\"premium-gallery-img-name\">Party Project<\/span>\n\t\t\t\t\t\t\t\t\t\t<p class=\"premium-gallery-img-desc\">--------<\/br>\nMandated by the association Party Project of Geneva, in 2016, I realized their site, their logo, their flyer and posters, as well as various campaigns on the social networks. Party Project is a non-profit organization offering a full service organization of events for private or company. Party Project is collaborating with many music bands, DJ's and artists available to its customers.\n<\/br>\n--------<\/br>\nThe site is currently no longer online<\/p>\n\t\t\t\t\n\t\t\t<\/div>\n\t\t\t\t\t\t\t\t\t\t<\/div>\n\t\t\t\t\t\t<\/div>\n\t\t\t\t\t\t\t\t\t\t<\/div>\n\t\t\t<\/div>\n\t\t\t\t\t\t\t<div class=\"premium-gallery-item elementor-repeater-item-f9fe462 web premium-gallery-item-hidden\">\n\t\t\t\t<div class=\"pa-gallery-img style2\" onclick=\"\">\n\t\t\t\t\t<div class=\"pa-gallery-img-container\">\n\t\t\t\t\t\t\t\t<img loading=\"lazy\" decoding=\"async\" width=\"1024\" height=\"1024\" src=\"https:\/\/ideasdesign.ch\/wp-content\/uploads\/2020\/11\/pp_fb-1024x1024-1.png\" class=\"attachment-full size-full wp-image-763\" alt=\"Banner Party Project\" srcset=\"https:\/\/ideasdesign.ch\/wp-content\/uploads\/2020\/11\/pp_fb-1024x1024-1.png 1024w, https:\/\/ideasdesign.ch\/wp-content\/uploads\/2020\/11\/pp_fb-1024x1024-1-300x300.png 300w, https:\/\/ideasdesign.ch\/wp-content\/uploads\/2020\/11\/pp_fb-1024x1024-1-150x150.png 150w, https:\/\/ideasdesign.ch\/wp-content\/uploads\/2020\/11\/pp_fb-1024x1024-1-768x768.png 768w\" sizes=\"(max-width: 1024px) 100vw, 1024px\" \/>\t\t\t\t\t\t\t<\/div>\n\t\t\t\t\t\t\t\t\t\t\t<div class=\"pa-gallery-icons-caption-container\">\n\t\t\t\t\t\t\t<div class=\"pa-gallery-icons-caption-cell\">\n\t\t\t\t\t\t\t\t\n\t\t\t\t\t<a class=\"pa-gallery-magnific-image\" href=\"https:\/\/ideasdesign.ch\/wp-content\/uploads\/2020\/11\/pp_fb-1024x1024-1.png\" data-rel=\"prettyPhoto[premium-grid-290f859]\">\n\t\t\t\t\t\t<span>\n\t\t\t\t\t\t\t<i aria-hidden=\"true\" class=\"fas fa-search\"><\/i>\t\t\t\t\t\t<\/span>\n\t\t\t\t\t<\/a>\n\t\t\t\t\t\t\t<div class=\"premium-gallery-caption\">\n\n\t\t\t\t\t\t\t\t\t<span class=\"premium-gallery-img-name\">Banner Party Project<\/span>\n\t\t\t\t\t\t\t\t\t\t<p class=\"premium-gallery-img-desc\">--------<\/br>\nMandated by the association Party Project of Geneva, I realized their site, their logo, their flyer and posters, as well as various campaigns on the social networks. Party Project is a non-profit organization offering a full service organization of events for private or company. Party Project is collaborating with a large number of music bands, DJ's, graphic artists and artists available to its customers.<\/p>\n\t\t\t\t\n\t\t\t<\/div>\n\t\t\t\t\t\t\t\t\t\t<\/div>\n\t\t\t\t\t\t<\/div>\n\t\t\t\t\t\t\t\t\t\t<\/div>\n\t\t\t<\/div>\n\t\t\t\t\t\t\t<div class=\"premium-gallery-item elementor-repeater-item-2d3d3da web premium-gallery-item-hidden\">\n\t\t\t\t<div class=\"pa-gallery-img style2\" onclick=\"\">\n\t\t\t\t\t<div class=\"pa-gallery-img-container\">\n\t\t\t\t\t\t\t\t<img loading=\"lazy\" decoding=\"async\" width=\"1024\" height=\"1024\" src=\"https:\/\/ideasdesign.ch\/wp-content\/uploads\/2020\/11\/pdv2-1024x1024-1.png\" class=\"attachment-full size-full wp-image-648\" alt=\"Infid\u00e8les Sexy\" srcset=\"https:\/\/ideasdesign.ch\/wp-content\/uploads\/2020\/11\/pdv2-1024x1024-1.png 1024w, https:\/\/ideasdesign.ch\/wp-content\/uploads\/2020\/11\/pdv2-1024x1024-1-300x300.png 300w, https:\/\/ideasdesign.ch\/wp-content\/uploads\/2020\/11\/pdv2-1024x1024-1-150x150.png 150w, https:\/\/ideasdesign.ch\/wp-content\/uploads\/2020\/11\/pdv2-1024x1024-1-768x768.png 768w\" sizes=\"(max-width: 1024px) 100vw, 1024px\" \/>\t\t\t\t\t\t\t<\/div>\n\t\t\t\t\t\t\t\t\t\t\t<div class=\"pa-gallery-icons-caption-container\">\n\t\t\t\t\t\t\t<div class=\"pa-gallery-icons-caption-cell\">\n\t\t\t\t\t\t\t\t\n\t\t\t\t\t<a class=\"pa-gallery-magnific-image\" href=\"https:\/\/ideasdesign.ch\/wp-content\/uploads\/2020\/11\/pdv2-1024x1024-1.png\" data-rel=\"prettyPhoto[premium-grid-290f859]\">\n\t\t\t\t\t\t<span>\n\t\t\t\t\t\t\t<i aria-hidden=\"true\" class=\"fas fa-search\"><\/i>\t\t\t\t\t\t<\/span>\n\t\t\t\t\t<\/a>\n\t\t\t\t\t\t\t\t\t<a class=\"pa-gallery-img-link\" href=\"http:\/\/www.x-flirt.co\/pdv\/340\" target=\"_blank\">\n\t\t\t\t\t\t<span>\n\t\t\t\t\t\t\t<i aria-hidden=\"true\" class=\"fas fa-link\"><\/i>\t\t\t\t\t\t<\/span>\n\t\t\t\t\t<\/a>\n\t\t\t\t\t\t\t\t<div class=\"premium-gallery-caption\">\n\n\t\t\t\t\t\t\t\t\t<span class=\"premium-gallery-img-name\">Infid\u00e8les Sexy<\/span>\n\t\t\t\t\t\t\t\t\t\t<p class=\"premium-gallery-img-desc\">--------<\/br>\nThe responsive Infid\u00e8lesSexy website is a dating PDV (sales page) from the dating site xflirt.com, online on 2016. The Internet user married or in couple can register to make discreet encounters between infidels.\n<\/br>\n--------<\/br>\nwww.x-flirt.co\/pdv\/340<\/p>\n\t\t\t\t\n\t\t\t<\/div>\n\t\t\t\t\t\t\t\t\t\t<\/div>\n\t\t\t\t\t\t<\/div>\n\t\t\t\t\t\t\t\t\t\t<\/div>\n\t\t\t<\/div>\n\t\t\t\t\t\t\t<div class=\"premium-gallery-item elementor-repeater-item-4bfe24c web premium-gallery-item-hidden\">\n\t\t\t\t<div class=\"pa-gallery-img style2\" onclick=\"\">\n\t\t\t\t\t<div class=\"pa-gallery-img-container\">\n\t\t\t\t\t\t\t\t<img loading=\"lazy\" decoding=\"async\" width=\"1500\" height=\"1499\" src=\"https:\/\/ideasdesign.ch\/wp-content\/uploads\/2020\/11\/devices_poke.jpg\" class=\"attachment-full size-full wp-image-640\" alt=\"Pok\u00e9Girls\" srcset=\"https:\/\/ideasdesign.ch\/wp-content\/uploads\/2020\/11\/devices_poke.jpg 1500w, https:\/\/ideasdesign.ch\/wp-content\/uploads\/2020\/11\/devices_poke-300x300.jpg 300w, https:\/\/ideasdesign.ch\/wp-content\/uploads\/2020\/11\/devices_poke-1024x1024.jpg 1024w, https:\/\/ideasdesign.ch\/wp-content\/uploads\/2020\/11\/devices_poke-150x150.jpg 150w, https:\/\/ideasdesign.ch\/wp-content\/uploads\/2020\/11\/devices_poke-768x767.jpg 768w\" sizes=\"(max-width: 1500px) 100vw, 1500px\" \/>\t\t\t\t\t\t\t<\/div>\n\t\t\t\t\t\t\t\t\t\t\t<div class=\"pa-gallery-icons-caption-container\">\n\t\t\t\t\t\t\t<div class=\"pa-gallery-icons-caption-cell\">\n\t\t\t\t\t\t\t\t\n\t\t\t\t\t<a class=\"pa-gallery-magnific-image\" href=\"https:\/\/ideasdesign.ch\/wp-content\/uploads\/2020\/11\/devices_poke.jpg\" data-rel=\"prettyPhoto[premium-grid-290f859]\">\n\t\t\t\t\t\t<span>\n\t\t\t\t\t\t\t<i aria-hidden=\"true\" class=\"fas fa-search\"><\/i>\t\t\t\t\t\t<\/span>\n\t\t\t\t\t<\/a>\n\t\t\t\t\t\t\t\t\t<a class=\"pa-gallery-img-link\" href=\"http:\/\/www.x-flirt.co\/pdv\/414\" target=\"_blank\">\n\t\t\t\t\t\t<span>\n\t\t\t\t\t\t\t<i aria-hidden=\"true\" class=\"fas fa-link\"><\/i>\t\t\t\t\t\t<\/span>\n\t\t\t\t\t<\/a>\n\t\t\t\t\t\t\t\t<div class=\"premium-gallery-caption\">\n\n\t\t\t\t\t\t\t\t\t<span class=\"premium-gallery-img-name\">Pok\u00e9Girls<\/span>\n\t\t\t\t\t\t\t\t\t\t<p class=\"premium-gallery-img-desc\">--------<\/br>\nThe responsive Pok\u00e9Girls site is a PDV (sales page) from the dating site xflirt.com, online since 2017. Pok\u00e9Girls can be adapted to all types of media, even if it has been designed davatange for the mobile version. The surfer chosen according to his geolocation a girl and must catch him using a pok\u00e9ball. When he has captured her, he may have her number to contact her.\n<\/br>\n--------<\/br>\nwww.x-flirt.co\/pdv\/414<\/p>\n\t\t\t\t\n\t\t\t<\/div>\n\t\t\t\t\t\t\t\t\t\t<\/div>\n\t\t\t\t\t\t<\/div>\n\t\t\t\t\t\t\t\t\t\t<\/div>\n\t\t\t<\/div>\n\t\t\t\t\t\t\t<div class=\"premium-gallery-item elementor-repeater-item-f7e61d6 print premium-gallery-item-hidden\">\n\t\t\t\t<div class=\"pa-gallery-img style2\" onclick=\"\">\n\t\t\t\t\t<div class=\"pa-gallery-img-container\">\n\t\t\t\t\t\t\t\t<img loading=\"lazy\" decoding=\"async\" width=\"2560\" height=\"2560\" src=\"https:\/\/ideasdesign.ch\/wp-content\/uploads\/2020\/11\/tshirt-scaled.jpg\" class=\"attachment-full size-full wp-image-800\" alt=\"tshirt\" srcset=\"https:\/\/ideasdesign.ch\/wp-content\/uploads\/2020\/11\/tshirt-scaled.jpg 2560w, https:\/\/ideasdesign.ch\/wp-content\/uploads\/2020\/11\/tshirt-300x300.jpg 300w, https:\/\/ideasdesign.ch\/wp-content\/uploads\/2020\/11\/tshirt-1024x1024.jpg 1024w, https:\/\/ideasdesign.ch\/wp-content\/uploads\/2020\/11\/tshirt-150x150.jpg 150w, https:\/\/ideasdesign.ch\/wp-content\/uploads\/2020\/11\/tshirt-768x768.jpg 768w, https:\/\/ideasdesign.ch\/wp-content\/uploads\/2020\/11\/tshirt-1536x1536.jpg 1536w, https:\/\/ideasdesign.ch\/wp-content\/uploads\/2020\/11\/tshirt-2048x2048.jpg 2048w\" sizes=\"(max-width: 2560px) 100vw, 2560px\" \/>\t\t\t\t\t\t\t<\/div>\n\t\t\t\t\t\t\t\t\t\t\t<div class=\"pa-gallery-icons-caption-container\">\n\t\t\t\t\t\t\t<div class=\"pa-gallery-icons-caption-cell\">\n\t\t\t\t\t\t\t\t\n\t\t\t\t\t<a class=\"pa-gallery-magnific-image\" href=\"https:\/\/ideasdesign.ch\/wp-content\/uploads\/2020\/11\/tshirt-scaled.jpg\" data-rel=\"prettyPhoto[premium-grid-290f859]\">\n\t\t\t\t\t\t<span>\n\t\t\t\t\t\t\t<i aria-hidden=\"true\" class=\"fas fa-search\"><\/i>\t\t\t\t\t\t<\/span>\n\t\t\t\t\t<\/a>\n\t\t\t\t\t\t\t\t\t<a class=\"pa-gallery-img-link\" href=\"http:\/\/www.dagency.ch\" target=\"_blank\">\n\t\t\t\t\t\t<span>\n\t\t\t\t\t\t\t<i aria-hidden=\"true\" class=\"fas fa-link\"><\/i>\t\t\t\t\t\t<\/span>\n\t\t\t\t\t<\/a>\n\t\t\t\t\t\t\t\t<div class=\"premium-gallery-caption\">\n\n\t\t\t\t\t\t\t\t\t<span class=\"premium-gallery-img-name\">Cartoon T-shirt <\/span>\n\t\t\t\t\t\t\t\t\t\t<p class=\"premium-gallery-img-desc\">--------<\/br>\nCreation of a t-shirt with a cartoon design for the departure gift of the general manager of the Swiss company DAgency SA. All the Director General's favorite phrases were summarized in a humorous comic strip.\n<\/br>\n--------<\/br>\nwww.dagency.ch<\/p>\n\t\t\t\t\n\t\t\t<\/div>\n\t\t\t\t\t\t\t\t\t\t<\/div>\n\t\t\t\t\t\t<\/div>\n\t\t\t\t\t\t\t\t\t\t<\/div>\n\t\t\t<\/div>\n\t\t\t\t\t\t\t<div class=\"premium-gallery-item elementor-repeater-item-60af497 print premium-gallery-item-hidden\">\n\t\t\t\t<div class=\"pa-gallery-img style2\" onclick=\"\">\n\t\t\t\t\t<div class=\"pa-gallery-img-container\">\n\t\t\t\t\t\t\t\t<img loading=\"lazy\" decoding=\"async\" width=\"850\" height=\"850\" src=\"https:\/\/ideasdesign.ch\/wp-content\/uploads\/2020\/11\/affichejournee_caritas.jpg\" class=\"attachment-full size-full wp-image-785\" alt=\"Caritas Day 2012\" srcset=\"https:\/\/ideasdesign.ch\/wp-content\/uploads\/2020\/11\/affichejournee_caritas.jpg 850w, https:\/\/ideasdesign.ch\/wp-content\/uploads\/2020\/11\/affichejournee_caritas-300x300.jpg 300w, https:\/\/ideasdesign.ch\/wp-content\/uploads\/2020\/11\/affichejournee_caritas-150x150.jpg 150w, https:\/\/ideasdesign.ch\/wp-content\/uploads\/2020\/11\/affichejournee_caritas-768x768.jpg 768w\" sizes=\"(max-width: 850px) 100vw, 850px\" \/>\t\t\t\t\t\t\t<\/div>\n\t\t\t\t\t\t\t\t\t\t\t<div class=\"pa-gallery-icons-caption-container\">\n\t\t\t\t\t\t\t<div class=\"pa-gallery-icons-caption-cell\">\n\t\t\t\t\t\t\t\t\n\t\t\t\t\t<a class=\"pa-gallery-magnific-image\" href=\"https:\/\/ideasdesign.ch\/wp-content\/uploads\/2020\/11\/affichejournee_caritas.jpg\" data-rel=\"prettyPhoto[premium-grid-290f859]\">\n\t\t\t\t\t\t<span>\n\t\t\t\t\t\t\t<i aria-hidden=\"true\" class=\"fas fa-search\"><\/i>\t\t\t\t\t\t<\/span>\n\t\t\t\t\t<\/a>\n\t\t\t\t\t\t\t\t\t<a class=\"pa-gallery-img-link\" href=\"http:\/\/www.caritasge.ch\" target=\"_blank\">\n\t\t\t\t\t\t<span>\n\t\t\t\t\t\t\t<i aria-hidden=\"true\" class=\"fas fa-link\"><\/i>\t\t\t\t\t\t<\/span>\n\t\t\t\t\t<\/a>\n\t\t\t\t\t\t\t\t<div class=\"premium-gallery-caption\">\n\n\t\t\t\t\t\t\t\t\t<span class=\"premium-gallery-img-name\">Caritas Day 2012<\/span>\n\t\t\t\t\t\t\t\t\t\t<p class=\"premium-gallery-img-desc\">--------<\/br>\nMandate for Caritas Geneva in 2012.\nCaritas Geneva is a non-profit organization whose objective is to fight poverty and exclusion by providing concrete assistance to people in difficulty in the canton of Geneva.\n<\/br>\n--------<\/br>\nwww.caritasge.ch<\/p>\n\t\t\t\t\n\t\t\t<\/div>\n\t\t\t\t\t\t\t\t\t\t<\/div>\n\t\t\t\t\t\t<\/div>\n\t\t\t\t\t\t\t\t\t\t<\/div>\n\t\t\t<\/div>\n\t\t\t\t\t\t\t<div class=\"premium-gallery-item elementor-repeater-item-b5bda98 print premium-gallery-item-hidden\">\n\t\t\t\t<div class=\"pa-gallery-img style2\" onclick=\"\">\n\t\t\t\t\t<div class=\"pa-gallery-img-container\">\n\t\t\t\t\t\t\t\t<img loading=\"lazy\" decoding=\"async\" width=\"1000\" height=\"1000\" src=\"https:\/\/ideasdesign.ch\/wp-content\/uploads\/2020\/11\/bon.png\" class=\"attachment-full size-full wp-image-809\" alt=\"bon caddie service\" srcset=\"https:\/\/ideasdesign.ch\/wp-content\/uploads\/2020\/11\/bon.png 1000w, https:\/\/ideasdesign.ch\/wp-content\/uploads\/2020\/11\/bon-300x300.png 300w, https:\/\/ideasdesign.ch\/wp-content\/uploads\/2020\/11\/bon-150x150.png 150w, https:\/\/ideasdesign.ch\/wp-content\/uploads\/2020\/11\/bon-768x768.png 768w\" sizes=\"(max-width: 1000px) 100vw, 1000px\" \/>\t\t\t\t\t\t\t<\/div>\n\t\t\t\t\t\t\t\t\t\t\t<div class=\"pa-gallery-icons-caption-container\">\n\t\t\t\t\t\t\t<div class=\"pa-gallery-icons-caption-cell\">\n\t\t\t\t\t\t\t\t\n\t\t\t\t\t<a class=\"pa-gallery-magnific-image\" href=\"https:\/\/ideasdesign.ch\/wp-content\/uploads\/2020\/11\/bon.png\" data-rel=\"prettyPhoto[premium-grid-290f859]\">\n\t\t\t\t\t\t<span>\n\t\t\t\t\t\t\t<i aria-hidden=\"true\" class=\"fas fa-search\"><\/i>\t\t\t\t\t\t<\/span>\n\t\t\t\t\t<\/a>\n\t\t\t\t\t\t\t\t\t<a class=\"pa-gallery-img-link\" href=\"https:\/\/www.caddie-service.ch\/\" target=\"_blank\">\n\t\t\t\t\t\t<span>\n\t\t\t\t\t\t\t<i aria-hidden=\"true\" class=\"fas fa-link\"><\/i>\t\t\t\t\t\t<\/span>\n\t\t\t\t\t<\/a>\n\t\t\t\t\t\t\t\t<div class=\"premium-gallery-caption\">\n\n\t\t\t\t\t\t\t\t\t<span class=\"premium-gallery-img-name\">Order form for Caddie Service<\/span>\n\t\t\t\t\t\t\t\t\t\t<p class=\"premium-gallery-img-desc\">--------<\/br>\nMandate for the association Caddie Service in 2017 to completely change their graphic identity : logo, order form, website and campaign TPG (Geneva Public Transport). Caddy Serivce is a non-profit organization that offers a delivery service at home or office, by electric bike.\n<\/br>\n--------<\/br>\nwww.caddie-service.ch<\/p>\n\t\t\t\t\n\t\t\t<\/div>\n\t\t\t\t\t\t\t\t\t\t<\/div>\n\t\t\t\t\t\t<\/div>\n\t\t\t\t\t\t\t\t\t\t<\/div>\n\t\t\t<\/div>\n\t\t\t\t\t\t\t<div class=\"premium-gallery-item elementor-repeater-item-f55f29f print premium-gallery-item-hidden\">\n\t\t\t\t<div class=\"pa-gallery-img style2\" onclick=\"\">\n\t\t\t\t\t<div class=\"pa-gallery-img-container\">\n\t\t\t\t\t\t\t\t<img loading=\"lazy\" decoding=\"async\" width=\"1024\" height=\"1024\" src=\"https:\/\/ideasdesign.ch\/wp-content\/uploads\/2020\/11\/depliantCS-1024x1024-1.jpg\" class=\"attachment-full size-full wp-image-808\" alt=\"depliantCS\" srcset=\"https:\/\/ideasdesign.ch\/wp-content\/uploads\/2020\/11\/depliantCS-1024x1024-1.jpg 1024w, https:\/\/ideasdesign.ch\/wp-content\/uploads\/2020\/11\/depliantCS-1024x1024-1-300x300.jpg 300w, https:\/\/ideasdesign.ch\/wp-content\/uploads\/2020\/11\/depliantCS-1024x1024-1-150x150.jpg 150w, https:\/\/ideasdesign.ch\/wp-content\/uploads\/2020\/11\/depliantCS-1024x1024-1-768x768.jpg 768w\" sizes=\"(max-width: 1024px) 100vw, 1024px\" \/>\t\t\t\t\t\t\t<\/div>\n\t\t\t\t\t\t\t\t\t\t\t<div class=\"pa-gallery-icons-caption-container\">\n\t\t\t\t\t\t\t<div class=\"pa-gallery-icons-caption-cell\">\n\t\t\t\t\t\t\t\t\n\t\t\t\t\t<a class=\"pa-gallery-magnific-image\" href=\"https:\/\/ideasdesign.ch\/wp-content\/uploads\/2020\/11\/depliantCS-1024x1024-1.jpg\" data-rel=\"prettyPhoto[premium-grid-290f859]\">\n\t\t\t\t\t\t<span>\n\t\t\t\t\t\t\t<i aria-hidden=\"true\" class=\"fas fa-search\"><\/i>\t\t\t\t\t\t<\/span>\n\t\t\t\t\t<\/a>\n\t\t\t\t\t\t\t\t\t<a class=\"pa-gallery-img-link\" href=\"https:\/\/www.caddie-service.ch\/\" target=\"_blank\">\n\t\t\t\t\t\t<span>\n\t\t\t\t\t\t\t<i aria-hidden=\"true\" class=\"fas fa-link\"><\/i>\t\t\t\t\t\t<\/span>\n\t\t\t\t\t<\/a>\n\t\t\t\t\t\t\t\t<div class=\"premium-gallery-caption\">\n\n\t\t\t\t\t\t\t\t\t<span class=\"premium-gallery-img-name\">Caddie Service Brochure<\/span>\n\t\t\t\t\t\t\t\t\t\t<p class=\"premium-gallery-img-desc\">--------<\/br>\nMandate for the association Caddie Service in 2017 to completely change their graphic identity : logo, order form, website and campaign TPG (Geneva Public Transport). Caddy Serivce is a non-profit organization that offers a delivery service at home or office, by electric bike.\n<\/br>\n--------<\/br>\nwww.caddie-service.ch<\/p>\n\t\t\t\t\n\t\t\t<\/div>\n\t\t\t\t\t\t\t\t\t\t<\/div>\n\t\t\t\t\t\t<\/div>\n\t\t\t\t\t\t\t\t\t\t<\/div>\n\t\t\t<\/div>\n\t\t\t\t\t\t\t<div class=\"premium-gallery-item elementor-repeater-item-4f47c9e print premium-gallery-item-hidden\">\n\t\t\t\t<div class=\"pa-gallery-img style2\" onclick=\"\">\n\t\t\t\t\t<div class=\"pa-gallery-img-container\">\n\t\t\t\t\t\t\t\t<img loading=\"lazy\" decoding=\"async\" width=\"2560\" height=\"2560\" src=\"https:\/\/ideasdesign.ch\/wp-content\/uploads\/2020\/11\/stand_praille_enseigne-scaled.jpg\" class=\"attachment-full size-full wp-image-855\" alt=\"stand_praille_enseigne\" srcset=\"https:\/\/ideasdesign.ch\/wp-content\/uploads\/2020\/11\/stand_praille_enseigne-scaled.jpg 2560w, https:\/\/ideasdesign.ch\/wp-content\/uploads\/2020\/11\/stand_praille_enseigne-300x300.jpg 300w, https:\/\/ideasdesign.ch\/wp-content\/uploads\/2020\/11\/stand_praille_enseigne-1024x1024.jpg 1024w, https:\/\/ideasdesign.ch\/wp-content\/uploads\/2020\/11\/stand_praille_enseigne-150x150.jpg 150w, https:\/\/ideasdesign.ch\/wp-content\/uploads\/2020\/11\/stand_praille_enseigne-768x768.jpg 768w, https:\/\/ideasdesign.ch\/wp-content\/uploads\/2020\/11\/stand_praille_enseigne-1536x1536.jpg 1536w, https:\/\/ideasdesign.ch\/wp-content\/uploads\/2020\/11\/stand_praille_enseigne-2048x2048.jpg 2048w\" sizes=\"(max-width: 2560px) 100vw, 2560px\" \/>\t\t\t\t\t\t\t<\/div>\n\t\t\t\t\t\t\t\t\t\t\t<div class=\"pa-gallery-icons-caption-container\">\n\t\t\t\t\t\t\t<div class=\"pa-gallery-icons-caption-cell\">\n\t\t\t\t\t\t\t\t\n\t\t\t\t\t<a class=\"pa-gallery-magnific-image\" href=\"https:\/\/ideasdesign.ch\/wp-content\/uploads\/2020\/11\/stand_praille_enseigne-scaled.jpg\" data-rel=\"prettyPhoto[premium-grid-290f859]\">\n\t\t\t\t\t\t<span>\n\t\t\t\t\t\t\t<i aria-hidden=\"true\" class=\"fas fa-search\"><\/i>\t\t\t\t\t\t<\/span>\n\t\t\t\t\t<\/a>\n\t\t\t\t\t\t\t\t\t<a class=\"pa-gallery-img-link\" href=\"https:\/\/www.caddie-service.ch\/\" target=\"_blank\">\n\t\t\t\t\t\t<span>\n\t\t\t\t\t\t\t<i aria-hidden=\"true\" class=\"fas fa-link\"><\/i>\t\t\t\t\t\t<\/span>\n\t\t\t\t\t<\/a>\n\t\t\t\t\t\t\t\t<div class=\"premium-gallery-caption\">\n\n\t\t\t\t\t\t\t\t\t<span class=\"premium-gallery-img-name\">Caddie Service sign - Praille<\/span>\n\t\t\t\t\t\t\t\t\t\t<p class=\"premium-gallery-img-desc\">--------<\/br>\nIn 2019, I was mandated to create a complete skin for one of the Caddie Service services. Caddy Serivce is a non-profit organization that offers a delivery service at home or office, by electric bike.\n<\/br>\n--------<\/br>\nwww.caddie-service.ch<\/p>\n\t\t\t\t\n\t\t\t<\/div>\n\t\t\t\t\t\t\t\t\t\t<\/div>\n\t\t\t\t\t\t<\/div>\n\t\t\t\t\t\t\t\t\t\t<\/div>\n\t\t\t<\/div>\n\t\t\t\t\t\t\t<div class=\"premium-gallery-item elementor-repeater-item-080f8c2 print premium-gallery-item-hidden\">\n\t\t\t\t<div class=\"pa-gallery-img style2\" onclick=\"\">\n\t\t\t\t\t<div class=\"pa-gallery-img-container\">\n\t\t\t\t\t\t\t\t<img loading=\"lazy\" decoding=\"async\" width=\"746\" height=\"746\" src=\"https:\/\/ideasdesign.ch\/wp-content\/uploads\/2020\/11\/flyer.png\" class=\"attachment-full size-full wp-image-806\" alt=\"flyer PDC\" srcset=\"https:\/\/ideasdesign.ch\/wp-content\/uploads\/2020\/11\/flyer.png 746w, https:\/\/ideasdesign.ch\/wp-content\/uploads\/2020\/11\/flyer-300x300.png 300w, https:\/\/ideasdesign.ch\/wp-content\/uploads\/2020\/11\/flyer-150x150.png 150w\" sizes=\"(max-width: 746px) 100vw, 746px\" \/>\t\t\t\t\t\t\t<\/div>\n\t\t\t\t\t\t\t\t\t\t\t<div class=\"pa-gallery-icons-caption-container\">\n\t\t\t\t\t\t\t<div class=\"pa-gallery-icons-caption-cell\">\n\t\t\t\t\t\t\t\t\n\t\t\t\t\t<a class=\"pa-gallery-magnific-image\" href=\"https:\/\/ideasdesign.ch\/wp-content\/uploads\/2020\/11\/flyer.png\" data-rel=\"prettyPhoto[premium-grid-290f859]\">\n\t\t\t\t\t\t<span>\n\t\t\t\t\t\t\t<i aria-hidden=\"true\" class=\"fas fa-search\"><\/i>\t\t\t\t\t\t<\/span>\n\t\t\t\t\t<\/a>\n\t\t\t\t\t\t\t\t\t<a class=\"pa-gallery-img-link\" href=\"https:\/\/www.pdc-collongebellerive.ch\" target=\"_blank\">\n\t\t\t\t\t\t<span>\n\t\t\t\t\t\t\t<i aria-hidden=\"true\" class=\"fas fa-link\"><\/i>\t\t\t\t\t\t<\/span>\n\t\t\t\t\t<\/a>\n\t\t\t\t\t\t\t\t<div class=\"premium-gallery-caption\">\n\n\t\t\t\t\t\t\t\t\t<span class=\"premium-gallery-img-name\">Flyer - PDC Collonge-Bellerive<\/span>\n\t\t\t\t\t\t\t\t\t\t<p class=\"premium-gallery-img-desc\">--------<\/br>\nI was mandated by the PDC (Christian Democrat Party) of Collonge-Bellerive, in Geneva, to create their flyer and borchure for several meeting with the candidates of the region.\n<\/br>\n--------<\/br>\nwww.pdc-collongebellerive.ch<\/p>\n\t\t\t\t\n\t\t\t<\/div>\n\t\t\t\t\t\t\t\t\t\t<\/div>\n\t\t\t\t\t\t<\/div>\n\t\t\t\t\t\t\t\t\t\t<\/div>\n\t\t\t<\/div>\n\t\t\t\t\t\t\t<div class=\"premium-gallery-item elementor-repeater-item-b3c34b2 print premium-gallery-item-hidden\">\n\t\t\t\t<div class=\"pa-gallery-img style2\" onclick=\"\">\n\t\t\t\t\t<div class=\"pa-gallery-img-container\">\n\t\t\t\t\t\t\t\t<img loading=\"lazy\" decoding=\"async\" width=\"1024\" height=\"1024\" src=\"https:\/\/ideasdesign.ch\/wp-content\/uploads\/2020\/11\/20180316_193524-1024x905-1.png\" class=\"attachment-full size-full wp-image-879\" alt=\"Brochure - PDC\" srcset=\"https:\/\/ideasdesign.ch\/wp-content\/uploads\/2020\/11\/20180316_193524-1024x905-1.png 1024w, https:\/\/ideasdesign.ch\/wp-content\/uploads\/2020\/11\/20180316_193524-1024x905-1-300x300.png 300w, https:\/\/ideasdesign.ch\/wp-content\/uploads\/2020\/11\/20180316_193524-1024x905-1-150x150.png 150w, https:\/\/ideasdesign.ch\/wp-content\/uploads\/2020\/11\/20180316_193524-1024x905-1-768x768.png 768w\" sizes=\"(max-width: 1024px) 100vw, 1024px\" \/>\t\t\t\t\t\t\t<\/div>\n\t\t\t\t\t\t\t\t\t\t\t<div class=\"pa-gallery-icons-caption-container\">\n\t\t\t\t\t\t\t<div class=\"pa-gallery-icons-caption-cell\">\n\t\t\t\t\t\t\t\t\n\t\t\t\t\t<a class=\"pa-gallery-magnific-image\" href=\"https:\/\/ideasdesign.ch\/wp-content\/uploads\/2020\/11\/20180316_193524-1024x905-1.png\" data-rel=\"prettyPhoto[premium-grid-290f859]\">\n\t\t\t\t\t\t<span>\n\t\t\t\t\t\t\t<i aria-hidden=\"true\" class=\"fas fa-search\"><\/i>\t\t\t\t\t\t<\/span>\n\t\t\t\t\t<\/a>\n\t\t\t\t\t\t\t\t\t<a class=\"pa-gallery-img-link\" href=\"https:\/\/www.pdc-collongebellerive.ch\" target=\"_blank\">\n\t\t\t\t\t\t<span>\n\t\t\t\t\t\t\t<i aria-hidden=\"true\" class=\"fas fa-link\"><\/i>\t\t\t\t\t\t<\/span>\n\t\t\t\t\t<\/a>\n\t\t\t\t\t\t\t\t<div class=\"premium-gallery-caption\">\n\n\t\t\t\t\t\t\t\t\t<span class=\"premium-gallery-img-name\">Brochure - PDC Collonge-Bellerive<\/span>\n\t\t\t\t\t\t\t\t\t\t<p class=\"premium-gallery-img-desc\">--------<\/br>\nI was mandated by the PDC (Christian Democrat Party) of Collonge-Bellerive, in Geneva, to create their flyer and borchure for several meeting with the candidates of the region.\n<\/br>\n--------<\/br>\nwww.pdc-collongebellerive.ch<\/p>\n\t\t\t\t\n\t\t\t<\/div>\n\t\t\t\t\t\t\t\t\t\t<\/div>\n\t\t\t\t\t\t<\/div>\n\t\t\t\t\t\t\t\t\t\t<\/div>\n\t\t\t<\/div>\n\t\t\t\t\t\t\t<div class=\"premium-gallery-item elementor-repeater-item-3243cd9 print premium-gallery-item-hidden\">\n\t\t\t\t<div class=\"pa-gallery-img style2\" onclick=\"\">\n\t\t\t\t\t<div class=\"pa-gallery-img-container\">\n\t\t\t\t\t\t\t\t<img loading=\"lazy\" decoding=\"async\" width=\"1536\" height=\"1536\" src=\"https:\/\/ideasdesign.ch\/wp-content\/uploads\/2020\/11\/cd_curadeau.jpg\" class=\"attachment-full size-full wp-image-789\" alt=\"cd_curadeau\" srcset=\"https:\/\/ideasdesign.ch\/wp-content\/uploads\/2020\/11\/cd_curadeau.jpg 1536w, https:\/\/ideasdesign.ch\/wp-content\/uploads\/2020\/11\/cd_curadeau-300x300.jpg 300w, https:\/\/ideasdesign.ch\/wp-content\/uploads\/2020\/11\/cd_curadeau-1024x1024.jpg 1024w, https:\/\/ideasdesign.ch\/wp-content\/uploads\/2020\/11\/cd_curadeau-150x150.jpg 150w, https:\/\/ideasdesign.ch\/wp-content\/uploads\/2020\/11\/cd_curadeau-768x768.jpg 768w\" sizes=\"(max-width: 1536px) 100vw, 1536px\" \/>\t\t\t\t\t\t\t<\/div>\n\t\t\t\t\t\t\t\t\t\t\t<div class=\"pa-gallery-icons-caption-container\">\n\t\t\t\t\t\t\t<div class=\"pa-gallery-icons-caption-cell\">\n\t\t\t\t\t\t\t\t\n\t\t\t\t\t<a class=\"pa-gallery-magnific-image\" href=\"https:\/\/ideasdesign.ch\/wp-content\/uploads\/2020\/11\/cd_curadeau.jpg\" data-rel=\"prettyPhoto[premium-grid-290f859]\">\n\t\t\t\t\t\t<span>\n\t\t\t\t\t\t\t<i aria-hidden=\"true\" class=\"fas fa-search\"><\/i>\t\t\t\t\t\t<\/span>\n\t\t\t\t\t<\/a>\n\t\t\t\t\t\t\t\t\t<a class=\"pa-gallery-img-link\" href=\"http:\/\/www.soundcloud.com\/christian-curadeau\" target=\"_blank\">\n\t\t\t\t\t\t<span>\n\t\t\t\t\t\t\t<i aria-hidden=\"true\" class=\"fas fa-link\"><\/i>\t\t\t\t\t\t<\/span>\n\t\t\t\t\t<\/a>\n\t\t\t\t\t\t\t\t<div class=\"premium-gallery-caption\">\n\n\t\t\t\t\t\t\t\t\t<span class=\"premium-gallery-img-name\">D'une bulle \u00e0 l'autre<\/span>\n\t\t\t\t\t\t\t\t\t\t<p class=\"premium-gallery-img-desc\">--------<\/br>\nPackaging of Christian Curadeau Music CD. Creation of a packaging of a CD For the Quebec singer Christian Curadeau. In collaboration with a photographer, we produced several posters and the mock-up of his CD, in 2013.\n<\/br>\n--------<\/br>\nwww.soundcloud.com\/christian-curadeau<\/p>\n\t\t\t\t\n\t\t\t<\/div>\n\t\t\t\t\t\t\t\t\t\t<\/div>\n\t\t\t\t\t\t<\/div>\n\t\t\t\t\t\t\t\t\t\t<\/div>\n\t\t\t<\/div>\n\t\t\t\t\t\t\t<div class=\"premium-gallery-item elementor-repeater-item-ad855f8 print premium-gallery-item-hidden\">\n\t\t\t\t<div class=\"pa-gallery-img style2\" onclick=\"\">\n\t\t\t\t\t<div class=\"pa-gallery-img-container\">\n\t\t\t\t\t\t\t\t<img loading=\"lazy\" decoding=\"async\" width=\"582\" height=\"582\" src=\"https:\/\/ideasdesign.ch\/wp-content\/uploads\/2020\/11\/flyer_portfolio.jpg\" class=\"attachment-full size-full wp-image-805\" alt=\"Flyer PLR\" srcset=\"https:\/\/ideasdesign.ch\/wp-content\/uploads\/2020\/11\/flyer_portfolio.jpg 582w, https:\/\/ideasdesign.ch\/wp-content\/uploads\/2020\/11\/flyer_portfolio-300x300.jpg 300w, https:\/\/ideasdesign.ch\/wp-content\/uploads\/2020\/11\/flyer_portfolio-150x150.jpg 150w\" sizes=\"(max-width: 582px) 100vw, 582px\" \/>\t\t\t\t\t\t\t<\/div>\n\t\t\t\t\t\t\t\t\t\t\t<div class=\"pa-gallery-icons-caption-container\">\n\t\t\t\t\t\t\t<div class=\"pa-gallery-icons-caption-cell\">\n\t\t\t\t\t\t\t\t\n\t\t\t\t\t<a class=\"pa-gallery-magnific-image\" href=\"https:\/\/ideasdesign.ch\/wp-content\/uploads\/2020\/11\/flyer_portfolio.jpg\" data-rel=\"prettyPhoto[premium-grid-290f859]\">\n\t\t\t\t\t\t<span>\n\t\t\t\t\t\t\t<i aria-hidden=\"true\" class=\"fas fa-search\"><\/i>\t\t\t\t\t\t<\/span>\n\t\t\t\t\t<\/a>\n\t\t\t\t\t\t\t\t\t<a class=\"pa-gallery-img-link\" href=\"https:\/\/pregny-chambesy.plr-ge.ch\/parti\/associations\" target=\"_blank\">\n\t\t\t\t\t\t<span>\n\t\t\t\t\t\t\t<i aria-hidden=\"true\" class=\"fas fa-link\"><\/i>\t\t\t\t\t\t<\/span>\n\t\t\t\t\t<\/a>\n\t\t\t\t\t\t\t\t<div class=\"premium-gallery-caption\">\n\n\t\t\t\t\t\t\t\t\t<span class=\"premium-gallery-img-name\">Flyer - PLR Pregny-Chamb\u00e9sy<\/span>\n\t\t\t\t\t\t\t\t\t\t<p class=\"premium-gallery-img-desc\">--------<\/br>\nRealization of a flyer, a banderole, plastic glasses and a Facebook cover for the PLR Pregny-Chamb\u00e9sy, on the occasion of the start of the school year. The Liberal-Radical Parti, also called PLR The Liberal-Radicals, is a Swiss political party that advocates a liberal economy, a liberal societal policy.\n<\/br>\n--------<\/br>\nwww.pregny-chambesy.plr-ge.ch<\/p>\n\t\t\t\t\n\t\t\t<\/div>\n\t\t\t\t\t\t\t\t\t\t<\/div>\n\t\t\t\t\t\t<\/div>\n\t\t\t\t\t\t\t\t\t\t<\/div>\n\t\t\t<\/div>\n\t\t\t\t\t\t\t<div class=\"premium-gallery-item elementor-repeater-item-3d07b4f print premium-gallery-item-hidden\">\n\t\t\t\t<div class=\"pa-gallery-img style2\" onclick=\"\">\n\t\t\t\t\t<div class=\"pa-gallery-img-container\">\n\t\t\t\t\t\t\t\t<img loading=\"lazy\" decoding=\"async\" width=\"1477\" height=\"1477\" src=\"https:\/\/ideasdesign.ch\/wp-content\/uploads\/2020\/11\/mady.jpg\" class=\"attachment-full size-full wp-image-794\" alt=\"mady\" srcset=\"https:\/\/ideasdesign.ch\/wp-content\/uploads\/2020\/11\/mady.jpg 1477w, https:\/\/ideasdesign.ch\/wp-content\/uploads\/2020\/11\/mady-300x300.jpg 300w, https:\/\/ideasdesign.ch\/wp-content\/uploads\/2020\/11\/mady-1024x1024.jpg 1024w, https:\/\/ideasdesign.ch\/wp-content\/uploads\/2020\/11\/mady-150x150.jpg 150w, https:\/\/ideasdesign.ch\/wp-content\/uploads\/2020\/11\/mady-768x768.jpg 768w\" sizes=\"(max-width: 1477px) 100vw, 1477px\" \/>\t\t\t\t\t\t\t<\/div>\n\t\t\t\t\t\t\t\t\t\t\t<div class=\"pa-gallery-icons-caption-container\">\n\t\t\t\t\t\t\t<div class=\"pa-gallery-icons-caption-cell\">\n\t\t\t\t\t\t\t\t\n\t\t\t\t\t<a class=\"pa-gallery-magnific-image\" href=\"https:\/\/ideasdesign.ch\/wp-content\/uploads\/2020\/11\/mady.jpg\" data-rel=\"prettyPhoto[premium-grid-290f859]\">\n\t\t\t\t\t\t<span>\n\t\t\t\t\t\t\t<i aria-hidden=\"true\" class=\"fas fa-search\"><\/i>\t\t\t\t\t\t<\/span>\n\t\t\t\t\t<\/a>\n\t\t\t\t\t\t\t<div class=\"premium-gallery-caption\">\n\n\t\t\t\t\t\t\t\t\t<span class=\"premium-gallery-img-name\">Special Anniversary Poster<\/span>\n\t\t\t\t\t\t\t\t\t\t<p class=\"premium-gallery-img-desc\">--------<\/br>\nRealization of a poster with a typography game for a birthday in Montreal, in 2013.<\/p>\n\t\t\t\t\n\t\t\t<\/div>\n\t\t\t\t\t\t\t\t\t\t<\/div>\n\t\t\t\t\t\t<\/div>\n\t\t\t\t\t\t\t\t\t\t<\/div>\n\t\t\t<\/div>\n\t\t\t\t\t\t\t<div class=\"premium-gallery-item elementor-repeater-item-3e95022 print premium-gallery-item-hidden\">\n\t\t\t\t<div class=\"pa-gallery-img style2\" onclick=\"\">\n\t\t\t\t\t<div class=\"pa-gallery-img-container\">\n\t\t\t\t\t\t\t\t<img loading=\"lazy\" decoding=\"async\" width=\"804\" height=\"804\" src=\"https:\/\/ideasdesign.ch\/wp-content\/uploads\/2020\/11\/Magazine-bavitech.jpg\" class=\"attachment-full size-full wp-image-795\" alt=\"Magazine bavitech\" srcset=\"https:\/\/ideasdesign.ch\/wp-content\/uploads\/2020\/11\/Magazine-bavitech.jpg 804w, https:\/\/ideasdesign.ch\/wp-content\/uploads\/2020\/11\/Magazine-bavitech-300x300.jpg 300w, https:\/\/ideasdesign.ch\/wp-content\/uploads\/2020\/11\/Magazine-bavitech-150x150.jpg 150w, https:\/\/ideasdesign.ch\/wp-content\/uploads\/2020\/11\/Magazine-bavitech-768x768.jpg 768w\" sizes=\"(max-width: 804px) 100vw, 804px\" \/>\t\t\t\t\t\t\t<\/div>\n\t\t\t\t\t\t\t\t\t\t\t<div class=\"pa-gallery-icons-caption-container\">\n\t\t\t\t\t\t\t<div class=\"pa-gallery-icons-caption-cell\">\n\t\t\t\t\t\t\t\t\n\t\t\t\t\t<a class=\"pa-gallery-magnific-image\" href=\"https:\/\/ideasdesign.ch\/wp-content\/uploads\/2020\/11\/Magazine-bavitech.jpg\" data-rel=\"prettyPhoto[premium-grid-290f859]\">\n\t\t\t\t\t\t<span>\n\t\t\t\t\t\t\t<i aria-hidden=\"true\" class=\"fas fa-search\"><\/i>\t\t\t\t\t\t<\/span>\n\t\t\t\t\t<\/a>\n\t\t\t\t\t\t\t\t\t<a class=\"pa-gallery-img-link\" href=\"http:\/\/www.bavitech.ch\" target=\"_blank\">\n\t\t\t\t\t\t<span>\n\t\t\t\t\t\t\t<i aria-hidden=\"true\" class=\"fas fa-link\"><\/i>\t\t\t\t\t\t<\/span>\n\t\t\t\t\t<\/a>\n\t\t\t\t\t\t\t\t<div class=\"premium-gallery-caption\">\n\n\t\t\t\t\t\t\t\t\t<span class=\"premium-gallery-img-name\">Bavitech magazine advertisement<\/span>\n\t\t\t\t\t\t\t\t\t\t<p class=\"premium-gallery-img-desc\">--------<\/br>\nAs a new technology integrator based in Geneva, the Bavitch company deals with the fields of telecommunications, security of possesion, people and networks. I created for them an advertisement for a professional safety magazine.\n<\/br>\n--------<\/br>\nwww.bavitech.ch<\/p>\n\t\t\t\t\n\t\t\t<\/div>\n\t\t\t\t\t\t\t\t\t\t<\/div>\n\t\t\t\t\t\t<\/div>\n\t\t\t\t\t\t\t\t\t\t<\/div>\n\t\t\t<\/div>\n\t\t\t\t\t\t\t<div class=\"premium-gallery-item elementor-repeater-item-f615297 print premium-gallery-item-hidden\">\n\t\t\t\t<div class=\"pa-gallery-img style2\" onclick=\"\">\n\t\t\t\t\t<div class=\"pa-gallery-img-container\">\n\t\t\t\t\t\t\t\t<img loading=\"lazy\" decoding=\"async\" width=\"592\" height=\"592\" src=\"https:\/\/ideasdesign.ch\/wp-content\/uploads\/2020\/11\/cvisite_simba_portfolio.jpg\" class=\"attachment-full size-full wp-image-811\" alt=\"cvisite_simba\" srcset=\"https:\/\/ideasdesign.ch\/wp-content\/uploads\/2020\/11\/cvisite_simba_portfolio.jpg 592w, https:\/\/ideasdesign.ch\/wp-content\/uploads\/2020\/11\/cvisite_simba_portfolio-300x300.jpg 300w, https:\/\/ideasdesign.ch\/wp-content\/uploads\/2020\/11\/cvisite_simba_portfolio-150x150.jpg 150w\" sizes=\"(max-width: 592px) 100vw, 592px\" \/>\t\t\t\t\t\t\t<\/div>\n\t\t\t\t\t\t\t\t\t\t\t<div class=\"pa-gallery-icons-caption-container\">\n\t\t\t\t\t\t\t<div class=\"pa-gallery-icons-caption-cell\">\n\t\t\t\t\t\t\t\t\n\t\t\t\t\t<a class=\"pa-gallery-magnific-image\" href=\"https:\/\/ideasdesign.ch\/wp-content\/uploads\/2020\/11\/cvisite_simba_portfolio.jpg\" data-rel=\"prettyPhoto[premium-grid-290f859]\">\n\t\t\t\t\t\t<span>\n\t\t\t\t\t\t\t<i aria-hidden=\"true\" class=\"fas fa-search\"><\/i>\t\t\t\t\t\t<\/span>\n\t\t\t\t\t<\/a>\n\t\t\t\t\t\t\t\t\t<a class=\"pa-gallery-img-link\" href=\"https:\/\/simba-digital.ch\/\" target=\"_blank\">\n\t\t\t\t\t\t<span>\n\t\t\t\t\t\t\t<i aria-hidden=\"true\" class=\"fas fa-link\"><\/i>\t\t\t\t\t\t<\/span>\n\t\t\t\t\t<\/a>\n\t\t\t\t\t\t\t\t<div class=\"premium-gallery-caption\">\n\n\t\t\t\t\t\t\t\t\t<span class=\"premium-gallery-img-name\">Business card of Simba S\u00e0rl<\/span>\n\t\t\t\t\t\t\t\t\t\t<p class=\"premium-gallery-img-desc\">--------<\/br>\nThe new digital company Simba S\u00e0rl, specialist in SEO and business optimization, based in Geneva since 2018, has asked me to create their new logo and business card.\n<\/br>\n--------<\/br>\nwww.simba-digital.ch<\/p>\n\t\t\t\t\n\t\t\t<\/div>\n\t\t\t\t\t\t\t\t\t\t<\/div>\n\t\t\t\t\t\t<\/div>\n\t\t\t\t\t\t\t\t\t\t<\/div>\n\t\t\t<\/div>\n\t\t\t\t\t\t\t<div class=\"premium-gallery-item elementor-repeater-item-e5855c0 print premium-gallery-item-hidden\">\n\t\t\t\t<div class=\"pa-gallery-img style2\" onclick=\"\">\n\t\t\t\t\t<div class=\"pa-gallery-img-container\">\n\t\t\t\t\t\t\t\t<img loading=\"lazy\" decoding=\"async\" width=\"1024\" height=\"1024\" src=\"https:\/\/ideasdesign.ch\/wp-content\/uploads\/2020\/11\/banderole_portfolio-1024x1024-1.jpg\" class=\"attachment-full size-full wp-image-802\" alt=\"banderole PLR\" srcset=\"https:\/\/ideasdesign.ch\/wp-content\/uploads\/2020\/11\/banderole_portfolio-1024x1024-1.jpg 1024w, https:\/\/ideasdesign.ch\/wp-content\/uploads\/2020\/11\/banderole_portfolio-1024x1024-1-300x300.jpg 300w, https:\/\/ideasdesign.ch\/wp-content\/uploads\/2020\/11\/banderole_portfolio-1024x1024-1-150x150.jpg 150w, https:\/\/ideasdesign.ch\/wp-content\/uploads\/2020\/11\/banderole_portfolio-1024x1024-1-768x768.jpg 768w\" sizes=\"(max-width: 1024px) 100vw, 1024px\" \/>\t\t\t\t\t\t\t<\/div>\n\t\t\t\t\t\t\t\t\t\t\t<div class=\"pa-gallery-icons-caption-container\">\n\t\t\t\t\t\t\t<div class=\"pa-gallery-icons-caption-cell\">\n\t\t\t\t\t\t\t\t\n\t\t\t\t\t<a class=\"pa-gallery-magnific-image\" href=\"https:\/\/ideasdesign.ch\/wp-content\/uploads\/2020\/11\/banderole_portfolio-1024x1024-1.jpg\" data-rel=\"prettyPhoto[premium-grid-290f859]\">\n\t\t\t\t\t\t<span>\n\t\t\t\t\t\t\t<i aria-hidden=\"true\" class=\"fas fa-search\"><\/i>\t\t\t\t\t\t<\/span>\n\t\t\t\t\t<\/a>\n\t\t\t\t\t\t\t\t\t<a class=\"pa-gallery-img-link\" href=\"https:\/\/pregny-chambesy.plr-ge.ch\/parti\/associations\" target=\"_blank\">\n\t\t\t\t\t\t<span>\n\t\t\t\t\t\t\t<i aria-hidden=\"true\" class=\"fas fa-link\"><\/i>\t\t\t\t\t\t<\/span>\n\t\t\t\t\t<\/a>\n\t\t\t\t\t\t\t\t<div class=\"premium-gallery-caption\">\n\n\t\t\t\t\t\t\t\t\t<span class=\"premium-gallery-img-name\">Banderole - PLR Pregny-Chamb\u00e9sy<\/span>\n\t\t\t\t\t\t\t\t\t\t<p class=\"premium-gallery-img-desc\">--------<\/br>\nRealization of a banderole for the PLR Pregny-Chamb\u00e9sy, on the occasion of the start of the school year. The Liberal-Radical Parti, also called PLR The Liberal-Radicals, is a Swiss political party that advocates a liberal economy, a liberal societal policy.\n<\/br>\n--------<\/br>\nwww.pregny-chambesy.plr-ge.ch<\/p>\n\t\t\t\t\n\t\t\t<\/div>\n\t\t\t\t\t\t\t\t\t\t<\/div>\n\t\t\t\t\t\t<\/div>\n\t\t\t\t\t\t\t\t\t\t<\/div>\n\t\t\t<\/div>\n\t\t\t\t\t\t\t<div class=\"premium-gallery-item elementor-repeater-item-bf74fc7 print premium-gallery-item-hidden\">\n\t\t\t\t<div class=\"pa-gallery-img style2\" onclick=\"\">\n\t\t\t\t\t<div class=\"pa-gallery-img-container\">\n\t\t\t\t\t\t\t\t<img loading=\"lazy\" decoding=\"async\" width=\"1278\" height=\"1278\" src=\"https:\/\/ideasdesign.ch\/wp-content\/uploads\/2020\/11\/cd1.jpg\" class=\"attachment-full size-full wp-image-790\" alt=\"cd1\" srcset=\"https:\/\/ideasdesign.ch\/wp-content\/uploads\/2020\/11\/cd1.jpg 1278w, https:\/\/ideasdesign.ch\/wp-content\/uploads\/2020\/11\/cd1-300x300.jpg 300w, https:\/\/ideasdesign.ch\/wp-content\/uploads\/2020\/11\/cd1-1024x1024.jpg 1024w, https:\/\/ideasdesign.ch\/wp-content\/uploads\/2020\/11\/cd1-150x150.jpg 150w, https:\/\/ideasdesign.ch\/wp-content\/uploads\/2020\/11\/cd1-768x768.jpg 768w\" sizes=\"(max-width: 1278px) 100vw, 1278px\" \/>\t\t\t\t\t\t\t<\/div>\n\t\t\t\t\t\t\t\t\t\t\t<div class=\"pa-gallery-icons-caption-container\">\n\t\t\t\t\t\t\t<div class=\"pa-gallery-icons-caption-cell\">\n\t\t\t\t\t\t\t\t\n\t\t\t\t\t<a class=\"pa-gallery-magnific-image\" href=\"https:\/\/ideasdesign.ch\/wp-content\/uploads\/2020\/11\/cd1.jpg\" data-rel=\"prettyPhoto[premium-grid-290f859]\">\n\t\t\t\t\t\t<span>\n\t\t\t\t\t\t\t<i aria-hidden=\"true\" class=\"fas fa-search\"><\/i>\t\t\t\t\t\t<\/span>\n\t\t\t\t\t<\/a>\n\t\t\t\t\t\t\t\t\t<a class=\"pa-gallery-img-link\" href=\"https:\/\/music.apple.com\/us\/album\/l-homme-univers\/id1399477011\" target=\"_blank\">\n\t\t\t\t\t\t<span>\n\t\t\t\t\t\t\t<i aria-hidden=\"true\" class=\"fas fa-link\"><\/i>\t\t\t\t\t\t<\/span>\n\t\t\t\t\t<\/a>\n\t\t\t\t\t\t\t\t<div class=\"premium-gallery-caption\">\n\n\t\t\t\t\t\t\t\t\t<span class=\"premium-gallery-img-name\">Fragments d'air<\/span>\n\t\t\t\t\t\t\t\t\t\t<p class=\"premium-gallery-img-desc\">--------<\/br>\nPackaging from the Sam'Jazz Band Music CD. Creation of a packaging of a CD for the band of Sam'Jazz Band, realized in 2013 in Montreal.\n<\/br>\n--------<\/br>\nwww.music.apple.com\/album\/homme-univers<\/p>\n\t\t\t\t\n\t\t\t<\/div>\n\t\t\t\t\t\t\t\t\t\t<\/div>\n\t\t\t\t\t\t<\/div>\n\t\t\t\t\t\t\t\t\t\t<\/div>\n\t\t\t<\/div>\n\t\t\t\t\t\t\t<div class=\"premium-gallery-item elementor-repeater-item-351282a print premium-gallery-item-hidden\">\n\t\t\t\t<div class=\"pa-gallery-img style2\" onclick=\"\">\n\t\t\t\t\t<div class=\"pa-gallery-img-container\">\n\t\t\t\t\t\t\t\t<img loading=\"lazy\" decoding=\"async\" width=\"850\" height=\"850\" src=\"https:\/\/ideasdesign.ch\/wp-content\/uploads\/2020\/11\/afficheVSR.jpg\" class=\"attachment-full size-full wp-image-786\" alt=\"afficheVSR\" srcset=\"https:\/\/ideasdesign.ch\/wp-content\/uploads\/2020\/11\/afficheVSR.jpg 850w, https:\/\/ideasdesign.ch\/wp-content\/uploads\/2020\/11\/afficheVSR-300x300.jpg 300w, https:\/\/ideasdesign.ch\/wp-content\/uploads\/2020\/11\/afficheVSR-150x150.jpg 150w, https:\/\/ideasdesign.ch\/wp-content\/uploads\/2020\/11\/afficheVSR-768x768.jpg 768w\" sizes=\"(max-width: 850px) 100vw, 850px\" \/>\t\t\t\t\t\t\t<\/div>\n\t\t\t\t\t\t\t\t\t\t\t<div class=\"pa-gallery-icons-caption-container\">\n\t\t\t\t\t\t\t<div class=\"pa-gallery-icons-caption-cell\">\n\t\t\t\t\t\t\t\t\n\t\t\t\t\t<a class=\"pa-gallery-magnific-image\" href=\"https:\/\/ideasdesign.ch\/wp-content\/uploads\/2020\/11\/afficheVSR.jpg\" data-rel=\"prettyPhoto[premium-grid-290f859]\">\n\t\t\t\t\t\t<span>\n\t\t\t\t\t\t\t<i aria-hidden=\"true\" class=\"fas fa-search\"><\/i>\t\t\t\t\t\t<\/span>\n\t\t\t\t\t<\/a>\n\t\t\t\t\t\t\t\t\t<a class=\"pa-gallery-img-link\" href=\"http:\/\/www.verniersurrock.ch\" target=\"_blank\">\n\t\t\t\t\t\t<span>\n\t\t\t\t\t\t\t<i aria-hidden=\"true\" class=\"fas fa-link\"><\/i>\t\t\t\t\t\t<\/span>\n\t\t\t\t\t<\/a>\n\t\t\t\t\t\t\t\t<div class=\"premium-gallery-caption\">\n\n\t\t\t\t\t\t\t\t\t<span class=\"premium-gallery-img-name\">Vernier sur Rock festival<\/span>\n\t\t\t\t\t\t\t\t\t\t<p class=\"premium-gallery-img-desc\">--------<\/br>\nAs part of the 27th edition of the Vernier sur Rock festival, my school has been mandated to propose a series of posters that will serve as an identity for the festival.\n<\/br>\n--------<\/br>\nwww.verniersurrock.ch<\/p>\n\t\t\t\t\n\t\t\t<\/div>\n\t\t\t\t\t\t\t\t\t\t<\/div>\n\t\t\t\t\t\t<\/div>\n\t\t\t\t\t\t\t\t\t\t<\/div>\n\t\t\t<\/div>\n\t\t\t\t\t\t\t<div class=\"premium-gallery-item elementor-repeater-item-a61a4d5 print premium-gallery-item-hidden\">\n\t\t\t\t<div class=\"pa-gallery-img style2\" onclick=\"\">\n\t\t\t\t\t<div class=\"pa-gallery-img-container\">\n\t\t\t\t\t\t\t\t<img loading=\"lazy\" decoding=\"async\" width=\"2037\" height=\"2037\" src=\"https:\/\/ideasdesign.ch\/wp-content\/uploads\/2020\/11\/rollup1-scaled-e1605808862308.jpg\" class=\"attachment-full size-full wp-image-799\" alt=\"rollup camspower\" srcset=\"https:\/\/ideasdesign.ch\/wp-content\/uploads\/2020\/11\/rollup1-scaled-e1605808862308.jpg 2037w, https:\/\/ideasdesign.ch\/wp-content\/uploads\/2020\/11\/rollup1-scaled-e1605808862308-300x300.jpg 300w, https:\/\/ideasdesign.ch\/wp-content\/uploads\/2020\/11\/rollup1-scaled-e1605808862308-1024x1024.jpg 1024w, https:\/\/ideasdesign.ch\/wp-content\/uploads\/2020\/11\/rollup1-scaled-e1605808862308-150x150.jpg 150w, https:\/\/ideasdesign.ch\/wp-content\/uploads\/2020\/11\/rollup1-scaled-e1605808862308-768x768.jpg 768w, https:\/\/ideasdesign.ch\/wp-content\/uploads\/2020\/11\/rollup1-scaled-e1605808862308-1536x1536.jpg 1536w\" sizes=\"(max-width: 2037px) 100vw, 2037px\" \/>\t\t\t\t\t\t\t<\/div>\n\t\t\t\t\t\t\t\t\t\t\t<div class=\"pa-gallery-icons-caption-container\">\n\t\t\t\t\t\t\t<div class=\"pa-gallery-icons-caption-cell\">\n\t\t\t\t\t\t\t\t\n\t\t\t\t\t<a class=\"pa-gallery-magnific-image\" href=\"https:\/\/ideasdesign.ch\/wp-content\/uploads\/2020\/11\/rollup1-scaled.jpg\" data-rel=\"prettyPhoto[premium-grid-290f859]\">\n\t\t\t\t\t\t<span>\n\t\t\t\t\t\t\t<i aria-hidden=\"true\" class=\"fas fa-search\"><\/i>\t\t\t\t\t\t<\/span>\n\t\t\t\t\t<\/a>\n\t\t\t\t\t\t\t\t\t<a class=\"pa-gallery-img-link\" href=\"http:\/\/www.camspower.com\" target=\"_blank\">\n\t\t\t\t\t\t<span>\n\t\t\t\t\t\t\t<i aria-hidden=\"true\" class=\"fas fa-link\"><\/i>\t\t\t\t\t\t<\/span>\n\t\t\t\t\t<\/a>\n\t\t\t\t\t\t\t\t<div class=\"premium-gallery-caption\">\n\n\t\t\t\t\t\t\t\t\t<span class=\"premium-gallery-img-name\">Presentation rollup for Camspower<\/span>\n\t\t\t\t\t\t\t\t\t\t<p class=\"premium-gallery-img-desc\">--------<\/br>\nRollups B2B made during a convention in Barcelona, in 2015, for the Camspower website.\n<\/br>\n--------<\/br>\nwww.camspower.com<\/p>\n\t\t\t\t\n\t\t\t<\/div>\n\t\t\t\t\t\t\t\t\t\t<\/div>\n\t\t\t\t\t\t<\/div>\n\t\t\t\t\t\t\t\t\t\t<\/div>\n\t\t\t<\/div>\n\t\t\t\t\t\t\t<div class=\"premium-gallery-item elementor-repeater-item-cf3abfa print premium-gallery-item-hidden\">\n\t\t\t\t<div class=\"pa-gallery-img style2\" onclick=\"\">\n\t\t\t\t\t<div class=\"pa-gallery-img-container\">\n\t\t\t\t\t\t\t\t<img loading=\"lazy\" decoding=\"async\" width=\"850\" height=\"850\" src=\"https:\/\/ideasdesign.ch\/wp-content\/uploads\/2020\/11\/affiche4.jpg\" class=\"attachment-full size-full wp-image-784\" alt=\"affiche anni\u00e8re\" srcset=\"https:\/\/ideasdesign.ch\/wp-content\/uploads\/2020\/11\/affiche4.jpg 850w, https:\/\/ideasdesign.ch\/wp-content\/uploads\/2020\/11\/affiche4-300x300.jpg 300w, https:\/\/ideasdesign.ch\/wp-content\/uploads\/2020\/11\/affiche4-150x150.jpg 150w, https:\/\/ideasdesign.ch\/wp-content\/uploads\/2020\/11\/affiche4-768x768.jpg 768w\" sizes=\"(max-width: 850px) 100vw, 850px\" \/>\t\t\t\t\t\t\t<\/div>\n\t\t\t\t\t\t\t\t\t\t\t<div class=\"pa-gallery-icons-caption-container\">\n\t\t\t\t\t\t\t<div class=\"pa-gallery-icons-caption-cell\">\n\t\t\t\t\t\t\t\t\n\t\t\t\t\t<a class=\"pa-gallery-magnific-image\" href=\"https:\/\/ideasdesign.ch\/wp-content\/uploads\/2020\/11\/affiche4.jpg\" data-rel=\"prettyPhoto[premium-grid-290f859]\">\n\t\t\t\t\t\t<span>\n\t\t\t\t\t\t\t<i aria-hidden=\"true\" class=\"fas fa-search\"><\/i>\t\t\t\t\t\t<\/span>\n\t\t\t\t\t<\/a>\n\t\t\t\t\t\t\t\t\t<a class=\"pa-gallery-img-link\" href=\"http:\/\/www.anieres.ch\" target=\"_blank\">\n\t\t\t\t\t\t<span>\n\t\t\t\t\t\t\t<i aria-hidden=\"true\" class=\"fas fa-link\"><\/i>\t\t\t\t\t\t<\/span>\n\t\t\t\t\t<\/a>\n\t\t\t\t\t\t\t\t<div class=\"premium-gallery-caption\">\n\n\t\t\t\t\t\t\t\t\t<span class=\"premium-gallery-img-name\">Poster - Inclusion of young people in the world of work<\/span>\n\t\t\t\t\t\t\t\t\t\t<p class=\"premium-gallery-img-desc\">--------<\/br>\nCreation of a poster and flyers for the municipality of Ani\u00e8res, Switzerland, as part of an integration project for young people in the world of work, in 2011.\n<\/br>\n--------<\/br>\nwww.anieres.ch<\/p>\n\t\t\t\t\n\t\t\t<\/div>\n\t\t\t\t\t\t\t\t\t\t<\/div>\n\t\t\t\t\t\t<\/div>\n\t\t\t\t\t\t\t\t\t\t<\/div>\n\t\t\t<\/div>\n\t\t\t\t\t\t\t<div class=\"premium-gallery-item elementor-repeater-item-849322e print premium-gallery-item-hidden\">\n\t\t\t\t<div class=\"pa-gallery-img style2\" onclick=\"\">\n\t\t\t\t\t<div class=\"pa-gallery-img-container\">\n\t\t\t\t\t\t\t\t<img loading=\"lazy\" decoding=\"async\" width=\"657\" height=\"657\" src=\"https:\/\/ideasdesign.ch\/wp-content\/uploads\/2020\/11\/archi.jpg\" class=\"attachment-full size-full wp-image-787\" alt=\"ambrosetti\" srcset=\"https:\/\/ideasdesign.ch\/wp-content\/uploads\/2020\/11\/archi.jpg 657w, https:\/\/ideasdesign.ch\/wp-content\/uploads\/2020\/11\/archi-300x300.jpg 300w, https:\/\/ideasdesign.ch\/wp-content\/uploads\/2020\/11\/archi-150x150.jpg 150w\" sizes=\"(max-width: 657px) 100vw, 657px\" \/>\t\t\t\t\t\t\t<\/div>\n\t\t\t\t\t\t\t\t\t\t\t<div class=\"pa-gallery-icons-caption-container\">\n\t\t\t\t\t\t\t<div class=\"pa-gallery-icons-caption-cell\">\n\t\t\t\t\t\t\t\t\n\t\t\t\t\t<a class=\"pa-gallery-magnific-image\" href=\"https:\/\/ideasdesign.ch\/wp-content\/uploads\/2020\/11\/archi.jpg\" data-rel=\"prettyPhoto[premium-grid-290f859]\">\n\t\t\t\t\t\t<span>\n\t\t\t\t\t\t\t<i aria-hidden=\"true\" class=\"fas fa-search\"><\/i>\t\t\t\t\t\t<\/span>\n\t\t\t\t\t<\/a>\n\t\t\t\t\t\t\t\t\t<a class=\"pa-gallery-img-link\" href=\"http:\/\/www.pierreambrosetti.ch\" target=\"_blank\">\n\t\t\t\t\t\t<span>\n\t\t\t\t\t\t\t<i aria-hidden=\"true\" class=\"fas fa-link\"><\/i>\t\t\t\t\t\t<\/span>\n\t\t\t\t\t<\/a>\n\t\t\t\t\t\t\t\t<div class=\"premium-gallery-caption\">\n\n\t\t\t\t\t\t\t\t\t<span class=\"premium-gallery-img-name\">Pierre Ambrosetti<\/span>\n\t\t\t\t\t\t\t\t\t\t<p class=\"premium-gallery-img-desc\">--------<\/br>\nDuring my first internship in the communication office Oxyg\u00e8ne SA, based in Geneva, I had the opportunity to realize flyers of presentation of an architect's office, in 2012.\n<\/br>\n--------<\/br>\nwww.pierreambrosetti.ch<\/p>\n\t\t\t\t\n\t\t\t<\/div>\n\t\t\t\t\t\t\t\t\t\t<\/div>\n\t\t\t\t\t\t<\/div>\n\t\t\t\t\t\t\t\t\t\t<\/div>\n\t\t\t<\/div>\n\t\t\t\t\t\t\t<div class=\"premium-gallery-item elementor-repeater-item-aa65096 print premium-gallery-item-hidden\">\n\t\t\t\t<div class=\"pa-gallery-img style2\" onclick=\"\">\n\t\t\t\t\t<div class=\"pa-gallery-img-container\">\n\t\t\t\t\t\t\t\t<img loading=\"lazy\" decoding=\"async\" width=\"1024\" height=\"1011\" src=\"https:\/\/ideasdesign.ch\/wp-content\/uploads\/2020\/11\/cvisite_recovery-1024x1011-1.png\" class=\"attachment-full size-full wp-image-810\" alt=\"cvisite_recovery-\" srcset=\"https:\/\/ideasdesign.ch\/wp-content\/uploads\/2020\/11\/cvisite_recovery-1024x1011-1.png 1024w, https:\/\/ideasdesign.ch\/wp-content\/uploads\/2020\/11\/cvisite_recovery-1024x1011-1-300x296.png 300w, https:\/\/ideasdesign.ch\/wp-content\/uploads\/2020\/11\/cvisite_recovery-1024x1011-1-768x758.png 768w\" sizes=\"(max-width: 1024px) 100vw, 1024px\" \/>\t\t\t\t\t\t\t<\/div>\n\t\t\t\t\t\t\t\t\t\t\t<div class=\"pa-gallery-icons-caption-container\">\n\t\t\t\t\t\t\t<div class=\"pa-gallery-icons-caption-cell\">\n\t\t\t\t\t\t\t\t\n\t\t\t\t\t<a class=\"pa-gallery-magnific-image\" href=\"https:\/\/ideasdesign.ch\/wp-content\/uploads\/2020\/11\/cvisite_recovery-1024x1011-1.png\" data-rel=\"prettyPhoto[premium-grid-290f859]\">\n\t\t\t\t\t\t<span>\n\t\t\t\t\t\t\t<i aria-hidden=\"true\" class=\"fas fa-search\"><\/i>\t\t\t\t\t\t<\/span>\n\t\t\t\t\t<\/a>\n\t\t\t\t\t\t\t\t\t<a class=\"pa-gallery-img-link\" href=\"https:\/\/www.facebook.com\/Recovery-958927594245298\/\" target=\"_blank\">\n\t\t\t\t\t\t<span>\n\t\t\t\t\t\t\t<i aria-hidden=\"true\" class=\"fas fa-link\"><\/i>\t\t\t\t\t\t<\/span>\n\t\t\t\t\t<\/a>\n\t\t\t\t\t\t\t\t<div class=\"premium-gallery-caption\">\n\n\t\t\t\t\t\t\t\t\t<span class=\"premium-gallery-img-name\">Business card of Recovery<\/span>\n\t\t\t\t\t\t\t\t\t\t<p class=\"premium-gallery-img-desc\">--------<\/br>\nCreating Business Cards for the Rock Recovery Group. I take care of their Facebook page, their business cards and their videos.<\/p>\n\t\t\t\t\n\t\t\t<\/div>\n\t\t\t\t\t\t\t\t\t\t<\/div>\n\t\t\t\t\t\t<\/div>\n\t\t\t\t\t\t\t\t\t\t<\/div>\n\t\t\t<\/div>\n\t\t\t\t\t\t\t<div class=\"premium-gallery-item elementor-repeater-item-1944ee2 print premium-gallery-item-hidden\">\n\t\t\t\t<div class=\"pa-gallery-img style2\" onclick=\"\">\n\t\t\t\t\t<div class=\"pa-gallery-img-container\">\n\t\t\t\t\t\t\t\t<img loading=\"lazy\" decoding=\"async\" width=\"1418\" height=\"1418\" src=\"https:\/\/ideasdesign.ch\/wp-content\/uploads\/2020\/11\/masque_anne.jpg\" class=\"attachment-full size-full wp-image-796\" alt=\"masque_anne\" srcset=\"https:\/\/ideasdesign.ch\/wp-content\/uploads\/2020\/11\/masque_anne.jpg 1418w, https:\/\/ideasdesign.ch\/wp-content\/uploads\/2020\/11\/masque_anne-300x300.jpg 300w, https:\/\/ideasdesign.ch\/wp-content\/uploads\/2020\/11\/masque_anne-1024x1024.jpg 1024w, https:\/\/ideasdesign.ch\/wp-content\/uploads\/2020\/11\/masque_anne-150x150.jpg 150w, https:\/\/ideasdesign.ch\/wp-content\/uploads\/2020\/11\/masque_anne-768x768.jpg 768w\" sizes=\"(max-width: 1418px) 100vw, 1418px\" \/>\t\t\t\t\t\t\t<\/div>\n\t\t\t\t\t\t\t\t\t\t\t<div class=\"pa-gallery-icons-caption-container\">\n\t\t\t\t\t\t\t<div class=\"pa-gallery-icons-caption-cell\">\n\t\t\t\t\t\t\t\t\n\t\t\t\t\t<a class=\"pa-gallery-magnific-image\" href=\"https:\/\/ideasdesign.ch\/wp-content\/uploads\/2020\/11\/masque_anne.jpg\" data-rel=\"prettyPhoto[premium-grid-290f859]\">\n\t\t\t\t\t\t<span>\n\t\t\t\t\t\t\t<i aria-hidden=\"true\" class=\"fas fa-search\"><\/i>\t\t\t\t\t\t<\/span>\n\t\t\t\t\t<\/a>\n\t\t\t\t\t\t\t<div class=\"premium-gallery-caption\">\n\n\t\t\t\t\t\t\t\t\t<span class=\"premium-gallery-img-name\">Influenza Virus Masks for Children n\u00b02<\/span>\n\t\t\t\t\t\t\t\t\t\t<p class=\"premium-gallery-img-desc\">--------<\/br>\nAs part of a school mandate, we had to make masks for children to protect them against the flu epidemic, in Geneva.<\/p>\n\t\t\t\t\n\t\t\t<\/div>\n\t\t\t\t\t\t\t\t\t\t<\/div>\n\t\t\t\t\t\t<\/div>\n\t\t\t\t\t\t\t\t\t\t<\/div>\n\t\t\t<\/div>\n\t\t\t\t\t\t\t<div class=\"premium-gallery-item elementor-repeater-item-ea9e46d print premium-gallery-item-hidden\">\n\t\t\t\t<div class=\"pa-gallery-img style2\" onclick=\"\">\n\t\t\t\t\t<div class=\"pa-gallery-img-container\">\n\t\t\t\t\t\t\t\t<img loading=\"lazy\" decoding=\"async\" width=\"1024\" height=\"1024\" src=\"https:\/\/ideasdesign.ch\/wp-content\/uploads\/2020\/11\/masque_deb-1-1024x1024-1.jpg\" class=\"attachment-full size-full wp-image-913\" alt=\"masque_deb\" srcset=\"https:\/\/ideasdesign.ch\/wp-content\/uploads\/2020\/11\/masque_deb-1-1024x1024-1.jpg 1024w, https:\/\/ideasdesign.ch\/wp-content\/uploads\/2020\/11\/masque_deb-1-1024x1024-1-300x300.jpg 300w, https:\/\/ideasdesign.ch\/wp-content\/uploads\/2020\/11\/masque_deb-1-1024x1024-1-150x150.jpg 150w, https:\/\/ideasdesign.ch\/wp-content\/uploads\/2020\/11\/masque_deb-1-1024x1024-1-768x768.jpg 768w\" sizes=\"(max-width: 1024px) 100vw, 1024px\" \/>\t\t\t\t\t\t\t<\/div>\n\t\t\t\t\t\t\t\t\t\t\t<div class=\"pa-gallery-icons-caption-container\">\n\t\t\t\t\t\t\t<div class=\"pa-gallery-icons-caption-cell\">\n\t\t\t\t\t\t\t\t\n\t\t\t\t\t<a class=\"pa-gallery-magnific-image\" href=\"https:\/\/ideasdesign.ch\/wp-content\/uploads\/2020\/11\/masque_deb-1-1024x1024-1.jpg\" data-rel=\"prettyPhoto[premium-grid-290f859]\">\n\t\t\t\t\t\t<span>\n\t\t\t\t\t\t\t<i aria-hidden=\"true\" class=\"fas fa-search\"><\/i>\t\t\t\t\t\t<\/span>\n\t\t\t\t\t<\/a>\n\t\t\t\t\t\t\t<div class=\"premium-gallery-caption\">\n\n\t\t\t\t\t\t\t\t\t<span class=\"premium-gallery-img-name\">Influenza Virus Masks for Children n\u00b01<\/span>\n\t\t\t\t\t\t\t\t\t\t<p class=\"premium-gallery-img-desc\">--------<\/br>\nAs part of a school mandate, we had to make masks for children to protect them against the flu epidemic, in Geneva.<\/p>\n\t\t\t\t\n\t\t\t<\/div>\n\t\t\t\t\t\t\t\t\t\t<\/div>\n\t\t\t\t\t\t<\/div>\n\t\t\t\t\t\t\t\t\t\t<\/div>\n\t\t\t<\/div>\n\t\t\t\t\t\t\t<div class=\"premium-gallery-item elementor-repeater-item-d4e04c2 print premium-gallery-item-hidden\">\n\t\t\t\t<div class=\"pa-gallery-img style2\" onclick=\"\">\n\t\t\t\t\t<div class=\"pa-gallery-img-container\">\n\t\t\t\t\t\t\t\t<img loading=\"lazy\" decoding=\"async\" width=\"1024\" height=\"1024\" src=\"https:\/\/ideasdesign.ch\/wp-content\/uploads\/2020\/11\/cvisite-1024x1024-1.png\" class=\"attachment-full size-full wp-image-801\" alt=\"Carte visite Electro Home\" srcset=\"https:\/\/ideasdesign.ch\/wp-content\/uploads\/2020\/11\/cvisite-1024x1024-1.png 1024w, https:\/\/ideasdesign.ch\/wp-content\/uploads\/2020\/11\/cvisite-1024x1024-1-300x300.png 300w, https:\/\/ideasdesign.ch\/wp-content\/uploads\/2020\/11\/cvisite-1024x1024-1-150x150.png 150w, https:\/\/ideasdesign.ch\/wp-content\/uploads\/2020\/11\/cvisite-1024x1024-1-768x768.png 768w\" sizes=\"(max-width: 1024px) 100vw, 1024px\" \/>\t\t\t\t\t\t\t<\/div>\n\t\t\t\t\t\t\t\t\t\t\t<div class=\"pa-gallery-icons-caption-container\">\n\t\t\t\t\t\t\t<div class=\"pa-gallery-icons-caption-cell\">\n\t\t\t\t\t\t\t\t\n\t\t\t\t\t<a class=\"pa-gallery-magnific-image\" href=\"https:\/\/ideasdesign.ch\/wp-content\/uploads\/2020\/11\/cvisite-1024x1024-1.png\" data-rel=\"prettyPhoto[premium-grid-290f859]\">\n\t\t\t\t\t\t<span>\n\t\t\t\t\t\t\t<i aria-hidden=\"true\" class=\"fas fa-search\"><\/i>\t\t\t\t\t\t<\/span>\n\t\t\t\t\t<\/a>\n\t\t\t\t\t\t\t\t\t<a class=\"pa-gallery-img-link\" href=\"http:\/\/www.cjelectrohome.ch\" target=\"_blank\">\n\t\t\t\t\t\t<span>\n\t\t\t\t\t\t\t<i aria-hidden=\"true\" class=\"fas fa-link\"><\/i>\t\t\t\t\t\t<\/span>\n\t\t\t\t\t<\/a>\n\t\t\t\t\t\t\t\t<div class=\"premium-gallery-caption\">\n\n\t\t\t\t\t\t\t\t\t<span class=\"premium-gallery-img-name\">Business card of ElectroHome<\/span>\n\t\t\t\t\t\t\t\t\t\t<p class=\"premium-gallery-img-desc\">--------<\/br>\nElectroHome SA is a general electricity company based in Geneva. I was mandated by her in the creation of their new logo, as well as their business card.\n<\/br>\n--------<\/br>\nwww.cjelectrohome.ch<\/p>\n\t\t\t\t\n\t\t\t<\/div>\n\t\t\t\t\t\t\t\t\t\t<\/div>\n\t\t\t\t\t\t<\/div>\n\t\t\t\t\t\t\t\t\t\t<\/div>\n\t\t\t<\/div>\n\t\t\t\t\t\t\t<div class=\"premium-gallery-item elementor-repeater-item-27301de print premium-gallery-item-hidden\">\n\t\t\t\t<div class=\"pa-gallery-img style2\" onclick=\"\">\n\t\t\t\t\t<div class=\"pa-gallery-img-container\">\n\t\t\t\t\t\t\t\t<img loading=\"lazy\" decoding=\"async\" width=\"1024\" height=\"1024\" src=\"https:\/\/ideasdesign.ch\/wp-content\/uploads\/2020\/11\/rollup3-1024x1024-1.png\" class=\"attachment-full size-full wp-image-804\" alt=\"rollup camspower\" srcset=\"https:\/\/ideasdesign.ch\/wp-content\/uploads\/2020\/11\/rollup3-1024x1024-1.png 1024w, https:\/\/ideasdesign.ch\/wp-content\/uploads\/2020\/11\/rollup3-1024x1024-1-300x300.png 300w, https:\/\/ideasdesign.ch\/wp-content\/uploads\/2020\/11\/rollup3-1024x1024-1-150x150.png 150w, https:\/\/ideasdesign.ch\/wp-content\/uploads\/2020\/11\/rollup3-1024x1024-1-768x768.png 768w\" sizes=\"(max-width: 1024px) 100vw, 1024px\" \/>\t\t\t\t\t\t\t<\/div>\n\t\t\t\t\t\t\t\t\t\t\t<div class=\"pa-gallery-icons-caption-container\">\n\t\t\t\t\t\t\t<div class=\"pa-gallery-icons-caption-cell\">\n\t\t\t\t\t\t\t\t\n\t\t\t\t\t<a class=\"pa-gallery-magnific-image\" href=\"https:\/\/ideasdesign.ch\/wp-content\/uploads\/2020\/11\/rollup3-1024x1024-1.png\" data-rel=\"prettyPhoto[premium-grid-290f859]\">\n\t\t\t\t\t\t<span>\n\t\t\t\t\t\t\t<i aria-hidden=\"true\" class=\"fas fa-search\"><\/i>\t\t\t\t\t\t<\/span>\n\t\t\t\t\t<\/a>\n\t\t\t\t\t\t\t\t\t<a class=\"pa-gallery-img-link\" href=\"http:\/\/www.camspower.com\" target=\"_blank\">\n\t\t\t\t\t\t<span>\n\t\t\t\t\t\t\t<i aria-hidden=\"true\" class=\"fas fa-link\"><\/i>\t\t\t\t\t\t<\/span>\n\t\t\t\t\t<\/a>\n\t\t\t\t\t\t\t\t<div class=\"premium-gallery-caption\">\n\n\t\t\t\t\t\t\t\t\t<span class=\"premium-gallery-img-name\">Presentation rollup for Camspower<\/span>\n\t\t\t\t\t\t\t\t\t\t<p class=\"premium-gallery-img-desc\">--------<\/br>\nRollups B2B made during a convention in Barcelona, in 2015, for the Camspower website.\n<\/br>\n--------<\/br>\nwww.camspower.com<\/p>\n\t\t\t\t\n\t\t\t<\/div>\n\t\t\t\t\t\t\t\t\t\t<\/div>\n\t\t\t\t\t\t<\/div>\n\t\t\t\t\t\t\t\t\t\t<\/div>\n\t\t\t<\/div>\n\t\t\t\t\t\t\t<div class=\"premium-gallery-item elementor-repeater-item-28fcfdc print premium-gallery-item-hidden\">\n\t\t\t\t<div class=\"pa-gallery-img style2\" onclick=\"\">\n\t\t\t\t\t<div class=\"pa-gallery-img-container\">\n\t\t\t\t\t\t\t\t<img loading=\"lazy\" decoding=\"async\" width=\"794\" height=\"794\" src=\"https:\/\/ideasdesign.ch\/wp-content\/uploads\/2020\/11\/flyer.jpg\" class=\"attachment-full size-full wp-image-793\" alt=\"flyer campower\" srcset=\"https:\/\/ideasdesign.ch\/wp-content\/uploads\/2020\/11\/flyer.jpg 794w, https:\/\/ideasdesign.ch\/wp-content\/uploads\/2020\/11\/flyer-300x300.jpg 300w, https:\/\/ideasdesign.ch\/wp-content\/uploads\/2020\/11\/flyer-150x150.jpg 150w, https:\/\/ideasdesign.ch\/wp-content\/uploads\/2020\/11\/flyer-768x768.jpg 768w\" sizes=\"(max-width: 794px) 100vw, 794px\" \/>\t\t\t\t\t\t\t<\/div>\n\t\t\t\t\t\t\t\t\t\t\t<div class=\"pa-gallery-icons-caption-container\">\n\t\t\t\t\t\t\t<div class=\"pa-gallery-icons-caption-cell\">\n\t\t\t\t\t\t\t\t\n\t\t\t\t\t<a class=\"pa-gallery-magnific-image\" href=\"https:\/\/ideasdesign.ch\/wp-content\/uploads\/2020\/11\/flyer.jpg\" data-rel=\"prettyPhoto[premium-grid-290f859]\">\n\t\t\t\t\t\t<span>\n\t\t\t\t\t\t\t<i aria-hidden=\"true\" class=\"fas fa-search\"><\/i>\t\t\t\t\t\t<\/span>\n\t\t\t\t\t<\/a>\n\t\t\t\t\t\t\t\t\t<a class=\"pa-gallery-img-link\" href=\"http:\/\/www.camspower.com\" target=\"_blank\">\n\t\t\t\t\t\t<span>\n\t\t\t\t\t\t\t<i aria-hidden=\"true\" class=\"fas fa-link\"><\/i>\t\t\t\t\t\t<\/span>\n\t\t\t\t\t<\/a>\n\t\t\t\t\t\t\t\t<div class=\"premium-gallery-caption\">\n\n\t\t\t\t\t\t\t\t\t<span class=\"premium-gallery-img-name\">Presentation flyers for Camspower<\/span>\n\t\t\t\t\t\t\t\t\t\t<p class=\"premium-gallery-img-desc\">--------<\/br>\nFlyers B2B made during a convention in Barcelona, in 2015, for the Camspower website.\n<\/br>\n--------<\/br>\nhttp:\/\/www.camspower.com<\/p>\n\t\t\t\t\n\t\t\t<\/div>\n\t\t\t\t\t\t\t\t\t\t<\/div>\n\t\t\t\t\t\t<\/div>\n\t\t\t\t\t\t\t\t\t\t<\/div>\n\t\t\t<\/div>\n\t\t\t\t\t\t\t<div class=\"premium-gallery-item elementor-repeater-item-bab32e8 print premium-gallery-item-hidden\">\n\t\t\t\t<div class=\"pa-gallery-img style2\" onclick=\"\">\n\t\t\t\t\t<div class=\"pa-gallery-img-container\">\n\t\t\t\t\t\t\t\t<img loading=\"lazy\" decoding=\"async\" width=\"850\" height=\"850\" src=\"https:\/\/ideasdesign.ch\/wp-content\/uploads\/2020\/11\/affiche_caritas.jpg\" class=\"attachment-full size-full wp-image-783\" alt=\"affiche_caritas\" srcset=\"https:\/\/ideasdesign.ch\/wp-content\/uploads\/2020\/11\/affiche_caritas.jpg 850w, https:\/\/ideasdesign.ch\/wp-content\/uploads\/2020\/11\/affiche_caritas-300x300.jpg 300w, https:\/\/ideasdesign.ch\/wp-content\/uploads\/2020\/11\/affiche_caritas-150x150.jpg 150w, https:\/\/ideasdesign.ch\/wp-content\/uploads\/2020\/11\/affiche_caritas-768x768.jpg 768w\" sizes=\"(max-width: 850px) 100vw, 850px\" \/>\t\t\t\t\t\t\t<\/div>\n\t\t\t\t\t\t\t\t\t\t\t<div class=\"pa-gallery-icons-caption-container\">\n\t\t\t\t\t\t\t<div class=\"pa-gallery-icons-caption-cell\">\n\t\t\t\t\t\t\t\t\n\t\t\t\t\t<a class=\"pa-gallery-magnific-image\" href=\"https:\/\/ideasdesign.ch\/wp-content\/uploads\/2020\/11\/affiche_caritas.jpg\" data-rel=\"prettyPhoto[premium-grid-290f859]\">\n\t\t\t\t\t\t<span>\n\t\t\t\t\t\t\t<i aria-hidden=\"true\" class=\"fas fa-search\"><\/i>\t\t\t\t\t\t<\/span>\n\t\t\t\t\t<\/a>\n\t\t\t\t\t\t\t\t\t<a class=\"pa-gallery-img-link\" href=\"http:\/\/www.caritasge.ch\" target=\"_blank\">\n\t\t\t\t\t\t<span>\n\t\t\t\t\t\t\t<i aria-hidden=\"true\" class=\"fas fa-link\"><\/i>\t\t\t\t\t\t<\/span>\n\t\t\t\t\t<\/a>\n\t\t\t\t\t\t\t\t<div class=\"premium-gallery-caption\">\n\n\t\t\t\t\t\t\t\t\t<span class=\"premium-gallery-img-name\">World Volunteer Day<\/span>\n\t\t\t\t\t\t\t\t\t\t<p class=\"premium-gallery-img-desc\">--------<\/br>\nMandate for Caritas Geneva, in 2012.\nThis is one of the posters presented at the World Volunteer Day organized by Caritas Geneva. Each silhouette in blue represents the volunteer that is in us and that everyone can become.\n<\/br>\n--------<\/br>\nwww.caritasge.ch<\/p>\n\t\t\t\t\n\t\t\t<\/div>\n\t\t\t\t\t\t\t\t\t\t<\/div>\n\t\t\t\t\t\t<\/div>\n\t\t\t\t\t\t\t\t\t\t<\/div>\n\t\t\t<\/div>\n\t\t\t\t\t\t\t<div class=\"premium-gallery-item elementor-repeater-item-220ea3a print premium-gallery-item-hidden\">\n\t\t\t\t<div class=\"pa-gallery-img style2\" onclick=\"\">\n\t\t\t\t\t<div class=\"pa-gallery-img-container\">\n\t\t\t\t\t\t\t\t<img loading=\"lazy\" decoding=\"async\" width=\"850\" height=\"850\" src=\"https:\/\/ideasdesign.ch\/wp-content\/uploads\/2020\/11\/cartes.jpg\" class=\"attachment-full size-full wp-image-788\" alt=\"cartes aes\" srcset=\"https:\/\/ideasdesign.ch\/wp-content\/uploads\/2020\/11\/cartes.jpg 850w, https:\/\/ideasdesign.ch\/wp-content\/uploads\/2020\/11\/cartes-300x300.jpg 300w, https:\/\/ideasdesign.ch\/wp-content\/uploads\/2020\/11\/cartes-150x150.jpg 150w, https:\/\/ideasdesign.ch\/wp-content\/uploads\/2020\/11\/cartes-768x768.jpg 768w\" sizes=\"(max-width: 850px) 100vw, 850px\" \/>\t\t\t\t\t\t\t<\/div>\n\t\t\t\t\t\t\t\t\t\t\t<div class=\"pa-gallery-icons-caption-container\">\n\t\t\t\t\t\t\t<div class=\"pa-gallery-icons-caption-cell\">\n\t\t\t\t\t\t\t\t\n\t\t\t\t\t<a class=\"pa-gallery-magnific-image\" href=\"https:\/\/ideasdesign.ch\/wp-content\/uploads\/2020\/11\/cartes.jpg\" data-rel=\"prettyPhoto[premium-grid-290f859]\">\n\t\t\t\t\t\t<span>\n\t\t\t\t\t\t\t<i aria-hidden=\"true\" class=\"fas fa-search\"><\/i>\t\t\t\t\t\t<\/span>\n\t\t\t\t\t<\/a>\n\t\t\t\t\t\t\t<div class=\"premium-gallery-caption\">\n\n\t\t\t\t\t\t\t\t\t<span class=\"premium-gallery-img-name\">Business card of AES<\/span>\n\t\t\t\t\t\t\t\t\t\t<p class=\"premium-gallery-img-desc\">AES - Auto-\u00c9cole Servette\n--------<\/br>\nCreation of a new graphic identity with logo, page header and business card of the driving school of Servette in Geneva, in 2012.<\/p>\n\t\t\t\t\n\t\t\t<\/div>\n\t\t\t\t\t\t\t\t\t\t<\/div>\n\t\t\t\t\t\t<\/div>\n\t\t\t\t\t\t\t\t\t\t<\/div>\n\t\t\t<\/div>\n\t\t\t\t\t\t\t<div class=\"premium-gallery-item elementor-repeater-item-add968e print premium-gallery-item-hidden\">\n\t\t\t\t<div class=\"pa-gallery-img style2\" onclick=\"\">\n\t\t\t\t\t<div class=\"pa-gallery-img-container\">\n\t\t\t\t\t\t\t\t<img loading=\"lazy\" decoding=\"async\" width=\"800\" height=\"800\" src=\"https:\/\/ideasdesign.ch\/wp-content\/uploads\/2020\/11\/cd2.jpg\" class=\"attachment-full size-full wp-image-791\" alt=\"cd2\" srcset=\"https:\/\/ideasdesign.ch\/wp-content\/uploads\/2020\/11\/cd2.jpg 800w, https:\/\/ideasdesign.ch\/wp-content\/uploads\/2020\/11\/cd2-300x300.jpg 300w, https:\/\/ideasdesign.ch\/wp-content\/uploads\/2020\/11\/cd2-150x150.jpg 150w, https:\/\/ideasdesign.ch\/wp-content\/uploads\/2020\/11\/cd2-768x768.jpg 768w\" sizes=\"(max-width: 800px) 100vw, 800px\" \/>\t\t\t\t\t\t\t<\/div>\n\t\t\t\t\t\t\t\t\t\t\t<div class=\"pa-gallery-icons-caption-container\">\n\t\t\t\t\t\t\t<div class=\"pa-gallery-icons-caption-cell\">\n\t\t\t\t\t\t\t\t\n\t\t\t\t\t<a class=\"pa-gallery-magnific-image\" href=\"https:\/\/ideasdesign.ch\/wp-content\/uploads\/2020\/11\/cd2.jpg\" data-rel=\"prettyPhoto[premium-grid-290f859]\">\n\t\t\t\t\t\t<span>\n\t\t\t\t\t\t\t<i aria-hidden=\"true\" class=\"fas fa-search\"><\/i>\t\t\t\t\t\t<\/span>\n\t\t\t\t\t<\/a>\n\t\t\t\t\t\t\t\t\t<a class=\"pa-gallery-img-link\" href=\"https:\/\/music.apple.com\/us\/album\/l-homme-univers\/id1399477011\" target=\"_blank\">\n\t\t\t\t\t\t<span>\n\t\t\t\t\t\t\t<i aria-hidden=\"true\" class=\"fas fa-link\"><\/i>\t\t\t\t\t\t<\/span>\n\t\t\t\t\t<\/a>\n\t\t\t\t\t\t\t\t<div class=\"premium-gallery-caption\">\n\n\t\t\t\t\t\t\t\t\t<span class=\"premium-gallery-img-name\">Vision of Jazz<\/span>\n\t\t\t\t\t\t\t\t\t\t<p class=\"premium-gallery-img-desc\">--------<\/br>\nFirst packaging from the Sam'Jazz Band Music CD. Creation of a packaging of a CD for the band of Sam'Jazz Band, realized in 2013 in Montreal.\n<\/br>\n--------<\/br>\nwww.music.apple.com\/album\/homme-univers<\/p>\n\t\t\t\t\n\t\t\t<\/div>\n\t\t\t\t\t\t\t\t\t\t<\/div>\n\t\t\t\t\t\t<\/div>\n\t\t\t\t\t\t\t\t\t\t<\/div>\n\t\t\t<\/div>\n\t\t\t\t\t\t\t<div class=\"premium-gallery-item elementor-repeater-item-b4a15ae print premium-gallery-item-hidden\">\n\t\t\t\t<div class=\"pa-gallery-img style2\" onclick=\"\">\n\t\t\t\t\t<div class=\"pa-gallery-img-container\">\n\t\t\t\t\t\t\t\t<img loading=\"lazy\" decoding=\"async\" width=\"1684\" height=\"1684\" src=\"https:\/\/ideasdesign.ch\/wp-content\/uploads\/2020\/11\/cvisite_californian.jpg\" class=\"attachment-full size-full wp-image-958\" alt=\"cvisite_californian\" srcset=\"https:\/\/ideasdesign.ch\/wp-content\/uploads\/2020\/11\/cvisite_californian.jpg 1684w, https:\/\/ideasdesign.ch\/wp-content\/uploads\/2020\/11\/cvisite_californian-300x300.jpg 300w, https:\/\/ideasdesign.ch\/wp-content\/uploads\/2020\/11\/cvisite_californian-1024x1024.jpg 1024w, https:\/\/ideasdesign.ch\/wp-content\/uploads\/2020\/11\/cvisite_californian-150x150.jpg 150w, https:\/\/ideasdesign.ch\/wp-content\/uploads\/2020\/11\/cvisite_californian-768x768.jpg 768w, https:\/\/ideasdesign.ch\/wp-content\/uploads\/2020\/11\/cvisite_californian-1536x1536.jpg 1536w\" sizes=\"(max-width: 1684px) 100vw, 1684px\" \/>\t\t\t\t\t\t\t<\/div>\n\t\t\t\t\t\t\t\t\t\t\t<div class=\"pa-gallery-icons-caption-container\">\n\t\t\t\t\t\t\t<div class=\"pa-gallery-icons-caption-cell\">\n\t\t\t\t\t\t\t\t\n\t\t\t\t\t<a class=\"pa-gallery-magnific-image\" href=\"https:\/\/ideasdesign.ch\/wp-content\/uploads\/2020\/11\/cvisite_californian.jpg\" data-rel=\"prettyPhoto[premium-grid-290f859]\">\n\t\t\t\t\t\t<span>\n\t\t\t\t\t\t\t<i aria-hidden=\"true\" class=\"fas fa-search\"><\/i>\t\t\t\t\t\t<\/span>\n\t\t\t\t\t<\/a>\n\t\t\t\t\t\t\t\t\t<a class=\"pa-gallery-img-link\" href=\"https:\/\/californian-living.com\/\" target=\"_blank\">\n\t\t\t\t\t\t<span>\n\t\t\t\t\t\t\t<i aria-hidden=\"true\" class=\"fas fa-link\"><\/i>\t\t\t\t\t\t<\/span>\n\t\t\t\t\t<\/a>\n\t\t\t\t\t\t\t\t<div class=\"premium-gallery-caption\">\n\n\t\t\t\t\t\t\t\t\t<span class=\"premium-gallery-img-name\">Business card of Californian Living<\/span>\n\t\t\t\t\t\t\t\t\t\t<p class=\"premium-gallery-img-desc\">--------<\/br>\nI was mandated in 2018 to create the graphic identity of a new company specializing in the sale of luxury rugs. I created its logo and identity card, as well as the carpet labels.\n<\/br>\n--------<\/br>\nwww.californian-living.com<\/p>\n\t\t\t\t\n\t\t\t<\/div>\n\t\t\t\t\t\t\t\t\t\t<\/div>\n\t\t\t\t\t\t<\/div>\n\t\t\t\t\t\t\t\t\t\t<\/div>\n\t\t\t<\/div>\n\t\t\t\t\t\t\t<div class=\"premium-gallery-item elementor-repeater-item-ef29119 logo premium-gallery-item-hidden\">\n\t\t\t\t<div class=\"pa-gallery-img style2\" onclick=\"\">\n\t\t\t\t\t<div class=\"pa-gallery-img-container\">\n\t\t\t\t\t\t\t\t<img loading=\"lazy\" decoding=\"async\" width=\"2560\" height=\"2560\" src=\"https:\/\/ideasdesign.ch\/wp-content\/uploads\/2020\/11\/logo-marcbaud-scaled.jpg\" class=\"attachment-full size-full wp-image-975\" alt=\"logo-marcbaud\" srcset=\"https:\/\/ideasdesign.ch\/wp-content\/uploads\/2020\/11\/logo-marcbaud-scaled.jpg 2560w, https:\/\/ideasdesign.ch\/wp-content\/uploads\/2020\/11\/logo-marcbaud-300x300.jpg 300w, https:\/\/ideasdesign.ch\/wp-content\/uploads\/2020\/11\/logo-marcbaud-1024x1024.jpg 1024w, https:\/\/ideasdesign.ch\/wp-content\/uploads\/2020\/11\/logo-marcbaud-150x150.jpg 150w, https:\/\/ideasdesign.ch\/wp-content\/uploads\/2020\/11\/logo-marcbaud-768x768.jpg 768w, https:\/\/ideasdesign.ch\/wp-content\/uploads\/2020\/11\/logo-marcbaud-1536x1536.jpg 1536w, https:\/\/ideasdesign.ch\/wp-content\/uploads\/2020\/11\/logo-marcbaud-2048x2048.jpg 2048w\" sizes=\"(max-width: 2560px) 100vw, 2560px\" \/>\t\t\t\t\t\t\t<\/div>\n\t\t\t\t\t\t\t\t\t\t\t<div class=\"pa-gallery-icons-caption-container\">\n\t\t\t\t\t\t\t<div class=\"pa-gallery-icons-caption-cell\">\n\t\t\t\t\t\t\t\t\n\t\t\t\t\t<a class=\"pa-gallery-magnific-image\" href=\"https:\/\/ideasdesign.ch\/wp-content\/uploads\/2020\/11\/logo-marcbaud-scaled.jpg\" data-rel=\"prettyPhoto[premium-grid-290f859]\">\n\t\t\t\t\t\t<span>\n\t\t\t\t\t\t\t<i aria-hidden=\"true\" class=\"fas fa-search\"><\/i>\t\t\t\t\t\t<\/span>\n\t\t\t\t\t<\/a>\n\t\t\t\t\t\t\t\t\t<a class=\"pa-gallery-img-link\" href=\"http:\/\/www.marcbaud.ch\/\" target=\"_blank\">\n\t\t\t\t\t\t<span>\n\t\t\t\t\t\t\t<i aria-hidden=\"true\" class=\"fas fa-link\"><\/i>\t\t\t\t\t\t<\/span>\n\t\t\t\t\t<\/a>\n\t\t\t\t\t\t\t\t<div class=\"premium-gallery-caption\">\n\n\t\t\t\t\t\t\t\t\t<span class=\"premium-gallery-img-name\">Marc Baud<\/span>\n\t\t\t\t\t\t\t\t\t\t<p class=\"premium-gallery-img-desc\">--------<\/br>\nCreation of a logo for the public company Marc Baud, specialist in strong and weak currents since 1971.\n<\/br>\n--------<\/br>\nwww.marcbaud.ch<\/p>\n\t\t\t\t\n\t\t\t<\/div>\n\t\t\t\t\t\t\t\t\t\t<\/div>\n\t\t\t\t\t\t<\/div>\n\t\t\t\t\t\t\t\t\t\t<\/div>\n\t\t\t<\/div>\n\t\t\t\t\t\t\t<div class=\"premium-gallery-item elementor-repeater-item-bed6d04 logo premium-gallery-item-hidden\">\n\t\t\t\t<div class=\"pa-gallery-img style2\" onclick=\"\">\n\t\t\t\t\t<div class=\"pa-gallery-img-container\">\n\t\t\t\t\t\t\t\t<img loading=\"lazy\" decoding=\"async\" width=\"1000\" height=\"1000\" src=\"https:\/\/ideasdesign.ch\/wp-content\/uploads\/2020\/11\/logo_cs.png\" class=\"attachment-full size-full wp-image-1001\" alt=\"logo_cs\" srcset=\"https:\/\/ideasdesign.ch\/wp-content\/uploads\/2020\/11\/logo_cs.png 1000w, https:\/\/ideasdesign.ch\/wp-content\/uploads\/2020\/11\/logo_cs-300x300.png 300w, https:\/\/ideasdesign.ch\/wp-content\/uploads\/2020\/11\/logo_cs-150x150.png 150w, https:\/\/ideasdesign.ch\/wp-content\/uploads\/2020\/11\/logo_cs-768x768.png 768w\" sizes=\"(max-width: 1000px) 100vw, 1000px\" \/>\t\t\t\t\t\t\t<\/div>\n\t\t\t\t\t\t\t\t\t\t\t<div class=\"pa-gallery-icons-caption-container\">\n\t\t\t\t\t\t\t<div class=\"pa-gallery-icons-caption-cell\">\n\t\t\t\t\t\t\t\t\n\t\t\t\t\t<a class=\"pa-gallery-magnific-image\" href=\"https:\/\/ideasdesign.ch\/wp-content\/uploads\/2020\/11\/logo_cs.png\" data-rel=\"prettyPhoto[premium-grid-290f859]\">\n\t\t\t\t\t\t<span>\n\t\t\t\t\t\t\t<i aria-hidden=\"true\" class=\"fas fa-search\"><\/i>\t\t\t\t\t\t<\/span>\n\t\t\t\t\t<\/a>\n\t\t\t\t\t\t\t\t\t<a class=\"pa-gallery-img-link\" href=\"https:\/\/www.caddie-service.ch\" target=\"_blank\">\n\t\t\t\t\t\t<span>\n\t\t\t\t\t\t\t<i aria-hidden=\"true\" class=\"fas fa-link\"><\/i>\t\t\t\t\t\t<\/span>\n\t\t\t\t\t<\/a>\n\t\t\t\t\t\t\t\t<div class=\"premium-gallery-caption\">\n\n\t\t\t\t\t\t\t\t\t<span class=\"premium-gallery-img-name\">Caddie Service<\/span>\n\t\t\t\t\t\t\t\t\t\t<p class=\"premium-gallery-img-desc\">--------<\/br>\nMandate for the association Caddie Service in 2017 to completely change their graphic identity : logo, order form, website and campaign TPG (Geneva Public Transport). Caddy Serivce is a non-profit organization that offers a delivery service at home or office, by electric bike.\n<\/br>\n--------<\/br>\nwww.caddie-service.ch<\/p>\n\t\t\t\t\n\t\t\t<\/div>\n\t\t\t\t\t\t\t\t\t\t<\/div>\n\t\t\t\t\t\t<\/div>\n\t\t\t\t\t\t\t\t\t\t<\/div>\n\t\t\t<\/div>\n\t\t\t\t\t\t\t<div class=\"premium-gallery-item elementor-repeater-item-ec3ba9b logo premium-gallery-item-hidden\">\n\t\t\t\t<div class=\"pa-gallery-img style2\" onclick=\"\">\n\t\t\t\t\t<div class=\"pa-gallery-img-container\">\n\t\t\t\t\t\t\t\t<img loading=\"lazy\" decoding=\"async\" width=\"1000\" height=\"1000\" src=\"https:\/\/ideasdesign.ch\/wp-content\/uploads\/2020\/11\/bavitech.png\" class=\"attachment-full size-full wp-image-990\" alt=\"bavitech\" srcset=\"https:\/\/ideasdesign.ch\/wp-content\/uploads\/2020\/11\/bavitech.png 1000w, https:\/\/ideasdesign.ch\/wp-content\/uploads\/2020\/11\/bavitech-300x300.png 300w, https:\/\/ideasdesign.ch\/wp-content\/uploads\/2020\/11\/bavitech-150x150.png 150w, https:\/\/ideasdesign.ch\/wp-content\/uploads\/2020\/11\/bavitech-768x768.png 768w\" sizes=\"(max-width: 1000px) 100vw, 1000px\" \/>\t\t\t\t\t\t\t<\/div>\n\t\t\t\t\t\t\t\t\t\t\t<div class=\"pa-gallery-icons-caption-container\">\n\t\t\t\t\t\t\t<div class=\"pa-gallery-icons-caption-cell\">\n\t\t\t\t\t\t\t\t\n\t\t\t\t\t<a class=\"pa-gallery-magnific-image\" href=\"https:\/\/ideasdesign.ch\/wp-content\/uploads\/2020\/11\/bavitech.png\" data-rel=\"prettyPhoto[premium-grid-290f859]\">\n\t\t\t\t\t\t<span>\n\t\t\t\t\t\t\t<i aria-hidden=\"true\" class=\"fas fa-search\"><\/i>\t\t\t\t\t\t<\/span>\n\t\t\t\t\t<\/a>\n\t\t\t\t\t\t\t\t\t<a class=\"pa-gallery-img-link\" href=\"http:\/\/www.bavitech.ch\" target=\"_blank\">\n\t\t\t\t\t\t<span>\n\t\t\t\t\t\t\t<i aria-hidden=\"true\" class=\"fas fa-link\"><\/i>\t\t\t\t\t\t<\/span>\n\t\t\t\t\t<\/a>\n\t\t\t\t\t\t\t\t<div class=\"premium-gallery-caption\">\n\n\t\t\t\t\t\t\t\t\t<span class=\"premium-gallery-img-name\">Bavitech SA<\/span>\n\t\t\t\t\t\t\t\t\t\t<p class=\"premium-gallery-img-desc\">--------<\/br>\nAs a new technology integrator based in Geneva, the Bavitch company deals with the fields of telecommunications, security of possesion, people and networks. I made alterations of their logo and different stickers for their company.\n<\/br>\n--------<\/br>\nwww.bavitech.ch<\/p>\n\t\t\t\t\n\t\t\t<\/div>\n\t\t\t\t\t\t\t\t\t\t<\/div>\n\t\t\t\t\t\t<\/div>\n\t\t\t\t\t\t\t\t\t\t<\/div>\n\t\t\t<\/div>\n\t\t\t\t\t\t\t<div class=\"premium-gallery-item elementor-repeater-item-12423bf logo premium-gallery-item-hidden\">\n\t\t\t\t<div class=\"pa-gallery-img style2\" onclick=\"\">\n\t\t\t\t\t<div class=\"pa-gallery-img-container\">\n\t\t\t\t\t\t\t\t<img loading=\"lazy\" decoding=\"async\" width=\"1000\" height=\"1000\" src=\"https:\/\/ideasdesign.ch\/wp-content\/uploads\/2020\/11\/baviloc.png\" class=\"attachment-full size-full wp-image-989\" alt=\"baviloc\" srcset=\"https:\/\/ideasdesign.ch\/wp-content\/uploads\/2020\/11\/baviloc.png 1000w, https:\/\/ideasdesign.ch\/wp-content\/uploads\/2020\/11\/baviloc-300x300.png 300w, https:\/\/ideasdesign.ch\/wp-content\/uploads\/2020\/11\/baviloc-150x150.png 150w, https:\/\/ideasdesign.ch\/wp-content\/uploads\/2020\/11\/baviloc-768x768.png 768w\" sizes=\"(max-width: 1000px) 100vw, 1000px\" \/>\t\t\t\t\t\t\t<\/div>\n\t\t\t\t\t\t\t\t\t\t\t<div class=\"pa-gallery-icons-caption-container\">\n\t\t\t\t\t\t\t<div class=\"pa-gallery-icons-caption-cell\">\n\t\t\t\t\t\t\t\t\n\t\t\t\t\t<a class=\"pa-gallery-magnific-image\" href=\"https:\/\/ideasdesign.ch\/wp-content\/uploads\/2020\/11\/baviloc.png\" data-rel=\"prettyPhoto[premium-grid-290f859]\">\n\t\t\t\t\t\t<span>\n\t\t\t\t\t\t\t<i aria-hidden=\"true\" class=\"fas fa-search\"><\/i>\t\t\t\t\t\t<\/span>\n\t\t\t\t\t<\/a>\n\t\t\t\t\t\t\t\t\t<a class=\"pa-gallery-img-link\" href=\"https:\/\/bavitech.ch\/protection-des-personnes-pti\/\" target=\"_blank\">\n\t\t\t\t\t\t<span>\n\t\t\t\t\t\t\t<i aria-hidden=\"true\" class=\"fas fa-link\"><\/i>\t\t\t\t\t\t<\/span>\n\t\t\t\t\t<\/a>\n\t\t\t\t\t\t\t\t<div class=\"premium-gallery-caption\">\n\n\t\t\t\t\t\t\t\t\t<span class=\"premium-gallery-img-name\">Baviloc SA<\/span>\n\t\t\t\t\t\t\t\t\t\t<p class=\"premium-gallery-img-desc\">--------<\/br>\nBavilock is a trademark of Bavitech SA , a new technology integrator based in Geneva. The Bavitch company deals with the fields of telecommunications, security of possesion, people and networks. I made alterations of their logo and different stickers for their company.\n<\/br>\n--------<\/br>\nwww.bavitech.ch\/protection-des-personnes-pti\/<\/p>\n\t\t\t\t\n\t\t\t<\/div>\n\t\t\t\t\t\t\t\t\t\t<\/div>\n\t\t\t\t\t\t<\/div>\n\t\t\t\t\t\t\t\t\t\t<\/div>\n\t\t\t<\/div>\n\t\t\t\t\t\t\t<div class=\"premium-gallery-item elementor-repeater-item-a406e7d logo premium-gallery-item-hidden\">\n\t\t\t\t<div class=\"pa-gallery-img style2\" onclick=\"\">\n\t\t\t\t\t<div class=\"pa-gallery-img-container\">\n\t\t\t\t\t\t\t\t<img loading=\"lazy\" decoding=\"async\" width=\"2560\" height=\"2560\" src=\"https:\/\/ideasdesign.ch\/wp-content\/uploads\/2020\/11\/logo_californian-scaled.jpg\" class=\"attachment-full size-full wp-image-1009\" alt=\"\" srcset=\"https:\/\/ideasdesign.ch\/wp-content\/uploads\/2020\/11\/logo_californian-scaled.jpg 2560w, https:\/\/ideasdesign.ch\/wp-content\/uploads\/2020\/11\/logo_californian-300x300.jpg 300w, https:\/\/ideasdesign.ch\/wp-content\/uploads\/2020\/11\/logo_californian-1024x1024.jpg 1024w, https:\/\/ideasdesign.ch\/wp-content\/uploads\/2020\/11\/logo_californian-150x150.jpg 150w, https:\/\/ideasdesign.ch\/wp-content\/uploads\/2020\/11\/logo_californian-768x768.jpg 768w, https:\/\/ideasdesign.ch\/wp-content\/uploads\/2020\/11\/logo_californian-1536x1536.jpg 1536w, https:\/\/ideasdesign.ch\/wp-content\/uploads\/2020\/11\/logo_californian-2048x2048.jpg 2048w\" sizes=\"(max-width: 2560px) 100vw, 2560px\" \/>\t\t\t\t\t\t\t<\/div>\n\t\t\t\t\t\t\t\t\t\t\t<div class=\"pa-gallery-icons-caption-container\">\n\t\t\t\t\t\t\t<div class=\"pa-gallery-icons-caption-cell\">\n\t\t\t\t\t\t\t\t\n\t\t\t\t\t<a class=\"pa-gallery-magnific-image\" href=\"https:\/\/ideasdesign.ch\/wp-content\/uploads\/2020\/11\/logo_californian-scaled.jpg\" data-rel=\"prettyPhoto[premium-grid-290f859]\">\n\t\t\t\t\t\t<span>\n\t\t\t\t\t\t\t<i aria-hidden=\"true\" class=\"fas fa-search\"><\/i>\t\t\t\t\t\t<\/span>\n\t\t\t\t\t<\/a>\n\t\t\t\t\t\t\t\t\t<a class=\"pa-gallery-img-link\" href=\"https:\/\/californian-living.com\/\" target=\"_blank\">\n\t\t\t\t\t\t<span>\n\t\t\t\t\t\t\t<i aria-hidden=\"true\" class=\"fas fa-link\"><\/i>\t\t\t\t\t\t<\/span>\n\t\t\t\t\t<\/a>\n\t\t\t\t\t\t\t\t<div class=\"premium-gallery-caption\">\n\n\t\t\t\t\t\t\t\t\t<span class=\"premium-gallery-img-name\">Californian Living<\/span>\n\t\t\t\t\t\t\t\t\t\t<p class=\"premium-gallery-img-desc\">--------<\/br>\nI was mandated in 2018 to create the graphic identity of a new company specializing in the sale of luxury rugs. I created its logo and identity card, as well as the carpet labels.\n<\/br>\n--------<\/br>\nwww.californian-living.com<\/p>\n\t\t\t\t\n\t\t\t<\/div>\n\t\t\t\t\t\t\t\t\t\t<\/div>\n\t\t\t\t\t\t<\/div>\n\t\t\t\t\t\t\t\t\t\t<\/div>\n\t\t\t<\/div>\n\t\t\t\t\t\t\t<div class=\"premium-gallery-item elementor-repeater-item-ad4bcc0 logo premium-gallery-item-hidden\">\n\t\t\t\t<div class=\"pa-gallery-img style2\" onclick=\"\">\n\t\t\t\t\t<div class=\"pa-gallery-img-container\">\n\t\t\t\t\t\t\t\t<img loading=\"lazy\" decoding=\"async\" width=\"500\" height=\"500\" src=\"https:\/\/ideasdesign.ch\/wp-content\/uploads\/2020\/11\/eclipse1_grand.png\" class=\"attachment-full size-full wp-image-982\" alt=\"eclipse logo\" srcset=\"https:\/\/ideasdesign.ch\/wp-content\/uploads\/2020\/11\/eclipse1_grand.png 500w, https:\/\/ideasdesign.ch\/wp-content\/uploads\/2020\/11\/eclipse1_grand-300x300.png 300w, https:\/\/ideasdesign.ch\/wp-content\/uploads\/2020\/11\/eclipse1_grand-150x150.png 150w\" sizes=\"(max-width: 500px) 100vw, 500px\" \/>\t\t\t\t\t\t\t<\/div>\n\t\t\t\t\t\t\t\t\t\t\t<div class=\"pa-gallery-icons-caption-container\">\n\t\t\t\t\t\t\t<div class=\"pa-gallery-icons-caption-cell\">\n\t\t\t\t\t\t\t\t\n\t\t\t\t\t<a class=\"pa-gallery-magnific-image\" href=\"https:\/\/ideasdesign.ch\/wp-content\/uploads\/2020\/11\/eclipse1_grand.png\" data-rel=\"prettyPhoto[premium-grid-290f859]\">\n\t\t\t\t\t\t<span>\n\t\t\t\t\t\t\t<i aria-hidden=\"true\" class=\"fas fa-search\"><\/i>\t\t\t\t\t\t<\/span>\n\t\t\t\t\t<\/a>\n\t\t\t\t\t\t\t<div class=\"premium-gallery-caption\">\n\n\t\t\t\t\t\t\t\t\t<span class=\"premium-gallery-img-name\">Eclipse bar<\/span>\n\t\t\t\t\t\t\t\t\t\t<p class=\"premium-gallery-img-desc\">--------<\/br>\nThe Eclipse bar in Geneva create a competition to change their graphic identity. This logo was the winner. The bar is located at rue du Fort-Barreau 21, above the Geneva train station.<\/p>\n\t\t\t\t\n\t\t\t<\/div>\n\t\t\t\t\t\t\t\t\t\t<\/div>\n\t\t\t\t\t\t<\/div>\n\t\t\t\t\t\t\t\t\t\t<\/div>\n\t\t\t<\/div>\n\t\t\t\t\t\t\t<div class=\"premium-gallery-item elementor-repeater-item-6d0ea65 logo premium-gallery-item-hidden\">\n\t\t\t\t<div class=\"pa-gallery-img style2\" onclick=\"\">\n\t\t\t\t\t<div class=\"pa-gallery-img-container\">\n\t\t\t\t\t\t\t\t<img loading=\"lazy\" decoding=\"async\" width=\"1024\" height=\"1024\" src=\"https:\/\/ideasdesign.ch\/wp-content\/uploads\/2020\/11\/foule_2-1024x1024-1.jpg\" class=\"attachment-full size-full wp-image-1000\" alt=\"party project\" srcset=\"https:\/\/ideasdesign.ch\/wp-content\/uploads\/2020\/11\/foule_2-1024x1024-1.jpg 1024w, https:\/\/ideasdesign.ch\/wp-content\/uploads\/2020\/11\/foule_2-1024x1024-1-300x300.jpg 300w, https:\/\/ideasdesign.ch\/wp-content\/uploads\/2020\/11\/foule_2-1024x1024-1-150x150.jpg 150w, https:\/\/ideasdesign.ch\/wp-content\/uploads\/2020\/11\/foule_2-1024x1024-1-768x768.jpg 768w\" sizes=\"(max-width: 1024px) 100vw, 1024px\" \/>\t\t\t\t\t\t\t<\/div>\n\t\t\t\t\t\t\t\t\t\t\t<div class=\"pa-gallery-icons-caption-container\">\n\t\t\t\t\t\t\t<div class=\"pa-gallery-icons-caption-cell\">\n\t\t\t\t\t\t\t\t\n\t\t\t\t\t<a class=\"pa-gallery-magnific-image\" href=\"https:\/\/ideasdesign.ch\/wp-content\/uploads\/2020\/11\/foule_2-1024x1024-1.jpg\" data-rel=\"prettyPhoto[premium-grid-290f859]\">\n\t\t\t\t\t\t<span>\n\t\t\t\t\t\t\t<i aria-hidden=\"true\" class=\"fas fa-search\"><\/i>\t\t\t\t\t\t<\/span>\n\t\t\t\t\t<\/a>\n\t\t\t\t\t\t\t<div class=\"premium-gallery-caption\">\n\n\t\t\t\t\t\t\t\t\t<span class=\"premium-gallery-img-name\">Party Project<\/span>\n\t\t\t\t\t\t\t\t\t\t<p class=\"premium-gallery-img-desc\">--------<\/br>\nMandated by the association Party Project of Geneva, I realized their site, their logo, their flyer and posters, as well as various campaigns on the social networks. Party Project is a non-profit organization offering a full service organization of events for private or company. Party Project is collaborating with a large number of music bands, DJ's, graphic artists and artists available to its customers.<\/p>\n\t\t\t\t\n\t\t\t<\/div>\n\t\t\t\t\t\t\t\t\t\t<\/div>\n\t\t\t\t\t\t<\/div>\n\t\t\t\t\t\t\t\t\t\t<\/div>\n\t\t\t<\/div>\n\t\t\t\t\t\t\t<div class=\"premium-gallery-item elementor-repeater-item-f02f394 logo premium-gallery-item-hidden\">\n\t\t\t\t<div class=\"pa-gallery-img style2\" onclick=\"\">\n\t\t\t\t\t<div class=\"pa-gallery-img-container\">\n\t\t\t\t\t\t\t\t<img loading=\"lazy\" decoding=\"async\" width=\"780\" height=\"765\" src=\"https:\/\/ideasdesign.ch\/wp-content\/uploads\/2020\/11\/logo-1-e1605809622171.png\" class=\"attachment-full size-full wp-image-992\" alt=\"2Girls1Game logo\" srcset=\"https:\/\/ideasdesign.ch\/wp-content\/uploads\/2020\/11\/logo-1-e1605809622171.png 780w, https:\/\/ideasdesign.ch\/wp-content\/uploads\/2020\/11\/logo-1-e1605809622171-300x294.png 300w, https:\/\/ideasdesign.ch\/wp-content\/uploads\/2020\/11\/logo-1-e1605809622171-768x753.png 768w\" sizes=\"(max-width: 780px) 100vw, 780px\" \/>\t\t\t\t\t\t\t<\/div>\n\t\t\t\t\t\t\t\t\t\t\t<div class=\"pa-gallery-icons-caption-container\">\n\t\t\t\t\t\t\t<div class=\"pa-gallery-icons-caption-cell\">\n\t\t\t\t\t\t\t\t\n\t\t\t\t\t<a class=\"pa-gallery-magnific-image\" href=\"https:\/\/ideasdesign.ch\/wp-content\/uploads\/2020\/11\/logo-1.png\" data-rel=\"prettyPhoto[premium-grid-290f859]\">\n\t\t\t\t\t\t<span>\n\t\t\t\t\t\t\t<i aria-hidden=\"true\" class=\"fas fa-search\"><\/i>\t\t\t\t\t\t<\/span>\n\t\t\t\t\t<\/a>\n\t\t\t\t\t\t\t\t\t<a class=\"pa-gallery-img-link\" href=\"http:\/\/www.geordie-vial.fr\/\" target=\"_blank\">\n\t\t\t\t\t\t<span>\n\t\t\t\t\t\t\t<i aria-hidden=\"true\" class=\"fas fa-link\"><\/i>\t\t\t\t\t\t<\/span>\n\t\t\t\t\t<\/a>\n\t\t\t\t\t\t\t\t<div class=\"premium-gallery-caption\">\n\n\t\t\t\t\t\t\t\t\t<span class=\"premium-gallery-img-name\">2Girls1Game<\/span>\n\t\t\t\t\t\t\t\t\t\t<p class=\"premium-gallery-img-desc\">--------<\/br>\nRealization of a logo as part of a competition for the RTS with as theme a web series. This series would talk about the friendship between two very different girls playing video games together. I have the role of director, producer and editor of this project.<\/br>\nThe competition has not been won, but the project is still relevant.<\/p>\n\t\t\t\t\n\t\t\t<\/div>\n\t\t\t\t\t\t\t\t\t\t<\/div>\n\t\t\t\t\t\t<\/div>\n\t\t\t\t\t\t\t\t\t\t<\/div>\n\t\t\t<\/div>\n\t\t\t\t\t\t\t<div class=\"premium-gallery-item elementor-repeater-item-b6a1980 logo premium-gallery-item-hidden\">\n\t\t\t\t<div class=\"pa-gallery-img style2\" onclick=\"\">\n\t\t\t\t\t<div class=\"pa-gallery-img-container\">\n\t\t\t\t\t\t\t\t<img loading=\"lazy\" decoding=\"async\" width=\"1000\" height=\"1000\" src=\"https:\/\/ideasdesign.ch\/wp-content\/uploads\/2020\/11\/logo_eveflirt.jpg\" class=\"attachment-full size-full wp-image-985\" alt=\"eveflirt\" srcset=\"https:\/\/ideasdesign.ch\/wp-content\/uploads\/2020\/11\/logo_eveflirt.jpg 1000w, https:\/\/ideasdesign.ch\/wp-content\/uploads\/2020\/11\/logo_eveflirt-300x300.jpg 300w, https:\/\/ideasdesign.ch\/wp-content\/uploads\/2020\/11\/logo_eveflirt-150x150.jpg 150w, https:\/\/ideasdesign.ch\/wp-content\/uploads\/2020\/11\/logo_eveflirt-768x768.jpg 768w\" sizes=\"(max-width: 1000px) 100vw, 1000px\" \/>\t\t\t\t\t\t\t<\/div>\n\t\t\t\t\t\t\t\t\t\t\t<div class=\"pa-gallery-icons-caption-container\">\n\t\t\t\t\t\t\t<div class=\"pa-gallery-icons-caption-cell\">\n\t\t\t\t\t\t\t\t\n\t\t\t\t\t<a class=\"pa-gallery-magnific-image\" href=\"https:\/\/ideasdesign.ch\/wp-content\/uploads\/2020\/11\/logo_eveflirt.jpg\" data-rel=\"prettyPhoto[premium-grid-290f859]\">\n\t\t\t\t\t\t<span>\n\t\t\t\t\t\t\t<i aria-hidden=\"true\" class=\"fas fa-search\"><\/i>\t\t\t\t\t\t<\/span>\n\t\t\t\t\t<\/a>\n\t\t\t\t\t\t\t\t\t<a class=\"pa-gallery-img-link\" href=\"http:\/\/www.eveflirt.com\" target=\"_blank\">\n\t\t\t\t\t\t<span>\n\t\t\t\t\t\t\t<i aria-hidden=\"true\" class=\"fas fa-link\"><\/i>\t\t\t\t\t\t<\/span>\n\t\t\t\t\t<\/a>\n\t\t\t\t\t\t\t\t<div class=\"premium-gallery-caption\">\n\n\t\t\t\t\t\t\t\t\t<span class=\"premium-gallery-img-name\">Eveflirt <\/span>\n\t\t\t\t\t\t\t\t\t\t<p class=\"premium-gallery-img-desc\">--------<\/br>\nCreating of a soft logo for the dating website Eveflirt, based in France, in 2017.\n<\/br>\n--------<\/br>\nwww.eveflirt.com<\/p>\n\t\t\t\t\n\t\t\t<\/div>\n\t\t\t\t\t\t\t\t\t\t<\/div>\n\t\t\t\t\t\t<\/div>\n\t\t\t\t\t\t\t\t\t\t<\/div>\n\t\t\t<\/div>\n\t\t\t\t\t\t\t<div class=\"premium-gallery-item elementor-repeater-item-cd20882 logo premium-gallery-item-hidden\">\n\t\t\t\t<div class=\"pa-gallery-img style2\" onclick=\"\">\n\t\t\t\t\t<div class=\"pa-gallery-img-container\">\n\t\t\t\t\t\t\t\t<img loading=\"lazy\" decoding=\"async\" width=\"1024\" height=\"1024\" src=\"https:\/\/ideasdesign.ch\/wp-content\/uploads\/2020\/11\/simba_logo_image-1024x1024-1.jpg\" class=\"attachment-full size-full wp-image-803\" alt=\"simba_logo\" srcset=\"https:\/\/ideasdesign.ch\/wp-content\/uploads\/2020\/11\/simba_logo_image-1024x1024-1.jpg 1024w, https:\/\/ideasdesign.ch\/wp-content\/uploads\/2020\/11\/simba_logo_image-1024x1024-1-300x300.jpg 300w, https:\/\/ideasdesign.ch\/wp-content\/uploads\/2020\/11\/simba_logo_image-1024x1024-1-150x150.jpg 150w, https:\/\/ideasdesign.ch\/wp-content\/uploads\/2020\/11\/simba_logo_image-1024x1024-1-768x768.jpg 768w\" sizes=\"(max-width: 1024px) 100vw, 1024px\" \/>\t\t\t\t\t\t\t<\/div>\n\t\t\t\t\t\t\t\t\t\t\t<div class=\"pa-gallery-icons-caption-container\">\n\t\t\t\t\t\t\t<div class=\"pa-gallery-icons-caption-cell\">\n\t\t\t\t\t\t\t\t\n\t\t\t\t\t<a class=\"pa-gallery-magnific-image\" href=\"https:\/\/ideasdesign.ch\/wp-content\/uploads\/2020\/11\/simba_logo_image-1024x1024-1.jpg\" data-rel=\"prettyPhoto[premium-grid-290f859]\">\n\t\t\t\t\t\t<span>\n\t\t\t\t\t\t\t<i aria-hidden=\"true\" class=\"fas fa-search\"><\/i>\t\t\t\t\t\t<\/span>\n\t\t\t\t\t<\/a>\n\t\t\t\t\t\t\t\t\t<a class=\"pa-gallery-img-link\" href=\"https:\/\/simba-digital.ch\/\" target=\"_blank\">\n\t\t\t\t\t\t<span>\n\t\t\t\t\t\t\t<i aria-hidden=\"true\" class=\"fas fa-link\"><\/i>\t\t\t\t\t\t<\/span>\n\t\t\t\t\t<\/a>\n\t\t\t\t\t\t\t\t<div class=\"premium-gallery-caption\">\n\n\t\t\t\t\t\t\t\t\t<span class=\"premium-gallery-img-name\">Simba Digital S\u00e0rl<\/span>\n\t\t\t\t\t\t\t\t\t\t<p class=\"premium-gallery-img-desc\">--------<\/br>\nCreation of a logo for the new digital company Simba S\u00e0rl, expert in SEO and business optimization.\n<\/br>\n--------<\/br>\nwww.simba-digital.ch<\/p>\n\t\t\t\t\n\t\t\t<\/div>\n\t\t\t\t\t\t\t\t\t\t<\/div>\n\t\t\t\t\t\t<\/div>\n\t\t\t\t\t\t\t\t\t\t<\/div>\n\t\t\t<\/div>\n\t\t\t\t\t\t\t<div class=\"premium-gallery-item elementor-repeater-item-80362dc logo premium-gallery-item-hidden\">\n\t\t\t\t<div class=\"pa-gallery-img style2\" onclick=\"\">\n\t\t\t\t\t<div class=\"pa-gallery-img-container\">\n\t\t\t\t\t\t\t\t<img loading=\"lazy\" decoding=\"async\" width=\"1024\" height=\"1024\" src=\"https:\/\/ideasdesign.ch\/wp-content\/uploads\/2020\/11\/taccess-1024x1024-1.jpg\" class=\"attachment-full size-full wp-image-997\" alt=\"taccess\" srcset=\"https:\/\/ideasdesign.ch\/wp-content\/uploads\/2020\/11\/taccess-1024x1024-1.jpg 1024w, https:\/\/ideasdesign.ch\/wp-content\/uploads\/2020\/11\/taccess-1024x1024-1-300x300.jpg 300w, https:\/\/ideasdesign.ch\/wp-content\/uploads\/2020\/11\/taccess-1024x1024-1-150x150.jpg 150w, https:\/\/ideasdesign.ch\/wp-content\/uploads\/2020\/11\/taccess-1024x1024-1-768x768.jpg 768w\" sizes=\"(max-width: 1024px) 100vw, 1024px\" \/>\t\t\t\t\t\t\t<\/div>\n\t\t\t\t\t\t\t\t\t\t\t<div class=\"pa-gallery-icons-caption-container\">\n\t\t\t\t\t\t\t<div class=\"pa-gallery-icons-caption-cell\">\n\t\t\t\t\t\t\t\t\n\t\t\t\t\t<a class=\"pa-gallery-magnific-image\" href=\"https:\/\/ideasdesign.ch\/wp-content\/uploads\/2020\/11\/taccess-1024x1024-1.jpg\" data-rel=\"prettyPhoto[premium-grid-290f859]\">\n\t\t\t\t\t\t<span>\n\t\t\t\t\t\t\t<i aria-hidden=\"true\" class=\"fas fa-search\"><\/i>\t\t\t\t\t\t<\/span>\n\t\t\t\t\t<\/a>\n\t\t\t\t\t\t\t<div class=\"premium-gallery-caption\">\n\n\t\t\t\t\t\t\t\t\t<span class=\"premium-gallery-img-name\">TAccess Programm<\/span>\n\t\t\t\t\t\t\t\t\t\t<p class=\"premium-gallery-img-desc\">--------<\/br>\nCreation of a logo for a new program. TAccess is a software for sale that allows you to run software on any desktop (Smartphone, Mac, Windows) on a computer in a datacenter, invented by Edouard Campos.<\/p>\n\t\t\t\t\n\t\t\t<\/div>\n\t\t\t\t\t\t\t\t\t\t<\/div>\n\t\t\t\t\t\t<\/div>\n\t\t\t\t\t\t\t\t\t\t<\/div>\n\t\t\t<\/div>\n\t\t\t\t\t\t\t<div class=\"premium-gallery-item elementor-repeater-item-0e7d9d0 logo premium-gallery-item-hidden\">\n\t\t\t\t<div class=\"pa-gallery-img style2\" onclick=\"\">\n\t\t\t\t\t<div class=\"pa-gallery-img-container\">\n\t\t\t\t\t\t\t\t<img loading=\"lazy\" decoding=\"async\" width=\"448\" height=\"449\" src=\"https:\/\/ideasdesign.ch\/wp-content\/uploads\/2020\/11\/logo-2.png\" class=\"attachment-full size-full wp-image-993\" alt=\"logo-gv\" srcset=\"https:\/\/ideasdesign.ch\/wp-content\/uploads\/2020\/11\/logo-2.png 448w, https:\/\/ideasdesign.ch\/wp-content\/uploads\/2020\/11\/logo-2-300x300.png 300w, https:\/\/ideasdesign.ch\/wp-content\/uploads\/2020\/11\/logo-2-150x150.png 150w\" sizes=\"(max-width: 448px) 100vw, 448px\" \/>\t\t\t\t\t\t\t<\/div>\n\t\t\t\t\t\t\t\t\t\t\t<div class=\"pa-gallery-icons-caption-container\">\n\t\t\t\t\t\t\t<div class=\"pa-gallery-icons-caption-cell\">\n\t\t\t\t\t\t\t\t\n\t\t\t\t\t<a class=\"pa-gallery-magnific-image\" href=\"https:\/\/ideasdesign.ch\/wp-content\/uploads\/2020\/11\/logo-2.png\" data-rel=\"prettyPhoto[premium-grid-290f859]\">\n\t\t\t\t\t\t<span>\n\t\t\t\t\t\t\t<i aria-hidden=\"true\" class=\"fas fa-search\"><\/i>\t\t\t\t\t\t<\/span>\n\t\t\t\t\t<\/a>\n\t\t\t\t\t\t\t\t\t<a class=\"pa-gallery-img-link\" href=\"http:\/\/www.geordie-vial.fr\/\" target=\"_blank\">\n\t\t\t\t\t\t<span>\n\t\t\t\t\t\t\t<i aria-hidden=\"true\" class=\"fas fa-link\"><\/i>\t\t\t\t\t\t<\/span>\n\t\t\t\t\t<\/a>\n\t\t\t\t\t\t\t\t<div class=\"premium-gallery-caption\">\n\n\t\t\t\t\t\t\t\t\t<span class=\"premium-gallery-img-name\">Geordie VIAL<\/span>\n\t\t\t\t\t\t\t\t\t\t<p class=\"premium-gallery-img-desc\">--------<\/br>\nCreation of a logo for the website of the expert developer Geordie Vial. The logo is inspired by the symbols of the code.\n<\/br>\n--------<\/br>\nwww.geordie-vial.fr<\/p>\n\t\t\t\t\n\t\t\t<\/div>\n\t\t\t\t\t\t\t\t\t\t<\/div>\n\t\t\t\t\t\t<\/div>\n\t\t\t\t\t\t\t\t\t\t<\/div>\n\t\t\t<\/div>\n\t\t\t\t\t\t\t<div class=\"premium-gallery-item elementor-repeater-item-22b7dd1 logo premium-gallery-item-hidden\">\n\t\t\t\t<div class=\"pa-gallery-img style2\" onclick=\"\">\n\t\t\t\t\t<div class=\"pa-gallery-img-container\">\n\t\t\t\t\t\t\t\t<img loading=\"lazy\" decoding=\"async\" width=\"1000\" height=\"1000\" src=\"https:\/\/ideasdesign.ch\/wp-content\/uploads\/2020\/11\/recovery.jpg\" class=\"attachment-full size-full wp-image-991\" alt=\"recovery\" srcset=\"https:\/\/ideasdesign.ch\/wp-content\/uploads\/2020\/11\/recovery.jpg 1000w, https:\/\/ideasdesign.ch\/wp-content\/uploads\/2020\/11\/recovery-300x300.jpg 300w, https:\/\/ideasdesign.ch\/wp-content\/uploads\/2020\/11\/recovery-150x150.jpg 150w, https:\/\/ideasdesign.ch\/wp-content\/uploads\/2020\/11\/recovery-768x768.jpg 768w\" sizes=\"(max-width: 1000px) 100vw, 1000px\" \/>\t\t\t\t\t\t\t<\/div>\n\t\t\t\t\t\t\t\t\t\t\t<div class=\"pa-gallery-icons-caption-container\">\n\t\t\t\t\t\t\t<div class=\"pa-gallery-icons-caption-cell\">\n\t\t\t\t\t\t\t\t\n\t\t\t\t\t<a class=\"pa-gallery-magnific-image\" href=\"https:\/\/ideasdesign.ch\/wp-content\/uploads\/2020\/11\/recovery.jpg\" data-rel=\"prettyPhoto[premium-grid-290f859]\">\n\t\t\t\t\t\t<span>\n\t\t\t\t\t\t\t<i aria-hidden=\"true\" class=\"fas fa-search\"><\/i>\t\t\t\t\t\t<\/span>\n\t\t\t\t\t<\/a>\n\t\t\t\t\t\t\t\t\t<a class=\"pa-gallery-img-link\" href=\"https:\/\/www.facebook.com\/Recovery-958927594245298\/\" target=\"_blank\">\n\t\t\t\t\t\t<span>\n\t\t\t\t\t\t\t<i aria-hidden=\"true\" class=\"fas fa-link\"><\/i>\t\t\t\t\t\t<\/span>\n\t\t\t\t\t<\/a>\n\t\t\t\t\t\t\t\t<div class=\"premium-gallery-caption\">\n\n\t\t\t\t\t\t\t\t\t<span class=\"premium-gallery-img-name\">Recovery Band<\/span>\n\t\t\t\t\t\t\t\t\t\t<p class=\"premium-gallery-img-desc\">--------<\/br>\nRecovery is a rock band from Geneva, specializing in song cover. Numerous concerts are planned from the end of 2017. I take care of their Facebook page, their business cards and their videos.\n<\/br>\n--------<\/br>\nwww.facebook.com\/Recovery<\/p>\n\t\t\t\t\n\t\t\t<\/div>\n\t\t\t\t\t\t\t\t\t\t<\/div>\n\t\t\t\t\t\t<\/div>\n\t\t\t\t\t\t\t\t\t\t<\/div>\n\t\t\t<\/div>\n\t\t\t\t\t\t\t<div class=\"premium-gallery-item elementor-repeater-item-00131a4 logo premium-gallery-item-hidden\">\n\t\t\t\t<div class=\"pa-gallery-img style2\" onclick=\"\">\n\t\t\t\t\t<div class=\"pa-gallery-img-container\">\n\t\t\t\t\t\t\t\t<img loading=\"lazy\" decoding=\"async\" width=\"1000\" height=\"1000\" src=\"https:\/\/ideasdesign.ch\/wp-content\/uploads\/2020\/11\/electrohome-1.png\" class=\"attachment-full size-full wp-image-999\" alt=\"electrohome\" srcset=\"https:\/\/ideasdesign.ch\/wp-content\/uploads\/2020\/11\/electrohome-1.png 1000w, https:\/\/ideasdesign.ch\/wp-content\/uploads\/2020\/11\/electrohome-1-300x300.png 300w, https:\/\/ideasdesign.ch\/wp-content\/uploads\/2020\/11\/electrohome-1-150x150.png 150w, https:\/\/ideasdesign.ch\/wp-content\/uploads\/2020\/11\/electrohome-1-768x768.png 768w\" sizes=\"(max-width: 1000px) 100vw, 1000px\" \/>\t\t\t\t\t\t\t<\/div>\n\t\t\t\t\t\t\t\t\t\t\t<div class=\"pa-gallery-icons-caption-container\">\n\t\t\t\t\t\t\t<div class=\"pa-gallery-icons-caption-cell\">\n\t\t\t\t\t\t\t\t\n\t\t\t\t\t<a class=\"pa-gallery-magnific-image\" href=\"https:\/\/ideasdesign.ch\/wp-content\/uploads\/2020\/11\/electrohome-1.png\" data-rel=\"prettyPhoto[premium-grid-290f859]\">\n\t\t\t\t\t\t<span>\n\t\t\t\t\t\t\t<i aria-hidden=\"true\" class=\"fas fa-search\"><\/i>\t\t\t\t\t\t<\/span>\n\t\t\t\t\t<\/a>\n\t\t\t\t\t\t\t\t\t<a class=\"pa-gallery-img-link\" href=\"http:\/\/www.cjelectrohome.ch\/\" target=\"_blank\">\n\t\t\t\t\t\t<span>\n\t\t\t\t\t\t\t<i aria-hidden=\"true\" class=\"fas fa-link\"><\/i>\t\t\t\t\t\t<\/span>\n\t\t\t\t\t<\/a>\n\t\t\t\t\t\t\t\t<div class=\"premium-gallery-caption\">\n\n\t\t\t\t\t\t\t\t\t<span class=\"premium-gallery-img-name\">ElectroHome SA<\/span>\n\t\t\t\t\t\t\t\t\t\t<p class=\"premium-gallery-img-desc\">--------<\/br>\nElectroHome is a general electricity company based in Geneva. I was mandated by her in the creation of their new logo, as well as their business card.\n<\/br>\n--------<\/br>\nwww.cjelectrohome.ch<\/p>\n\t\t\t\t\n\t\t\t<\/div>\n\t\t\t\t\t\t\t\t\t\t<\/div>\n\t\t\t\t\t\t<\/div>\n\t\t\t\t\t\t\t\t\t\t<\/div>\n\t\t\t<\/div>\n\t\t\t\t\t\t\t<div class=\"premium-gallery-item elementor-repeater-item-9a42158 logo premium-gallery-item-hidden\">\n\t\t\t\t<div class=\"pa-gallery-img style2\" onclick=\"\">\n\t\t\t\t\t<div class=\"pa-gallery-img-container\">\n\t\t\t\t\t\t\t\t<img loading=\"lazy\" decoding=\"async\" width=\"1024\" height=\"1024\" src=\"https:\/\/ideasdesign.ch\/wp-content\/uploads\/2020\/11\/EEKO-1024x1024-1.jpg\" class=\"attachment-full size-full wp-image-995\" alt=\"EEKO\" srcset=\"https:\/\/ideasdesign.ch\/wp-content\/uploads\/2020\/11\/EEKO-1024x1024-1.jpg 1024w, https:\/\/ideasdesign.ch\/wp-content\/uploads\/2020\/11\/EEKO-1024x1024-1-300x300.jpg 300w, https:\/\/ideasdesign.ch\/wp-content\/uploads\/2020\/11\/EEKO-1024x1024-1-150x150.jpg 150w, https:\/\/ideasdesign.ch\/wp-content\/uploads\/2020\/11\/EEKO-1024x1024-1-768x768.jpg 768w\" sizes=\"(max-width: 1024px) 100vw, 1024px\" \/>\t\t\t\t\t\t\t<\/div>\n\t\t\t\t\t\t\t\t\t\t\t<div class=\"pa-gallery-icons-caption-container\">\n\t\t\t\t\t\t\t<div class=\"pa-gallery-icons-caption-cell\">\n\t\t\t\t\t\t\t\t\n\t\t\t\t\t<a class=\"pa-gallery-magnific-image\" href=\"https:\/\/ideasdesign.ch\/wp-content\/uploads\/2020\/11\/EEKO-1024x1024-1.jpg\" data-rel=\"prettyPhoto[premium-grid-290f859]\">\n\t\t\t\t\t\t<span>\n\t\t\t\t\t\t\t<i aria-hidden=\"true\" class=\"fas fa-search\"><\/i>\t\t\t\t\t\t<\/span>\n\t\t\t\t\t<\/a>\n\t\t\t\t\t\t\t\t\t<a class=\"pa-gallery-img-link\" href=\"https:\/\/eekobottle.com\/\" target=\"_blank\">\n\t\t\t\t\t\t<span>\n\t\t\t\t\t\t\t<i aria-hidden=\"true\" class=\"fas fa-link\"><\/i>\t\t\t\t\t\t<\/span>\n\t\t\t\t\t<\/a>\n\t\t\t\t\t\t\t\t<div class=\"premium-gallery-caption\">\n\n\t\t\t\t\t\t\t\t\t<span class=\"premium-gallery-img-name\">Eeko<\/span>\n\t\t\t\t\t\t\t\t\t\t<p class=\"premium-gallery-img-desc\">--------<\/br>\nI was commissioned by Eeko to create their logo. The EEKO bottle is a reusable bottle to knock out the consumption of PET. Very practical design, our bottle retracts in a hand to adapt to any environment.\n--------<\/br>\neekobottle.com<\/p>\n\t\t\t\t\n\t\t\t<\/div>\n\t\t\t\t\t\t\t\t\t\t<\/div>\n\t\t\t\t\t\t<\/div>\n\t\t\t\t\t\t\t\t\t\t<\/div>\n\t\t\t<\/div>\n\t\t\t\t\t\t\t<div class=\"premium-gallery-item elementor-repeater-item-a183202 logo premium-gallery-item-hidden\">\n\t\t\t\t<div class=\"pa-gallery-img style2\" onclick=\"\">\n\t\t\t\t\t<div class=\"pa-gallery-img-container\">\n\t\t\t\t\t\t\t\t<img loading=\"lazy\" decoding=\"async\" width=\"1024\" height=\"1024\" src=\"https:\/\/ideasdesign.ch\/wp-content\/uploads\/2020\/11\/logo_edoor-1024x1024-1.jpg\" class=\"attachment-full size-full wp-image-994\" alt=\"logo_edoor\" srcset=\"https:\/\/ideasdesign.ch\/wp-content\/uploads\/2020\/11\/logo_edoor-1024x1024-1.jpg 1024w, https:\/\/ideasdesign.ch\/wp-content\/uploads\/2020\/11\/logo_edoor-1024x1024-1-300x300.jpg 300w, https:\/\/ideasdesign.ch\/wp-content\/uploads\/2020\/11\/logo_edoor-1024x1024-1-150x150.jpg 150w, https:\/\/ideasdesign.ch\/wp-content\/uploads\/2020\/11\/logo_edoor-1024x1024-1-768x768.jpg 768w\" sizes=\"(max-width: 1024px) 100vw, 1024px\" \/>\t\t\t\t\t\t\t<\/div>\n\t\t\t\t\t\t\t\t\t\t\t<div class=\"pa-gallery-icons-caption-container\">\n\t\t\t\t\t\t\t<div class=\"pa-gallery-icons-caption-cell\">\n\t\t\t\t\t\t\t\t\n\t\t\t\t\t<a class=\"pa-gallery-magnific-image\" href=\"https:\/\/ideasdesign.ch\/wp-content\/uploads\/2020\/11\/logo_edoor-1024x1024-1.jpg\" data-rel=\"prettyPhoto[premium-grid-290f859]\">\n\t\t\t\t\t\t<span>\n\t\t\t\t\t\t\t<i aria-hidden=\"true\" class=\"fas fa-search\"><\/i>\t\t\t\t\t\t<\/span>\n\t\t\t\t\t<\/a>\n\t\t\t\t\t\t\t\t\t<a class=\"pa-gallery-img-link\" href=\"https:\/\/e-door.ch\" target=\"_blank\">\n\t\t\t\t\t\t<span>\n\t\t\t\t\t\t\t<i aria-hidden=\"true\" class=\"fas fa-link\"><\/i>\t\t\t\t\t\t<\/span>\n\t\t\t\t\t<\/a>\n\t\t\t\t\t\t\t\t<div class=\"premium-gallery-caption\">\n\n\t\t\t\t\t\t\t\t\t<span class=\"premium-gallery-img-name\">E-Door S\u00e0rl<\/span>\n\t\t\t\t\t\t\t\t\t\t<p class=\"premium-gallery-img-desc\">--------<\/br>\nCreation of the logo for a new society in Geneva, which will open in 2018. E-Door S\u00e0rl is a Swiss Consulting Company mainly active in Alarming &amp; Information Security.\n<\/br>\n--------<\/br>\nwww.e-door.ch<\/p>\n\t\t\t\t\n\t\t\t<\/div>\n\t\t\t\t\t\t\t\t\t\t<\/div>\n\t\t\t\t\t\t<\/div>\n\t\t\t\t\t\t\t\t\t\t<\/div>\n\t\t\t<\/div>\n\t\t\t\t\t\t\t<div class=\"premium-gallery-item elementor-repeater-item-d47cba8 logo premium-gallery-item-hidden\">\n\t\t\t\t<div class=\"pa-gallery-img style2\" onclick=\"\">\n\t\t\t\t\t<div class=\"pa-gallery-img-container\">\n\t\t\t\t\t\t\t\t<img loading=\"lazy\" decoding=\"async\" width=\"1000\" height=\"1000\" src=\"https:\/\/ideasdesign.ch\/wp-content\/uploads\/2020\/11\/weflirt_logo.jpg\" class=\"attachment-full size-full wp-image-988\" alt=\"weflirt_logo\" srcset=\"https:\/\/ideasdesign.ch\/wp-content\/uploads\/2020\/11\/weflirt_logo.jpg 1000w, https:\/\/ideasdesign.ch\/wp-content\/uploads\/2020\/11\/weflirt_logo-300x300.jpg 300w, https:\/\/ideasdesign.ch\/wp-content\/uploads\/2020\/11\/weflirt_logo-150x150.jpg 150w, https:\/\/ideasdesign.ch\/wp-content\/uploads\/2020\/11\/weflirt_logo-768x768.jpg 768w\" sizes=\"(max-width: 1000px) 100vw, 1000px\" \/>\t\t\t\t\t\t\t<\/div>\n\t\t\t\t\t\t\t\t\t\t\t<div class=\"pa-gallery-icons-caption-container\">\n\t\t\t\t\t\t\t<div class=\"pa-gallery-icons-caption-cell\">\n\t\t\t\t\t\t\t\t\n\t\t\t\t\t<a class=\"pa-gallery-magnific-image\" href=\"https:\/\/ideasdesign.ch\/wp-content\/uploads\/2020\/11\/weflirt_logo.jpg\" data-rel=\"prettyPhoto[premium-grid-290f859]\">\n\t\t\t\t\t\t<span>\n\t\t\t\t\t\t\t<i aria-hidden=\"true\" class=\"fas fa-search\"><\/i>\t\t\t\t\t\t<\/span>\n\t\t\t\t\t<\/a>\n\t\t\t\t\t\t\t\t\t<a class=\"pa-gallery-img-link\" href=\"http:\/\/www.weflirt.com\" target=\"_blank\">\n\t\t\t\t\t\t<span>\n\t\t\t\t\t\t\t<i aria-hidden=\"true\" class=\"fas fa-link\"><\/i>\t\t\t\t\t\t<\/span>\n\t\t\t\t\t<\/a>\n\t\t\t\t\t\t\t\t<div class=\"premium-gallery-caption\">\n\n\t\t\t\t\t\t\t\t\t<span class=\"premium-gallery-img-name\">Weflirt<\/span>\n\t\t\t\t\t\t\t\t\t\t<p class=\"premium-gallery-img-desc\">--------<\/br>\nCreating of a soft logo for the dating website Eveflirt, based in France, in 2017.\n<\/br>\n--------<\/br>\nwww.weflirt.com<\/p>\n\t\t\t\t\n\t\t\t<\/div>\n\t\t\t\t\t\t\t\t\t\t<\/div>\n\t\t\t\t\t\t<\/div>\n\t\t\t\t\t\t\t\t\t\t<\/div>\n\t\t\t<\/div>\n\t\t\t\t\t\t\t<div class=\"premium-gallery-item elementor-repeater-item-99a4c73 logo premium-gallery-item-hidden\">\n\t\t\t\t<div class=\"pa-gallery-img style2\" onclick=\"\">\n\t\t\t\t\t<div class=\"pa-gallery-img-container\">\n\t\t\t\t\t\t\t\t<img loading=\"lazy\" decoding=\"async\" width=\"850\" height=\"850\" src=\"https:\/\/ideasdesign.ch\/wp-content\/uploads\/2020\/11\/cougardiva.png\" class=\"attachment-full size-full wp-image-981\" alt=\"cougardiva\" srcset=\"https:\/\/ideasdesign.ch\/wp-content\/uploads\/2020\/11\/cougardiva.png 850w, https:\/\/ideasdesign.ch\/wp-content\/uploads\/2020\/11\/cougardiva-300x300.png 300w, https:\/\/ideasdesign.ch\/wp-content\/uploads\/2020\/11\/cougardiva-150x150.png 150w, https:\/\/ideasdesign.ch\/wp-content\/uploads\/2020\/11\/cougardiva-768x768.png 768w\" sizes=\"(max-width: 850px) 100vw, 850px\" \/>\t\t\t\t\t\t\t<\/div>\n\t\t\t\t\t\t\t\t\t\t\t<div class=\"pa-gallery-icons-caption-container\">\n\t\t\t\t\t\t\t<div class=\"pa-gallery-icons-caption-cell\">\n\t\t\t\t\t\t\t\t\n\t\t\t\t\t<a class=\"pa-gallery-magnific-image\" href=\"https:\/\/ideasdesign.ch\/wp-content\/uploads\/2020\/11\/cougardiva.png\" data-rel=\"prettyPhoto[premium-grid-290f859]\">\n\t\t\t\t\t\t<span>\n\t\t\t\t\t\t\t<i aria-hidden=\"true\" class=\"fas fa-search\"><\/i>\t\t\t\t\t\t<\/span>\n\t\t\t\t\t<\/a>\n\t\t\t\t\t\t\t\t\t<a class=\"pa-gallery-img-link\" href=\"http:\/\/www.cougardiva.com\" target=\"_blank\">\n\t\t\t\t\t\t<span>\n\t\t\t\t\t\t\t<i aria-hidden=\"true\" class=\"fas fa-link\"><\/i>\t\t\t\t\t\t<\/span>\n\t\t\t\t\t<\/a>\n\t\t\t\t\t\t\t\t<div class=\"premium-gallery-caption\">\n\n\t\t\t\t\t\t\t\t\t<span class=\"premium-gallery-img-name\">CougarDiva<\/span>\n\t\t\t\t\t\t\t\t\t\t<p class=\"premium-gallery-img-desc\">--------<\/br>\nCreation of a logo for the dating site for mature women CougarDiva, based in France, in 2017.\n<\/br>\n--------<\/br>\nwww.cougardiva.com<\/p>\n\t\t\t\t\n\t\t\t<\/div>\n\t\t\t\t\t\t\t\t\t\t<\/div>\n\t\t\t\t\t\t<\/div>\n\t\t\t\t\t\t\t\t\t\t<\/div>\n\t\t\t<\/div>\n\t\t\t\t\t\t\t<div class=\"premium-gallery-item elementor-repeater-item-ff0d6d5 logo premium-gallery-item-hidden\">\n\t\t\t\t<div class=\"pa-gallery-img style2\" onclick=\"\">\n\t\t\t\t\t<div class=\"pa-gallery-img-container\">\n\t\t\t\t\t\t\t\t<img loading=\"lazy\" decoding=\"async\" width=\"1024\" height=\"1024\" src=\"https:\/\/ideasdesign.ch\/wp-content\/uploads\/2020\/11\/logo-marqi-1024x1024-1.jpg\" class=\"attachment-full size-full wp-image-996\" alt=\"logo-marqi\" srcset=\"https:\/\/ideasdesign.ch\/wp-content\/uploads\/2020\/11\/logo-marqi-1024x1024-1.jpg 1024w, https:\/\/ideasdesign.ch\/wp-content\/uploads\/2020\/11\/logo-marqi-1024x1024-1-300x300.jpg 300w, https:\/\/ideasdesign.ch\/wp-content\/uploads\/2020\/11\/logo-marqi-1024x1024-1-150x150.jpg 150w, https:\/\/ideasdesign.ch\/wp-content\/uploads\/2020\/11\/logo-marqi-1024x1024-1-768x768.jpg 768w\" sizes=\"(max-width: 1024px) 100vw, 1024px\" \/>\t\t\t\t\t\t\t<\/div>\n\t\t\t\t\t\t\t\t\t\t\t<div class=\"pa-gallery-icons-caption-container\">\n\t\t\t\t\t\t\t<div class=\"pa-gallery-icons-caption-cell\">\n\t\t\t\t\t\t\t\t\n\t\t\t\t\t<a class=\"pa-gallery-magnific-image\" href=\"https:\/\/ideasdesign.ch\/wp-content\/uploads\/2020\/11\/logo-marqi-1024x1024-1.jpg\" data-rel=\"prettyPhoto[premium-grid-290f859]\">\n\t\t\t\t\t\t<span>\n\t\t\t\t\t\t\t<i aria-hidden=\"true\" class=\"fas fa-search\"><\/i>\t\t\t\t\t\t<\/span>\n\t\t\t\t\t<\/a>\n\t\t\t\t\t\t\t\t\t<a class=\"pa-gallery-img-link\" href=\"https:\/\/www.facebook.com\/marqitoothbrush\/\" target=\"_blank\">\n\t\t\t\t\t\t<span>\n\t\t\t\t\t\t\t<i aria-hidden=\"true\" class=\"fas fa-link\"><\/i>\t\t\t\t\t\t<\/span>\n\t\t\t\t\t<\/a>\n\t\t\t\t\t\t\t\t<div class=\"premium-gallery-caption\">\n\n\t\t\t\t\t\t\t\t\t<span class=\"premium-gallery-img-name\">Marqi<\/span>\n\t\t\t\t\t\t\t\t\t\t<p class=\"premium-gallery-img-desc\">--------<\/br>\nCreation of the logo for a new society in Geneva, which will open in 2018. E-Door S\u00e0rl is a Swiss Consulting Company mainly active in Alarming &amp; Information Security.\n<\/br>\n--------<\/br>\nwww.facebook.com\/marqitoothbrush<\/p>\n\t\t\t\t\n\t\t\t<\/div>\n\t\t\t\t\t\t\t\t\t\t<\/div>\n\t\t\t\t\t\t<\/div>\n\t\t\t\t\t\t\t\t\t\t<\/div>\n\t\t\t<\/div>\n\t\t\t\t\t\t\t<div class=\"premium-gallery-item elementor-repeater-item-a598cae logo premium-gallery-item-hidden\">\n\t\t\t\t<div class=\"pa-gallery-img style2\" onclick=\"\">\n\t\t\t\t\t<div class=\"pa-gallery-img-container\">\n\t\t\t\t\t\t\t\t<img loading=\"lazy\" decoding=\"async\" width=\"1000\" height=\"1000\" src=\"https:\/\/ideasdesign.ch\/wp-content\/uploads\/2020\/11\/girls-challenge-logo.jpg\" class=\"attachment-full size-full wp-image-1061\" alt=\"girls challenge logo\" srcset=\"https:\/\/ideasdesign.ch\/wp-content\/uploads\/2020\/11\/girls-challenge-logo.jpg 1000w, https:\/\/ideasdesign.ch\/wp-content\/uploads\/2020\/11\/girls-challenge-logo-300x300.jpg 300w, https:\/\/ideasdesign.ch\/wp-content\/uploads\/2020\/11\/girls-challenge-logo-150x150.jpg 150w, https:\/\/ideasdesign.ch\/wp-content\/uploads\/2020\/11\/girls-challenge-logo-768x768.jpg 768w\" sizes=\"(max-width: 1000px) 100vw, 1000px\" \/>\t\t\t\t\t\t\t<\/div>\n\t\t\t\t\t\t\t\t\t\t\t<div class=\"pa-gallery-icons-caption-container\">\n\t\t\t\t\t\t\t<div class=\"pa-gallery-icons-caption-cell\">\n\t\t\t\t\t\t\t\t\n\t\t\t\t\t<a class=\"pa-gallery-magnific-image\" href=\"https:\/\/ideasdesign.ch\/wp-content\/uploads\/2020\/11\/girls-challenge-logo.jpg\" data-rel=\"prettyPhoto[premium-grid-290f859]\">\n\t\t\t\t\t\t<span>\n\t\t\t\t\t\t\t<i aria-hidden=\"true\" class=\"fas fa-search\"><\/i>\t\t\t\t\t\t<\/span>\n\t\t\t\t\t<\/a>\n\t\t\t\t\t\t\t\t\t<a class=\"pa-gallery-img-link\" href=\"http:\/\/www.girlschallenge.ch\" target=\"_blank\">\n\t\t\t\t\t\t<span>\n\t\t\t\t\t\t\t<i aria-hidden=\"true\" class=\"fas fa-link\"><\/i>\t\t\t\t\t\t<\/span>\n\t\t\t\t\t<\/a>\n\t\t\t\t\t\t\t\t<div class=\"premium-gallery-caption\">\n\n\t\t\t\t\t\t\t\t\t<span class=\"premium-gallery-img-name\">Girls Challenge<\/span>\n\t\t\t\t\t\t\t\t\t\t<p class=\"premium-gallery-img-desc\">--------<\/br>\nThe Girls Challenge is a private club reserved for women who wish to meet new people and have new experiences during a team challenge. The site has been online since 2020.\n<\/br>\n--------<\/br>\nwww.girlschallenge.ch<\/p>\n\t\t\t\t\n\t\t\t<\/div>\n\t\t\t\t\t\t\t\t\t\t<\/div>\n\t\t\t\t\t\t<\/div>\n\t\t\t\t\t\t\t\t\t\t<\/div>\n\t\t\t<\/div>\n\t\t\t\t\t\t\t<div class=\"premium-gallery-item elementor-repeater-item-3511994 logo premium-gallery-item-hidden\">\n\t\t\t\t<div class=\"pa-gallery-img style2\" onclick=\"\">\n\t\t\t\t\t<div class=\"pa-gallery-img-container\">\n\t\t\t\t\t\t\t\t<img loading=\"lazy\" decoding=\"async\" width=\"2560\" height=\"2560\" src=\"https:\/\/ideasdesign.ch\/wp-content\/uploads\/2020\/11\/logo_renovacion-scaled.jpg\" class=\"attachment-full size-full wp-image-1008\" alt=\"logo_renovacion\" srcset=\"https:\/\/ideasdesign.ch\/wp-content\/uploads\/2020\/11\/logo_renovacion-scaled.jpg 2560w, https:\/\/ideasdesign.ch\/wp-content\/uploads\/2020\/11\/logo_renovacion-300x300.jpg 300w, https:\/\/ideasdesign.ch\/wp-content\/uploads\/2020\/11\/logo_renovacion-1024x1024.jpg 1024w, https:\/\/ideasdesign.ch\/wp-content\/uploads\/2020\/11\/logo_renovacion-150x150.jpg 150w, https:\/\/ideasdesign.ch\/wp-content\/uploads\/2020\/11\/logo_renovacion-768x768.jpg 768w, https:\/\/ideasdesign.ch\/wp-content\/uploads\/2020\/11\/logo_renovacion-1536x1536.jpg 1536w, https:\/\/ideasdesign.ch\/wp-content\/uploads\/2020\/11\/logo_renovacion-2048x2048.jpg 2048w\" sizes=\"(max-width: 2560px) 100vw, 2560px\" \/>\t\t\t\t\t\t\t<\/div>\n\t\t\t\t\t\t\t\t\t\t\t<div class=\"pa-gallery-icons-caption-container\">\n\t\t\t\t\t\t\t<div class=\"pa-gallery-icons-caption-cell\">\n\t\t\t\t\t\t\t\t\n\t\t\t\t\t<a class=\"pa-gallery-magnific-image\" href=\"https:\/\/ideasdesign.ch\/wp-content\/uploads\/2020\/11\/logo_renovacion-scaled.jpg\" data-rel=\"prettyPhoto[premium-grid-290f859]\">\n\t\t\t\t\t\t<span>\n\t\t\t\t\t\t\t<i aria-hidden=\"true\" class=\"fas fa-search\"><\/i>\t\t\t\t\t\t<\/span>\n\t\t\t\t\t<\/a>\n\t\t\t\t\t\t\t<div class=\"premium-gallery-caption\">\n\n\t\t\t\t\t\t\t\t\t<span class=\"premium-gallery-img-name\">Renovacion<\/span>\n\t\t\t\t\t\t\t\t\t\t<p class=\"premium-gallery-img-desc\">--------<\/br>\nIn 2019, I created the logo for a private company renovating apartments and individual villas in France and Geneva.<\/p>\n\t\t\t\t\n\t\t\t<\/div>\n\t\t\t\t\t\t\t\t\t\t<\/div>\n\t\t\t\t\t\t<\/div>\n\t\t\t\t\t\t\t\t\t\t<\/div>\n\t\t\t<\/div>\n\t\t\t\t\t\t\t<div class=\"premium-gallery-item elementor-repeater-item-02b9c7c logo premium-gallery-item-hidden\">\n\t\t\t\t<div class=\"pa-gallery-img style2\" onclick=\"\">\n\t\t\t\t\t<div class=\"pa-gallery-img-container\">\n\t\t\t\t\t\t\t\t<img loading=\"lazy\" decoding=\"async\" width=\"1000\" height=\"1000\" src=\"https:\/\/ideasdesign.ch\/wp-content\/uploads\/2020\/11\/logo_nm.png\" class=\"attachment-full size-full wp-image-998\" alt=\"nicolas maucourt\" srcset=\"https:\/\/ideasdesign.ch\/wp-content\/uploads\/2020\/11\/logo_nm.png 1000w, https:\/\/ideasdesign.ch\/wp-content\/uploads\/2020\/11\/logo_nm-300x300.png 300w, https:\/\/ideasdesign.ch\/wp-content\/uploads\/2020\/11\/logo_nm-150x150.png 150w, https:\/\/ideasdesign.ch\/wp-content\/uploads\/2020\/11\/logo_nm-768x768.png 768w\" sizes=\"(max-width: 1000px) 100vw, 1000px\" \/>\t\t\t\t\t\t\t<\/div>\n\t\t\t\t\t\t\t\t\t\t\t<div class=\"pa-gallery-icons-caption-container\">\n\t\t\t\t\t\t\t<div class=\"pa-gallery-icons-caption-cell\">\n\t\t\t\t\t\t\t\t\n\t\t\t\t\t<a class=\"pa-gallery-magnific-image\" href=\"https:\/\/ideasdesign.ch\/wp-content\/uploads\/2020\/11\/logo_nm.png\" data-rel=\"prettyPhoto[premium-grid-290f859]\">\n\t\t\t\t\t\t<span>\n\t\t\t\t\t\t\t<i aria-hidden=\"true\" class=\"fas fa-search\"><\/i>\t\t\t\t\t\t<\/span>\n\t\t\t\t\t<\/a>\n\t\t\t\t\t\t\t\t\t<a class=\"pa-gallery-img-link\" href=\"http:\/\/www.nicolas-maucourt.ch\" target=\"_blank\">\n\t\t\t\t\t\t<span>\n\t\t\t\t\t\t\t<i aria-hidden=\"true\" class=\"fas fa-link\"><\/i>\t\t\t\t\t\t<\/span>\n\t\t\t\t\t<\/a>\n\t\t\t\t\t\t\t\t<div class=\"premium-gallery-caption\">\n\n\t\t\t\t\t\t\t\t\t<span class=\"premium-gallery-img-name\">Nicolas Maucourt<\/span>\n\t\t\t\t\t\t\t\t\t\t<p class=\"premium-gallery-img-desc\">--------<\/br>\nMandate for the creation of a logo for a communication agency specializing in the support, development of digital advertising campaigns (Adwords &amp; Bings) and directed by AdWords specialist Nicolas Maucourt.\n<\/br>\n--------<\/br>\nwww.nicolas-maucourt.ch<\/p>\n\t\t\t\t\n\t\t\t<\/div>\n\t\t\t\t\t\t\t\t\t\t<\/div>\n\t\t\t\t\t\t<\/div>\n\t\t\t\t\t\t\t\t\t\t<\/div>\n\t\t\t<\/div>\n\t\t\t\t\t\t\t<div class=\"premium-gallery-item elementor-repeater-item-3781a84 painting premium-gallery-item-hidden\">\n\t\t\t\t<div class=\"pa-gallery-img style2\" onclick=\"\">\n\t\t\t\t\t<div class=\"pa-gallery-img-container\">\n\t\t\t\t\t\t\t\t<img loading=\"lazy\" decoding=\"async\" width=\"564\" height=\"564\" src=\"https:\/\/ideasdesign.ch\/wp-content\/uploads\/2020\/11\/tableau_tim.jpg\" class=\"attachment-full size-full wp-image-559\" alt=\"Vaisseau fant\u00f4me n\u00b02 (Ghost Ship n\u00b02)\" srcset=\"https:\/\/ideasdesign.ch\/wp-content\/uploads\/2020\/11\/tableau_tim.jpg 564w, https:\/\/ideasdesign.ch\/wp-content\/uploads\/2020\/11\/tableau_tim-300x300.jpg 300w, https:\/\/ideasdesign.ch\/wp-content\/uploads\/2020\/11\/tableau_tim-150x150.jpg 150w\" sizes=\"(max-width: 564px) 100vw, 564px\" \/>\t\t\t\t\t\t\t<\/div>\n\t\t\t\t\t\t\t\t\t\t\t<div class=\"pa-gallery-icons-caption-container\">\n\t\t\t\t\t\t\t<div class=\"pa-gallery-icons-caption-cell\">\n\t\t\t\t\t\t\t\t\n\t\t\t\t\t<a class=\"pa-gallery-magnific-image\" href=\"https:\/\/ideasdesign.ch\/wp-content\/uploads\/2020\/11\/tableau_tim.jpg\" data-rel=\"prettyPhoto[premium-grid-290f859]\">\n\t\t\t\t\t\t<span>\n\t\t\t\t\t\t\t<i aria-hidden=\"true\" class=\"fas fa-search\"><\/i>\t\t\t\t\t\t<\/span>\n\t\t\t\t\t<\/a>\n\t\t\t\t\t\t\t<div class=\"premium-gallery-caption\">\n\n\t\t\t\t\t\t\t\t\t<span class=\"premium-gallery-img-name\">Ghost Ship n\u00b02<\/span>\n\t\t\t\t\t\t\t\t\t\t<p class=\"premium-gallery-img-desc\">Acrylic painting and pencils on canvas, 95x110mm, in 2015<\/br>\n--------<\/br>\nThis is a painting commissioned for a birthday in January 2015 in Geneva.<\/p>\n\t\t\t\t\n\t\t\t<\/div>\n\t\t\t\t\t\t\t\t\t\t<\/div>\n\t\t\t\t\t\t<\/div>\n\t\t\t\t\t\t\t\t\t\t<\/div>\n\t\t\t<\/div>\n\t\t\t\t\t\t\t<div class=\"premium-gallery-item elementor-repeater-item-9001faa painting premium-gallery-item-hidden\">\n\t\t\t\t<div class=\"pa-gallery-img style2\" onclick=\"\">\n\t\t\t\t\t<div class=\"pa-gallery-img-container\">\n\t\t\t\t\t\t\t\t<img loading=\"lazy\" decoding=\"async\" width=\"875\" height=\"875\" src=\"https:\/\/ideasdesign.ch\/wp-content\/uploads\/2020\/11\/lamentoire.jpg\" class=\"attachment-full size-full wp-image-556\" alt=\"Lamentations - Exhibition in the contemporary art district of Geneva\" srcset=\"https:\/\/ideasdesign.ch\/wp-content\/uploads\/2020\/11\/lamentoire.jpg 875w, https:\/\/ideasdesign.ch\/wp-content\/uploads\/2020\/11\/lamentoire-300x300.jpg 300w, https:\/\/ideasdesign.ch\/wp-content\/uploads\/2020\/11\/lamentoire-150x150.jpg 150w, https:\/\/ideasdesign.ch\/wp-content\/uploads\/2020\/11\/lamentoire-768x768.jpg 768w\" sizes=\"(max-width: 875px) 100vw, 875px\" \/>\t\t\t\t\t\t\t<\/div>\n\t\t\t\t\t\t\t\t\t\t\t<div class=\"pa-gallery-icons-caption-container\">\n\t\t\t\t\t\t\t<div class=\"pa-gallery-icons-caption-cell\">\n\t\t\t\t\t\t\t\t\n\t\t\t\t\t<a class=\"pa-gallery-magnific-image\" href=\"https:\/\/ideasdesign.ch\/wp-content\/uploads\/2020\/11\/lamentoire.jpg\" data-rel=\"prettyPhoto[premium-grid-290f859]\">\n\t\t\t\t\t\t<span>\n\t\t\t\t\t\t\t<i aria-hidden=\"true\" class=\"fas fa-search\"><\/i>\t\t\t\t\t\t<\/span>\n\t\t\t\t\t<\/a>\n\t\t\t\t\t\t\t<div class=\"premium-gallery-caption\">\n\n\t\t\t\t\t\t\t\t\t<span class=\"premium-gallery-img-name\">Lamentations<\/span>\n\t\t\t\t\t\t\t\t\t\t<p class=\"premium-gallery-img-desc\">EXHIBITION - SIX QUEENS<\/br>\nAcrylic painting on canvas, 80x100mm, in 2014 - Donation<\/br>\n--------<\/br>\nOne of the paintings shown during my first official exhibition at Rue des Bains in Geneva, in 2014. It is a work on the theme of the ocean and the marine world. The name of the exhibition Six Reines (Six Queens), recalls the Sir\u00e8nes (Mermaids) in french.<\/p>\n\t\t\t\t\n\t\t\t<\/div>\n\t\t\t\t\t\t\t\t\t\t<\/div>\n\t\t\t\t\t\t<\/div>\n\t\t\t\t\t\t\t\t\t\t<\/div>\n\t\t\t<\/div>\n\t\t\t\t\t\t\t<div class=\"premium-gallery-item elementor-repeater-item-828a2a8 painting premium-gallery-item-hidden\">\n\t\t\t\t<div class=\"pa-gallery-img style2\" onclick=\"\">\n\t\t\t\t\t<div class=\"pa-gallery-img-container\">\n\t\t\t\t\t\t\t\t<img loading=\"lazy\" decoding=\"async\" width=\"1000\" height=\"1000\" src=\"https:\/\/ideasdesign.ch\/wp-content\/uploads\/2020\/11\/vaisseau.jpg\" class=\"attachment-full size-full wp-image-560\" alt=\"Zoom on the Ghost Ship\" srcset=\"https:\/\/ideasdesign.ch\/wp-content\/uploads\/2020\/11\/vaisseau.jpg 1000w, https:\/\/ideasdesign.ch\/wp-content\/uploads\/2020\/11\/vaisseau-300x300.jpg 300w, https:\/\/ideasdesign.ch\/wp-content\/uploads\/2020\/11\/vaisseau-150x150.jpg 150w, https:\/\/ideasdesign.ch\/wp-content\/uploads\/2020\/11\/vaisseau-768x768.jpg 768w\" sizes=\"(max-width: 1000px) 100vw, 1000px\" \/>\t\t\t\t\t\t\t<\/div>\n\t\t\t\t\t\t\t\t\t\t\t<div class=\"pa-gallery-icons-caption-container\">\n\t\t\t\t\t\t\t<div class=\"pa-gallery-icons-caption-cell\">\n\t\t\t\t\t\t\t\t\n\t\t\t\t\t<a class=\"pa-gallery-magnific-image\" href=\"https:\/\/ideasdesign.ch\/wp-content\/uploads\/2020\/11\/vaisseau.jpg\" data-rel=\"prettyPhoto[premium-grid-290f859]\">\n\t\t\t\t\t\t<span>\n\t\t\t\t\t\t\t<i aria-hidden=\"true\" class=\"fas fa-search\"><\/i>\t\t\t\t\t\t<\/span>\n\t\t\t\t\t<\/a>\n\t\t\t\t\t\t\t<div class=\"premium-gallery-caption\">\n\n\t\t\t\t\t\t\t\t\t<span class=\"premium-gallery-img-name\">Zoom on the Ghost Ship<\/span>\n\t\t\t\t\t\t\t\t\t\t<p class=\"premium-gallery-img-desc\">EXHIBITION - SIX QUEENS<\/br>\nAcrylic painting and pens on canvas, 100x120mm, in 2012 - Sold<\/br>\n--------<\/br>\nOne of the paintings shown during my first official exhibition at Rue des Bains in Geneva, in 2015. It is a work on the theme of the ocean and the marine world. The name of the exhibition Six Reines (Six Queens), recalls the Sir\u00e8nes (Mermaids) in french.<\/p>\n\t\t\t\t\n\t\t\t<\/div>\n\t\t\t\t\t\t\t\t\t\t<\/div>\n\t\t\t\t\t\t<\/div>\n\t\t\t\t\t\t\t\t\t\t<\/div>\n\t\t\t<\/div>\n\t\t\t\t\t\t\t<div class=\"premium-gallery-item elementor-repeater-item-79d95ff painting premium-gallery-item-hidden\">\n\t\t\t\t<div class=\"pa-gallery-img style2\" onclick=\"\">\n\t\t\t\t\t<div class=\"pa-gallery-img-container\">\n\t\t\t\t\t\t\t\t<img loading=\"lazy\" decoding=\"async\" width=\"2560\" height=\"2560\" src=\"https:\/\/ideasdesign.ch\/wp-content\/uploads\/2020\/11\/alien-painting-scaled.jpg\" class=\"attachment-full size-full wp-image-610\" alt=\"Invasion\" srcset=\"https:\/\/ideasdesign.ch\/wp-content\/uploads\/2020\/11\/alien-painting-scaled.jpg 2560w, https:\/\/ideasdesign.ch\/wp-content\/uploads\/2020\/11\/alien-painting-300x300.jpg 300w, https:\/\/ideasdesign.ch\/wp-content\/uploads\/2020\/11\/alien-painting-1024x1024.jpg 1024w, https:\/\/ideasdesign.ch\/wp-content\/uploads\/2020\/11\/alien-painting-150x150.jpg 150w, https:\/\/ideasdesign.ch\/wp-content\/uploads\/2020\/11\/alien-painting-768x768.jpg 768w, https:\/\/ideasdesign.ch\/wp-content\/uploads\/2020\/11\/alien-painting-1536x1536.jpg 1536w, https:\/\/ideasdesign.ch\/wp-content\/uploads\/2020\/11\/alien-painting-2048x2048.jpg 2048w\" sizes=\"(max-width: 2560px) 100vw, 2560px\" \/>\t\t\t\t\t\t\t<\/div>\n\t\t\t\t\t\t\t\t\t\t\t<div class=\"pa-gallery-icons-caption-container\">\n\t\t\t\t\t\t\t<div class=\"pa-gallery-icons-caption-cell\">\n\t\t\t\t\t\t\t\t\n\t\t\t\t\t<a class=\"pa-gallery-magnific-image\" href=\"https:\/\/ideasdesign.ch\/wp-content\/uploads\/2020\/11\/alien-painting-scaled.jpg\" data-rel=\"prettyPhoto[premium-grid-290f859]\">\n\t\t\t\t\t\t<span>\n\t\t\t\t\t\t\t<i aria-hidden=\"true\" class=\"fas fa-search\"><\/i>\t\t\t\t\t\t<\/span>\n\t\t\t\t\t<\/a>\n\t\t\t\t\t\t\t<div class=\"premium-gallery-caption\">\n\n\t\t\t\t\t\t\t\t\t<span class=\"premium-gallery-img-name\">Invasion<\/span>\n\t\t\t\t\t\t\t\t\t\t<p class=\"premium-gallery-img-desc\">Acrylic painting on canvas with charcoal, 220x160mm, in 2020<\/br>\n--------<\/br>\nLarge painting representing the planetary system of the Alien film universe. The planet in the lower left is a giant alien egg in a fetal position.<\/p>\n\t\t\t\t\n\t\t\t<\/div>\n\t\t\t\t\t\t\t\t\t\t<\/div>\n\t\t\t\t\t\t<\/div>\n\t\t\t\t\t\t\t\t\t\t<\/div>\n\t\t\t<\/div>\n\t\t\t\t\t\t\t<div class=\"premium-gallery-item elementor-repeater-item-9acabfd painting premium-gallery-item-hidden\">\n\t\t\t\t<div class=\"pa-gallery-img style2\" onclick=\"\">\n\t\t\t\t\t<div class=\"pa-gallery-img-container\">\n\t\t\t\t\t\t\t\t<img loading=\"lazy\" decoding=\"async\" width=\"472\" height=\"472\" src=\"https:\/\/ideasdesign.ch\/wp-content\/uploads\/2020\/11\/declin.jpg\" class=\"attachment-full size-full wp-image-555\" alt=\"The decline\" srcset=\"https:\/\/ideasdesign.ch\/wp-content\/uploads\/2020\/11\/declin.jpg 472w, https:\/\/ideasdesign.ch\/wp-content\/uploads\/2020\/11\/declin-300x300.jpg 300w, https:\/\/ideasdesign.ch\/wp-content\/uploads\/2020\/11\/declin-150x150.jpg 150w\" sizes=\"(max-width: 472px) 100vw, 472px\" \/>\t\t\t\t\t\t\t<\/div>\n\t\t\t\t\t\t\t\t\t\t\t<div class=\"pa-gallery-icons-caption-container\">\n\t\t\t\t\t\t\t<div class=\"pa-gallery-icons-caption-cell\">\n\t\t\t\t\t\t\t\t\n\t\t\t\t\t<a class=\"pa-gallery-magnific-image\" href=\"https:\/\/ideasdesign.ch\/wp-content\/uploads\/2020\/11\/declin.jpg\" data-rel=\"prettyPhoto[premium-grid-290f859]\">\n\t\t\t\t\t\t<span>\n\t\t\t\t\t\t\t<i aria-hidden=\"true\" class=\"fas fa-search\"><\/i>\t\t\t\t\t\t<\/span>\n\t\t\t\t\t<\/a>\n\t\t\t\t\t\t\t<div class=\"premium-gallery-caption\">\n\n\t\t\t\t\t\t\t\t\t<span class=\"premium-gallery-img-name\">The decline<\/span>\n\t\t\t\t\t\t\t\t\t\t<p class=\"premium-gallery-img-desc\">EXHIBITION - SIX QUEENS<\/br>Acrylic on canvas painting, 110x70mm, in 2013<\/br>\n--------<\/br>\nOne of the paintings shown during my first official exhibition at Rue des Bains in Geneva, in 2014. It is a work on the theme of the ocean and the marine world. The name of the exhibition Six Reines (Six Queens), recalls the Sir\u00e8nes (Mermaids) in french.<\/p>\n\t\t\t\t\n\t\t\t<\/div>\n\t\t\t\t\t\t\t\t\t\t<\/div>\n\t\t\t\t\t\t<\/div>\n\t\t\t\t\t\t\t\t\t\t<\/div>\n\t\t\t<\/div>\n\t\t\t\t\t\t\t<div class=\"premium-gallery-item elementor-repeater-item-3eca1f2 painting premium-gallery-item-hidden\">\n\t\t\t\t<div class=\"pa-gallery-img style2\" onclick=\"\">\n\t\t\t\t\t<div class=\"pa-gallery-img-container\">\n\t\t\t\t\t\t\t\t<img loading=\"lazy\" decoding=\"async\" width=\"2363\" height=\"2363\" src=\"https:\/\/ideasdesign.ch\/wp-content\/uploads\/2020\/11\/anatheme.jpg\" class=\"attachment-full size-full wp-image-550\" alt=\"Anathema\" srcset=\"https:\/\/ideasdesign.ch\/wp-content\/uploads\/2020\/11\/anatheme.jpg 2363w, https:\/\/ideasdesign.ch\/wp-content\/uploads\/2020\/11\/anatheme-300x300.jpg 300w, https:\/\/ideasdesign.ch\/wp-content\/uploads\/2020\/11\/anatheme-1024x1024.jpg 1024w, https:\/\/ideasdesign.ch\/wp-content\/uploads\/2020\/11\/anatheme-150x150.jpg 150w, https:\/\/ideasdesign.ch\/wp-content\/uploads\/2020\/11\/anatheme-768x768.jpg 768w, https:\/\/ideasdesign.ch\/wp-content\/uploads\/2020\/11\/anatheme-1536x1536.jpg 1536w, https:\/\/ideasdesign.ch\/wp-content\/uploads\/2020\/11\/anatheme-2048x2048.jpg 2048w\" sizes=\"(max-width: 2363px) 100vw, 2363px\" \/>\t\t\t\t\t\t\t<\/div>\n\t\t\t\t\t\t\t\t\t\t\t<div class=\"pa-gallery-icons-caption-container\">\n\t\t\t\t\t\t\t<div class=\"pa-gallery-icons-caption-cell\">\n\t\t\t\t\t\t\t\t\n\t\t\t\t\t<a class=\"pa-gallery-magnific-image\" href=\"https:\/\/ideasdesign.ch\/wp-content\/uploads\/2020\/11\/anatheme.jpg\" data-rel=\"prettyPhoto[premium-grid-290f859]\">\n\t\t\t\t\t\t<span>\n\t\t\t\t\t\t\t<i aria-hidden=\"true\" class=\"fas fa-search\"><\/i>\t\t\t\t\t\t<\/span>\n\t\t\t\t\t<\/a>\n\t\t\t\t\t\t\t<div class=\"premium-gallery-caption\">\n\n\t\t\t\t\t\t\t\t\t<span class=\"premium-gallery-img-name\">Anathema<\/span>\n\t\t\t\t\t\t\t\t\t\t<p class=\"premium-gallery-img-desc\">Acrylic painting and pens on canvas, worked with sponge, 100x80mm, in 2016<\/br>\n--------<\/br>\nThis painting is the first of a new esoteric series on the world of the heavens, whose next exhibition will soon take place.<\/p>\n\t\t\t\t\n\t\t\t<\/div>\n\t\t\t\t\t\t\t\t\t\t<\/div>\n\t\t\t\t\t\t<\/div>\n\t\t\t\t\t\t\t\t\t\t<\/div>\n\t\t\t<\/div>\n\t\t\t\t\t\t\t<div class=\"premium-gallery-item elementor-repeater-item-c51b25d painting premium-gallery-item-hidden\">\n\t\t\t\t<div class=\"pa-gallery-img style2\" onclick=\"\">\n\t\t\t\t\t<div class=\"pa-gallery-img-container\">\n\t\t\t\t\t\t\t\t<img loading=\"lazy\" decoding=\"async\" width=\"1593\" height=\"1593\" src=\"https:\/\/ideasdesign.ch\/wp-content\/uploads\/2020\/11\/lyrisme.jpg\" class=\"attachment-full size-full wp-image-557\" alt=\"20000 fires under the sea\" srcset=\"https:\/\/ideasdesign.ch\/wp-content\/uploads\/2020\/11\/lyrisme.jpg 1593w, https:\/\/ideasdesign.ch\/wp-content\/uploads\/2020\/11\/lyrisme-300x300.jpg 300w, https:\/\/ideasdesign.ch\/wp-content\/uploads\/2020\/11\/lyrisme-1024x1024.jpg 1024w, https:\/\/ideasdesign.ch\/wp-content\/uploads\/2020\/11\/lyrisme-150x150.jpg 150w, https:\/\/ideasdesign.ch\/wp-content\/uploads\/2020\/11\/lyrisme-768x768.jpg 768w, https:\/\/ideasdesign.ch\/wp-content\/uploads\/2020\/11\/lyrisme-1536x1536.jpg 1536w\" sizes=\"(max-width: 1593px) 100vw, 1593px\" \/>\t\t\t\t\t\t\t<\/div>\n\t\t\t\t\t\t\t\t\t\t\t<div class=\"pa-gallery-icons-caption-container\">\n\t\t\t\t\t\t\t<div class=\"pa-gallery-icons-caption-cell\">\n\t\t\t\t\t\t\t\t\n\t\t\t\t\t<a class=\"pa-gallery-magnific-image\" href=\"https:\/\/ideasdesign.ch\/wp-content\/uploads\/2020\/11\/lyrisme.jpg\" data-rel=\"prettyPhoto[premium-grid-290f859]\">\n\t\t\t\t\t\t<span>\n\t\t\t\t\t\t\t<i aria-hidden=\"true\" class=\"fas fa-search\"><\/i>\t\t\t\t\t\t<\/span>\n\t\t\t\t\t<\/a>\n\t\t\t\t\t\t\t<div class=\"premium-gallery-caption\">\n\n\t\t\t\t\t\t\t\t\t<span class=\"premium-gallery-img-name\">20'000 fires under the sea<\/span>\n\t\t\t\t\t\t\t\t\t\t<p class=\"premium-gallery-img-desc\">EXHIBITION - SIX QUEENS<\/br>Acrylic painting on canvas, 80x100mm, in 2013<\/br>\n--------<\/br>\nOne of the paintings shown during my first official exhibition at Rue des Bains in Geneva, in 2014.\nIt is a work on the theme of the ocean and the marine world. The name of the exhibition Six Reines (Six Queens), recalls the Sir\u00e8nes (Mermaids) in french.<\/p>\n\t\t\t\t\n\t\t\t<\/div>\n\t\t\t\t\t\t\t\t\t\t<\/div>\n\t\t\t\t\t\t<\/div>\n\t\t\t\t\t\t\t\t\t\t<\/div>\n\t\t\t<\/div>\n\t\t\t\t\t\t\t<div class=\"premium-gallery-item elementor-repeater-item-1534d13 painting premium-gallery-item-hidden\">\n\t\t\t\t<div class=\"pa-gallery-img style2\" onclick=\"\">\n\t\t\t\t\t<div class=\"pa-gallery-img-container\">\n\t\t\t\t\t\t\t\t<img loading=\"lazy\" decoding=\"async\" width=\"2244\" height=\"2244\" src=\"https:\/\/ideasdesign.ch\/wp-content\/uploads\/2020\/11\/cabinets-and-wall-for-tv-in-living-room-Recupere.jpg\" class=\"attachment-full size-full wp-image-713\" alt=\"Dragon Ball Painting\" srcset=\"https:\/\/ideasdesign.ch\/wp-content\/uploads\/2020\/11\/cabinets-and-wall-for-tv-in-living-room-Recupere.jpg 2244w, https:\/\/ideasdesign.ch\/wp-content\/uploads\/2020\/11\/cabinets-and-wall-for-tv-in-living-room-Recupere-300x300.jpg 300w, https:\/\/ideasdesign.ch\/wp-content\/uploads\/2020\/11\/cabinets-and-wall-for-tv-in-living-room-Recupere-1024x1024.jpg 1024w, https:\/\/ideasdesign.ch\/wp-content\/uploads\/2020\/11\/cabinets-and-wall-for-tv-in-living-room-Recupere-150x150.jpg 150w, https:\/\/ideasdesign.ch\/wp-content\/uploads\/2020\/11\/cabinets-and-wall-for-tv-in-living-room-Recupere-768x768.jpg 768w, https:\/\/ideasdesign.ch\/wp-content\/uploads\/2020\/11\/cabinets-and-wall-for-tv-in-living-room-Recupere-1536x1536.jpg 1536w, https:\/\/ideasdesign.ch\/wp-content\/uploads\/2020\/11\/cabinets-and-wall-for-tv-in-living-room-Recupere-2048x2048.jpg 2048w\" sizes=\"(max-width: 2244px) 100vw, 2244px\" \/>\t\t\t\t\t\t\t<\/div>\n\t\t\t\t\t\t\t\t\t\t\t<div class=\"pa-gallery-icons-caption-container\">\n\t\t\t\t\t\t\t<div class=\"pa-gallery-icons-caption-cell\">\n\t\t\t\t\t\t\t\t\n\t\t\t\t\t<a class=\"pa-gallery-magnific-image\" href=\"https:\/\/ideasdesign.ch\/wp-content\/uploads\/2020\/11\/cabinets-and-wall-for-tv-in-living-room-Recupere.jpg\" data-rel=\"prettyPhoto[premium-grid-290f859]\">\n\t\t\t\t\t\t<span>\n\t\t\t\t\t\t\t<i aria-hidden=\"true\" class=\"fas fa-search\"><\/i>\t\t\t\t\t\t<\/span>\n\t\t\t\t\t<\/a>\n\t\t\t\t\t\t\t<div class=\"premium-gallery-caption\">\n\n\t\t\t\t\t\t\t\t\t<span class=\"premium-gallery-img-name\">Dragon Ball Painting<\/span>\n\t\t\t\t\t\t\t\t\t\t<p class=\"premium-gallery-img-desc\">Acrylic painting and charcoal on canvas, 100x100mm, in 2019<\/br>\n--------<\/br>\nPainting commissioned for a video and manga games room.<\/p>\n\t\t\t\t\n\t\t\t<\/div>\n\t\t\t\t\t\t\t\t\t\t<\/div>\n\t\t\t\t\t\t<\/div>\n\t\t\t\t\t\t\t\t\t\t<\/div>\n\t\t\t<\/div>\n\t\t\t\t\t\t\t<div class=\"premium-gallery-item elementor-repeater-item-d13f7e9 painting premium-gallery-item-hidden\">\n\t\t\t\t<div class=\"pa-gallery-img style2\" onclick=\"\">\n\t\t\t\t\t<div class=\"pa-gallery-img-container\">\n\t\t\t\t\t\t\t\t<img loading=\"lazy\" decoding=\"async\" width=\"1500\" height=\"1500\" src=\"https:\/\/ideasdesign.ch\/wp-content\/uploads\/2020\/11\/candy.jpg\" class=\"attachment-full size-full wp-image-554\" alt=\"Wet Candy\" srcset=\"https:\/\/ideasdesign.ch\/wp-content\/uploads\/2020\/11\/candy.jpg 1500w, https:\/\/ideasdesign.ch\/wp-content\/uploads\/2020\/11\/candy-300x300.jpg 300w, https:\/\/ideasdesign.ch\/wp-content\/uploads\/2020\/11\/candy-1024x1024.jpg 1024w, https:\/\/ideasdesign.ch\/wp-content\/uploads\/2020\/11\/candy-150x150.jpg 150w, https:\/\/ideasdesign.ch\/wp-content\/uploads\/2020\/11\/candy-768x768.jpg 768w\" sizes=\"(max-width: 1500px) 100vw, 1500px\" \/>\t\t\t\t\t\t\t<\/div>\n\t\t\t\t\t\t\t\t\t\t\t<div class=\"pa-gallery-icons-caption-container\">\n\t\t\t\t\t\t\t<div class=\"pa-gallery-icons-caption-cell\">\n\t\t\t\t\t\t\t\t\n\t\t\t\t\t<a class=\"pa-gallery-magnific-image\" href=\"https:\/\/ideasdesign.ch\/wp-content\/uploads\/2020\/11\/candy.jpg\" data-rel=\"prettyPhoto[premium-grid-290f859]\">\n\t\t\t\t\t\t<span>\n\t\t\t\t\t\t\t<i aria-hidden=\"true\" class=\"fas fa-search\"><\/i>\t\t\t\t\t\t<\/span>\n\t\t\t\t\t<\/a>\n\t\t\t\t\t\t\t<div class=\"premium-gallery-caption\">\n\n\t\t\t\t\t\t\t\t\t<span class=\"premium-gallery-img-name\">Wet Candy<\/span>\n\t\t\t\t\t\t\t\t\t\t<p class=\"premium-gallery-img-desc\">EXHIBITION - SIX QUEENS<\/br>\nAcrylic painting on canvas, 80x100mm, in 2013 - donation<\/br>\n--------<\/br>\nOne of the paintings shown during my first official exhibition at Rue des Bains in Geneva, in 2014. It is a work on the theme of the ocean and the marine world. The name of the exhibition Six Reines (Six Queens), recalls the Sir\u00e8nes (Mermaids) in french.<\/p>\n\t\t\t\t\n\t\t\t<\/div>\n\t\t\t\t\t\t\t\t\t\t<\/div>\n\t\t\t\t\t\t<\/div>\n\t\t\t\t\t\t\t\t\t\t<\/div>\n\t\t\t<\/div>\n\t\t\t\t\t\t\t<div class=\"premium-gallery-item elementor-repeater-item-dbbba7b painting premium-gallery-item-hidden\">\n\t\t\t\t<div class=\"pa-gallery-img style2\" onclick=\"\">\n\t\t\t\t\t<div class=\"pa-gallery-img-container\">\n\t\t\t\t\t\t\t\t<img loading=\"lazy\" decoding=\"async\" width=\"1181\" height=\"1181\" src=\"https:\/\/ideasdesign.ch\/wp-content\/uploads\/2020\/11\/bateau.jpg\" class=\"attachment-full size-full wp-image-553\" alt=\"Vaisseau fant\u00f4me n\u00b01 (Ghost Ship n\u00b01)\" srcset=\"https:\/\/ideasdesign.ch\/wp-content\/uploads\/2020\/11\/bateau.jpg 1181w, https:\/\/ideasdesign.ch\/wp-content\/uploads\/2020\/11\/bateau-300x300.jpg 300w, https:\/\/ideasdesign.ch\/wp-content\/uploads\/2020\/11\/bateau-1024x1024.jpg 1024w, https:\/\/ideasdesign.ch\/wp-content\/uploads\/2020\/11\/bateau-150x150.jpg 150w, https:\/\/ideasdesign.ch\/wp-content\/uploads\/2020\/11\/bateau-768x768.jpg 768w\" sizes=\"(max-width: 1181px) 100vw, 1181px\" \/>\t\t\t\t\t\t\t<\/div>\n\t\t\t\t\t\t\t\t\t\t\t<div class=\"pa-gallery-icons-caption-container\">\n\t\t\t\t\t\t\t<div class=\"pa-gallery-icons-caption-cell\">\n\t\t\t\t\t\t\t\t\n\t\t\t\t\t<a class=\"pa-gallery-magnific-image\" href=\"https:\/\/ideasdesign.ch\/wp-content\/uploads\/2020\/11\/bateau.jpg\" data-rel=\"prettyPhoto[premium-grid-290f859]\">\n\t\t\t\t\t\t<span>\n\t\t\t\t\t\t\t<i aria-hidden=\"true\" class=\"fas fa-search\"><\/i>\t\t\t\t\t\t<\/span>\n\t\t\t\t\t<\/a>\n\t\t\t\t\t\t\t<div class=\"premium-gallery-caption\">\n\n\t\t\t\t\t\t\t\t\t<span class=\"premium-gallery-img-name\">Ghost Ship n\u00b01<\/span>\n\t\t\t\t\t\t\t\t\t\t<p class=\"premium-gallery-img-desc\">EXHIBITION - SIX QUEENS<\/br>Acrylic painting and pencils on canvas on canvas, 95x110mm, in 2013 - Sold<\/br>\n--------<\/br>\nOne of the paintings shown during my first official exhibition at Rue des Bains in Geneva, in 2014. It is a work on the theme of the ocean and the marine world. The name of the exhibition Six Reines (Six Queens), recalls the Sir\u00e8nes (Mermaids) in french.<\/p>\n\t\t\t\t\n\t\t\t<\/div>\n\t\t\t\t\t\t\t\t\t\t<\/div>\n\t\t\t\t\t\t<\/div>\n\t\t\t\t\t\t\t\t\t\t<\/div>\n\t\t\t<\/div>\n\t\t\t\t\t\t\t<div class=\"premium-gallery-item elementor-repeater-item-0ca7b09 painting premium-gallery-item-hidden\">\n\t\t\t\t<div class=\"pa-gallery-img style2\" onclick=\"\">\n\t\t\t\t\t<div class=\"pa-gallery-img-container\">\n\t\t\t\t\t\t\t\t<img loading=\"lazy\" decoding=\"async\" width=\"1000\" height=\"1000\" src=\"https:\/\/ideasdesign.ch\/wp-content\/uploads\/2020\/11\/aphrodite.jpg\" class=\"attachment-full size-full wp-image-551\" alt=\"Aphrodite\" srcset=\"https:\/\/ideasdesign.ch\/wp-content\/uploads\/2020\/11\/aphrodite.jpg 1000w, https:\/\/ideasdesign.ch\/wp-content\/uploads\/2020\/11\/aphrodite-300x300.jpg 300w, https:\/\/ideasdesign.ch\/wp-content\/uploads\/2020\/11\/aphrodite-150x150.jpg 150w, https:\/\/ideasdesign.ch\/wp-content\/uploads\/2020\/11\/aphrodite-768x768.jpg 768w\" sizes=\"(max-width: 1000px) 100vw, 1000px\" \/>\t\t\t\t\t\t\t<\/div>\n\t\t\t\t\t\t\t\t\t\t\t<div class=\"pa-gallery-icons-caption-container\">\n\t\t\t\t\t\t\t<div class=\"pa-gallery-icons-caption-cell\">\n\t\t\t\t\t\t\t\t\n\t\t\t\t\t<a class=\"pa-gallery-magnific-image\" href=\"https:\/\/ideasdesign.ch\/wp-content\/uploads\/2020\/11\/aphrodite.jpg\" data-rel=\"prettyPhoto[premium-grid-290f859]\">\n\t\t\t\t\t\t<span>\n\t\t\t\t\t\t\t<i aria-hidden=\"true\" class=\"fas fa-search\"><\/i>\t\t\t\t\t\t<\/span>\n\t\t\t\t\t<\/a>\n\t\t\t\t\t\t\t<div class=\"premium-gallery-caption\">\n\n\t\t\t\t\t\t\t\t\t<span class=\"premium-gallery-img-name\">Aphrodite<\/span>\n\t\t\t\t\t\t\t\t\t\t<p class=\"premium-gallery-img-desc\">Acrylic painting on canvas with gilded powder and charcoal, 70x100mm, in 2014<\/br>\n--------<\/br>\nThis is a painting commissioned for a birthday in February 2014, in Geneva.<\/p>\n\t\t\t\t\n\t\t\t<\/div>\n\t\t\t\t\t\t\t\t\t\t<\/div>\n\t\t\t\t\t\t<\/div>\n\t\t\t\t\t\t\t\t\t\t<\/div>\n\t\t\t<\/div>\n\t\t\t\t\t\t\t<div class=\"premium-gallery-item elementor-repeater-item-6712230 painting premium-gallery-item-hidden\">\n\t\t\t\t<div class=\"pa-gallery-img style2\" onclick=\"\">\n\t\t\t\t\t<div class=\"pa-gallery-img-container\">\n\t\t\t\t\t\t\t\t<img loading=\"lazy\" decoding=\"async\" width=\"1500\" height=\"1500\" src=\"https:\/\/ideasdesign.ch\/wp-content\/uploads\/2020\/11\/abyss.jpg\" class=\"attachment-full size-full wp-image-549\" alt=\"abyss\" srcset=\"https:\/\/ideasdesign.ch\/wp-content\/uploads\/2020\/11\/abyss.jpg 1500w, https:\/\/ideasdesign.ch\/wp-content\/uploads\/2020\/11\/abyss-300x300.jpg 300w, https:\/\/ideasdesign.ch\/wp-content\/uploads\/2020\/11\/abyss-1024x1024.jpg 1024w, https:\/\/ideasdesign.ch\/wp-content\/uploads\/2020\/11\/abyss-150x150.jpg 150w, https:\/\/ideasdesign.ch\/wp-content\/uploads\/2020\/11\/abyss-768x768.jpg 768w\" sizes=\"(max-width: 1500px) 100vw, 1500px\" \/>\t\t\t\t\t\t\t<\/div>\n\t\t\t\t\t\t\t\t\t\t\t<div class=\"pa-gallery-icons-caption-container\">\n\t\t\t\t\t\t\t<div class=\"pa-gallery-icons-caption-cell\">\n\t\t\t\t\t\t\t\t\n\t\t\t\t\t<a class=\"pa-gallery-magnific-image\" href=\"https:\/\/ideasdesign.ch\/wp-content\/uploads\/2020\/11\/abyss.jpg\" data-rel=\"prettyPhoto[premium-grid-290f859]\">\n\t\t\t\t\t\t<span>\n\t\t\t\t\t\t\t<i aria-hidden=\"true\" class=\"fas fa-search\"><\/i>\t\t\t\t\t\t<\/span>\n\t\t\t\t\t<\/a>\n\t\t\t\t\t\t\t<div class=\"premium-gallery-caption\">\n\n\t\t\t\t\t\t\t\t\t<span class=\"premium-gallery-img-name\">Depths of abyss<\/span>\n\t\t\t\t\t\t\t\t\t\t<p class=\"premium-gallery-img-desc\">EXHIBITION - SIX QUEENS<\/br>\nAcrylic painting on canvas, 80x100mm, in 2013<\/br>\n--------<\/br>\nOne of the paintings shown during my first official exhibition at Rue des Bains in Geneva, in 2014. It is a work on the theme of the ocean and the marine world. The name of the exhibition Six Reines (Six Queens), recalls the Sir\u00e8nes (Mermaids) in french.<\/p>\n\t\t\t\t\n\t\t\t<\/div>\n\t\t\t\t\t\t\t\t\t\t<\/div>\n\t\t\t\t\t\t<\/div>\n\t\t\t\t\t\t\t\t\t\t<\/div>\n\t\t\t<\/div>\n\t\t\t\t\t\t\t<div class=\"premium-gallery-item elementor-repeater-item-f999b6a painting premium-gallery-item-hidden\">\n\t\t\t\t<div class=\"pa-gallery-img style2\" onclick=\"\">\n\t\t\t\t\t<div class=\"pa-gallery-img-container\">\n\t\t\t\t\t\t\t\t<img loading=\"lazy\" decoding=\"async\" width=\"1778\" height=\"1778\" src=\"https:\/\/ideasdesign.ch\/wp-content\/uploads\/2020\/11\/malefique.jpg\" class=\"attachment-full size-full wp-image-558\" alt=\"mal\u00e9fique\" srcset=\"https:\/\/ideasdesign.ch\/wp-content\/uploads\/2020\/11\/malefique.jpg 1778w, https:\/\/ideasdesign.ch\/wp-content\/uploads\/2020\/11\/malefique-300x300.jpg 300w, https:\/\/ideasdesign.ch\/wp-content\/uploads\/2020\/11\/malefique-1024x1024.jpg 1024w, https:\/\/ideasdesign.ch\/wp-content\/uploads\/2020\/11\/malefique-150x150.jpg 150w, https:\/\/ideasdesign.ch\/wp-content\/uploads\/2020\/11\/malefique-768x768.jpg 768w, https:\/\/ideasdesign.ch\/wp-content\/uploads\/2020\/11\/malefique-1536x1536.jpg 1536w\" sizes=\"(max-width: 1778px) 100vw, 1778px\" \/>\t\t\t\t\t\t\t<\/div>\n\t\t\t\t\t\t\t\t\t\t\t<div class=\"pa-gallery-icons-caption-container\">\n\t\t\t\t\t\t\t<div class=\"pa-gallery-icons-caption-cell\">\n\t\t\t\t\t\t\t\t\n\t\t\t\t\t<a class=\"pa-gallery-magnific-image\" href=\"https:\/\/ideasdesign.ch\/wp-content\/uploads\/2020\/11\/malefique.jpg\" data-rel=\"prettyPhoto[premium-grid-290f859]\">\n\t\t\t\t\t\t<span>\n\t\t\t\t\t\t\t<i aria-hidden=\"true\" class=\"fas fa-search\"><\/i>\t\t\t\t\t\t<\/span>\n\t\t\t\t\t<\/a>\n\t\t\t\t\t\t\t<div class=\"premium-gallery-caption\">\n\n\t\t\t\t\t\t\t\t\t<span class=\"premium-gallery-img-name\">Maleficent<\/span>\n\t\t\t\t\t\t\t\t\t\t<p class=\"premium-gallery-img-desc\">Acrylic painting on canvas, 60x80mm, in 2017\n<\/br>--------<\/br>\nPainting for a birthday present with the theme Walt Disney villains.<\/p>\n\t\t\t\t\n\t\t\t<\/div>\n\t\t\t\t\t\t\t\t\t\t<\/div>\n\t\t\t\t\t\t<\/div>\n\t\t\t\t\t\t\t\t\t\t<\/div>\n\t\t\t<\/div>\n\t\t\t\t\t\t\t<div class=\"premium-gallery-item elementor-repeater-item-a0276cf painting premium-gallery-item-hidden\">\n\t\t\t\t<div class=\"pa-gallery-img style2\" onclick=\"\">\n\t\t\t\t\t<div class=\"pa-gallery-img-container\">\n\t\t\t\t\t\t\t\t<img loading=\"lazy\" decoding=\"async\" width=\"2479\" height=\"2479\" src=\"https:\/\/ideasdesign.ch\/wp-content\/uploads\/2020\/11\/Emerald.jpg\" class=\"attachment-full size-full wp-image-1342\" alt=\"Emerald\" srcset=\"https:\/\/ideasdesign.ch\/wp-content\/uploads\/2020\/11\/Emerald.jpg 2479w, https:\/\/ideasdesign.ch\/wp-content\/uploads\/2020\/11\/Emerald-300x300.jpg 300w, https:\/\/ideasdesign.ch\/wp-content\/uploads\/2020\/11\/Emerald-1024x1024.jpg 1024w, https:\/\/ideasdesign.ch\/wp-content\/uploads\/2020\/11\/Emerald-150x150.jpg 150w, https:\/\/ideasdesign.ch\/wp-content\/uploads\/2020\/11\/Emerald-768x768.jpg 768w, https:\/\/ideasdesign.ch\/wp-content\/uploads\/2020\/11\/Emerald-1536x1536.jpg 1536w, https:\/\/ideasdesign.ch\/wp-content\/uploads\/2020\/11\/Emerald-2048x2048.jpg 2048w\" sizes=\"(max-width: 2479px) 100vw, 2479px\" \/>\t\t\t\t\t\t\t<\/div>\n\t\t\t\t\t\t\t\t\t\t\t<div class=\"pa-gallery-icons-caption-container\">\n\t\t\t\t\t\t\t<div class=\"pa-gallery-icons-caption-cell\">\n\t\t\t\t\t\t\t\t\n\t\t\t\t\t<a class=\"pa-gallery-magnific-image\" href=\"https:\/\/ideasdesign.ch\/wp-content\/uploads\/2020\/11\/Emerald.jpg\" data-rel=\"prettyPhoto[premium-grid-290f859]\">\n\t\t\t\t\t\t<span>\n\t\t\t\t\t\t\t<i aria-hidden=\"true\" class=\"fas fa-search\"><\/i>\t\t\t\t\t\t<\/span>\n\t\t\t\t\t<\/a>\n\t\t\t\t\t\t\t<div class=\"premium-gallery-caption\">\n\n\t\t\t\t\t\t\t\t\t<span class=\"premium-gallery-img-name\">Emerald<\/span>\n\t\t\t\t\t\t\t\t\t\t<p class=\"premium-gallery-img-desc\">EXHIBITION - SIX QUEENS<\/br>\nAcrylic painting on canvas, 80x100mm, in 2013<\/br>\n--------<\/br>\nOne of the paintings shown during my first official exhibition at Rue des Bains in Geneva, in 2014. It is a work on the theme of the ocean and the marine world. The name of the exhibition Six Reines (Six Queens), recalls the Sir\u00e8nes (Mermaids) in french.<\/p>\n\t\t\t\t\n\t\t\t<\/div>\n\t\t\t\t\t\t\t\t\t\t<\/div>\n\t\t\t\t\t\t<\/div>\n\t\t\t\t\t\t\t\t\t\t<\/div>\n\t\t\t<\/div>\n\t\t\t\t\t\t\t<div class=\"premium-gallery-item elementor-repeater-item-579468b painting premium-gallery-item-hidden\">\n\t\t\t\t<div class=\"pa-gallery-img style2\" onclick=\"\">\n\t\t\t\t\t<div class=\"pa-gallery-img-container\">\n\t\t\t\t\t\t\t\t<img loading=\"lazy\" decoding=\"async\" width=\"423\" height=\"423\" src=\"https:\/\/ideasdesign.ch\/wp-content\/uploads\/2020\/11\/arbre.jpg\" class=\"attachment-full size-full wp-image-552\" alt=\"Tree of the married\" srcset=\"https:\/\/ideasdesign.ch\/wp-content\/uploads\/2020\/11\/arbre.jpg 423w, https:\/\/ideasdesign.ch\/wp-content\/uploads\/2020\/11\/arbre-300x300.jpg 300w, https:\/\/ideasdesign.ch\/wp-content\/uploads\/2020\/11\/arbre-150x150.jpg 150w\" sizes=\"(max-width: 423px) 100vw, 423px\" \/>\t\t\t\t\t\t\t<\/div>\n\t\t\t\t\t\t\t\t\t\t\t<div class=\"pa-gallery-icons-caption-container\">\n\t\t\t\t\t\t\t<div class=\"pa-gallery-icons-caption-cell\">\n\t\t\t\t\t\t\t\t\n\t\t\t\t\t<a class=\"pa-gallery-magnific-image\" href=\"https:\/\/ideasdesign.ch\/wp-content\/uploads\/2020\/11\/arbre.jpg\" data-rel=\"prettyPhoto[premium-grid-290f859]\">\n\t\t\t\t\t\t<span>\n\t\t\t\t\t\t\t<i aria-hidden=\"true\" class=\"fas fa-search\"><\/i>\t\t\t\t\t\t<\/span>\n\t\t\t\t\t<\/a>\n\t\t\t\t\t\t\t<div class=\"premium-gallery-caption\">\n\n\t\t\t\t\t\t\t\t\t<span class=\"premium-gallery-img-name\">Tree of the married<\/span>\n\t\t\t\t\t\t\t\t\t\t<p class=\"premium-gallery-img-desc\">Painting in Chinese ink and charcoals on canvas, 120x120mm, ordered for a wedding in 2014.\n<\/br>--------<\/br>\nThe guests had to dip their fingers in different pots of paint and color the paintings with their borrowings to make leaves.<\/p>\n\t\t\t\t\n\t\t\t<\/div>\n\t\t\t\t\t\t\t\t\t\t<\/div>\n\t\t\t\t\t\t<\/div>\n\t\t\t\t\t\t\t\t\t\t<\/div>\n\t\t\t<\/div>\n\t\t\t\t\t\t\t<div class=\"premium-gallery-item elementor-repeater-item-2d01e28 painting premium-gallery-item-hidden\">\n\t\t\t\t<div class=\"pa-gallery-img style2\" onclick=\"\">\n\t\t\t\t\t<div class=\"pa-gallery-img-container\">\n\t\t\t\t\t\t\t\t<img loading=\"lazy\" decoding=\"async\" width=\"1641\" height=\"1641\" src=\"https:\/\/ideasdesign.ch\/wp-content\/uploads\/2020\/11\/croquis1.jpg\" class=\"attachment-full size-full wp-image-594\" alt=\"Sketch n\u00b01 of the city of Geneva\" srcset=\"https:\/\/ideasdesign.ch\/wp-content\/uploads\/2020\/11\/croquis1.jpg 1641w, https:\/\/ideasdesign.ch\/wp-content\/uploads\/2020\/11\/croquis1-300x300.jpg 300w, https:\/\/ideasdesign.ch\/wp-content\/uploads\/2020\/11\/croquis1-1024x1024.jpg 1024w, https:\/\/ideasdesign.ch\/wp-content\/uploads\/2020\/11\/croquis1-150x150.jpg 150w, https:\/\/ideasdesign.ch\/wp-content\/uploads\/2020\/11\/croquis1-768x768.jpg 768w, https:\/\/ideasdesign.ch\/wp-content\/uploads\/2020\/11\/croquis1-1536x1536.jpg 1536w\" sizes=\"(max-width: 1641px) 100vw, 1641px\" \/>\t\t\t\t\t\t\t<\/div>\n\t\t\t\t\t\t\t\t\t\t\t<div class=\"pa-gallery-icons-caption-container\">\n\t\t\t\t\t\t\t<div class=\"pa-gallery-icons-caption-cell\">\n\t\t\t\t\t\t\t\t\n\t\t\t\t\t<a class=\"pa-gallery-magnific-image\" href=\"https:\/\/ideasdesign.ch\/wp-content\/uploads\/2020\/11\/croquis1.jpg\" data-rel=\"prettyPhoto[premium-grid-290f859]\">\n\t\t\t\t\t\t<span>\n\t\t\t\t\t\t\t<i aria-hidden=\"true\" class=\"fas fa-search\"><\/i>\t\t\t\t\t\t<\/span>\n\t\t\t\t\t<\/a>\n\t\t\t\t\t\t\t<div class=\"premium-gallery-caption\">\n\n\t\t\t\t\t\t\t\t\t<span class=\"premium-gallery-img-name\">Sketch n\u00b01 of Geneva<\/span>\n\t\t\t\t\t\t\t\t\t\t<p class=\"premium-gallery-img-desc\">--------<\/br>\nThis is a sketch in the felt of the city of Geneva, realized in 2009 during my courses of sketches.<\/p>\n\t\t\t\t\n\t\t\t<\/div>\n\t\t\t\t\t\t\t\t\t\t<\/div>\n\t\t\t\t\t\t<\/div>\n\t\t\t\t\t\t\t\t\t\t<\/div>\n\t\t\t<\/div>\n\t\t\t\n\t\t\t\t\t<\/div>\n\n\t\t\t\t\t<div class=\"premium-gallery-load-more premium-gallery-btn-hidden\">\n\t\t\t\t<button class=\"premium-gallery-load-more-btn\">\n\t\t\t\t\t... Load More ...\t\t\t\t\t<div class=\"premium-loader\"><\/div>\n\t\t\t\t<\/button>\n\t\t\t<\/div>\n\t\t\n\t<\/div>\n\n\t\t\n\t\t\n\t\t\t\t\t\t<\/div>\n\t\t\t\t<\/div>\n\t\t\t\t<div class=\"elementor-element elementor-element-ee7aa3a elementor-widget elementor-widget-menu-anchor\" data-id=\"ee7aa3a\" data-element_type=\"widget\" data-e-type=\"widget\" data-widget_type=\"menu-anchor.default\">\n\t\t\t\t<div class=\"elementor-widget-container\">\n\t\t\t\t\t\t\t<div class=\"elementor-menu-anchor\" id=\"photo\"><\/div>\n\t\t\t\t\t\t<\/div>\n\t\t\t\t<\/div>\n\t\t\t\t\t<\/div>\n\t\t<\/div>\n\t\t\t\t\t<\/div>\n\t\t<\/section>\n\t\t\t\t<section class=\"elementor-section elementor-top-section elementor-element elementor-element-2a06009 elementor-section-stretched elementor-section-boxed elementor-section-height-default elementor-section-height-default\" data-id=\"2a06009\" data-element_type=\"section\" data-e-type=\"section\" data-settings=\"{&quot;stretch_section&quot;:&quot;section-stretched&quot;,&quot;background_background&quot;:&quot;classic&quot;}\">\n\t\t\t\t\t\t<div class=\"elementor-container elementor-column-gap-default\">\n\t\t\t\t\t<div class=\"elementor-column elementor-col-100 elementor-top-column elementor-element elementor-element-4560632\" data-id=\"4560632\" data-element_type=\"column\" data-e-type=\"column\">\n\t\t\t<div class=\"elementor-widget-wrap elementor-element-populated\">\n\t\t\t\t\t\t<div class=\"elementor-element elementor-element-73edfee elementor-widget elementor-widget-heading\" data-id=\"73edfee\" data-element_type=\"widget\" data-e-type=\"widget\" data-widget_type=\"heading.default\">\n\t\t\t\t<div class=\"elementor-widget-container\">\n\t\t\t\t\t<h2 class=\"elementor-heading-title elementor-size-default\">Recently reworked photographs<\/h2>\t\t\t\t<\/div>\n\t\t\t\t<\/div>\n\t\t\t\t<div class=\"elementor-element elementor-element-af18513 elementor-widget elementor-widget-heading\" data-id=\"af18513\" data-element_type=\"widget\" data-e-type=\"widget\" data-widget_type=\"heading.default\">\n\t\t\t\t<div class=\"elementor-widget-container\">\n\t\t\t\t\t<h2 class=\"elementor-heading-title elementor-size-default\">Photo editing<\/h2>\t\t\t\t<\/div>\n\t\t\t\t<\/div>\n\t\t\t\t<div class=\"elementor-element elementor-element-c23732a elementor-widget-divider--view-line elementor-widget elementor-widget-divider\" data-id=\"c23732a\" data-element_type=\"widget\" data-e-type=\"widget\" data-widget_type=\"divider.default\">\n\t\t\t\t<div class=\"elementor-widget-container\">\n\t\t\t\t\t\t\t<div class=\"elementor-divider\">\n\t\t\t<span class=\"elementor-divider-separator\">\n\t\t\t\t\t\t<\/span>\n\t\t<\/div>\n\t\t\t\t\t\t<\/div>\n\t\t\t\t<\/div>\n\t\t\t\t<section class=\"elementor-section elementor-inner-section elementor-element elementor-element-f83c64f elementor-section-boxed elementor-section-height-default elementor-section-height-default\" data-id=\"f83c64f\" data-element_type=\"section\" data-e-type=\"section\">\n\t\t\t\t\t\t<div class=\"elementor-container elementor-column-gap-default\">\n\t\t\t\t\t<div class=\"elementor-column elementor-col-50 elementor-inner-column elementor-element elementor-element-db8c852\" data-id=\"db8c852\" data-element_type=\"column\" data-e-type=\"column\">\n\t\t\t<div class=\"elementor-widget-wrap elementor-element-populated\">\n\t\t\t\t\t\t<div class=\"elementor-element elementor-element-77cf3a0 elementor-widget elementor-widget-html\" data-id=\"77cf3a0\" data-element_type=\"widget\" data-e-type=\"widget\" data-widget_type=\"html.default\">\n\t\t\t\t<div class=\"elementor-widget-container\">\n\t\t\t\t\t<div id=\"s201_slides-1-1\" class=\"s201_slides s201_slides-1\" data-s201=\"{&quot;vertical&quot;:0,&quot;sliding_behavior&quot;:&quot;drag&quot;}\">\r\n\t\t<div class=\"s201_holder s201_slide_active\" data-part=\"holder\">\r\n\t\t\t<img decoding=\"async\" src=\"https:\/\/ideasdesign.ch\/wp-content\/uploads\/2020\/11\/bali2.jpg\" srcset=\"https:\/\/ideasdesign.ch\/wp-content\/uploads\/2020\/11\/bali2-300x300.jpg 300w, https:\/\/ideasdesign.ch\/wp-content\/uploads\/2020\/11\/bali2-1024x1024.jpg 1024w, https:\/\/ideasdesign.ch\/wp-content\/uploads\/2020\/11\/bali2-150x150.jpg 150w, https:\/\/ideasdesign.ch\/wp-content\/uploads\/2020\/11\/bali2-768x768.jpg 768w, https:\/\/ideasdesign.ch\/wp-content\/uploads\/2020\/11\/bali2-1536x1536.jpg 1536w, https:\/\/ideasdesign.ch\/wp-content\/uploads\/2020\/11\/bali2-2048x2048.jpg 2048w\" sizes=\"(max-width: 2500px) 100vw, 2500px\" alt=\"\" class=\"s201_img_holder s201_noselect\"\/><div class=\"s201_item_img s201_noselect\"><div class=\"s201_overlay_img\" style=\"background-image:url('https:\/\/ideasdesign.ch\/wp-content\/uploads\/2020\/11\/bali2.jpg')\"><img decoding=\"async\" src=\"https:\/\/ideasdesign.ch\/wp-content\/uploads\/2020\/11\/bali2.jpg\" srcset=\"https:\/\/ideasdesign.ch\/wp-content\/uploads\/2020\/11\/bali2-300x300.jpg 300w, https:\/\/ideasdesign.ch\/wp-content\/uploads\/2020\/11\/bali2-1024x1024.jpg 1024w, https:\/\/ideasdesign.ch\/wp-content\/uploads\/2020\/11\/bali2-150x150.jpg 150w, https:\/\/ideasdesign.ch\/wp-content\/uploads\/2020\/11\/bali2-768x768.jpg 768w, https:\/\/ideasdesign.ch\/wp-content\/uploads\/2020\/11\/bali2-1536x1536.jpg 1536w, https:\/\/ideasdesign.ch\/wp-content\/uploads\/2020\/11\/bali2-2048x2048.jpg 2048w\" sizes=\"(max-width: 2500px) 100vw, 2500px\" alt=\"\" class=\"s201_noselect\"\/><\/div><\/div><div class=\"s201_item_img s201_noselect\" style=\"width:50%;\"><div class=\"s201_overlay_img\" style=\"background-image:url('https:\/\/ideasdesign.ch\/wp-content\/uploads\/2020\/11\/bali1.jpg')\"><img decoding=\"async\" src=\"https:\/\/ideasdesign.ch\/wp-content\/uploads\/2020\/11\/bali1.jpg\" srcset=\"https:\/\/ideasdesign.ch\/wp-content\/uploads\/2020\/11\/bali1-300x300.jpg 300w, https:\/\/ideasdesign.ch\/wp-content\/uploads\/2020\/11\/bali1-1024x1024.jpg 1024w, https:\/\/ideasdesign.ch\/wp-content\/uploads\/2020\/11\/bali1-150x150.jpg 150w, https:\/\/ideasdesign.ch\/wp-content\/uploads\/2020\/11\/bali1-768x768.jpg 768w, https:\/\/ideasdesign.ch\/wp-content\/uploads\/2020\/11\/bali1-1536x1536.jpg 1536w, https:\/\/ideasdesign.ch\/wp-content\/uploads\/2020\/11\/bali1-2048x2048.jpg 2048w\" sizes=\"(max-width: 2500px) 100vw, 2500px\" alt=\"\" class=\"s201_noselect\"\/><\/div>\r\n\t\t\t\t\t\t\t<div class=\"s201_slider s201_style_1\" style=\"top:50%;\"><div class=\"s201_top_line\"><\/div><div class=\"s201_handle\"><div class=\"s201_left_arrow\"><\/div><div class=\"s201_right_arrow\"><\/div><\/div><div class=\"s201_bottom_line\"><\/div><\/div>\r\n\t\t\t\t\t\t<\/div>\t\t\t<div class=\"s201_caption_text\"><span>Retouching of a series of photographs taken in Bali, in 2018, before marriage. Model : Lina Souag<\/span><\/div>\t\t<\/div>\r\n\t\t<\/div>\t\t\t\t<\/div>\n\t\t\t\t<\/div>\n\t\t\t\t\t<\/div>\n\t\t<\/div>\n\t\t\t\t<div class=\"elementor-column elementor-col-50 elementor-inner-column elementor-element elementor-element-6d96e5b\" data-id=\"6d96e5b\" data-element_type=\"column\" data-e-type=\"column\">\n\t\t\t<div class=\"elementor-widget-wrap elementor-element-populated\">\n\t\t\t\t\t\t<div class=\"elementor-element elementor-element-0987c13 elementor-widget elementor-widget-html\" data-id=\"0987c13\" data-element_type=\"widget\" data-e-type=\"widget\" data-widget_type=\"html.default\">\n\t\t\t\t<div class=\"elementor-widget-container\">\n\t\t\t\t\t<div id=\"s201_slides-2-1\" class=\"s201_slides s201_slides-2\" data-s201=\"{&quot;vertical&quot;:0,&quot;sliding_behavior&quot;:&quot;drag&quot;}\">\r\n\t\t<div class=\"s201_holder s201_slide_active\" data-part=\"holder\">\r\n\t\t\t<img decoding=\"async\" src=\"https:\/\/ideasdesign.ch\/wp-content\/uploads\/2020\/11\/bali3.jpg\" srcset=\"https:\/\/ideasdesign.ch\/wp-content\/uploads\/2020\/11\/bali3-300x300.jpg 300w, https:\/\/ideasdesign.ch\/wp-content\/uploads\/2020\/11\/bali3-1024x1024.jpg 1024w, https:\/\/ideasdesign.ch\/wp-content\/uploads\/2020\/11\/bali3-150x150.jpg 150w, https:\/\/ideasdesign.ch\/wp-content\/uploads\/2020\/11\/bali3-768x768.jpg 768w, https:\/\/ideasdesign.ch\/wp-content\/uploads\/2020\/11\/bali3-1536x1536.jpg 1536w, https:\/\/ideasdesign.ch\/wp-content\/uploads\/2020\/11\/bali3-2048x2048.jpg 2048w\" sizes=\"(max-width: 2500px) 100vw, 2500px\" alt=\"\" class=\"s201_img_holder s201_noselect\"\/><div class=\"s201_item_img s201_noselect\"><div class=\"s201_overlay_img\" style=\"background-image:url('https:\/\/ideasdesign.ch\/wp-content\/uploads\/2020\/11\/bali3.jpg')\"><img decoding=\"async\" src=\"https:\/\/ideasdesign.ch\/wp-content\/uploads\/2020\/11\/bali3.jpg\" srcset=\"https:\/\/ideasdesign.ch\/wp-content\/uploads\/2020\/11\/bali3-300x300.jpg 300w, https:\/\/ideasdesign.ch\/wp-content\/uploads\/2020\/11\/bali3-1024x1024.jpg 1024w, https:\/\/ideasdesign.ch\/wp-content\/uploads\/2020\/11\/bali3-150x150.jpg 150w, https:\/\/ideasdesign.ch\/wp-content\/uploads\/2020\/11\/bali3-768x768.jpg 768w, https:\/\/ideasdesign.ch\/wp-content\/uploads\/2020\/11\/bali3-1536x1536.jpg 1536w, https:\/\/ideasdesign.ch\/wp-content\/uploads\/2020\/11\/bali3-2048x2048.jpg 2048w\" sizes=\"(max-width: 2500px) 100vw, 2500px\" alt=\"\" class=\"s201_noselect\"\/><\/div><\/div><div class=\"s201_item_img s201_noselect\" style=\"width:50%;\"><div class=\"s201_overlay_img\" style=\"background-image:url('https:\/\/ideasdesign.ch\/wp-content\/uploads\/2020\/11\/bali4.jpg')\"><img decoding=\"async\" src=\"https:\/\/ideasdesign.ch\/wp-content\/uploads\/2020\/11\/bali4.jpg\" srcset=\"https:\/\/ideasdesign.ch\/wp-content\/uploads\/2020\/11\/bali4-300x300.jpg 300w, https:\/\/ideasdesign.ch\/wp-content\/uploads\/2020\/11\/bali4-1024x1024.jpg 1024w, https:\/\/ideasdesign.ch\/wp-content\/uploads\/2020\/11\/bali4-150x150.jpg 150w, https:\/\/ideasdesign.ch\/wp-content\/uploads\/2020\/11\/bali4-768x768.jpg 768w, https:\/\/ideasdesign.ch\/wp-content\/uploads\/2020\/11\/bali4-1536x1536.jpg 1536w, https:\/\/ideasdesign.ch\/wp-content\/uploads\/2020\/11\/bali4-2048x2048.jpg 2048w\" sizes=\"(max-width: 2500px) 100vw, 2500px\" alt=\"\" class=\"s201_noselect\"\/><\/div>\r\n\t\t\t\t\t\t\t<div class=\"s201_slider s201_style_1\" style=\"top:50%;\"><div class=\"s201_top_line\"><\/div><div class=\"s201_handle\"><div class=\"s201_left_arrow\"><\/div><div class=\"s201_right_arrow\"><\/div><\/div><div class=\"s201_bottom_line\"><\/div><\/div>\r\n\t\t\t\t\t\t<\/div>\t\t\t<div class=\"s201_caption_text\"><span>Retouching of a series of photographs taken in Bali, in 2018, before marriage. Model : Lina Souag<\/span><\/div>\t\t<\/div>\r\n\t\t<\/div>\t\t\t\t<\/div>\n\t\t\t\t<\/div>\n\t\t\t\t\t<\/div>\n\t\t<\/div>\n\t\t\t\t\t<\/div>\n\t\t<\/section>\n\t\t\t\t<section class=\"elementor-section elementor-inner-section elementor-element elementor-element-5082ae2 elementor-section-boxed elementor-section-height-default elementor-section-height-default\" data-id=\"5082ae2\" data-element_type=\"section\" data-e-type=\"section\">\n\t\t\t\t\t\t<div class=\"elementor-container elementor-column-gap-default\">\n\t\t\t\t\t<div class=\"elementor-column elementor-col-50 elementor-inner-column elementor-element elementor-element-d7863fa\" data-id=\"d7863fa\" data-element_type=\"column\" data-e-type=\"column\">\n\t\t\t<div class=\"elementor-widget-wrap elementor-element-populated\">\n\t\t\t\t\t\t<div class=\"elementor-element elementor-element-bf20785 elementor-widget elementor-widget-html\" data-id=\"bf20785\" data-element_type=\"widget\" data-e-type=\"widget\" data-widget_type=\"html.default\">\n\t\t\t\t<div class=\"elementor-widget-container\">\n\t\t\t\t\t<div id=\"s201_slides-3-1\" class=\"s201_slides s201_slides-3\" data-s201=\"{&quot;vertical&quot;:0,&quot;sliding_behavior&quot;:&quot;drag&quot;}\">\r\n\t\t<div class=\"s201_holder s201_slide_active\" data-part=\"holder\">\r\n\t\t\t<img decoding=\"async\" src=\"https:\/\/ideasdesign.ch\/wp-content\/uploads\/2020\/11\/outside2.jpg\" srcset=\"https:\/\/ideasdesign.ch\/wp-content\/uploads\/2020\/11\/outside2-300x300.jpg 300w, https:\/\/ideasdesign.ch\/wp-content\/uploads\/2020\/11\/outside2-1024x1024.jpg 1024w, https:\/\/ideasdesign.ch\/wp-content\/uploads\/2020\/11\/outside2-150x150.jpg 150w, https:\/\/ideasdesign.ch\/wp-content\/uploads\/2020\/11\/outside2-768x768.jpg 768w, https:\/\/ideasdesign.ch\/wp-content\/uploads\/2020\/11\/outside2.jpg 1333w\" sizes=\"(max-width: 1333px) 100vw, 1333px\" alt=\"\" class=\"s201_img_holder s201_noselect\"\/><div class=\"s201_item_img s201_noselect\"><div class=\"s201_overlay_img\" style=\"background-image:url('https:\/\/ideasdesign.ch\/wp-content\/uploads\/2020\/11\/outside2.jpg')\"><img decoding=\"async\" src=\"https:\/\/ideasdesign.ch\/wp-content\/uploads\/2020\/11\/outside2.jpg\" srcset=\"https:\/\/ideasdesign.ch\/wp-content\/uploads\/2020\/11\/outside2-300x300.jpg 300w, https:\/\/ideasdesign.ch\/wp-content\/uploads\/2020\/11\/outside2-1024x1024.jpg 1024w, https:\/\/ideasdesign.ch\/wp-content\/uploads\/2020\/11\/outside2-150x150.jpg 150w, https:\/\/ideasdesign.ch\/wp-content\/uploads\/2020\/11\/outside2-768x768.jpg 768w, https:\/\/ideasdesign.ch\/wp-content\/uploads\/2020\/11\/outside2.jpg 1333w\" sizes=\"(max-width: 1333px) 100vw, 1333px\" alt=\"\" class=\"s201_noselect\"\/><\/div><\/div><div class=\"s201_item_img s201_noselect\" style=\"width:50%;\"><div class=\"s201_overlay_img\" style=\"background-image:url('https:\/\/ideasdesign.ch\/wp-content\/uploads\/2020\/11\/outside1.jpg')\"><img decoding=\"async\" src=\"https:\/\/ideasdesign.ch\/wp-content\/uploads\/2020\/11\/outside1.jpg\" srcset=\"https:\/\/ideasdesign.ch\/wp-content\/uploads\/2020\/11\/outside1-300x300.jpg 300w, https:\/\/ideasdesign.ch\/wp-content\/uploads\/2020\/11\/outside1-1024x1024.jpg 1024w, https:\/\/ideasdesign.ch\/wp-content\/uploads\/2020\/11\/outside1-150x150.jpg 150w, https:\/\/ideasdesign.ch\/wp-content\/uploads\/2020\/11\/outside1-768x768.jpg 768w, https:\/\/ideasdesign.ch\/wp-content\/uploads\/2020\/11\/outside1.jpg 1333w\" sizes=\"(max-width: 1333px) 100vw, 1333px\" alt=\"\" class=\"s201_noselect\"\/><\/div>\r\n\t\t\t\t\t\t\t<div class=\"s201_slider s201_style_1\" style=\"top:50%;\"><div class=\"s201_top_line\"><\/div><div class=\"s201_handle\"><div class=\"s201_left_arrow\"><\/div><div class=\"s201_right_arrow\"><\/div><\/div><div class=\"s201_bottom_line\"><\/div><\/div>\r\n\t\t\t\t\t\t<\/div>\t\t\t<div class=\"s201_caption_text\"><span>Retouching of a series of photographs taken in Geneva, in 2018. Model : C\u00e9line Pereira.<\/span><\/div>\t\t<\/div>\r\n\t\t<\/div>\t\t\t\t<\/div>\n\t\t\t\t<\/div>\n\t\t\t\t\t<\/div>\n\t\t<\/div>\n\t\t\t\t<div class=\"elementor-column elementor-col-50 elementor-inner-column elementor-element elementor-element-180ecc9\" data-id=\"180ecc9\" data-element_type=\"column\" data-e-type=\"column\">\n\t\t\t<div class=\"elementor-widget-wrap elementor-element-populated\">\n\t\t\t\t\t\t<div class=\"elementor-element elementor-element-7fdebf1 elementor-widget elementor-widget-html\" data-id=\"7fdebf1\" data-element_type=\"widget\" data-e-type=\"widget\" data-widget_type=\"html.default\">\n\t\t\t\t<div class=\"elementor-widget-container\">\n\t\t\t\t\t<div id=\"s201_slides-4-1\" class=\"s201_slides s201_slides-4\" data-s201=\"{&quot;vertical&quot;:0,&quot;sliding_behavior&quot;:&quot;drag&quot;}\">\r\n\t\t<div class=\"s201_holder s201_slide_active\" data-part=\"holder\">\r\n\t\t\t<img decoding=\"async\" src=\"https:\/\/ideasdesign.ch\/wp-content\/uploads\/2020\/11\/red1-scaled.jpg\" srcset=\"https:\/\/ideasdesign.ch\/wp-content\/uploads\/2020\/11\/red1-300x300.jpg 300w, https:\/\/ideasdesign.ch\/wp-content\/uploads\/2020\/11\/red1-1024x1024.jpg 1024w, https:\/\/ideasdesign.ch\/wp-content\/uploads\/2020\/11\/red1-150x150.jpg 150w, https:\/\/ideasdesign.ch\/wp-content\/uploads\/2020\/11\/red1-768x768.jpg 768w, https:\/\/ideasdesign.ch\/wp-content\/uploads\/2020\/11\/red1-1536x1536.jpg 1536w, https:\/\/ideasdesign.ch\/wp-content\/uploads\/2020\/11\/red1-2048x2048.jpg 2048w\" sizes=\"(max-width: 2560px) 100vw, 2560px\" alt=\"\" class=\"s201_img_holder s201_noselect\"\/><div class=\"s201_item_img s201_noselect\"><div class=\"s201_overlay_img\" style=\"background-image:url('https:\/\/ideasdesign.ch\/wp-content\/uploads\/2020\/11\/red1-scaled.jpg')\"><img decoding=\"async\" src=\"https:\/\/ideasdesign.ch\/wp-content\/uploads\/2020\/11\/red1-scaled.jpg\" srcset=\"https:\/\/ideasdesign.ch\/wp-content\/uploads\/2020\/11\/red1-300x300.jpg 300w, https:\/\/ideasdesign.ch\/wp-content\/uploads\/2020\/11\/red1-1024x1024.jpg 1024w, https:\/\/ideasdesign.ch\/wp-content\/uploads\/2020\/11\/red1-150x150.jpg 150w, https:\/\/ideasdesign.ch\/wp-content\/uploads\/2020\/11\/red1-768x768.jpg 768w, https:\/\/ideasdesign.ch\/wp-content\/uploads\/2020\/11\/red1-1536x1536.jpg 1536w, https:\/\/ideasdesign.ch\/wp-content\/uploads\/2020\/11\/red1-2048x2048.jpg 2048w\" sizes=\"(max-width: 2560px) 100vw, 2560px\" alt=\"\" class=\"s201_noselect\"\/><\/div><\/div><div class=\"s201_item_img s201_noselect\" style=\"width:50%;\"><div class=\"s201_overlay_img\" style=\"background-image:url('https:\/\/ideasdesign.ch\/wp-content\/uploads\/2020\/11\/red2-scaled.jpg')\"><img decoding=\"async\" src=\"https:\/\/ideasdesign.ch\/wp-content\/uploads\/2020\/11\/red2-scaled.jpg\" srcset=\"https:\/\/ideasdesign.ch\/wp-content\/uploads\/2020\/11\/red2-300x300.jpg 300w, https:\/\/ideasdesign.ch\/wp-content\/uploads\/2020\/11\/red2-1024x1024.jpg 1024w, https:\/\/ideasdesign.ch\/wp-content\/uploads\/2020\/11\/red2-150x150.jpg 150w, https:\/\/ideasdesign.ch\/wp-content\/uploads\/2020\/11\/red2-768x768.jpg 768w, https:\/\/ideasdesign.ch\/wp-content\/uploads\/2020\/11\/red2-1536x1536.jpg 1536w, https:\/\/ideasdesign.ch\/wp-content\/uploads\/2020\/11\/red2-2048x2048.jpg 2048w\" sizes=\"(max-width: 2560px) 100vw, 2560px\" alt=\"\" class=\"s201_noselect\"\/><\/div>\r\n\t\t\t\t\t\t\t<div class=\"s201_slider s201_style_1\" style=\"top:50%;\"><div class=\"s201_top_line\"><\/div><div class=\"s201_handle\"><div class=\"s201_left_arrow\"><\/div><div class=\"s201_right_arrow\"><\/div><\/div><div class=\"s201_bottom_line\"><\/div><\/div>\r\n\t\t\t\t\t\t<\/div>\t\t\t<div class=\"s201_caption_text\"><span>Retouching of a series of photographs taken in the studio of the School of Decorative Arts, Geneva, in 2009.<\/span><\/div>\t\t<\/div>\r\n\t\t<\/div>\t\t\t\t<\/div>\n\t\t\t\t<\/div>\n\t\t\t\t\t<\/div>\n\t\t<\/div>\n\t\t\t\t\t<\/div>\n\t\t<\/section>\n\t\t\t\t<section class=\"elementor-section elementor-inner-section elementor-element elementor-element-038e44f elementor-section-boxed elementor-section-height-default elementor-section-height-default\" data-id=\"038e44f\" data-element_type=\"section\" data-e-type=\"section\">\n\t\t\t\t\t\t<div class=\"elementor-container elementor-column-gap-default\">\n\t\t\t\t\t<div class=\"elementor-column elementor-col-50 elementor-inner-column elementor-element elementor-element-e589742\" data-id=\"e589742\" data-element_type=\"column\" data-e-type=\"column\">\n\t\t\t<div class=\"elementor-widget-wrap elementor-element-populated\">\n\t\t\t\t\t\t<div class=\"elementor-element elementor-element-5f6d377 elementor-widget elementor-widget-html\" data-id=\"5f6d377\" data-element_type=\"widget\" data-e-type=\"widget\" data-widget_type=\"html.default\">\n\t\t\t\t<div class=\"elementor-widget-container\">\n\t\t\t\t\t<div id=\"s201_slides-5-1\" class=\"s201_slides s201_slides-5\" data-s201=\"{&quot;vertical&quot;:0,&quot;sliding_behavior&quot;:&quot;drag&quot;}\">\r\n\t\t<div class=\"s201_holder s201_slide_active\" data-part=\"holder\">\r\n\t\t\t<img decoding=\"async\" src=\"https:\/\/ideasdesign.ch\/wp-content\/uploads\/2020\/11\/retouches1.jpg\" srcset=\"https:\/\/ideasdesign.ch\/wp-content\/uploads\/2020\/11\/retouches1-300x300.jpg 300w, https:\/\/ideasdesign.ch\/wp-content\/uploads\/2020\/11\/retouches1-1024x1024.jpg 1024w, https:\/\/ideasdesign.ch\/wp-content\/uploads\/2020\/11\/retouches1-150x150.jpg 150w, https:\/\/ideasdesign.ch\/wp-content\/uploads\/2020\/11\/retouches1-768x768.jpg 768w, https:\/\/ideasdesign.ch\/wp-content\/uploads\/2020\/11\/retouches1-1536x1536.jpg 1536w, https:\/\/ideasdesign.ch\/wp-content\/uploads\/2020\/11\/retouches1.jpg 1589w\" sizes=\"(max-width: 1589px) 100vw, 1589px\" alt=\"\" class=\"s201_img_holder s201_noselect\"\/><div class=\"s201_item_img s201_noselect\"><div class=\"s201_overlay_img\" style=\"background-image:url('https:\/\/ideasdesign.ch\/wp-content\/uploads\/2020\/11\/retouches1.jpg')\"><img decoding=\"async\" src=\"https:\/\/ideasdesign.ch\/wp-content\/uploads\/2020\/11\/retouches1.jpg\" srcset=\"https:\/\/ideasdesign.ch\/wp-content\/uploads\/2020\/11\/retouches1-300x300.jpg 300w, https:\/\/ideasdesign.ch\/wp-content\/uploads\/2020\/11\/retouches1-1024x1024.jpg 1024w, https:\/\/ideasdesign.ch\/wp-content\/uploads\/2020\/11\/retouches1-150x150.jpg 150w, https:\/\/ideasdesign.ch\/wp-content\/uploads\/2020\/11\/retouches1-768x768.jpg 768w, https:\/\/ideasdesign.ch\/wp-content\/uploads\/2020\/11\/retouches1-1536x1536.jpg 1536w, https:\/\/ideasdesign.ch\/wp-content\/uploads\/2020\/11\/retouches1.jpg 1589w\" sizes=\"(max-width: 1589px) 100vw, 1589px\" alt=\"\" class=\"s201_noselect\"\/><\/div><\/div><div class=\"s201_item_img s201_noselect\" style=\"width:50%;\"><div class=\"s201_overlay_img\" style=\"background-image:url('https:\/\/ideasdesign.ch\/wp-content\/uploads\/2020\/11\/retouches2.jpg')\"><img decoding=\"async\" src=\"https:\/\/ideasdesign.ch\/wp-content\/uploads\/2020\/11\/retouches2.jpg\" srcset=\"https:\/\/ideasdesign.ch\/wp-content\/uploads\/2020\/11\/retouches2-300x300.jpg 300w, https:\/\/ideasdesign.ch\/wp-content\/uploads\/2020\/11\/retouches2-1024x1024.jpg 1024w, https:\/\/ideasdesign.ch\/wp-content\/uploads\/2020\/11\/retouches2-150x150.jpg 150w, https:\/\/ideasdesign.ch\/wp-content\/uploads\/2020\/11\/retouches2-768x768.jpg 768w, https:\/\/ideasdesign.ch\/wp-content\/uploads\/2020\/11\/retouches2-1536x1536.jpg 1536w, https:\/\/ideasdesign.ch\/wp-content\/uploads\/2020\/11\/retouches2.jpg 1589w\" sizes=\"(max-width: 1589px) 100vw, 1589px\" alt=\"\" class=\"s201_noselect\"\/><\/div>\r\n\t\t\t\t\t\t\t<div class=\"s201_slider s201_style_1\" style=\"top:50%;\"><div class=\"s201_top_line\"><\/div><div class=\"s201_handle\"><div class=\"s201_left_arrow\"><\/div><div class=\"s201_right_arrow\"><\/div><\/div><div class=\"s201_bottom_line\"><\/div><\/div>\r\n\t\t\t\t\t\t<\/div>\t\t\t<div class=\"s201_caption_text\"><span>Photo retouching of the mother of the bride, before the start of the wedding, during her morning preparation. Model : Lyola Campos<\/span><\/div>\t\t<\/div>\r\n\t\t<\/div>\t\t\t\t<\/div>\n\t\t\t\t<\/div>\n\t\t\t\t\t<\/div>\n\t\t<\/div>\n\t\t\t\t<div class=\"elementor-column elementor-col-50 elementor-inner-column elementor-element elementor-element-2364e98\" data-id=\"2364e98\" data-element_type=\"column\" data-e-type=\"column\">\n\t\t\t<div class=\"elementor-widget-wrap elementor-element-populated\">\n\t\t\t\t\t\t<div class=\"elementor-element elementor-element-82d888b elementor-widget elementor-widget-html\" data-id=\"82d888b\" data-element_type=\"widget\" data-e-type=\"widget\" data-widget_type=\"html.default\">\n\t\t\t\t<div class=\"elementor-widget-container\">\n\t\t\t\t\t<div id=\"s201_slides-6-1\" class=\"s201_slides s201_slides-6\" data-s201=\"{&quot;vertical&quot;:0,&quot;sliding_behavior&quot;:&quot;drag&quot;}\">\r\n\t\t<div class=\"s201_holder s201_slide_active\" data-part=\"holder\">\r\n\t\t\t<img decoding=\"async\" src=\"https:\/\/ideasdesign.ch\/wp-content\/uploads\/2020\/11\/pretty-woman-2.jpg\" srcset=\"https:\/\/ideasdesign.ch\/wp-content\/uploads\/2020\/11\/pretty-woman-2-300x300.jpg 300w, https:\/\/ideasdesign.ch\/wp-content\/uploads\/2020\/11\/pretty-woman-2-1024x1024.jpg 1024w, https:\/\/ideasdesign.ch\/wp-content\/uploads\/2020\/11\/pretty-woman-2-150x150.jpg 150w, https:\/\/ideasdesign.ch\/wp-content\/uploads\/2020\/11\/pretty-woman-2-768x768.jpg 768w, https:\/\/ideasdesign.ch\/wp-content\/uploads\/2020\/11\/pretty-woman-2-1536x1536.jpg 1536w, https:\/\/ideasdesign.ch\/wp-content\/uploads\/2020\/11\/pretty-woman-2.jpg 1547w\" sizes=\"(max-width: 1547px) 100vw, 1547px\" alt=\"\" class=\"s201_img_holder s201_noselect\"\/><div class=\"s201_item_img s201_noselect\"><div class=\"s201_overlay_img\" style=\"background-image:url('https:\/\/ideasdesign.ch\/wp-content\/uploads\/2020\/11\/pretty-woman-2.jpg')\"><img decoding=\"async\" src=\"https:\/\/ideasdesign.ch\/wp-content\/uploads\/2020\/11\/pretty-woman-2.jpg\" srcset=\"https:\/\/ideasdesign.ch\/wp-content\/uploads\/2020\/11\/pretty-woman-2-300x300.jpg 300w, https:\/\/ideasdesign.ch\/wp-content\/uploads\/2020\/11\/pretty-woman-2-1024x1024.jpg 1024w, https:\/\/ideasdesign.ch\/wp-content\/uploads\/2020\/11\/pretty-woman-2-150x150.jpg 150w, https:\/\/ideasdesign.ch\/wp-content\/uploads\/2020\/11\/pretty-woman-2-768x768.jpg 768w, https:\/\/ideasdesign.ch\/wp-content\/uploads\/2020\/11\/pretty-woman-2-1536x1536.jpg 1536w, https:\/\/ideasdesign.ch\/wp-content\/uploads\/2020\/11\/pretty-woman-2.jpg 1547w\" sizes=\"(max-width: 1547px) 100vw, 1547px\" alt=\"\" class=\"s201_noselect\"\/><\/div><\/div><div class=\"s201_item_img s201_noselect\" style=\"width:50%;\"><div class=\"s201_overlay_img\" style=\"background-image:url('https:\/\/ideasdesign.ch\/wp-content\/uploads\/2020\/11\/pretty-woman-1.jpg')\"><img decoding=\"async\" src=\"https:\/\/ideasdesign.ch\/wp-content\/uploads\/2020\/11\/pretty-woman-1.jpg\" srcset=\"https:\/\/ideasdesign.ch\/wp-content\/uploads\/2020\/11\/pretty-woman-1-300x300.jpg 300w, https:\/\/ideasdesign.ch\/wp-content\/uploads\/2020\/11\/pretty-woman-1-1024x1024.jpg 1024w, https:\/\/ideasdesign.ch\/wp-content\/uploads\/2020\/11\/pretty-woman-1-150x150.jpg 150w, https:\/\/ideasdesign.ch\/wp-content\/uploads\/2020\/11\/pretty-woman-1-768x768.jpg 768w, https:\/\/ideasdesign.ch\/wp-content\/uploads\/2020\/11\/pretty-woman-1-1536x1536.jpg 1536w, https:\/\/ideasdesign.ch\/wp-content\/uploads\/2020\/11\/pretty-woman-1.jpg 1547w\" sizes=\"(max-width: 1547px) 100vw, 1547px\" alt=\"\" class=\"s201_noselect\"\/><\/div>\r\n\t\t\t\t\t\t\t<div class=\"s201_slider s201_style_1\" style=\"top:50%;\"><div class=\"s201_top_line\"><\/div><div class=\"s201_handle\"><div class=\"s201_left_arrow\"><\/div><div class=\"s201_right_arrow\"><\/div><\/div><div class=\"s201_bottom_line\"><\/div><\/div>\r\n\t\t\t\t\t\t<\/div>\t\t\t<div class=\"s201_caption_text\"><span>Retouching photographs of a bridesmaid in a wedding, during its preparation in the morning. Model : Virginie Dutoit<\/span><\/div>\t\t<\/div>\r\n\t\t<\/div>\t\t\t\t<\/div>\n\t\t\t\t<\/div>\n\t\t\t\t\t<\/div>\n\t\t<\/div>\n\t\t\t\t\t<\/div>\n\t\t<\/section>\n\t\t\t\t<div class=\"elementor-element elementor-element-c9d3d7e elementor-widget elementor-widget-menu-anchor\" data-id=\"c9d3d7e\" data-element_type=\"widget\" data-e-type=\"widget\" data-widget_type=\"menu-anchor.default\">\n\t\t\t\t<div class=\"elementor-widget-container\">\n\t\t\t\t\t\t\t<div class=\"elementor-menu-anchor\" id=\"contact\"><\/div>\n\t\t\t\t\t\t<\/div>\n\t\t\t\t<\/div>\n\t\t\t\t\t<\/div>\n\t\t<\/div>\n\t\t\t\t\t<\/div>\n\t\t<\/section>\n\t\t\t\t<section class=\"elementor-section elementor-top-section elementor-element elementor-element-f07b4f5 elementor-section-boxed elementor-section-height-default elementor-section-height-default\" data-id=\"f07b4f5\" data-element_type=\"section\" data-e-type=\"section\">\n\t\t\t\t\t\t<div class=\"elementor-container elementor-column-gap-default\">\n\t\t\t\t\t<div class=\"elementor-column elementor-col-50 elementor-top-column elementor-element elementor-element-9c0edba\" data-id=\"9c0edba\" data-element_type=\"column\" data-e-type=\"column\">\n\t\t\t<div class=\"elementor-widget-wrap elementor-element-populated\">\n\t\t\t\t\t\t<div class=\"elementor-element elementor-element-af7a459 elementor-widget elementor-widget-heading\" data-id=\"af7a459\" data-element_type=\"widget\" data-e-type=\"widget\" data-widget_type=\"heading.default\">\n\t\t\t\t<div class=\"elementor-widget-container\">\n\t\t\t\t\t<h2 class=\"elementor-heading-title elementor-size-default\">Feel free to ask for your quote<\/h2>\t\t\t\t<\/div>\n\t\t\t\t<\/div>\n\t\t\t\t<div class=\"elementor-element elementor-element-7f5b230 elementor-widget elementor-widget-heading\" data-id=\"7f5b230\" data-element_type=\"widget\" data-e-type=\"widget\" data-widget_type=\"heading.default\">\n\t\t\t\t<div class=\"elementor-widget-container\">\n\t\t\t\t\t<h2 class=\"elementor-heading-title elementor-size-default\">Contact<\/h2>\t\t\t\t<\/div>\n\t\t\t\t<\/div>\n\t\t\t\t<div class=\"elementor-element elementor-element-4fe2ba3 elementor-widget-divider--view-line elementor-widget elementor-widget-divider\" data-id=\"4fe2ba3\" data-element_type=\"widget\" data-e-type=\"widget\" data-widget_type=\"divider.default\">\n\t\t\t\t<div class=\"elementor-widget-container\">\n\t\t\t\t\t\t\t<div class=\"elementor-divider\">\n\t\t\t<span class=\"elementor-divider-separator\">\n\t\t\t\t\t\t<\/span>\n\t\t<\/div>\n\t\t\t\t\t\t<\/div>\n\t\t\t\t<\/div>\n\t\t\t\t<div class=\"elementor-element elementor-element-5a2d983 elementor-widget elementor-widget-text-editor\" data-id=\"5a2d983\" data-element_type=\"widget\" data-e-type=\"widget\" data-widget_type=\"text-editor.default\">\n\t\t\t\t<div class=\"elementor-widget-container\">\n\t\t\t\t\t\t\t\t\t<p><i class=\"fa fa-mobile\">\u00a0\u00a0\u00a0\u00a0\u00a0\u00a0 <\/i>+41 (0) 76 477 40 35<\/p><p><i class=\"fa fa-envelope\">\u00a0 \u00a0\u00a0\u00a0 <\/i>celeste@ideasdesign.ch<\/p><p><i class=\"fa fa-home\">\u00a0\u00a0\u00a0\u00a0\u00a0 <\/i>1201 Gen\u00e8ve \u2013 Switzerland<\/p><p><i class=\"fa fa-flag\">\u00a0\u00a0\u00a0\u00a0\u00a0 <\/i>French | English | Spanish<\/p>\t\t\t\t\t\t\t\t<\/div>\n\t\t\t\t<\/div>\n\t\t\t\t<div class=\"elementor-element elementor-element-1280bc7 elementor-widget elementor-widget-testimonial\" data-id=\"1280bc7\" data-element_type=\"widget\" data-e-type=\"widget\" data-widget_type=\"testimonial.default\">\n\t\t\t\t<div class=\"elementor-widget-container\">\n\t\t\t\t\t\t\t<div class=\"elementor-testimonial-wrapper\">\n\t\t\t\n\t\t\t\t\t\t<div class=\"elementor-testimonial-meta elementor-has-image elementor-testimonial-image-position-aside\">\n\t\t\t\t<div class=\"elementor-testimonial-meta-inner\">\n\t\t\t\t\t\t\t\t\t\t\t<div class=\"elementor-testimonial-image\">\n\t\t\t\t\t\t\t<a href=\"https:\/\/www.linkedin.com\/in\/celeste-campos\/\" target=\"_blank\"><img loading=\"lazy\" decoding=\"async\" width=\"287\" height=\"287\" src=\"https:\/\/ideasdesign.ch\/wp-content\/uploads\/2020\/11\/index.png\" class=\"attachment-full size-full wp-image-1073\" alt=\"celeste\" srcset=\"https:\/\/ideasdesign.ch\/wp-content\/uploads\/2020\/11\/index.png 287w, https:\/\/ideasdesign.ch\/wp-content\/uploads\/2020\/11\/index-150x150.png 150w\" sizes=\"(max-width: 287px) 100vw, 287px\" \/><\/a>\t\t\t\t\t\t<\/div>\n\t\t\t\t\t\n\t\t\t\t\t\t\t\t\t\t<div class=\"elementor-testimonial-details\">\n\t\t\t\t\t\t\t\t\t\t\t\t\t\t<a class=\"elementor-testimonial-name\" href=\"https:\/\/www.linkedin.com\/in\/celeste-campos\/\" target=\"_blank\">C\u00e9leste Campos<\/a>\n\t\t\t\t\t\t\t\t\t\t\t\t\t\t\t\t\t\t\t\t\t\t<a class=\"elementor-testimonial-job\" href=\"https:\/\/www.linkedin.com\/in\/celeste-campos\/\" target=\"_blank\">Consult LinkedIn<\/a>\n\t\t\t\t\t\t\t\t\t\t\t\t\t<\/div>\n\t\t\t\t\t\t\t\t\t<\/div>\n\t\t\t<\/div>\n\t\t\t\t\t<\/div>\n\t\t\t\t\t\t<\/div>\n\t\t\t\t<\/div>\n\t\t\t\t\t<\/div>\n\t\t<\/div>\n\t\t\t\t<div class=\"elementor-column elementor-col-50 elementor-top-column elementor-element elementor-element-1143c1a\" data-id=\"1143c1a\" data-element_type=\"column\" data-e-type=\"column\">\n\t\t\t<div class=\"elementor-widget-wrap\">\n\t\t\t\t\t\t\t<\/div>\n\t\t<\/div>\n\t\t\t\t\t<\/div>\n\t\t<\/section>\n\t\t\t\t<\/div>\n\t\t","protected":false},"excerpt":{"rendered":"<p>Welcome to Ideasdesign Designing your ideas Need a free quote for your concept ? Contact me now Ask for a quote Digital project coordinator About me Hello, my name is Celeste, welcome to my site. I am a multitasking graphic designer, specialized in web and print, passionate about new technologies. I am here to conceive [&hellip;]<\/p>\n","protected":false},"author":1,"featured_media":0,"parent":0,"menu_order":0,"comment_status":"closed","ping_status":"closed","template":"elementor_header_footer","meta":{"site-sidebar-layout":"no-sidebar","site-content-layout":"page-builder","ast-site-content-layout":"default","site-content-style":"default","site-sidebar-style":"default","ast-global-header-display":"","ast-banner-title-visibility":"","ast-main-header-display":"","ast-hfb-above-header-display":"","ast-hfb-below-header-display":"","ast-hfb-mobile-header-display":"","site-post-title":"disabled","ast-breadcrumbs-content":"","ast-featured-img":"disabled","footer-sml-layout":"","ast-disable-related-posts":"","theme-transparent-header-meta":"default","adv-header-id-meta":"","stick-header-meta":"","header-above-stick-meta":"","header-main-stick-meta":"","header-below-stick-meta":"","astra-migrate-meta-layouts":"default","ast-page-background-enabled":"default","ast-page-background-meta":{"desktop":{"background-color":"","background-image":"","background-repeat":"repeat","background-position":"center center","background-size":"auto","background-attachment":"scroll","background-type":"","background-media":"","overlay-type":"","overlay-color":"","overlay-opacity":"","overlay-gradient":""},"tablet":{"background-color":"","background-image":"","background-repeat":"repeat","background-position":"center center","background-size":"auto","background-attachment":"scroll","background-type":"","background-media":"","overlay-type":"","overlay-color":"","overlay-opacity":"","overlay-gradient":""},"mobile":{"background-color":"","background-image":"","background-repeat":"repeat","background-position":"center center","background-size":"auto","background-attachment":"scroll","background-type":"","background-media":"","overlay-type":"","overlay-color":"","overlay-opacity":"","overlay-gradient":""}},"ast-content-background-meta":{"desktop":{"background-color":"var(--ast-global-color-5)","background-image":"","background-repeat":"repeat","background-position":"center center","background-size":"auto","background-attachment":"scroll","background-type":"","background-media":"","overlay-type":"","overlay-color":"","overlay-opacity":"","overlay-gradient":""},"tablet":{"background-color":"var(--ast-global-color-5)","background-image":"","background-repeat":"repeat","background-position":"center center","background-size":"auto","background-attachment":"scroll","background-type":"","background-media":"","overlay-type":"","overlay-color":"","overlay-opacity":"","overlay-gradient":""},"mobile":{"background-color":"var(--ast-global-color-5)","background-image":"","background-repeat":"repeat","background-position":"center center","background-size":"auto","background-attachment":"scroll","background-type":"","background-media":"","overlay-type":"","overlay-color":"","overlay-opacity":"","overlay-gradient":""}},"footnotes":""},"class_list":["post-20","page","type-page","status-publish","hentry"],"yoast_head":"<!-- This site is optimized with the Yoast SEO plugin v28.4 - https:\/\/yoast.com\/product\/yoast-seo-wordpress\/ -->\n<title>Home - ideasdesign<\/title>\n<meta name=\"description\" content=\"Multitasking Freelance Graphic and Digital Designer specialized in print and web with 10 years of experiance, based in Geneva | Logo creation, Visual identity, Web design, Strategy, Multimedia, Painting and Content | 10 years of experience with 200+ successful projects and happy customers. Contact us now for a FREE quote !\" \/>\n<meta name=\"robots\" content=\"index, follow, max-snippet:-1, max-image-preview:large, max-video-preview:-1\" \/>\n<link rel=\"canonical\" href=\"https:\/\/ideasdesign.ch\/\" \/>\n<meta property=\"og:locale\" content=\"fr_FR\" \/>\n<meta property=\"og:type\" content=\"article\" \/>\n<meta property=\"og:title\" content=\"Home - ideasdesign\" \/>\n<meta property=\"og:description\" content=\"Multitasking Freelance Graphic and Digital Designer specialized in print and web with 10 years of experiance, based in Geneva | Logo creation, Visual identity, Web design, Strategy, Multimedia, Painting and Content | 10 years of experience with 200+ successful projects and happy customers. Contact us now for a FREE quote !\" \/>\n<meta property=\"og:url\" content=\"https:\/\/ideasdesign.ch\/\" \/>\n<meta property=\"og:site_name\" content=\"ideasdesign\" \/>\n<meta property=\"article:modified_time\" content=\"2026-05-19T20:16:11+00:00\" \/>\n<meta property=\"og:image\" content=\"https:\/\/ideasdesign.ch\/wp-content\/uploads\/2020\/11\/logo-sawi-design-sprint@2x.png\" \/>\n\t<meta property=\"og:image:width\" content=\"1187\" \/>\n\t<meta property=\"og:image:height\" content=\"641\" \/>\n\t<meta property=\"og:image:type\" content=\"image\/png\" \/>\n<meta name=\"twitter:card\" content=\"summary_large_image\" \/>\n<meta name=\"twitter:label1\" content=\"Dur\u00e9e de lecture estim\u00e9e\" \/>\n\t<meta name=\"twitter:data1\" content=\"21 minutes\" \/>\n<script type=\"application\/ld+json\" class=\"yoast-schema-graph\">{\"@context\":\"https:\\\/\\\/schema.org\",\"@graph\":[{\"@type\":\"WebPage\",\"@id\":\"https:\\\/\\\/ideasdesign.ch\\\/\",\"url\":\"https:\\\/\\\/ideasdesign.ch\\\/\",\"name\":\"Home - ideasdesign\",\"isPartOf\":{\"@id\":\"https:\\\/\\\/ideasdesign.ch\\\/#website\"},\"primaryImageOfPage\":{\"@id\":\"https:\\\/\\\/ideasdesign.ch\\\/#primaryimage\"},\"image\":{\"@id\":\"https:\\\/\\\/ideasdesign.ch\\\/#primaryimage\"},\"thumbnailUrl\":\"https:\\\/\\\/ideasdesign.ch\\\/wp-content\\\/uploads\\\/2020\\\/11\\\/logo-sawi-design-sprint@2x.png\",\"datePublished\":\"2020-11-16T09:52:09+00:00\",\"dateModified\":\"2026-05-19T20:16:11+00:00\",\"description\":\"Multitasking Freelance Graphic and Digital Designer specialized in print and web with 10 years of experiance, based in Geneva | Logo creation, Visual identity, Web design, Strategy, Multimedia, Painting and Content | 10 years of experience with 200+ successful projects and happy customers. Contact us now for a FREE quote !\",\"breadcrumb\":{\"@id\":\"https:\\\/\\\/ideasdesign.ch\\\/#breadcrumb\"},\"inLanguage\":\"fr-FR\",\"potentialAction\":[{\"@type\":\"ReadAction\",\"target\":[\"https:\\\/\\\/ideasdesign.ch\\\/\"]}]},{\"@type\":\"ImageObject\",\"inLanguage\":\"fr-FR\",\"@id\":\"https:\\\/\\\/ideasdesign.ch\\\/#primaryimage\",\"url\":\"https:\\\/\\\/ideasdesign.ch\\\/wp-content\\\/uploads\\\/2020\\\/11\\\/logo-sawi-design-sprint@2x.png\",\"contentUrl\":\"https:\\\/\\\/ideasdesign.ch\\\/wp-content\\\/uploads\\\/2020\\\/11\\\/logo-sawi-design-sprint@2x.png\",\"width\":1187,\"height\":641,\"caption\":\"sawi\"},{\"@type\":\"BreadcrumbList\",\"@id\":\"https:\\\/\\\/ideasdesign.ch\\\/#breadcrumb\",\"itemListElement\":[{\"@type\":\"ListItem\",\"position\":1,\"name\":\"Accueil\",\"item\":\"https:\\\/\\\/ideasdesign.ch\\\/\"},{\"@type\":\"ListItem\",\"position\":2,\"name\":\"Home\"}]},{\"@type\":\"WebSite\",\"@id\":\"https:\\\/\\\/ideasdesign.ch\\\/#website\",\"url\":\"https:\\\/\\\/ideasdesign.ch\\\/\",\"name\":\"ideasdesign\",\"description\":\"Designing your ideas\",\"publisher\":{\"@id\":\"https:\\\/\\\/ideasdesign.ch\\\/#organization\"},\"potentialAction\":[{\"@type\":\"SearchAction\",\"target\":{\"@type\":\"EntryPoint\",\"urlTemplate\":\"https:\\\/\\\/ideasdesign.ch\\\/?s={search_term_string}\"},\"query-input\":{\"@type\":\"PropertyValueSpecification\",\"valueRequired\":true,\"valueName\":\"search_term_string\"}}],\"inLanguage\":\"fr-FR\"},{\"@type\":\"Organization\",\"@id\":\"https:\\\/\\\/ideasdesign.ch\\\/#organization\",\"name\":\"Ideasdesign\",\"url\":\"https:\\\/\\\/ideasdesign.ch\\\/\",\"logo\":{\"@type\":\"ImageObject\",\"inLanguage\":\"fr-FR\",\"@id\":\"https:\\\/\\\/ideasdesign.ch\\\/#\\\/schema\\\/logo\\\/image\\\/\",\"url\":\"https:\\\/\\\/ideasdesign.ch\\\/wp-content\\\/uploads\\\/2020\\\/11\\\/logo_grey.png\",\"contentUrl\":\"https:\\\/\\\/ideasdesign.ch\\\/wp-content\\\/uploads\\\/2020\\\/11\\\/logo_grey.png\",\"width\":1149,\"height\":239,\"caption\":\"Ideasdesign\"},\"image\":{\"@id\":\"https:\\\/\\\/ideasdesign.ch\\\/#\\\/schema\\\/logo\\\/image\\\/\"}}]}<\/script>\n<!-- \/ Yoast SEO plugin. -->","yoast_head_json":{"title":"Home - ideasdesign","description":"Multitasking Freelance Graphic and Digital Designer specialized in print and web with 10 years of experiance, based in Geneva | Logo creation, Visual identity, Web design, Strategy, Multimedia, Painting and Content | 10 years of experience with 200+ successful projects and happy customers. Contact us now for a FREE quote !","robots":{"index":"index","follow":"follow","max-snippet":"max-snippet:-1","max-image-preview":"max-image-preview:large","max-video-preview":"max-video-preview:-1"},"canonical":"https:\/\/ideasdesign.ch\/","og_locale":"fr_FR","og_type":"article","og_title":"Home - ideasdesign","og_description":"Multitasking Freelance Graphic and Digital Designer specialized in print and web with 10 years of experiance, based in Geneva | Logo creation, Visual identity, Web design, Strategy, Multimedia, Painting and Content | 10 years of experience with 200+ successful projects and happy customers. Contact us now for a FREE quote !","og_url":"https:\/\/ideasdesign.ch\/","og_site_name":"ideasdesign","article_modified_time":"2026-05-19T20:16:11+00:00","og_image":[{"width":1187,"height":641,"url":"https:\/\/ideasdesign.ch\/wp-content\/uploads\/2020\/11\/logo-sawi-design-sprint@2x.png","type":"image\/png"}],"twitter_card":"summary_large_image","twitter_misc":{"Dur\u00e9e de lecture estim\u00e9e":"21 minutes"},"schema":{"@context":"https:\/\/schema.org","@graph":[{"@type":"WebPage","@id":"https:\/\/ideasdesign.ch\/","url":"https:\/\/ideasdesign.ch\/","name":"Home - ideasdesign","isPartOf":{"@id":"https:\/\/ideasdesign.ch\/#website"},"primaryImageOfPage":{"@id":"https:\/\/ideasdesign.ch\/#primaryimage"},"image":{"@id":"https:\/\/ideasdesign.ch\/#primaryimage"},"thumbnailUrl":"https:\/\/ideasdesign.ch\/wp-content\/uploads\/2020\/11\/logo-sawi-design-sprint@2x.png","datePublished":"2020-11-16T09:52:09+00:00","dateModified":"2026-05-19T20:16:11+00:00","description":"Multitasking Freelance Graphic and Digital Designer specialized in print and web with 10 years of experiance, based in Geneva | Logo creation, Visual identity, Web design, Strategy, Multimedia, Painting and Content | 10 years of experience with 200+ successful projects and happy customers. Contact us now for a FREE quote !","breadcrumb":{"@id":"https:\/\/ideasdesign.ch\/#breadcrumb"},"inLanguage":"fr-FR","potentialAction":[{"@type":"ReadAction","target":["https:\/\/ideasdesign.ch\/"]}]},{"@type":"ImageObject","inLanguage":"fr-FR","@id":"https:\/\/ideasdesign.ch\/#primaryimage","url":"https:\/\/ideasdesign.ch\/wp-content\/uploads\/2020\/11\/logo-sawi-design-sprint@2x.png","contentUrl":"https:\/\/ideasdesign.ch\/wp-content\/uploads\/2020\/11\/logo-sawi-design-sprint@2x.png","width":1187,"height":641,"caption":"sawi"},{"@type":"BreadcrumbList","@id":"https:\/\/ideasdesign.ch\/#breadcrumb","itemListElement":[{"@type":"ListItem","position":1,"name":"Accueil","item":"https:\/\/ideasdesign.ch\/"},{"@type":"ListItem","position":2,"name":"Home"}]},{"@type":"WebSite","@id":"https:\/\/ideasdesign.ch\/#website","url":"https:\/\/ideasdesign.ch\/","name":"ideasdesign","description":"Designing your ideas","publisher":{"@id":"https:\/\/ideasdesign.ch\/#organization"},"potentialAction":[{"@type":"SearchAction","target":{"@type":"EntryPoint","urlTemplate":"https:\/\/ideasdesign.ch\/?s={search_term_string}"},"query-input":{"@type":"PropertyValueSpecification","valueRequired":true,"valueName":"search_term_string"}}],"inLanguage":"fr-FR"},{"@type":"Organization","@id":"https:\/\/ideasdesign.ch\/#organization","name":"Ideasdesign","url":"https:\/\/ideasdesign.ch\/","logo":{"@type":"ImageObject","inLanguage":"fr-FR","@id":"https:\/\/ideasdesign.ch\/#\/schema\/logo\/image\/","url":"https:\/\/ideasdesign.ch\/wp-content\/uploads\/2020\/11\/logo_grey.png","contentUrl":"https:\/\/ideasdesign.ch\/wp-content\/uploads\/2020\/11\/logo_grey.png","width":1149,"height":239,"caption":"Ideasdesign"},"image":{"@id":"https:\/\/ideasdesign.ch\/#\/schema\/logo\/image\/"}}]}},"_links":{"self":[{"href":"https:\/\/ideasdesign.ch\/index.php\/wp-json\/wp\/v2\/pages\/20","targetHints":{"allow":["GET"]}}],"collection":[{"href":"https:\/\/ideasdesign.ch\/index.php\/wp-json\/wp\/v2\/pages"}],"about":[{"href":"https:\/\/ideasdesign.ch\/index.php\/wp-json\/wp\/v2\/types\/page"}],"author":[{"embeddable":true,"href":"https:\/\/ideasdesign.ch\/index.php\/wp-json\/wp\/v2\/users\/1"}],"replies":[{"embeddable":true,"href":"https:\/\/ideasdesign.ch\/index.php\/wp-json\/wp\/v2\/comments?post=20"}],"version-history":[{"count":1005,"href":"https:\/\/ideasdesign.ch\/index.php\/wp-json\/wp\/v2\/pages\/20\/revisions"}],"predecessor-version":[{"id":1358,"href":"https:\/\/ideasdesign.ch\/index.php\/wp-json\/wp\/v2\/pages\/20\/revisions\/1358"}],"wp:attachment":[{"href":"https:\/\/ideasdesign.ch\/index.php\/wp-json\/wp\/v2\/media?parent=20"}],"curies":[{"name":"wp","href":"https:\/\/api.w.org\/{rel}","templated":true}]}}